{"id":6853,"date":"2012-08-16T16:26:06","date_gmt":"2012-08-16T16:26:06","guid":{"rendered":"https:\/\/www.carpinteria-aluminio.cat\/fabricacio-venda-i-instal%c2%b7lacio-de-vidres-a-barcelona\/"},"modified":"2012-08-16T16:26:06","modified_gmt":"2012-08-16T16:26:06","slug":"fabricacio-venda-i-instal%c2%b7lacio-de-vidres-a-barcelona","status":"publish","type":"page","link":"https:\/\/www.carpinteria-aluminio.cat\/ca\/cataleg-de-productes-de-metal%c2%b7listeria-dalumini-ponsico\/fabricacio-venda-i-instal%c2%b7lacio-de-vidres-a-barcelona\/","title":{"rendered":"Fabricaci\u00f3, venda i instal\u00b7laci\u00f3 de Vidres a Barcelona"},"content":{"rendered":"<div id=\"attachment_2492\" style=\"width: 896px\" class=\"wp-caption alignleft\"><a href=\"https:\/\/www.carpinteria-aluminio.cat\/wp-content\/uploads\/2013\/01\/2013-04-25-13-42-01.png\" target=\"_blank\"><img loading=\"lazy\" decoding=\"async\" aria-describedby=\"caption-attachment-2492\" class=\" wp-image-2492  \" title=\"Venda de vidres a Barcelona\" src=\"https:\/\/www.carpinteria-aluminio.cat\/wp-content\/uploads\/2013\/01\/2013-04-25-13-42-01-1024x576.png\" alt=\"Venda de vidres a Barcelona\" width=\"886\" height=\"350\" \/><\/a><p id=\"caption-attachment-2492\" class=\"wp-caption-text\">Venda de vidres a Barcelona<\/p><\/div>\n<div id=\"attachment_460\" style=\"width: 284px\" class=\"wp-caption alignleft\"><a href=\"https:\/\/www.carpinteria-aluminio.cat\/wp-content\/uploads\/2012\/12\/Vidrios.jpg\" target=\"_blank\"><img loading=\"lazy\" decoding=\"async\" aria-describedby=\"caption-attachment-460\" class=\" wp-image-460 \" style=\"margin: 0px; border: 0px;\" title=\"Venda de vidres a Barcelona\" src=\"https:\/\/www.carpinteria-aluminio.cat\/wp-content\/uploads\/2012\/12\/Vidrios-300x200.jpg\" alt=\"Venda de vidres a Barcelona\" width=\"274\" height=\"200\" \/><\/a><p id=\"caption-attachment-460\" class=\"wp-caption-text\">Venda de vidres a Barcelona<\/p><\/div>\n<div id=\"attachment_459\" style=\"width: 284px\" class=\"wp-caption alignleft\"><a href=\"https:\/\/www.carpinteria-aluminio.cat\/wp-content\/uploads\/2012\/12\/Vidrios-2.jpg\" target=\"_blank\"><img loading=\"lazy\" decoding=\"async\" aria-describedby=\"caption-attachment-459\" class=\" wp-image-459 \" style=\"margin: 0px; border: 0px;\" title=\"Vidres al tall a Barcelona\" src=\"https:\/\/www.carpinteria-aluminio.cat\/wp-content\/uploads\/2012\/12\/Vidrios-2-300x200.jpg\" alt=\"Vidres al tall a Barcelona\" width=\"274\" height=\"200\" \/><\/a><p id=\"caption-attachment-459\" class=\"wp-caption-text\">Vidres al tall a Barcelona<\/p><\/div>\n<div id=\"attachment_424\" style=\"width: 284px\" class=\"wp-caption alignleft\"><a href=\"https:\/\/www.carpinteria-aluminio.cat\/wp-content\/uploads\/2012\/12\/DSC01258.jpg\" target=\"_blank\"><img loading=\"lazy\" decoding=\"async\" aria-describedby=\"caption-attachment-424\" class=\" wp-image-424 \" style=\"margin: 0px; border: 0px;\" title=\"Vidres a mida a Barcelona\" src=\"https:\/\/www.carpinteria-aluminio.cat\/wp-content\/uploads\/2012\/12\/DSC01258-300x225.jpg\" alt=\"Vidres a mida a Barcelona\" width=\"274\" height=\"200\" \/><\/a><p id=\"caption-attachment-424\" class=\"wp-caption-text\">Vidres a mida a Barcelona<\/p><\/div>\n<p style=\"text-align: justify;\">Per a obres en les que cal utilitzar vidre, posem a la vostra disposici\u00f3 la nostra experi\u00e8ncia treballant vidre Monol\u00edtic, vidre Laminat, vidre de cambra i vidre Temperat, tots ells amb les seves variants corresponents. <strong> Tipus de Vidres disponibles: <\/strong> <strong> 1. Vidre <strong> monol\u00edtic:<\/strong><\/strong> Aquest tipus de vidre \u00e9s de composici\u00f3 simple, fabricat en una \u00fanica pe\u00e7a. Pot presentar diferents formes i gruixos, segons el procediment de fabricaci\u00f3 emprat. Gruixos a la carta, siguent els vidres de 4 mm i 5 mm els m\u00e9s utilitzats en portes i finestres d&#8217;interior, de 10 mm o m\u00e9s segons l&#8217;atenuaci\u00f3 ac\u00fastica per exteriors, o rigidesa en l&#8217;estructura. A continuaci\u00f3 els mostrem alguns dels vidres monol\u00edtics m\u00e9s utilitzats per PONSICO SCP:<\/p>\n<p style=\"text-align: center;\"><div class=\"wrap one\"><div class=\"column column_column one-fourth column-first\"><\/p>\n<div id=\"attachment_2067\" style=\"width: 190px\" class=\"wp-caption aligncenter\"><a href=\"https:\/\/www.carpinteria-aluminio.cat\/ca\/vidrio-simple-o-monolitico-cristalina-en-la-carpinteria-de-aluminio-ponsico-s-c-p-en-barcelona\/\" target=\"_blank\"><img loading=\"lazy\" decoding=\"async\" aria-describedby=\"caption-attachment-2067\" class=\" wp-image-2067 \" title=\"CRISTALINA\" src=\"https:\/\/www.carpinteria-aluminio.cat\/wp-content\/uploads\/2012\/08\/IMG_2064_resized-150x150.jpg\" alt=\"CRISTALINA\" width=\"180\" height=\"180\" \/><\/a><p id=\"caption-attachment-2067\" class=\"wp-caption-text\">CRISTALINA<\/p><\/div>\n<p><\/div>\n<p style=\"text-align: center;\"><div class=\"column column_column one-fourth column-inner\"><\/p>\n<div id=\"attachment_2068\" style=\"width: 190px\" class=\"wp-caption aligncenter\"><a href=\"https:\/\/www.carpinteria-aluminio.cat\/ca\/vidrio-simple-o-monolitico-translucido-carglass-en-la-carpinteria-de-aluminio-ponsico-s-c-p-en-barcelona\/\" target=\"_blank\"><img loading=\"lazy\" decoding=\"async\" aria-describedby=\"caption-attachment-2068\" class=\" wp-image-2068 \" title=\"CARGLASS\" src=\"https:\/\/www.carpinteria-aluminio.cat\/wp-content\/uploads\/2012\/08\/IMG_2054_resized-150x150.jpg\" alt=\"CARGLASS\" width=\"180\" height=\"180\" \/><\/a><p id=\"caption-attachment-2068\" class=\"wp-caption-text\">CARGLASS<\/p><\/div>\n<p><\/div>\n<p style=\"text-align: center;\"><div class=\"column column_column one-fourth column-inner\"><\/p>\n<div id=\"attachment_2069\" style=\"width: 190px\" class=\"wp-caption aligncenter\"><a href=\"https:\/\/www.carpinteria-aluminio.cat\/ca\/vidrio-simple-o-monolitico-translucido-carglass-new-en-la-carpinteria-de-aluminio-ponsico-s-c-p-en-barcelona\/\" target=\"_blank\"><img loading=\"lazy\" decoding=\"async\" aria-describedby=\"caption-attachment-2069\" class=\" wp-image-2069 \" title=\"CARGLASS NEW\" src=\"https:\/\/www.carpinteria-aluminio.cat\/wp-content\/uploads\/2012\/08\/IMG_2052_resized-150x150.jpg\" alt=\"CARGLASS NEW\" width=\"180\" height=\"180\" \/><\/a><p id=\"caption-attachment-2069\" class=\"wp-caption-text\">CARGLASS NEW<\/p><\/div>\n<p><\/div>\n<p style=\"text-align: center;\"><div class=\"column column_column one-fourth column-last\"><\/p>\n<div id=\"attachment_2090\" style=\"width: 190px\" class=\"wp-caption aligncenter\"><a href=\"https:\/\/www.carpinteria-aluminio.cat\/ca\/vidrio-simple-o-monolitico-translucido-kyoto-en-la-carpinteria-de-aluminio-ponsico-s-c-p-en-barcelona\/\" target=\"_blank\"><img loading=\"lazy\" decoding=\"async\" aria-describedby=\"caption-attachment-2090\" class=\" wp-image-2090 \" title=\"KYOTO\" src=\"https:\/\/www.carpinteria-aluminio.cat\/wp-content\/uploads\/2012\/08\/IMG_2073_resized-150x150.jpg\" alt=\"KYOTO\" width=\"180\" height=\"180\" \/><\/a><p id=\"caption-attachment-2090\" class=\"wp-caption-text\">KYOTO<\/p><\/div>\n<p><\/div><\/div>\n<p style=\"text-align: center;\"><div class=\"wrap one\"><div class=\"column column_column one-fourth column-first\"><\/p>\n<div id=\"attachment_2076\" style=\"width: 190px\" class=\"wp-caption aligncenter\"><a href=\"https:\/\/www.carpinteria-aluminio.cat\/ca\/vidrio-simple-o-monolitico-translucido-burbujas-en-la-carpinteria-de-aluminio-ponsico-s-c-p-en-barcelona\/\" target=\"_blank\"><img loading=\"lazy\" decoding=\"async\" aria-describedby=\"caption-attachment-2076\" class=\"  wp-image-2076\" title=\"BOMBOLLES (NO STOCK)\" src=\"https:\/\/www.carpinteria-aluminio.cat\/wp-content\/uploads\/2012\/08\/IMG_2053_resized-150x150.jpg\" alt=\"BOMBOLLES (NO STOCK)\" width=\"180\" height=\"180\" \/><\/a><p id=\"caption-attachment-2076\" class=\"wp-caption-text\">BOMBOLLES (NO STOCK)<\/p><\/div>\n<p><\/div>\n<p style=\"text-align: center;\"><div class=\"column column_column one-fourth column-inner\"><\/p>\n<div id=\"attachment_2077\" style=\"width: 190px\" class=\"wp-caption aligncenter\"><a href=\"https:\/\/www.carpinteria-aluminio.cat\/ca\/vidrio-simple-o-monolitico-translucido-iguazu-en-la-carpinteria-de-aluminio-ponsico-s-c-p-en-barcelona\/\" target=\"_blank\"><img loading=\"lazy\" decoding=\"async\" aria-describedby=\"caption-attachment-2077\" class=\" wp-image-2077 \" title=\"IGUAZ\u00da\" src=\"https:\/\/www.carpinteria-aluminio.cat\/wp-content\/uploads\/2012\/08\/IMG_2060_resized-150x150.jpg\" alt=\"IGUAZ\u00da\" width=\"180\" height=\"180\" \/><\/a><p id=\"caption-attachment-2077\" class=\"wp-caption-text\">IGUAZ\u00da<\/p><\/div>\n<p><\/div>\n<p style=\"text-align: center;\"><div class=\"column column_column one-fourth column-inner\"><\/p>\n<div id=\"attachment_2075\" style=\"width: 190px\" class=\"wp-caption aligncenter\"><a href=\"https:\/\/www.carpinteria-aluminio.cat\/ca\/vidrio-simple-o-monolitico-translucido-listral-151-en-la-carpinteria-de-aluminio-ponsico-s-c-p-en-barcelona\/\" target=\"_blank\"><img loading=\"lazy\" decoding=\"async\" aria-describedby=\"caption-attachment-2075\" class=\" wp-image-2075 \" title=\"LISTRAL 151\" src=\"https:\/\/www.carpinteria-aluminio.cat\/wp-content\/uploads\/2012\/08\/IMG_2050_resized-150x150.jpg\" alt=\"LISTRAL 151\" width=\"180\" height=\"180\" \/><\/a><p id=\"caption-attachment-2075\" class=\"wp-caption-text\">LISTRAL 151<\/p><\/div>\n<p><\/div>\n<p style=\"text-align: center;\"><div class=\"column column_column one-fourth column-last\"><\/p>\n<div id=\"attachment_2074\" style=\"width: 190px\" class=\"wp-caption aligncenter\"><a href=\"https:\/\/www.carpinteria-aluminio.cat\/ca\/vidrio-simple-o-monolitico-translucido-listral-157-en-la-carpinteria-de-aluminio-ponsico-s-c-p-en-barcelona\/\" target=\"_blank\"><img loading=\"lazy\" decoding=\"async\" aria-describedby=\"caption-attachment-2074\" class=\"  wp-image-2074\" title=\"LISTRAL 157 (NO STOCK)\" src=\"https:\/\/www.carpinteria-aluminio.cat\/wp-content\/uploads\/2012\/08\/IMG_2059_resized-150x150.jpg\" alt=\"LISTRAL 157 (NO STOCK)\" width=\"180\" height=\"180\" \/><\/a><p id=\"caption-attachment-2074\" class=\"wp-caption-text\">LISTRAL 157 (NO STOCK)<\/p><\/div>\n<p><\/div><\/div>\n<p style=\"text-align: center;\"><div class=\"wrap one\"><div class=\"column column_column one-fourth column-first\"><\/p>\n<div id=\"attachment_2085\" style=\"width: 190px\" class=\"wp-caption aligncenter\"><a href=\"https:\/\/www.carpinteria-aluminio.cat\/ca\/vidrio-simple-o-monolitico-translucido-armado-en-la-carpinteria-de-aluminio-ponsico-s-c-p-en-barcelona\/\" target=\"_blank\"><img loading=\"lazy\" decoding=\"async\" aria-describedby=\"caption-attachment-2085\" class=\" wp-image-2085 \" title=\"ARMAT\" src=\"https:\/\/www.carpinteria-aluminio.cat\/wp-content\/uploads\/2012\/08\/IMG_2069_resized-150x150.jpg\" alt=\"ARMAT\" width=\"180\" height=\"180\" \/><\/a><p id=\"caption-attachment-2085\" class=\"wp-caption-text\">ARMAT<\/p><\/div>\n<p><\/div>\n<p style=\"text-align: center;\"><div class=\"column column_column one-fourth column-inner\"><\/p>\n<div id=\"attachment_2084\" style=\"width: 190px\" class=\"wp-caption aligncenter\"><a href=\"https:\/\/www.carpinteria-aluminio.cat\/ca\/vidrio-simple-o-monolitico-translucido-catedral-en-la-carpinteria-de-aluminio-ponsico-s-c-p-en-barcelona\/\" target=\"_blank\"><img loading=\"lazy\" decoding=\"async\" aria-describedby=\"caption-attachment-2084\" class=\" wp-image-2084 \" title=\"CATEDRAL\" src=\"https:\/\/www.carpinteria-aluminio.cat\/wp-content\/uploads\/2012\/08\/IMG_2068_resized-150x150.jpg\" alt=\"CATEDRAL\" width=\"180\" height=\"180\" \/><\/a><p id=\"caption-attachment-2084\" class=\"wp-caption-text\">CATEDRAL<\/p><\/div>\n<p><\/div>\n<p style=\"text-align: center;\"><div class=\"column column_column one-fourth column-inner\"><\/p>\n<div id=\"attachment_2079\" style=\"width: 190px\" class=\"wp-caption aligncenter\"><a href=\"https:\/\/www.carpinteria-aluminio.cat\/ca\/vidrio-simple-o-monolitico-parsol-en-la-carpinteria-de-aluminio-ponsico-s-c-p-en-barcelona\/\" target=\"_blank\"><img loading=\"lazy\" decoding=\"async\" aria-describedby=\"caption-attachment-2079\" class=\" wp-image-2079 \" title=\"PARSOL\" src=\"https:\/\/www.carpinteria-aluminio.cat\/wp-content\/uploads\/2012\/08\/IMG_2055_resized-150x150.jpg\" alt=\"PARSOL\" width=\"180\" height=\"180\" \/><\/a><p id=\"caption-attachment-2079\" class=\"wp-caption-text\">PARSOL<\/p><\/div>\n<p><\/div>\n<p style=\"text-align: center;\"><div class=\"column column_column one-fourth column-last\"><\/p>\n<div id=\"attachment_2078\" style=\"width: 190px\" class=\"wp-caption aligncenter\"><a href=\"https:\/\/www.carpinteria-aluminio.cat\/ca\/vidrio-simple-o-monolitico-translucido-mate-al-acido-en-la-carpinteria-de-aluminio-ponsico-s-c-p-en-barcelona\/\" target=\"_blank\"><img loading=\"lazy\" decoding=\"async\" aria-describedby=\"caption-attachment-2078\" class=\" wp-image-2078 \" title=\"MATE \u00c0CID\" src=\"https:\/\/www.carpinteria-aluminio.cat\/wp-content\/uploads\/2012\/08\/IMG_2056_resized-150x150.jpg\" alt=\"MATE \u00c0CID\" width=\"180\" height=\"180\" \/><\/a><p id=\"caption-attachment-2078\" class=\"wp-caption-text\">MATE \u00c0CID<\/p><\/div>\n<p><\/div><\/div>\n<p style=\"text-align: center;\"><div class=\"wrap one\"><div class=\"column column_column one-fourth column-first\"><\/p>\n<div id=\"attachment_2083\" style=\"width: 190px\" class=\"wp-caption aligncenter\"><a href=\"https:\/\/www.carpinteria-aluminio.cat\/ca\/vidrio-simple-o-monolitico-translucido-mate-al-acido-madras-pino-en-la-carpinteria-de-aluminio-ponsico-s-c-p-en-barcelona\/\" target=\"_blank\"><img loading=\"lazy\" decoding=\"async\" aria-describedby=\"caption-attachment-2083\" class=\" wp-image-2083 \" title=\"MADRAS PI\" src=\"https:\/\/www.carpinteria-aluminio.cat\/wp-content\/uploads\/2012\/08\/IMG_2051_resized-150x150.jpg\" alt=\"MADRAS PI\" width=\"180\" height=\"180\" \/><\/a><p id=\"caption-attachment-2083\" class=\"wp-caption-text\">MADRAS PI<\/p><\/div>\n<p><\/div>\n<p style=\"text-align: center;\"><div class=\"column column_column one-fourth column-inner\"><\/p>\n<div id=\"attachment_2080\" style=\"width: 190px\" class=\"wp-caption aligncenter\"><a href=\"https:\/\/www.carpinteria-aluminio.cat\/ca\/vidrio-simple-o-monolitico-translucido-mate-al-acido-madras-picos-en-la-carpinteria-de-aluminio-ponsico-s-c-p-en-barcelona\/\" target=\"_blank\"><img loading=\"lazy\" decoding=\"async\" aria-describedby=\"caption-attachment-2080\" class=\" wp-image-2080 \" title=\"MADRAS PICS\" src=\"https:\/\/www.carpinteria-aluminio.cat\/wp-content\/uploads\/2012\/08\/IMG_2049_resized-150x150.jpg\" alt=\"MADRAS PICS\" width=\"180\" height=\"180\" \/><\/a><p id=\"caption-attachment-2080\" class=\"wp-caption-text\">MADRAS PICS<\/p><\/div>\n<p><\/div>\n<p style=\"text-align: center;\"><div class=\"column column_column one-fourth column-inner\"><\/p>\n<div id=\"attachment_2081\" style=\"width: 190px\" class=\"wp-caption aligncenter\"><a href=\"https:\/\/www.carpinteria-aluminio.cat\/ca\/vidrio-simple-o-monolitico-translucido-mate-al-acido-madras-escarcha-en-la-carpinteria-de-aluminio-ponsico-s-c-p-en-barcelona\/\" target=\"_blank\"><img loading=\"lazy\" decoding=\"async\" aria-describedby=\"caption-attachment-2081\" class=\" wp-image-2081 \" title=\"MADRAS GEBRE\" src=\"https:\/\/www.carpinteria-aluminio.cat\/wp-content\/uploads\/2012\/08\/IMG_2044_resized-150x150.jpg\" alt=\"MADRAS GEBRE\" width=\"180\" height=\"180\" \/><\/a><p id=\"caption-attachment-2081\" class=\"wp-caption-text\">MADRAS GEBRE<\/p><\/div>\n<p><\/div>\n<p style=\"text-align: center;\"><div class=\"column column_column one-fourth column-last\"><\/p>\n<div id=\"attachment_2082\" style=\"width: 190px\" class=\"wp-caption aligncenter\"><a href=\"https:\/\/www.carpinteria-aluminio.cat\/ca\/vidrio-simple-o-monolitico-translucido-mate-al-acido-madras-nebulosa-en-la-carpinteria-de-aluminio-ponsico-s-c-p-en-barcelona\/\" target=\"_blank\"><img loading=\"lazy\" decoding=\"async\" aria-describedby=\"caption-attachment-2082\" class=\" wp-image-2082 \" title=\"MADRAS NEBULOSA\" src=\"https:\/\/www.carpinteria-aluminio.cat\/wp-content\/uploads\/2012\/08\/IMG_2042_resized-150x150.jpg\" alt=\"MADRAS NEBULOSA\" width=\"180\" height=\"180\" \/><\/a><p id=\"caption-attachment-2082\" class=\"wp-caption-text\">MADRAS NEBULOSA<\/p><\/div>\n<p><\/div><\/div>\n<p style=\"text-align: center;\"><div class=\"wrap one\"><div class=\"column column_column one-fourth column-first\"><\/p>\n<div id=\"attachment_2071\" style=\"width: 190px\" class=\"wp-caption aligncenter\"><a href=\"https:\/\/www.carpinteria-aluminio.cat\/ca\/vidrio-simple-o-monolitico-translucido-mate-al-acido-madras-espigas-en-la-carpinteria-de-aluminio-ponsico-s-c-p-en-barcelona\/\" target=\"_blank\"><img loading=\"lazy\" decoding=\"async\" aria-describedby=\"caption-attachment-2071\" class=\" wp-image-2071 \" title=\"MADRAS ESPIGUES\" src=\"https:\/\/www.carpinteria-aluminio.cat\/wp-content\/uploads\/2012\/08\/IMG_2045_resized-150x150.jpg\" alt=\"MADRAS ESPIGUES\" width=\"180\" height=\"180\" \/><\/a><p id=\"caption-attachment-2071\" class=\"wp-caption-text\">MADRAS ESPIGUES<\/p><\/div>\n<p><\/div>\n<p style=\"text-align: center;\"><div class=\"column column_column one-fourth column-inner\"><\/p>\n<div id=\"attachment_2083\" style=\"width: 190px\" class=\"wp-caption aligncenter\"><a href=\"https:\/\/www.carpinteria-aluminio.cat\/ca\/vidrio-simple-o-monolitico-translucido-mate-al-acido-a-color-modelo-hojas-en-la-carpinteria-de-aluminio-ponsico-s-c-p-en-barcelona\/\" target=\"_blank\"><img loading=\"lazy\" decoding=\"async\" aria-describedby=\"caption-attachment-2083\" class=\" wp-image-2083 \" title=\"FULLES\" src=\"https:\/\/www.carpinteria-aluminio.cat\/wp-content\/uploads\/2012\/08\/IMG_2038_resized-150x150.jpg\" alt=\"FULLES\" width=\"180\" height=\"180\" \/><\/a><p id=\"caption-attachment-2083\" class=\"wp-caption-text\">FULLES<\/p><\/div>\n<p><\/div>\n<p style=\"text-align: center;\"><div class=\"column column_column one-fourth column-inner\"><\/p>\n<div id=\"attachment_2083\" style=\"width: 190px\" class=\"wp-caption aligncenter\"><a href=\"https:\/\/www.carpinteria-aluminio.cat\/ca\/vidrio-simple-o-monolitico-translucido-mate-al-acido-a-color-modelo-gaudi-en-la-carpinteria-de-aluminio-ponsico-s-c-p-en-barcelona\/\" target=\"_blank\"><img loading=\"lazy\" decoding=\"async\" aria-describedby=\"caption-attachment-2083\" class=\" wp-image-2083 \" title=\"GAUD\u00cd\" src=\"https:\/\/www.carpinteria-aluminio.cat\/wp-content\/uploads\/2012\/08\/IMG_2041_resized-150x150.jpg\" alt=\"GAUD\u00cd\" width=\"180\" height=\"180\" \/><\/a><p id=\"caption-attachment-2083\" class=\"wp-caption-text\">GAUD\u00cd<\/p><\/div>\n<p><\/div>\n<p style=\"text-align: center;\"><div class=\"column column_column one-fourth column-last\"><\/p>\n<div id=\"attachment_2083\" style=\"width: 190px\" class=\"wp-caption aligncenter\"><a href=\"https:\/\/www.carpinteria-aluminio.cat\/ca\/vidrio-simple-o-monolitico-translucido-mate-al-acido-a-color-modelo-ton-en-la-carpinteria-de-aluminio-ponsico-s-c-p-en-barcelona\/\" target=\"_blank\"><img loading=\"lazy\" decoding=\"async\" aria-describedby=\"caption-attachment-2083\" class=\" wp-image-2083 \" title=\"TON\" src=\"https:\/\/www.carpinteria-aluminio.cat\/wp-content\/uploads\/2012\/08\/IMG_2035_resized-150x150.jpg\" alt=\"TON\" width=\"180\" height=\"180\" \/><\/a><p id=\"caption-attachment-2083\" class=\"wp-caption-text\">TON<\/p><\/div>\n<p><\/div><\/div>\n<div id=\"attachment_2241\" style=\"width: 190px\" class=\"wp-caption alignright\"><a href=\"https:\/\/www.carpinteria-aluminio.cat\/wp-content\/uploads\/2012\/08\/20130325_132014_resized.jpg\" target=\"_blank\"><img loading=\"lazy\" decoding=\"async\" aria-describedby=\"caption-attachment-2241\" class=\" wp-image-2241   \" style=\"border: 0px; margin: 0px;\" title=\"Vidre laminat 5+5\" src=\"https:\/\/www.carpinteria-aluminio.cat\/wp-content\/uploads\/2012\/08\/20130325_132014_resized-150x150.jpg\" alt=\"Vidre laminat 5+5\" width=\"180\" height=\"180\" \/><\/a><p id=\"caption-attachment-2241\" class=\"wp-caption-text\">Vidre laminat 5+5<\/p><\/div>\n<div id=\"attachment_2324\" style=\"width: 190px\" class=\"wp-caption alignright\"><a href=\"https:\/\/www.carpinteria-aluminio.cat\/wp-content\/uploads\/2012\/08\/20130403_150618_resized.jpg\" target=\"_blank\"><img loading=\"lazy\" decoding=\"async\" aria-describedby=\"caption-attachment-2324\" class=\" wp-image-2324   \" style=\"margin: 0px; border: 0px;\" title=\"Vidre laminat 3+3 butiral mate\" src=\"https:\/\/www.carpinteria-aluminio.cat\/wp-content\/uploads\/2012\/08\/20130403_150618_resized-150x150.jpg\" alt=\"Vidre laminat 3+3 butiral mate\" width=\"180\" height=\"180\" \/><\/a><p id=\"caption-attachment-2324\" class=\"wp-caption-text\">Vidre laminat 3+3 butiral mate<\/p><\/div>\n<p><strong>2. Vidre<\/strong> <strong>Laminat:<\/strong><\/p>\n<p style=\"text-align: justify;\">Aquest tipus de vidre es caracteritza per la uni\u00f3 de dos o m\u00e9s vidres simples o monol\u00edtics mitjan\u00e7ant una l\u00e0mina adhesiva de butiral de polivinil, aconseguint aix\u00ed un vidre de seguretat que en cas de trencament no pugui desplomar en diversos trossos. Aquesta l\u00e0mina pot ser de diferents tonalitats modificant aix\u00ed el color final del vidre. Es pot utilitzar tamb\u00e9 una l\u00e0mina ac\u00fastica, atenuant algun decibel m\u00e9s que els vidres monol\u00edtics d&#8217;aquest gruix. A continuaci\u00f3 li mostrem alguns exemples de vidres laminats m\u00e9s comuns:<\/p>\n<ol>\n<li>&#8211;<a href=\"https:\/\/www.carpinteria-aluminio.cat\/ca\/vidrios-acusticos\/\" target=\"_blank\"><em>VIDRE ACUSTIC<\/em><\/a>: Segons el vidre utilitzat podem atenuar en 40dB de soroll sense problemes.<\/li>\n<li style=\"text-align: justify;\">&#8211;<em>Color<\/em>: Segons el color de la l\u00e0mina interna, podem obtenir diferents tonalitats en el resultat final del vidre.<\/li>\n<li>&#8211;<em>Seguretat<\/em>: Les l\u00e0mines internes ofereixen seguretat en evitar caure el vidre en cas de trencament.<\/li>\n<\/ol>\n<p><strong>3. Vidre de C\u00e0mera:<\/strong><\/p>\n<div id=\"attachment_2213\" style=\"width: 190px\" class=\"wp-caption alignright\"><a href=\"https:\/\/www.carpinteria-aluminio.cat\/wp-content\/uploads\/2012\/08\/20130321_191341_resized.jpg\" target=\"_blank\"><img loading=\"lazy\" decoding=\"async\" aria-describedby=\"caption-attachment-2213\" class=\" wp-image-2213   \" style=\"border: 0px; margin: 0px;\" title=\"Vidre de c\u00e0mera est\u00e0ndard\" src=\"https:\/\/www.carpinteria-aluminio.cat\/wp-content\/uploads\/2012\/08\/20130321_191341_resized-150x150.jpg\" alt=\"Vidre de c\u00e0mera est\u00e0ndard\" width=\"180\" height=\"180\" \/><\/a><p id=\"caption-attachment-2213\" class=\"wp-caption-text\">Vidre de c\u00e0mera est\u00e0ndard<\/p><\/div>\n<p style=\"text-align: justify;\">Vidre format per dos vidres, ja siguin simples o laminats, formant al seu interior una cambra d&#8217;aire o gas (en el cas del baix emissiu), aconseguint aix\u00ed trencar la conductivitat t\u00e8rmica que transmet ja de per si el vidre. En el contorn interior incorporen unes sals marines per absorbir les possibles restes d&#8217;humitat. A f\u00e0brica \u00e9s segellat el contorn exterior amb quitr\u00e0, assegurant aix\u00ed la seva estanque\u00eftat. Es poden fer m\u00faltiples combinacions amb tot tipus de vidres, ja siguin gravats, llisos, laminats, temperats, etc. Com m\u00e9s gran \u00e9s la c\u00e0mera interna major \u00e9s la seva efici\u00e8ncia t\u00e8rmica. A dia d&#8217;avui aquest tipus de vidre, en ser fabricat en massa, no suposa un gran augment de costos respecte al vidre simple.Actualment el vidre Guardian Sun, suposa un estalvi energ\u00e8tic mai abans vist en els vidres de cambra, sent un vidre, entre els baix emissius, dels m\u00e9s eficients. A continuaci\u00f3 li mostrem alguns exemples de vidres de c\u00e0mera m\u00e9s comuns:<\/p>\n<ol>\n<ol>\n<li style=\"text-align: justify;\"><em>-Combinar 2 vidres<\/em>: Es poden triar 2 vidres simples per formar un vidre de cambra a gust<em id=\"__mceDel\">del client, posant el costat rug\u00f3s a l&#8217;interior de la c\u00e0mera per a la seva f\u00e0cil neteja.<\/em><\/li>\n<li><em>-Plafons o Estries<\/em>: Hi ha la possibilitat d&#8217;incloure quarterons o estries mate o brillant a l&#8217;interior del vidre de cambra.<\/li>\n<li><em>-Baix emissiu<\/em> <a href=\"https:\/\/www.carpinteria-aluminio.cat\/ca\/vidrio-inteligente\/\" target=\"_blank\">GUARDIAN SUN<\/a>:S\u00f3n els vidres m\u00e9s eficients que es coneixen en aquest moment, molt recomanables per estalvi energ\u00e8tic i econ\u00f2mic, una bona inversi\u00f3 de futur.\n<div id=\"attachment_2214\" style=\"width: 190px\" class=\"wp-caption alignleft\"><a href=\"https:\/\/www.carpinteria-aluminio.cat\/wp-content\/uploads\/2012\/08\/20130321_191443_resized.jpg\" target=\"_blank\"><img loading=\"lazy\" decoding=\"async\" aria-describedby=\"caption-attachment-2214\" class=\" wp-image-2214   \" style=\"border: 0px; margin: 0px;\" title=\"Vidre baix emissiu, Guardian Sun\" src=\"https:\/\/www.carpinteria-aluminio.cat\/wp-content\/uploads\/2012\/08\/20130321_191443_resized-150x150.jpg\" alt=\"Vidre baix emissiu, Guardian Sun\" width=\"180\" height=\"180\" \/><\/a><p id=\"caption-attachment-2214\" class=\"wp-caption-text\">Vidre baix emissiu, Guardian Sun<\/p><\/div><\/li>\n<\/ol>\n<\/ol>\n<p><strong>4. Vidre Temperat:<\/strong><\/p>\n<p style=\"text-align: justify;\">Vidre de seguretat amb una resist\u00e8ncia major que la resta de vidres respecte a la seva duresa. Aquesta duresa s&#8217;aconsegueix a f\u00e0brica amb un tractament t\u00e8rmic, elevant la temperatura del vidre un cop constru\u00eft a uns 500 graus mitjan\u00e7ant forns especials, posteriorment \u00e9s refredat gradualment amb aire per aconseguir aix\u00ed la seva duresa. \u00c9s molt utilitzat en llocs on el vidre pugui patir algun impacte espor\u00e0dic, que si no \u00e9s molt agressiu, es mantindr\u00e0 intacte. Molt utilitzat en mampares de bany, ja que en cas de trencament, el vidre quedaria en mil trossos min\u00fasculs evitant aix\u00ed danys majors. Diferents gruixos, colors i matejats, poden ser les variants d&#8217;aquest tipus de vidre.<\/p>\n","protected":false},"excerpt":{"rendered":"<p>Per a obres en les que cal utilitzar vidre, posem a la vostra disposici\u00f3 la nostra experi\u00e8ncia treballant vidre Monol\u00edtic, vidre Laminat, vidre de cambra i<span class=\"excerpt-hellip\"> [\u2026]<\/span><\/p>\n","protected":false},"author":1,"featured_media":0,"parent":6838,"menu_order":0,"comment_status":"closed","ping_status":"closed","template":"template-fullwidth.php","meta":{"_joinchat":[],"footnotes":""},"class_list":["post-6853","page","type-page","status-publish","hentry"],"aioseo_notices":[],"_links":{"self":[{"href":"https:\/\/www.carpinteria-aluminio.cat\/ca\/wp-json\/wp\/v2\/pages\/6853","targetHints":{"allow":["GET"]}}],"collection":[{"href":"https:\/\/www.carpinteria-aluminio.cat\/ca\/wp-json\/wp\/v2\/pages"}],"about":[{"href":"https:\/\/www.carpinteria-aluminio.cat\/ca\/wp-json\/wp\/v2\/types\/page"}],"author":[{"embeddable":true,"href":"https:\/\/www.carpinteria-aluminio.cat\/ca\/wp-json\/wp\/v2\/users\/1"}],"replies":[{"embeddable":true,"href":"https:\/\/www.carpinteria-aluminio.cat\/ca\/wp-json\/wp\/v2\/comments?post=6853"}],"version-history":[{"count":0,"href":"https:\/\/www.carpinteria-aluminio.cat\/ca\/wp-json\/wp\/v2\/pages\/6853\/revisions"}],"up":[{"embeddable":true,"href":"https:\/\/www.carpinteria-aluminio.cat\/ca\/wp-json\/wp\/v2\/pages\/6838"}],"wp:attachment":[{"href":"https:\/\/www.carpinteria-aluminio.cat\/ca\/wp-json\/wp\/v2\/media?parent=6853"}],"curies":[{"name":"wp","href":"https:\/\/api.w.org\/{rel}","templated":true}]}}