{"id":6856,"date":"2012-08-16T16:33:31","date_gmt":"2012-08-16T16:33:31","guid":{"rendered":"https:\/\/www.carpinteria-aluminio.cat\/venda-altres-productes-de-fusteria-dalumini-a-barcelona\/"},"modified":"2012-08-16T16:33:31","modified_gmt":"2012-08-16T16:33:31","slug":"venda-altres-productes-de-fusteria-dalumini-a-barcelona","status":"publish","type":"page","link":"https:\/\/www.carpinteria-aluminio.cat\/ca\/cataleg-de-productes-de-metal%c2%b7listeria-dalumini-ponsico\/venda-altres-productes-de-fusteria-dalumini-a-barcelona\/","title":{"rendered":"Venda Altres Productes de Fusteria d&#8217;Alumini a Barcelona"},"content":{"rendered":"<p style=\"text-align: justify;\">A m\u00e9s de la nostra experi\u00e8ncia en metal\u00b7listeria, tamb\u00e9 li oferim uns altres tipus de productes relacionats amb obres integrals de la seva llar, oficina o local, decoratius i funcionals, que treballem\u00a0des de fa anys. Aquests d&#8217;altres productes de fabricaci\u00f3 pr\u00f2pia i aliena s\u00f3n:<\/p>\n<p style=\"text-align: justify;\"><em><strong>-Cortines de Cristall:<\/strong><\/em><\/p>\n<p style=\"text-align: justify;\">La Cortina de Cristall \u00e9s un producte molt utilitzat com a\u00efllament tant t\u00e8rmic com ac\u00fastic en terrasses, balcons o patis. \u00c9s un sistema minimalista format simplement per una guia superior i una altra inferior, entre elles vidres de 10 mm temperats de seguretat, transparents, matejats o tintats amb control solar. El gran avantatge d\u2019aquest producte \u00e9s l\u2019abs\u00e8ncia de perfileria entre vidres, millorant aix\u00ed l\u2019est\u00e8tica per gaudir de les vistes panor\u00e0miques a l\u2019exterior. Un altre avantatge \u00e9s que es poden recollir tots els vidres cap a un costat i plegar tipus llibre ocupant aix\u00ed molt poc espai, amb la possibilitat de fer obertures entre vidres fent-los lliscar per un costat o un altre. De f\u00e0cil acc\u00e9s per a la neteja per ambd\u00f3s costats. Possibilitat d\u2019incorporar panys de seguretat a aquest sistema. Molt recomanable per a l\u2019atenuaci\u00f3 ac\u00fastica o t\u00e8rmica, encara que cal assenyalar que no \u00e9s tan herm\u00e8tic com una porta o finestra corredissa o abatible convencional, ni per la transmit\u00e0ncia dels vidres ni per l\u2019estanquitat de les seves juntes. Es pot fabricar a una al\u00e7ada m\u00e0xima de 3200 mms i una amplada sense l\u00edmit. Contracti\u2019l des de 270 euros per metre quadrat amb IVA i instal\u00b7laci\u00f3 inclosos. Per a m\u00e9s informaci\u00f3 contacti amb nosaltres.<\/p>\n<div id=\"attachment_5731\" style=\"width: 407px\" class=\"wp-caption alignleft\"><a href=\"https:\/\/www.carpinteria-aluminio.cat\/wp-content\/uploads\/2015\/12\/20151204_164049-1.jpg\" target=\"_blank\"><img loading=\"lazy\" decoding=\"async\" aria-describedby=\"caption-attachment-5731\" class=\"wp-image-5731\" title=\"Cortines de Cristall obertes\" src=\"https:\/\/www.carpinteria-aluminio.cat\/wp-content\/uploads\/2015\/12\/20151204_164049-1-300x251.jpg\" alt=\"Cortines de Cristall \" width=\"397\" height=\"332\" srcset=\"https:\/\/www.carpinteria-aluminio.cat\/wp-content\/uploads\/2015\/12\/20151204_164049-1-300x251.jpg 300w, https:\/\/www.carpinteria-aluminio.cat\/wp-content\/uploads\/2015\/12\/20151204_164049-1-1024x857.jpg 1024w, https:\/\/www.carpinteria-aluminio.cat\/wp-content\/uploads\/2015\/12\/20151204_164049-1-500x418.jpg 500w\" sizes=\"auto, (max-width:767px) 397px, 397px\" \/><\/a><p id=\"caption-attachment-5731\" class=\"wp-caption-text\">Cortines de Cristall<\/p><\/div>\n<div id=\"attachment_5721\" style=\"width: 467px\" class=\"wp-caption alignleft\"><a href=\"https:\/\/www.carpinteria-aluminio.cat\/wp-content\/uploads\/2015\/12\/20151204_084114-1.jpg\" target=\"_blank\"><img loading=\"lazy\" decoding=\"async\" aria-describedby=\"caption-attachment-5721\" class=\"wp-image-5721\" title=\"Cortines de Cristall tancades\" src=\"https:\/\/www.carpinteria-aluminio.cat\/wp-content\/uploads\/2015\/12\/20151204_084114-1-300x217.jpg\" alt=\"Cortines de Cristall \" width=\"457\" height=\"332\" srcset=\"https:\/\/www.carpinteria-aluminio.cat\/wp-content\/uploads\/2015\/12\/20151204_084114-1-300x217.jpg 300w, https:\/\/www.carpinteria-aluminio.cat\/wp-content\/uploads\/2015\/12\/20151204_084114-1-1024x743.jpg 1024w, https:\/\/www.carpinteria-aluminio.cat\/wp-content\/uploads\/2015\/12\/20151204_084114-1-500x362.jpg 500w\" sizes=\"auto, (max-width:767px) 457px, 457px\" \/><\/a><p id=\"caption-attachment-5721\" class=\"wp-caption-text\">Cortines de Cristall<\/p><\/div>\n<p><strong><em>&#8211;\u00a0Tanques de jard\u00ed:<\/em><\/strong><\/p>\n<p style=\"text-align: justify;\">T\u00edpiques tanques per terrenys o parcel\u00b7les elaborades artesanalment per nosaltres. Actualment disposem de dos tipus de materials per delimitar amb classe el seu terreny. Tanques d&#8217;alumini elaborades amb tubs buits de qualsevol mesura ia gust del client, aix\u00ed com el tipus <a href=\"https:\/\/www.carpinteria-aluminio.cat\/ca\/servicios\/acabados-carpinteria-aluminio-barcelona\/\" target=\"_blank\">d&#8217;acabat <\/a>aplicat en el mateix. Tanques de P.V.C. elaborades amb panells de 10mm adaptant-nos a la forma que m\u00e9s convenci als nostres clients. Podem afegir m\u00e9s o menys perfils verticals per adaptar-nos econ\u00f2micament a cada cas, podent variar la dist\u00e0ncia entre els mateixos. Cap d&#8217;aquests dos materials requereix cap manteniment, mes que lubricar les frontisses i panys en cas que calgu\u00e9s, diferenciant-se aix\u00ed de les tanques de fusta que necessiten un manteniment m\u00e9s constant.<\/p>\n<div id=\"attachment_815\" style=\"width: 438px\" class=\"wp-caption alignleft\"><a href=\"https:\/\/www.carpinteria-aluminio.cat\/wp-content\/uploads\/2012\/08\/otros-productos.jpg\" target=\"_blank\"><img loading=\"lazy\" decoding=\"async\" aria-describedby=\"caption-attachment-815\" class=\"wp-image-815        \" style=\"margin: 0px; border: 0px;\" title=\"Tanques de jard\u00ed d'alumini lacat blanc\" src=\"https:\/\/www.carpinteria-aluminio.cat\/wp-content\/uploads\/2012\/08\/otros-productos-300x225.jpg\" alt=\"Tanques de jard\u00ed d'alumini lacat blanc\" width=\"428\" height=\"320\" srcset=\"https:\/\/www.carpinteria-aluminio.cat\/wp-content\/uploads\/2012\/08\/otros-productos-300x225.jpg 300w, https:\/\/www.carpinteria-aluminio.cat\/wp-content\/uploads\/2012\/08\/otros-productos-500x375.jpg 500w, https:\/\/www.carpinteria-aluminio.cat\/wp-content\/uploads\/2012\/08\/otros-productos.jpg 816w\" sizes=\"auto, (max-width:767px) 428px, 428px\" \/><\/a><p id=\"caption-attachment-815\" class=\"wp-caption-text\">Tanques de jard\u00ed d&#8217;alumini lacat blanc<\/p><\/div>\n<div id=\"attachment_2170\" style=\"width: 438px\" class=\"wp-caption alignleft\"><a href=\"https:\/\/www.carpinteria-aluminio.cat\/wp-content\/uploads\/2012\/08\/2013-03-21-16-20-59.png\" target=\"_blank\"><img loading=\"lazy\" decoding=\"async\" aria-describedby=\"caption-attachment-2170\" class=\" wp-image-2170       \" style=\"margin: 0px; border: 0px;\" title=\"Tanques de jard\u00ed d'P.V.C. blanc\" src=\"https:\/\/www.carpinteria-aluminio.cat\/wp-content\/uploads\/2012\/08\/2013-03-21-16-20-59-300x168.png\" alt=\"Tanques de jard\u00ed d'P.V.C. blanc\" width=\"428\" height=\"320\" \/><\/a><p id=\"caption-attachment-2170\" class=\"wp-caption-text\">Tanques de jard\u00ed d&#8217;P.V.C. blanc<\/p><\/div>\n<p><strong><em>&#8211; Divisions d&#8217;oficines:<\/em><\/strong><\/p>\n<p style=\"text-align: justify;\">Tancaments interiors en despatxos o oficines, elaborats amb alumini i fusta per regla general, per fer divisions sense haver de rec\u00f3rrer a parets o envans d&#8217;obra. L&#8217;avantatge d&#8217;aquest sistema respecte a una paret d&#8217;obra \u00e9s el guany de llum natural i sensaci\u00f3 d&#8217;amplitud, a m\u00e9s de ser despla\u00e7ables en qualsevol moment sense que aix\u00f2 suposi cap obra de grans dimensions. Normalment utilitzem les <a href=\"https:\/\/www.carpinteria-aluminio.cat\/ca\/servicios\/perfiles-ensayos-carpinteria-aluminio\/\" target=\"_blank\">s\u00e8ries <\/a>de fusteria practicable<a href=\"https:\/\/www.carpinteria-aluminio.cat\/ca\/serie-practicable-s-350-de-alugom-por-ponsico-s-c-p-para-carpinteria-de-aluminio-en-barcelona\/\" target=\"_blank\"> S-350<\/a> o<a href=\"https:\/\/www.carpinteria-aluminio.cat\/ca\/serie-stilo-50-de-alugom-por-ponsico-s-c-p-en-la-carpinteria-de-aluminio\/\" target=\"_blank\"> Stilo-50<\/a> per confeccionar aquestes divisions. Podem aplicar qualsevol <a href=\"https:\/\/www.carpinteria-aluminio.cat\/ca\/servicios\/acabados-carpinteria-aluminio-barcelona\/\" target=\"_blank\">acabat <\/a>del nostre cat\u00e0leg en l&#8217;alumini, aix\u00ed com incorporar panells de fusta en les parts inferiors o portes per donar calidesa a l&#8217;estructura.<\/p>\n<p><em><strong>&#8211; Testos de b\u00f3ta de roure:<\/strong> <\/em><\/p>\n<p style=\"text-align: justify;\">Testos per arbres o plantes elaborats amb b\u00f3tes de roure reciclats i restaurats, tant per a interior com per a exterior. La fusta de roure \u00e9s una de les fustes m\u00e9s ben valorades per la seva robustesa i fermesa, sent ideal per elaborar estructures que prevalguin amb el pas dels anys en la intemp\u00e8rie. D&#8217;aquesta manera un test d&#8217;aquest material pot durar molt m\u00e9s que els de pl\u00e0stic a m\u00e9s de dotar al nostre pati o jard\u00ed d&#8217;un singular toc de classe. Els podem fabricar qualsevol forma o mida, adaptant-nos aix\u00ed al gust de cada client, ja que els tallem de barrils sencers de pocs anys d&#8217;\u00fas. Tenen una capacitat d&#8217;uns 100 litres, ideal per a albergar plantes grans o arbres de grand\u00e0ria mitjana. Amb la fusta com a a\u00efllant natural, les arrels de la seva planta estaran protegides a l&#8217;hivern ia l&#8217;estiu.<\/p>\n<div id=\"attachment_2655\" style=\"width: 284px\" class=\"wp-caption alignleft\"><a href=\"https:\/\/www.carpinteria-aluminio.cat\/wp-content\/uploads\/2012\/08\/IMG_3012_resized.jpg\" target=\"_blank\"><img loading=\"lazy\" decoding=\"async\" aria-describedby=\"caption-attachment-2655\" class=\" wp-image-2655  \" style=\"margin: 0px; border: 0px;\" title=\"Testos de b\u00f3ta de roure\" src=\"https:\/\/www.carpinteria-aluminio.cat\/wp-content\/uploads\/2012\/08\/IMG_3012_resized-300x200.jpg\" alt=\"Testos de b\u00f3ta de roure\" width=\"274\" height=\"200\" \/><\/a><p id=\"caption-attachment-2655\" class=\"wp-caption-text\">Testos de b\u00f3ta de roure<\/p><\/div>\n<div id=\"attachment_2656\" style=\"width: 284px\" class=\"wp-caption alignleft\"><a href=\"https:\/\/www.carpinteria-aluminio.cat\/wp-content\/uploads\/2012\/08\/IMG_2995_resized.jpg\" target=\"_blank\"><img loading=\"lazy\" decoding=\"async\" aria-describedby=\"caption-attachment-2656\" class=\" wp-image-2656  \" style=\"margin: 0px; border: 0px;\" title=\"Testos de b\u00f3ta de roure\" src=\"https:\/\/www.carpinteria-aluminio.cat\/wp-content\/uploads\/2012\/08\/IMG_2995_resized-300x200.jpg\" alt=\"Testos de b\u00f3ta de roure\" width=\"274\" height=\"200\" \/><\/a><p id=\"caption-attachment-2656\" class=\"wp-caption-text\">Testos de b\u00f3ta de roure<\/p><\/div>\n<div id=\"attachment_2657\" style=\"width: 284px\" class=\"wp-caption alignleft\"><a href=\"https:\/\/www.carpinteria-aluminio.cat\/wp-content\/uploads\/2012\/08\/IMG_3009_resized.jpg\" target=\"_blank\"><img loading=\"lazy\" decoding=\"async\" aria-describedby=\"caption-attachment-2657\" class=\" wp-image-2657  \" style=\"margin: 0px; border: 0px;\" title=\"Testos de b\u00f3ta de roure\" src=\"https:\/\/www.carpinteria-aluminio.cat\/wp-content\/uploads\/2012\/08\/IMG_3009_resized-300x200.jpg\" alt=\"Testos de b\u00f3ta de roure\" width=\"274\" height=\"200\" \/><\/a><p id=\"caption-attachment-2657\" class=\"wp-caption-text\">Testos de b\u00f3ta de roure<\/p><\/div>\n<p><strong><em><span style=\"font-size: 13px;\">&#8211; Gelosies en alumini i P.V.C.:<\/span><\/em><\/strong><\/p>\n<p style=\"text-align: justify;\">Tancaments exteriors a manera de persiana de l\u00e0mina fixa o m\u00f2bil, destinats a la protecci\u00f3 de la climatologia externa. Als anys 80-90 eren molt comuns en fa\u00e7anes interiors i exteriors d&#8217;edificis, actualment la seva col\u00b7locaci\u00f3 \u00e9s escassa ja que s&#8217;utilitza m\u00e9s el mur de cortina i <a href=\"https:\/\/www.carpinteria-aluminio.cat\/ca\/productos-carpinteria-aluminio-barcelona\/venta-vidrios-barcelona\/\" target=\"_blank\">vidres <\/a>amb tractaments t\u00e8rmics, com pot ser el vidre <a href=\"https:\/\/www.carpinteria-aluminio.cat\/ca\/vidrio-inteligente\/\" target=\"_blank\">Guardian Sun<\/a>. No obstant aix\u00f2 s\u00f3n f\u00e0cilment instal\u00b7lables i fan la mateixa funci\u00f3 tot i que amb menys visibilitat. En quant a les gelosies d&#8217;alumini es pot aplicar qualsevol <a href=\"https:\/\/www.carpinteria-aluminio.cat\/ca\/servicios\/acabados-carpinteria-aluminio-barcelona\/\" target=\"_blank\">acabat <\/a>relacionat amb el mateix.<\/p>\n<p><strong><em>&#8211; Armaris exteriors d&#8217;alumini:<\/em><\/strong><\/p>\n<p style=\"text-align: justify;\">Podem elaborar amb qualsevol de les nostres <a href=\"https:\/\/www.carpinteria-aluminio.cat\/ca\/servicios\/perfiles-ensayos-carpinteria-aluminio\/\" target=\"_blank\">s\u00e8ries <\/a>de fusteria d&#8217;alumini qualsevol estructura, i una d&#8217;elles s\u00f3n els armaris d&#8217;alumini per a exterior o interior. El principal avantatge d&#8217;aquests, \u00e9s que queden impasibles amb el pas dels anys, ja que la climatologia exterior no els degrada. De tal manera que podem gaudir i rendibilitzar durant molts anys sense necessitar cap manteniment, mes que el lubricar de frontisses i tancaments peri\u00f2dicament. Consulteu els <a href=\"https:\/\/www.carpinteria-aluminio.cat\/ca\/servicios\/acabados-carpinteria-aluminio-barcelona\/\" target=\"_blank\">acabats <\/a>aplicables a l&#8217;alumini, sent el lacat fusta molt recomanable per la seva est\u00e8tica i calidesa.<\/p>\n<div id=\"attachment_511\" style=\"width: 435px\" class=\"wp-caption alignleft\"><a href=\"https:\/\/www.carpinteria-aluminio.cat\/wp-content\/uploads\/2013\/01\/20121121_104955_HDR.jpg\" target=\"_blank\"><img loading=\"lazy\" decoding=\"async\" aria-describedby=\"caption-attachment-511\" class=\" wp-image-511  \" style=\"margin: 0px; border: 0px;\" title=\"Armari corred\u00eds d'exterior en lacat blanc\" src=\"https:\/\/www.carpinteria-aluminio.cat\/wp-content\/uploads\/2013\/01\/20121121_104955_HDR-300x225.jpg\" alt=\"Armari corred\u00eds d'exterior en lacat blanc\" width=\"425\" height=\"320\" srcset=\"https:\/\/www.carpinteria-aluminio.cat\/wp-content\/uploads\/2013\/01\/20121121_104955_HDR-300x225.jpg 300w, https:\/\/www.carpinteria-aluminio.cat\/wp-content\/uploads\/2013\/01\/20121121_104955_HDR-1024x768.jpg 1024w, https:\/\/www.carpinteria-aluminio.cat\/wp-content\/uploads\/2013\/01\/20121121_104955_HDR-500x375.jpg 500w\" sizes=\"auto, (max-width:767px) 425px, 425px\" \/><\/a><p id=\"caption-attachment-511\" class=\"wp-caption-text\">Armari corred\u00eds d&#8217;exterior en lacat blanc<\/p><\/div>\n<div id=\"attachment_1650\" style=\"width: 435px\" class=\"wp-caption alignleft\"><a href=\"https:\/\/www.carpinteria-aluminio.cat\/wp-content\/uploads\/2013\/02\/20130218_165844_resized.jpg\" target=\"_blank\"><img loading=\"lazy\" decoding=\"async\" aria-describedby=\"caption-attachment-1650\" class=\" wp-image-1650  \" style=\"border: 0px; margin: 0px;\" title=\"Armari exterior correder amb vidre matejat\" src=\"https:\/\/www.carpinteria-aluminio.cat\/wp-content\/uploads\/2013\/02\/20130218_165844_resized-300x225.jpg\" alt=\"Armari exterior correder amb vidre matejat\" width=\"425\" height=\"320\" srcset=\"https:\/\/www.carpinteria-aluminio.cat\/wp-content\/uploads\/2013\/02\/20130218_165844_resized-300x225.jpg 300w, https:\/\/www.carpinteria-aluminio.cat\/wp-content\/uploads\/2013\/02\/20130218_165844_resized-1024x768.jpg 1024w, https:\/\/www.carpinteria-aluminio.cat\/wp-content\/uploads\/2013\/02\/20130218_165844_resized-500x375.jpg 500w, https:\/\/www.carpinteria-aluminio.cat\/wp-content\/uploads\/2013\/02\/20130218_165844_resized.jpg 1632w\" sizes=\"auto, (max-width:767px) 425px, 425px\" \/><\/a><p id=\"caption-attachment-1650\" class=\"wp-caption-text\">Armari exterior correder amb vidre matejat<\/p><\/div>\n<p style=\"text-align: justify;\"><strong><em>\u00a0&#8211; Cortines Venecianes d&#8217;alumini:<\/em><\/strong> Pr\u00e0ctica cortina d&#8217;alumini instal\u00b7lada a l&#8217;interior de la finestra per proporcionar intimitat i protecci\u00f3 de la claredat del sol, amb l\u00e0mines regulables. Informeu-vos dels acabats aplicables en tot producte fabricat en alumini.<\/p>\n<div id=\"attachment_467\" style=\"width: 410px\" class=\"wp-caption aligncenter\"><a href=\"https:\/\/www.carpinteria-aluminio.cat\/wp-content\/uploads\/2012\/12\/Cortinas-Venecianas.jpg\" target=\"_blank\"><img loading=\"lazy\" decoding=\"async\" aria-describedby=\"caption-attachment-467\" class=\" wp-image-467  \" title=\"Cortina veneciana d'alumini\" src=\"https:\/\/www.carpinteria-aluminio.cat\/wp-content\/uploads\/2012\/12\/Cortinas-Venecianas-300x200.jpg\" alt=\"Cortina veneciana d'alumini\" width=\"400\" height=\"300\" \/><\/a><p id=\"caption-attachment-467\" class=\"wp-caption-text\">Cortina veneciana d&#8217;alumini<\/p><\/div>\n<p style=\"text-align: center;\">\n","protected":false},"excerpt":{"rendered":"<p>A m\u00e9s de la nostra experi\u00e8ncia en metal\u00b7listeria, tamb\u00e9 li oferim uns altres tipus de productes relacionats amb obres integrals de la seva llar, oficina o<span class=\"excerpt-hellip\"> [\u2026]<\/span><\/p>\n","protected":false},"author":1,"featured_media":7679,"parent":6838,"menu_order":0,"comment_status":"closed","ping_status":"closed","template":"template-fullwidth.php","meta":{"_joinchat":[],"footnotes":""},"class_list":["post-6856","page","type-page","status-publish","has-post-thumbnail","hentry"],"aioseo_notices":[],"_links":{"self":[{"href":"https:\/\/www.carpinteria-aluminio.cat\/ca\/wp-json\/wp\/v2\/pages\/6856","targetHints":{"allow":["GET"]}}],"collection":[{"href":"https:\/\/www.carpinteria-aluminio.cat\/ca\/wp-json\/wp\/v2\/pages"}],"about":[{"href":"https:\/\/www.carpinteria-aluminio.cat\/ca\/wp-json\/wp\/v2\/types\/page"}],"author":[{"embeddable":true,"href":"https:\/\/www.carpinteria-aluminio.cat\/ca\/wp-json\/wp\/v2\/users\/1"}],"replies":[{"embeddable":true,"href":"https:\/\/www.carpinteria-aluminio.cat\/ca\/wp-json\/wp\/v2\/comments?post=6856"}],"version-history":[{"count":0,"href":"https:\/\/www.carpinteria-aluminio.cat\/ca\/wp-json\/wp\/v2\/pages\/6856\/revisions"}],"up":[{"embeddable":true,"href":"https:\/\/www.carpinteria-aluminio.cat\/ca\/wp-json\/wp\/v2\/pages\/6838"}],"wp:featuredmedia":[{"embeddable":true,"href":"https:\/\/www.carpinteria-aluminio.cat\/ca\/wp-json\/wp\/v2\/media\/7679"}],"wp:attachment":[{"href":"https:\/\/www.carpinteria-aluminio.cat\/ca\/wp-json\/wp\/v2\/media?parent=6856"}],"curies":[{"name":"wp","href":"https:\/\/api.w.org\/{rel}","templated":true}]}}