{"id":6862,"date":"2012-08-16T16:54:19","date_gmt":"2012-08-16T16:54:19","guid":{"rendered":"https:\/\/www.carpinteria-aluminio.cat\/fabricacio-venda-i-instal%c2%b7lacio-de-portes-i-balconeres-dalumini-a-barcelona\/"},"modified":"2012-08-16T16:54:19","modified_gmt":"2012-08-16T16:54:19","slug":"fabricacio-venda-i-instal%c2%b7lacio-de-portes-i-balconeres-dalumini-a-barcelona","status":"publish","type":"page","link":"https:\/\/www.carpinteria-aluminio.cat\/ca\/cataleg-de-productes-de-metal%c2%b7listeria-dalumini-ponsico\/fabricacio-venda-i-instal%c2%b7lacio-de-portes-i-balconeres-dalumini-a-barcelona\/","title":{"rendered":"Fabricaci\u00f3, venda i instal\u00b7laci\u00f3 de Portes i Balconeres d&#8217;alumini a Barcelona"},"content":{"rendered":"<div id=\"attachment_2449\" style=\"width: 896px\" class=\"wp-caption aligncenter\"><img loading=\"lazy\" decoding=\"async\" aria-describedby=\"caption-attachment-2449\" class=\" wp-image-2449 \" style=\"margin: 0px; border: 0px;\" title=\"Portes d'alumini a Barcelona\" src=\"https:\/\/www.carpinteria-aluminio.cat\/wp-content\/uploads\/2012\/08\/LOGO-PUERTAS-13.jpg\" alt=\"Portes d'alumini a Barcelona\" width=\"886\" height=\"330\" \/><p id=\"caption-attachment-2449\" class=\"wp-caption-text\">Portes d&#8217;alumini a Barcelona<\/p><\/div>\n<div id=\"attachment_1611\" style=\"width: 327px\" class=\"wp-caption alignleft\"><a href=\"https:\/\/www.carpinteria-aluminio.cat\/wp-content\/uploads\/2012\/08\/IMG_1559_resized.jpg\" target=\"_blank\"><img loading=\"lazy\" decoding=\"async\" aria-describedby=\"caption-attachment-1611\" class=\" wp-image-1611\" style=\"margin: 0px; border: 0px;\" title=\"Porta balconera corredissa s\u00e8rie s76\" src=\"https:\/\/www.carpinteria-aluminio.cat\/wp-content\/uploads\/2012\/08\/IMG_1559_resized-300x200.jpg\" alt=\"Porta balconera corredissa s\u00e8rie s76\" width=\"317\" height=\"230\" \/><\/a><p id=\"caption-attachment-1611\" class=\"wp-caption-text\">Porta balconera corredissa s\u00e8rie s76<\/p><\/div>\n<div id=\"attachment_1452\" style=\"width: 198px\" class=\"wp-caption alignleft\"><a href=\"https:\/\/www.carpinteria-aluminio.cat\/wp-content\/uploads\/2013\/02\/20130214_132652_HDR_resized.jpg\" target=\"_blank\"><img loading=\"lazy\" decoding=\"async\" aria-describedby=\"caption-attachment-1452\" class=\" wp-image-1452 \" style=\"font-size: 13px; margin: 0px; border: 0px;\" title=\"Tancament multipunt corredissa s\u00e8rie s76\" src=\"https:\/\/www.carpinteria-aluminio.cat\/wp-content\/uploads\/2013\/02\/20130214_132652_HDR_resized-225x300.jpg\" alt=\"Tancament multipunt corredissa s\u00e8rie s76\" width=\"188\" height=\"230\" \/><\/a><p id=\"caption-attachment-1452\" class=\"wp-caption-text\">Tancament multipunt s\u00e8rie s76<\/p><\/div>\n<div id=\"attachment_1039\" style=\"width: 327px\" class=\"wp-caption alignleft\"><a href=\"https:\/\/www.carpinteria-aluminio.cat\/wp-content\/uploads\/2013\/01\/20130128_145705.jpg\" target=\"_blank\"><img loading=\"lazy\" decoding=\"async\" aria-describedby=\"caption-attachment-1039\" class=\" wp-image-1039 \" style=\"border: 0px; margin: 0px;\" title=\"Porta s\u00e8rie Stilo-50 de 4 fulles practicables \" src=\"https:\/\/www.carpinteria-aluminio.cat\/wp-content\/uploads\/2013\/01\/20130128_145705-300x225.jpg\" alt=\"Porta s\u00e8rie Stilo-50 de 4 fulles practicables\" width=\"317\" height=\"230\" \/><\/a><p id=\"caption-attachment-1039\" class=\"wp-caption-text\">Porta s\u00e8rie Stilo-50 de 4 fulles practicables<\/p><\/div>\n<div id=\"attachment_1613\" style=\"width: 327px\" class=\"wp-caption alignleft\"><a style=\"font-size: 13px;\" href=\"https:\/\/www.carpinteria-aluminio.cat\/wp-content\/uploads\/2012\/08\/IMG_1560_resized.jpg\" target=\"_blank\"><img loading=\"lazy\" decoding=\"async\" aria-describedby=\"caption-attachment-1613\" class=\" wp-image-1613\" style=\"margin: 0px; border: 0px;\" title=\"Porta practicable s\u00e8rie Stilo-P\" src=\"https:\/\/www.carpinteria-aluminio.cat\/wp-content\/uploads\/2012\/08\/IMG_1560_resized-300x200.jpg\" alt=\"Porta practicable s\u00e8rie Stilo-P\" width=\"317\" height=\"230\" \/><\/a><p id=\"caption-attachment-1613\" class=\"wp-caption-text\">Porta practicable s\u00e8rie Stilo-P<\/p><\/div>\n<div id=\"attachment_3315\" style=\"width: 198px\" class=\"wp-caption alignleft\"><a href=\"https:\/\/www.carpinteria-aluminio.cat\/wp-content\/uploads\/2013\/10\/20131004_154841_resized-1.jpg\" target=\"_blank\"><img loading=\"lazy\" decoding=\"async\" aria-describedby=\"caption-attachment-3315\" class=\" wp-image-3315\" style=\"border: 0px; margin: 0px;\" title=\"Porta blindada d'entrada a habitatge\" src=\"https:\/\/www.carpinteria-aluminio.cat\/wp-content\/uploads\/2013\/10\/20131004_154841_resized-1-225x300.jpg\" alt=\"Porta blindada d'entrada a habitatge\" width=\"188\" height=\"230\" \/><\/a><p id=\"caption-attachment-3315\" class=\"wp-caption-text\">Porta blindada d&#8217;entrada a habitatge<\/p><\/div>\n<div id=\"attachment_3358\" style=\"width: 327px\" class=\"wp-caption alignleft\"><a href=\"https:\/\/www.carpinteria-aluminio.cat\/wp-content\/uploads\/2013\/10\/20131008_133844_HDR_resized.jpg\" target=\"_blank\"><img loading=\"lazy\" decoding=\"async\" aria-describedby=\"caption-attachment-3358\" class=\" wp-image-3358\" style=\"border: 0px; margin: 0px;\" title=\"Porta corredissa amb vidre de seguretat \" src=\"https:\/\/www.carpinteria-aluminio.cat\/wp-content\/uploads\/2013\/10\/20131008_133844_HDR_resized-300x225.jpg\" alt=\"Porta corredissa amb vidre de seguretat \" width=\"317\" height=\"230\" \/><\/a><p id=\"caption-attachment-3358\" class=\"wp-caption-text\">Porta corredissa amb vidre de seguretat<\/p><\/div>\n<p style=\"text-align: justify;\"><span style=\"font-size: 13px;\">Un altre dels nostres principals productes s\u00f3n les portes d&#8217;alumini. En Ponsico li donem soluci\u00f3 a tot tipus de portes i balconeres d&#8217;alumini per la seva llar u oficina, des de portes corredisses, fins a portes plegables, portes pivotants, etc. Sent les correderes i les practicables les m\u00e9s utilitzades gr\u00e0cies a la seva bona qualitat preu.<\/span><\/p>\n<p>La nostra gamma de productes de portes d&#8217;alumini i balconeres d&#8217;alumini \u00e9s:<\/p>\n<div id=\"attachment_1454\" style=\"width: 190px\" class=\"wp-caption alignright\"><a href=\"https:\/\/www.carpinteria-aluminio.cat\/wp-content\/uploads\/2013\/02\/20121016_114627.jpg\" target=\"_blank\"><img loading=\"lazy\" decoding=\"async\" aria-describedby=\"caption-attachment-1454\" class=\" wp-image-1454   \" style=\"border: 0px; margin: 0px;\" title=\"Porta balconera corredissa s\u00e8rie S-76\" src=\"https:\/\/www.carpinteria-aluminio.cat\/wp-content\/uploads\/2013\/02\/20121016_114627-150x150.jpg\" alt=\"Porta balconera corredissa s\u00e8rie S-76\" width=\"180\" height=\"180\" \/><\/a><p id=\"caption-attachment-1454\" class=\"wp-caption-text\">Porta balconera corredissa s\u00e8rie S-76<\/p><\/div>\n<p style=\"text-align: justify;\"><strong>1. PORTA CORREDERA:<\/strong> Model de portes i finestres molt pr\u00e0ctic per a llocs amb dif\u00edcil obertura de portes, aconseguint aix\u00ed no reduir metres quadrats a l&#8217;habitatge. En l&#8217;actualitat les portes i finestres corredisses han aconseguit una gran hermeticitat comparable a qualsevol altre tipus de portes, ja que incorporen pelfes amb firso, un material que impedeix notablement l&#8217;entrada d&#8217;aire. Segons la s\u00e8rie de corredissa incorporada, podem dotar l&#8217;estructura de major o menor rigidesa, tot en funci\u00f3 del material emprat, s\u00e8ries com la <a href=\"https:\/\/www.carpinteria-aluminio.cat\/ca\/serie-corredera-s-76-de-alugom-por-ponsico-s-c-p-para-carpinteria-de-aluminio-en-barcelona\/\" target=\"_blank\">S-76<\/a> incorporen a m\u00e9s un tancament multipunt per a major seguretat, a m\u00e9s de dotar la fulla amb una capacitat de vidre per sobre de la mitjana, podent afegir vidres d&#8217;important pes i gruix tant en cambra com de gruix de vidre, multiplicant aix\u00ed les qualitats de la porta.\u00a0Dins l&#8217;apartat de corredisses trobem les portes del tipus <strong>ELEVABLES<\/strong>, portes que a causa d&#8217;un mecanisme addicional, aconseguim elevar la fulla uns mil\u00b7l\u00edmetres per tal de lliurar les juntes, en aquest cas de goma, per poder lliscar suaument tot i amb grans c\u00e0rregues vidre. Un model aplicable \u00e9s la s\u00e8rie <a href=\"https:\/\/www.carpinteria-aluminio.cat\/ca\/serie-corredera-matra-110-de-alugom-por-ponsico-s-c-p-para-carpinteria-de-aluminio-en-barcelona\/\" target=\"_blank\">MATRA<\/a>, del nostre principal prove\u00efdor, la qual entra dins de la gamma alta de portes corredisses del mercat, per la seva robustesa, hermeticitat i capacitat de vidre, tant en pes com en gruix.<\/p>\n<div id=\"attachment_1115\" style=\"width: 190px\" class=\"wp-caption alignleft\"><a href=\"https:\/\/www.carpinteria-aluminio.cat\/wp-content\/uploads\/2013\/02\/IMG_20120725_113750-2.jpg\" target=\"_blank\"><img loading=\"lazy\" decoding=\"async\" aria-describedby=\"caption-attachment-1115\" class=\" wp-image-1115   \" style=\"border: 0px; margin: 0px;\" title=\"Porta balconera practicable bicolor s\u00e8rie STILO-50 RPT\" src=\"https:\/\/www.carpinteria-aluminio.cat\/wp-content\/uploads\/2013\/02\/IMG_20120725_113750-2-150x150.jpg\" alt=\"Porta balconera practicable bicolor s\u00e8rie STILO-50 RPT\" width=\"180\" height=\"180\" \/><\/a><p id=\"caption-attachment-1115\" class=\"wp-caption-text\">Porta balconera practicable bicolor s\u00e8rie STILO-50 RPT<\/p><\/div>\n<p style=\"text-align: justify;\"><strong>2. PORTA PRACTICABLE:<\/strong> Aquest model \u00e9s el m\u00e9s apreciat pel que fa a estanquitat es refereix, ja que gr\u00e0cies als seus 3 juntes de goma s&#8217;aconsegueix una gran hermeticitat. De f\u00e0cil neteja, en poder-se obrir les fulles 180 graus, gran ventilaci\u00f3 i pas en permetre obrir les seves fulles de bat a bat. S\u00f3n m\u00faltiples varietats de practicables que es poden emprar segons les necessitats en cada cas, com les oscil\u00b7lobatents, que permeten una obertura superior amb un gest a la maneta per poder ventilar sense ocupar espai, a m\u00e9s de l&#8217;obertura est\u00e0ndard de les practicables. M\u00faltiples s\u00e8ries a triar segons les necessitats o preu de cada cas, com m\u00e9s robust \u00e9s el material millors prestacions ofereixen, tant t\u00e8rmiques com ac\u00fastiques.<\/p>\n<p style=\"text-align: justify;\"><strong>3. PORTA PLEGABLE:<\/strong> Sistema molt pr\u00e0ctic per llocs on es necessiti una gran obertura, ja sigui per a pas o per ventilaci\u00f3, ja que les seves fulles es pleguen una contra l&#8217;altra tipus llibre ocupant el m\u00ednim espai. Hivernacles, porxos o p\u00e8rgoles es poden convertir en un lloc d&#8217;interior o exterior segons l&#8217;\u00e8poca de l&#8217;any.<\/p>\n<p style=\"text-align: justify;\"><strong>4. PORTES OSCILO-PARAL\u00b7LELES:<\/strong> Aquest tipus de portes s\u00f3n com una porta corredissa per\u00f2 amb diferents juntes elevant aix\u00ed la seva hermeticitat. Funcional com una corredissa, herm\u00e8tica com una practicable. Incorporen un sistema que en accionar una palanca situada al tancament, eleva la fulla per a la seva f\u00e0cil lliscament i ancorar amb fermesa en el lloc de tancament, aportant rigidesa i solidesa a l&#8217;estructura. Ferratges similars als de les oscil\u00b7lo-batents, un cop tancada la porta, mitjan\u00e7ant un gir de maneta, permet una obertura a la part superior de la fulla. Com el seu nom indica es llisquen en paral \u00b7 lel i no en el mateix pla com les portes correderes.<\/p>\n<p style=\"text-align: justify;\"><strong>5. PORTES PIVOTANTS:<\/strong> Porta o finestra molt similar a les practicables, per\u00f2 amb la difer\u00e8ncia en el gir d&#8217;obertura. Les pivotants obren a partir d&#8217;un eix centrat en la finestra i mai a l&#8217;extrem de la mateixa com seria el cas de les practicables. Ofereixen un sistema d&#8217;obertura diferent adaptant-se a buits on es complica la possibilitat d&#8217;obertura. De f\u00e0cil neteja ja que \u00e9s f\u00e0cil accedir a la seva cara exterior.<\/p>\n<div id=\"attachment_1046\" style=\"width: 190px\" class=\"wp-caption alignright\"><a href=\"https:\/\/www.carpinteria-aluminio.cat\/wp-content\/uploads\/2013\/01\/20121119_154133_HDR-3.jpg\" target=\"_blank\"><img loading=\"lazy\" decoding=\"async\" aria-describedby=\"caption-attachment-1046\" class=\" wp-image-1046  \" style=\"border: 0px; margin: 0px;\" title=\"Porta autom\u00e0tica lliscant\" src=\"https:\/\/www.carpinteria-aluminio.cat\/wp-content\/uploads\/2013\/01\/20121119_154133_HDR-3-150x150.jpg\" alt=\"Porta autom\u00e0tica lliscant\" width=\"180\" height=\"180\" \/><\/a><p id=\"caption-attachment-1046\" class=\"wp-caption-text\">Porta autom\u00e0tica lliscant<\/p><\/div>\n<p style=\"text-align: justify;\"><strong>6. PORTES AUTOM\u00c0TIQUES LLISCANTS:<\/strong><\/p>\n<p style=\"text-align: justify;\">Tipus de portes motoritzades i autom\u00e0tiques, mitjan\u00e7ant sensors la porta s&#8217;obre o es tanca en detectar moviment. Molt pr\u00e0ctiques per a locals on hi ha un pas continu de persones. El sistema tamb\u00e9 permet poder obrir manualment, amb un comandament, per a casos puntuals on no es vol deixar en manera autom\u00e0tica. Consulti preu sense cap comprom\u00eds.<\/p>\n<p style=\"text-align: justify;\"><strong>7. PORTA PANELADA D&#8217;ALUMINI:<\/strong><\/p>\n<div id=\"attachment_1455\" style=\"width: 190px\" class=\"wp-caption alignleft\"><a href=\"https:\/\/www.carpinteria-aluminio.cat\/wp-content\/uploads\/2013\/02\/IMG_0459_resized_1.jpg\" target=\"_blank\"><img loading=\"lazy\" decoding=\"async\" aria-describedby=\"caption-attachment-1455\" class=\" wp-image-1455  \" style=\"border: 0px; margin: 0px;\" title=\"Porta panelada d'alumini\" src=\"https:\/\/www.carpinteria-aluminio.cat\/wp-content\/uploads\/2013\/02\/IMG_0459_resized_1-150x150.jpg\" alt=\"Porta panelada d'alumini\" width=\"180\" height=\"180\" \/><\/a><p id=\"caption-attachment-1455\" class=\"wp-caption-text\">Porta panelada d&#8217;alumini<\/p><\/div>\n<p style=\"text-align: justify;\">Porta d&#8217;entrada a habitatge molt elegants i decoratives. Es compon d&#8217;un panell de fusta d&#8217;alta densitat en el seu interior i xapa d&#8217;alumini en el seu exterior. Als panells de fusta se&#8217;ls pot incloure l\u00e0mines d&#8217;acer al seu interior per blindar-les i guanyar en seguretat. Hi ha diferents tipus d&#8217;acabats per a aquest tipus de portes. \u00c9s molt com\u00fa dotar aquest tipus de portes de panys a 3 punts, el qual d\u00f3na a la porta un extra en seguretat.<\/p>\n<p><strong>8. PORTES SECCIONALS:<\/strong><\/p>\n<p style=\"text-align: justify;\">Tamb\u00e9 fabriquem portes seccionals, \u00e9s a dir, portes cegues per a garatges o locals, portes que es componen de panells encadellats entre si en lloc de vidre o xapa d&#8217;una pe\u00e7a, dotant a l&#8217;estructura d&#8217;una major resist\u00e8ncia, ideal per fer estructures de grans dimensions sense reduir la seva solidesa.<\/p>\n<p style=\"text-align: justify;\">Per compondre la porta d&#8217;acord seves necessitats tri\u00ef els <strong>PERFILS <\/strong>edients: A la fusteria d&#8217;alumini Ponsico disposem dels seg\u00fcents perfils,entre d\u00b4altres, les s\u00e8ries practicables i corredisses les m\u00e9s utilitzades, ordenats de major a menor efici\u00e8ncia, detallant la fitxa t\u00e8cnica amb cada un d&#8217;ells. Aquestes s\u00e8ries s\u00f3n les m\u00e9s utilitzades en els \u00faltims anys, pertanyen al fabricant Alugom. La refer\u00e8ncia RPT, significa trencament de pont t\u00e8rmic, m\u00e9s estalvi energ\u00e8tic ja que trenca la transmit\u00e0ncia t\u00e8rmica de la perfileria.<\/p>\n<p style=\"text-align: center;\"><strong>CORREDISSES:<\/strong><\/p>\n<p><a href=\"https:\/\/www.carpinteria-aluminio.cat\/reparacion-y-mantenimiento\/\"><div class=\"wrap one\"><div class=\"column column_column one-third column-first\"><\/a><\/p>\n<p><a href=\"https:\/\/www.carpinteria-aluminio.cat\/wp-content\/uploads\/2012\/10\/Imagen-15-2.jpg\" target=\"_blank\"><img loading=\"lazy\" decoding=\"async\" title=\"ALU GOS-S\" src=\"https:\/\/www.carpinteria-aluminio.cat\/wp-content\/uploads\/2012\/10\/Imagen-15-2-150x150.jpg\" alt=\"ALU GOS-S\" width=\"150\" height=\"150\" \/><\/a><a href=\"https:\/\/www.carpinteria-aluminio.cat\/wp-content\/uploads\/2012\/10\/Imagen-15-1.jpg\" target=\"_blank\"><img loading=\"lazy\" decoding=\"async\" style=\"margin-left: 2px; margin-right: 2px;\" title=\"ALU GOS-S\" src=\"https:\/\/www.carpinteria-aluminio.cat\/wp-content\/uploads\/2012\/10\/Imagen-15-1-150x150.jpg\" alt=\"ALU GOS-S\" width=\"124\" height=\"150\" \/><\/a><\/p>\n<p style=\"text-align: center;\"><a href=\"https:\/\/www.carpinteria-aluminio.cat\/ca\/serie-corredera-gama-premium-alu-gos-s-de-alugom-por-ponsico-s-c-p-para-carpinteria-de-aluminio-en-barcelona\/\" target=\"_blank\">ALU GOS-S<\/a><\/p>\n<p style=\"text-align: center;\"><\/div>\n<p style=\"text-align: center;\"><a href=\"https:\/\/www.carpinteria-aluminio.cat\/reparacion-y-mantenimiento\/\"><div class=\"column column_column one-third column-inner\"><\/a><\/p>\n<p><a href=\"https:\/\/www.carpinteria-aluminio.cat\/wp-content\/uploads\/2012\/10\/Imagen-16-2.jpg\" target=\"_blank\"><img loading=\"lazy\" decoding=\"async\" title=\"MATRA 135 RPT\" src=\"https:\/\/www.carpinteria-aluminio.cat\/wp-content\/uploads\/2012\/10\/Imagen-16-2-150x150.jpg\" alt=\"MATRA 135 RPT\" width=\"150\" height=\"150\" \/><\/a><a href=\"https:\/\/www.carpinteria-aluminio.cat\/wp-content\/uploads\/2012\/10\/Imagen-16-1.jpg\" target=\"_blank\"><img loading=\"lazy\" decoding=\"async\" style=\"margin-left: 2px; margin-right: 2px;\" title=\"MATRA 135 RPT\" src=\"https:\/\/www.carpinteria-aluminio.cat\/wp-content\/uploads\/2012\/10\/Imagen-16-1-150x150.jpg\" alt=\"MATRA 135 RPT\" width=\"124\" height=\"150\" \/><\/a><\/p>\n<p style=\"text-align: center;\"><a href=\"https:\/\/www.carpinteria-aluminio.cat\/ca\/serie-corredera-gama-premium-matra-135-rpt-de-alugom-por-ponsico-s-c-p-para-carpinteria-de-aluminio-en-barcelona\/\" target=\"_blank\">MATRA 135 RPT<\/a><\/p>\n<p style=\"text-align: center;\"><\/div>\n<p style=\"text-align: center;\"><a href=\"https:\/\/www.carpinteria-aluminio.cat\/reparacion-y-mantenimiento\/\"><div class=\"column column_column one-third column-last\"><\/a><\/p>\n<p><a href=\"https:\/\/www.carpinteria-aluminio.cat\/wp-content\/uploads\/2012\/10\/Imagen-14-2.jpg\" target=\"_blank\"><img loading=\"lazy\" decoding=\"async\" title=\"SILVER 65 RPT\" src=\"https:\/\/www.carpinteria-aluminio.cat\/wp-content\/uploads\/2012\/10\/Imagen-14-2-150x150.jpg\" alt=\"SILVER 65 RPT\" width=\"150\" height=\"150\" \/><\/a><a href=\"https:\/\/www.carpinteria-aluminio.cat\/wp-content\/uploads\/2012\/10\/Imagen-14-1.jpg\" target=\"_blank\"><img loading=\"lazy\" decoding=\"async\" style=\"margin-left: 2px; margin-right: 2px;\" title=\"SILVER 65 RPT\" src=\"https:\/\/www.carpinteria-aluminio.cat\/wp-content\/uploads\/2012\/10\/Imagen-14-1-150x150.jpg\" alt=\"SILVER 65 RPT\" width=\"124\" height=\"150\" \/><\/a><\/p>\n<p style=\"text-align: center;\"><a href=\"https:\/\/www.carpinteria-aluminio.cat\/ca\/serie-corredera-gama-premium-silver-65-rpt-de-alugom-por-ponsico-s-c-p-para-carpinteria-de-aluminio-en-barcelona\/\" target=\"_blank\">SILVER 65 RPT<\/a><\/p>\n<p style=\"text-align: center;\"><\/div><\/div>\n<p><a href=\"https:\/\/www.carpinteria-aluminio.cat\/reparacion-y-mantenimiento\/\"><div class=\"wrap one\"><div class=\"column column_column one-third column-first\"><\/a><\/p>\n<p><a href=\"https:\/\/www.carpinteria-aluminio.cat\/wp-content\/uploads\/2012\/10\/SerieMatra110RPT.jpg\" target=\"_blank\"><img loading=\"lazy\" decoding=\"async\" class=\"wp-image-2458 alignnone\" title=\"MATRA 110 RPT\" src=\"https:\/\/www.carpinteria-aluminio.cat\/wp-content\/uploads\/2012\/10\/SerieMatra110RPT-150x150.jpg\" alt=\"MATRA 110 RPT\" width=\"150\" height=\"150\" \/><\/a><a href=\"https:\/\/www.carpinteria-aluminio.cat\/wp-content\/uploads\/2012\/10\/matra-rpt.bmp\" target=\"_blank\"><img loading=\"lazy\" decoding=\"async\" class=\"wp-image-1395 alignnone\" title=\"MATRA 110 RPT\" src=\"https:\/\/www.carpinteria-aluminio.cat\/wp-content\/uploads\/2012\/10\/matra-rpt.bmp\" alt=\"MATRA 110 RPT\" width=\"125\" height=\"150\" \/><\/a><\/p>\n<p style=\"text-align: center;\"><a href=\"https:\/\/www.carpinteria-aluminio.cat\/ca\/serie-corredera-matra-110-de-alugom-por-ponsico-s-c-p-para-carpinteria-de-aluminio-en-barcelona\/\" target=\"_blank\">MATRA 110 RPT<\/a><\/p>\n<p style=\"text-align: center;\"><\/div>\n<p style=\"text-align: center;\"><a href=\"https:\/\/www.carpinteria-aluminio.cat\/reparacion-y-mantenimiento\/\"><div class=\"column column_column one-third column-inner\"><\/a><\/p>\n<p><a href=\"https:\/\/www.carpinteria-aluminio.cat\/wp-content\/uploads\/2012\/10\/SerieMatra110RPT.jpg\" target=\"_blank\"><img loading=\"lazy\" decoding=\"async\" class=\"size-thumbnail wp-image-2458 alignnone\" title=\"MATRA 110 \" src=\"https:\/\/www.carpinteria-aluminio.cat\/wp-content\/uploads\/2012\/10\/SerieMatra110RPT-150x150.jpg\" alt=\"MATRA 110 \" width=\"150\" height=\"150\" \/><\/a><a href=\"https:\/\/www.carpinteria-aluminio.cat\/wp-content\/uploads\/2012\/10\/matra.bmp\" target=\"_blank\"><img loading=\"lazy\" decoding=\"async\" class=\"alignnone  wp-image-1403\" title=\"MATRA 110\" src=\"https:\/\/www.carpinteria-aluminio.cat\/wp-content\/uploads\/2012\/10\/matra.bmp\" alt=\"MATRA 110\" width=\"125\" height=\"150\" \/><\/a><\/p>\n<p style=\"text-align: center;\"><a href=\"https:\/\/www.carpinteria-aluminio.cat\/ca\/serie-corredera-matra-110-de-alugom-por-ponsico-s-c-p-para-carpinteria-de-aluminio-en-barcelona\/\" target=\"_blank\">MATRA 110<\/a><\/p>\n<p style=\"text-align: center;\"><\/div>\n<p style=\"text-align: center;\"><a href=\"https:\/\/www.carpinteria-aluminio.cat\/reparacion-y-mantenimiento\/\"><div class=\"column column_column one-third column-last\"><\/a><\/p>\n<p><a href=\"https:\/\/www.carpinteria-aluminio.cat\/wp-content\/uploads\/2012\/10\/SerieSilver76RPT.jpg\" target=\"_blank\"><img loading=\"lazy\" decoding=\"async\" class=\"alignnone size-thumbnail wp-image-1404\" title=\"S76RPT\" src=\"https:\/\/www.carpinteria-aluminio.cat\/wp-content\/uploads\/2012\/10\/SerieSilver76RPT-150x150.jpg\" alt=\"S76RPT\" width=\"150\" height=\"150\" \/><\/a><a href=\"https:\/\/www.carpinteria-aluminio.cat\/wp-content\/uploads\/2012\/10\/s76rpt1.bmp\" target=\"_blank\"><img loading=\"lazy\" decoding=\"async\" class=\"alignnone  wp-image-1405\" title=\"S76 RPT\" src=\"https:\/\/www.carpinteria-aluminio.cat\/wp-content\/uploads\/2012\/10\/s76rpt1.bmp\" alt=\"S76 RPT\" width=\"125\" height=\"150\" \/><\/a><\/p>\n<p style=\"text-align: center;\"><a href=\"https:\/\/www.carpinteria-aluminio.cat\/ca\/serie-corredera-s-76-de-alugom-por-ponsico-s-c-p-para-carpinteria-de-aluminio-en-barcelona\/\" target=\"_blank\">S 76 RPT<\/a><\/p>\n<p style=\"text-align: center;\"><\/div><\/div>\n<p style=\"text-align: center;\"><a href=\"https:\/\/www.carpinteria-aluminio.cat\/reparacion-y-mantenimiento\/\"><div class=\"wrap one\"><div class=\"column column_column one-third column-first\"><\/a><\/p>\n<p><a href=\"https:\/\/www.carpinteria-aluminio.cat\/wp-content\/uploads\/2012\/10\/SerieSilver76.jpg\" target=\"_blank\"><img loading=\"lazy\" decoding=\"async\" class=\"alignnone size-thumbnail wp-image-1406\" title=\"S76\" src=\"https:\/\/www.carpinteria-aluminio.cat\/wp-content\/uploads\/2012\/10\/SerieSilver76-150x150.jpg\" alt=\"S76\" width=\"150\" height=\"150\" \/><\/a><a href=\"https:\/\/www.carpinteria-aluminio.cat\/wp-content\/uploads\/2012\/10\/s76.bmp\" target=\"_blank\"><img loading=\"lazy\" decoding=\"async\" class=\"alignnone  wp-image-1407\" title=\"S76\" src=\"https:\/\/www.carpinteria-aluminio.cat\/wp-content\/uploads\/2012\/10\/s76.bmp\" alt=\"S76\" width=\"125\" height=\"150\" \/><\/a><\/p>\n<p style=\"text-align: center;\"><a href=\"https:\/\/www.carpinteria-aluminio.cat\/ca\/serie-corredera-s-76-de-alugom-por-ponsico-s-c-p-para-carpinteria-de-aluminio-en-barcelona\/\" target=\"_blank\">S 76<\/a><\/p>\n<p style=\"text-align: center;\"><\/div>\n<p style=\"text-align: center;\"><a href=\"https:\/\/www.carpinteria-aluminio.cat\/reparacion-y-mantenimiento\/\"><div class=\"column column_column one-third column-inner\"><\/a><\/p>\n<p><a href=\"https:\/\/www.carpinteria-aluminio.cat\/wp-content\/uploads\/2012\/10\/A70.jpg\" target=\"_blank\"><img loading=\"lazy\" decoding=\"async\" class=\"size-thumbnail wp-image-2459 alignnone\" title=\"A70\" src=\"https:\/\/www.carpinteria-aluminio.cat\/wp-content\/uploads\/2012\/10\/A70-150x150.jpg\" alt=\"A70\" width=\"150\" height=\"150\" \/><\/a><a href=\"https:\/\/www.carpinteria-aluminio.cat\/wp-content\/uploads\/2012\/10\/a70.bmp\" target=\"_blank\"><img loading=\"lazy\" decoding=\"async\" class=\"alignnone  wp-image-1411\" title=\"A70\" src=\"https:\/\/www.carpinteria-aluminio.cat\/wp-content\/uploads\/2012\/10\/a70.bmp\" alt=\"A70\" width=\"125\" height=\"150\" \/><\/a><\/p>\n<p style=\"text-align: center;\"><a href=\"https:\/\/www.carpinteria-aluminio.cat\/ca\/serie-corredera-a-70-de-alugom-por-ponsico-s-c-p-para-carpinteria-de-aluminio-en-barcelona\/\" target=\"_blank\">A 70<\/a><\/p>\n<p style=\"text-align: center;\"><\/div>\n<p style=\"text-align: center;\"><a href=\"https:\/\/www.carpinteria-aluminio.cat\/reparacion-y-mantenimiento\/\"><div class=\"column column_column one-third column-last\"><\/a><\/p>\n<p><a href=\"https:\/\/www.carpinteria-aluminio.cat\/wp-content\/uploads\/2012\/10\/Serie300EUR1.jpg\" target=\"_blank\"><img loading=\"lazy\" decoding=\"async\" class=\"alignnone size-thumbnail wp-image-1412\" title=\"S300\" src=\"https:\/\/www.carpinteria-aluminio.cat\/wp-content\/uploads\/2012\/10\/Serie300EUR1-150x150.jpg\" alt=\"S300\" width=\"150\" height=\"150\" \/><\/a><a href=\"https:\/\/www.carpinteria-aluminio.cat\/wp-content\/uploads\/2012\/10\/300.bmp\" target=\"_blank\"><img loading=\"lazy\" decoding=\"async\" class=\"alignnone  wp-image-1413\" title=\"S300\" src=\"https:\/\/www.carpinteria-aluminio.cat\/wp-content\/uploads\/2012\/10\/300.bmp\" alt=\"S300\" width=\"125\" height=\"150\" \/><\/a><\/p>\n<p style=\"text-align: center;\"><a href=\"https:\/\/www.carpinteria-aluminio.cat\/ca\/serie-corredera-s-300-de-alugom-por-ponsico-s-c-p-para-carpinteria-de-aluminio-en-barcelona\/\" target=\"_blank\">S 300<\/a><\/p>\n<p style=\"text-align: center;\">\u00a0<\/div><\/div>\n<p style=\"text-align: center;\"><strong>PRACTICABLES:<\/strong><\/p>\n<p><a href=\"https:\/\/www.carpinteria-aluminio.cat\/reparacion-y-mantenimiento\/\"><div class=\"wrap one\"><div class=\"column column_column one-third column-first\"><\/a> <a href=\"https:\/\/www.carpinteria-aluminio.cat\/wp-content\/uploads\/2012\/10\/Imagen-13-1.jpg\" target=\"_blank\"><img loading=\"lazy\" decoding=\"async\" class=\" wp-image-4939 alignnone\" title=\"ALG 75 MAXIMA\" src=\"https:\/\/www.carpinteria-aluminio.cat\/wp-content\/uploads\/2012\/10\/Imagen-13-1-150x150.jpg\" alt=\"ALG 75 MAXIMA\" width=\"150\" height=\"150\" \/><\/a><a href=\"https:\/\/www.carpinteria-aluminio.cat\/wp-content\/uploads\/2012\/10\/Imagen-13-2.jpg\" target=\"_blank\"><img loading=\"lazy\" decoding=\"async\" class=\"wp-image-4940 alignnone\" style=\"margin: 2px;\" title=\"ALG 75 MAXIMA\" src=\"https:\/\/www.carpinteria-aluminio.cat\/wp-content\/uploads\/2012\/10\/Imagen-13-2-150x150.jpg\" alt=\"ALG 75 MAXIMA\" width=\"124\" height=\"150\" \/><\/a><\/p>\n<p style=\"text-align: center;\"><a href=\"https:\/\/www.carpinteria-aluminio.cat\/ca\/serie-practicable-premium-alg-75-maxima-de-alugom-por-ponsico-s-c-p-para-carpinteria-de-aluminio-en-barcelona\/\" target=\"_blank\">ALG 75 MAXIMA<\/a><\/p>\n<p style=\"text-align: center;\"><\/div>\n<p><a href=\"https:\/\/www.carpinteria-aluminio.cat\/reparacion-y-mantenimiento\/\"><div class=\"column column_column one-third column-inner\"><\/a> <a href=\"https:\/\/www.carpinteria-aluminio.cat\/wp-content\/uploads\/2012\/10\/Imagen-12-2.jpg\" target=\"_blank\"><img loading=\"lazy\" decoding=\"async\" class=\" wp-image-4945\" title=\"ST 76 RPT\" src=\"https:\/\/www.carpinteria-aluminio.cat\/wp-content\/uploads\/2012\/10\/Imagen-12-2-150x150.jpg\" alt=\"ST 76 RPT\" width=\"150\" height=\"150\" \/><\/a><a href=\"https:\/\/www.carpinteria-aluminio.cat\/wp-content\/uploads\/2012\/10\/Imagen-12-1.jpg\" target=\"_blank\"><img loading=\"lazy\" decoding=\"async\" class=\"wp-image-4942 alignnone\" style=\"margin: 2px;\" title=\"ST 76 RPT\" src=\"https:\/\/www.carpinteria-aluminio.cat\/wp-content\/uploads\/2012\/10\/Imagen-12-1-150x150.jpg\" alt=\"ST 76 RPT\" width=\"124\" height=\"150\" \/><\/a><\/p>\n<p style=\"text-align: center;\"><a href=\"https:\/\/www.carpinteria-aluminio.cat\/ca\/serie-practicable-gama-premium-st-76-rpt-de-alugom-por-ponsico-s-c-p-para-carpinteria-de-aluminio-en-barcelona\/\" target=\"_blank\">ST 76 RPT<\/a><\/p>\n<p style=\"text-align: center;\"><\/div>\n<p><a href=\"https:\/\/www.carpinteria-aluminio.cat\/reparacion-y-mantenimiento\/\"><div class=\"column column_column one-third column-last\"><\/a> <a href=\"https:\/\/www.carpinteria-aluminio.cat\/wp-content\/uploads\/2012\/10\/Imagen-10-2-1.jpg\" target=\"_blank\"><img loading=\"lazy\" decoding=\"async\" class=\" wp-image-4943\" title=\"ST 60 RPT CANAL 16\" src=\"https:\/\/www.carpinteria-aluminio.cat\/wp-content\/uploads\/2012\/10\/Imagen-10-2-1-150x150.jpg\" alt=\"ST 60 RPT CANAL 16\" width=\"150\" height=\"150\" \/><\/a><a href=\"https:\/\/www.carpinteria-aluminio.cat\/wp-content\/uploads\/2012\/10\/Imagen-10-1.jpg\" target=\"_blank\"><img loading=\"lazy\" decoding=\"async\" class=\"wp-image-4944 alignnone\" style=\"margin: 2px;\" title=\"ST 60 RPT CANAL 16\" src=\"https:\/\/www.carpinteria-aluminio.cat\/wp-content\/uploads\/2012\/10\/Imagen-10-1-150x150.jpg\" alt=\"ST 60 RPT CANAL 16\" width=\"124\" height=\"150\" \/><\/a><\/p>\n<p style=\"text-align: center;\"><a href=\"https:\/\/www.carpinteria-aluminio.cat\/ca\/serie-practicable-gama-premium-st-60-rpt-canal-16-de-alugom-por-ponsico-s-c-p-para-carpinteria-de-aluminio-en-barcelona\/\" target=\"_blank\">ST 60 RPT CANAL 16<\/a><\/p>\n<p style=\"text-align: center;\"><\/div><\/div>\n<p style=\"text-align: center;\"><a href=\"https:\/\/www.carpinteria-aluminio.cat\/reparacion-y-mantenimiento\/\"><div class=\"wrap one\"><div class=\"column column_column one-third column-first\"><\/a> <a href=\"https:\/\/www.carpinteria-aluminio.cat\/wp-content\/uploads\/2012\/10\/madera56.jpg\" target=\"_blank\"><img loading=\"lazy\" decoding=\"async\" class=\"alignnone size-thumbnail wp-image-1427\" title=\"NOBILE ALUMINI-FUSTA\" src=\"https:\/\/www.carpinteria-aluminio.cat\/wp-content\/uploads\/2012\/10\/madera56-150x150.jpg\" alt=\"NOBILE ALUMINI-FUSTA\" width=\"150\" height=\"150\" \/><\/a><a href=\"https:\/\/www.carpinteria-aluminio.cat\/wp-content\/uploads\/2012\/10\/aluminio-madera1.bmp\" target=\"_blank\"><img loading=\"lazy\" decoding=\"async\" class=\"alignnone  wp-image-1428\" title=\"NOBILE ALUMINI-FUSTA\" src=\"https:\/\/www.carpinteria-aluminio.cat\/wp-content\/uploads\/2012\/10\/aluminio-madera1.bmp\" alt=\"NOBILE ALUMINI-FUSTA\" width=\"125\" height=\"150\" \/><\/a><\/p>\n<p style=\"text-align: center;\"><a href=\"https:\/\/www.carpinteria-aluminio.cat\/ca\/serie-practicable-nobile-aluminiomadera-de-alugom-por-ponsico-s-c-p-para-carpinteria-de-aluminio-en-barcelona\/\" target=\"_blank\">NOBILE ALUMINI-FUSTA<\/a><\/p>\n<p><\/div> <a href=\"https:\/\/www.carpinteria-aluminio.cat\/reparacion-y-mantenimiento\/\"><div class=\"column column_column one-third column-inner\"><\/a> <a href=\"https:\/\/www.carpinteria-aluminio.cat\/wp-content\/uploads\/2012\/10\/SerieStilo60RPTL.jpg\" target=\"_blank\"><img loading=\"lazy\" decoding=\"async\" class=\"alignnone size-thumbnail wp-image-1416\" title=\"STILO 60 RPT\" src=\"https:\/\/www.carpinteria-aluminio.cat\/wp-content\/uploads\/2012\/10\/SerieStilo60RPTL-150x150.jpg\" alt=\"STILO 60 RPT\" width=\"150\" height=\"150\" \/><\/a><a href=\"https:\/\/www.carpinteria-aluminio.cat\/wp-content\/uploads\/2012\/10\/s60rpt.bmp\" target=\"_blank\"><img loading=\"lazy\" decoding=\"async\" class=\"alignnone  wp-image-1417\" title=\"STILO 60RPT\" src=\"https:\/\/www.carpinteria-aluminio.cat\/wp-content\/uploads\/2012\/10\/s60rpt.bmp\" alt=\"STILO 60 RPT\" width=\"125\" height=\"150\" \/><\/a><\/p>\n<p style=\"text-align: center;\"><a href=\"https:\/\/www.carpinteria-aluminio.cat\/ca\/serie-practicable-stilo-60-rpt-de-alugom-por-ponsico-s-c-p-para-carpinteria-de-aluminio-en-barcelona\/\" target=\"_blank\">STILO 60 RPT<\/a><\/p>\n<p><\/div> <a href=\"https:\/\/www.carpinteria-aluminio.cat\/reparacion-y-mantenimiento\/\"><div class=\"column column_column one-third column-last\"><\/a> <a href=\"https:\/\/www.carpinteria-aluminio.cat\/wp-content\/uploads\/2012\/10\/SerieStilo60.jpg\" target=\"_blank\"><img loading=\"lazy\" decoding=\"async\" class=\"alignnone size-thumbnail wp-image-1418\" title=\"STILO 60\" src=\"https:\/\/www.carpinteria-aluminio.cat\/wp-content\/uploads\/2012\/10\/SerieStilo60-150x150.jpg\" alt=\"STILO 60\" width=\"150\" height=\"150\" \/><\/a><a href=\"https:\/\/www.carpinteria-aluminio.cat\/wp-content\/uploads\/2012\/10\/s60.bmp\" target=\"_blank\"><img loading=\"lazy\" decoding=\"async\" class=\"alignnone  wp-image-1419\" title=\"STILO 60\" src=\"https:\/\/www.carpinteria-aluminio.cat\/wp-content\/uploads\/2012\/10\/s60.bmp\" alt=\"STILO 60\" width=\"125\" height=\"150\" \/><\/a><\/p>\n<p style=\"text-align: center;\"><a href=\"https:\/\/www.carpinteria-aluminio.cat\/ca\/serie-practicable-stilo-60-rpt-de-alugom-por-ponsico-s-c-p-para-carpinteria-de-aluminio-en-barcelona\/\" target=\"_blank\">STILO 60<\/a><\/p>\n<p><\/div><\/div> <a href=\"https:\/\/www.carpinteria-aluminio.cat\/reparacion-y-mantenimiento\/\"><div class=\"wrap one\"><div class=\"column column_column one-third column-first\"><\/a> <a href=\"https:\/\/www.carpinteria-aluminio.cat\/wp-content\/uploads\/2012\/10\/SerieStilo50RPT.jpg\" target=\"_blank\"><img loading=\"lazy\" decoding=\"async\" class=\"alignnone size-thumbnail wp-image-1420\" title=\"STILO 50 RPT\" src=\"https:\/\/www.carpinteria-aluminio.cat\/wp-content\/uploads\/2012\/10\/SerieStilo50RPT-150x150.jpg\" alt=\"STILO 50 RPT\" width=\"150\" height=\"150\" \/><\/a><a href=\"https:\/\/www.carpinteria-aluminio.cat\/wp-content\/uploads\/2012\/10\/STILO-50-RPT.bmp\" target=\"_blank\"><img loading=\"lazy\" decoding=\"async\" class=\"alignnone  wp-image-1421\" title=\"STILO 50 RPT\" src=\"https:\/\/www.carpinteria-aluminio.cat\/wp-content\/uploads\/2012\/10\/STILO-50-RPT.bmp\" alt=\"STILO 50 RPT\" width=\"125\" height=\"150\" \/><\/a><\/p>\n<p style=\"text-align: center;\"><a href=\"https:\/\/www.carpinteria-aluminio.cat\/ca\/serie-stilo-50-de-alugom-por-ponsico-s-c-p-en-la-carpinteria-de-aluminio\/\" target=\"_blank\">STILO 50 RPT<\/a><\/p>\n<p><\/div> <a href=\"https:\/\/www.carpinteria-aluminio.cat\/reparacion-y-mantenimiento\/\"><div class=\"column column_column one-third column-inner\"><\/a> <a href=\"https:\/\/www.carpinteria-aluminio.cat\/wp-content\/uploads\/2012\/10\/SerieStilo50.jpg\" target=\"_blank\"><img loading=\"lazy\" decoding=\"async\" class=\"alignnone size-thumbnail wp-image-1422\" title=\"STILO 50\" src=\"https:\/\/www.carpinteria-aluminio.cat\/wp-content\/uploads\/2012\/10\/SerieStilo50-150x150.jpg\" alt=\"STILO 50\" width=\"150\" height=\"150\" \/><\/a><a href=\"https:\/\/www.carpinteria-aluminio.cat\/wp-content\/uploads\/2012\/10\/STILO-50.bmp\" target=\"_blank\"><img loading=\"lazy\" decoding=\"async\" class=\"alignnone  wp-image-1423\" title=\"STILO 50\" src=\"https:\/\/www.carpinteria-aluminio.cat\/wp-content\/uploads\/2012\/10\/STILO-50.bmp\" alt=\"STILO 50\" width=\"125\" height=\"150\" \/><\/a><\/p>\n<p style=\"text-align: center;\"><a href=\"https:\/\/www.carpinteria-aluminio.cat\/ca\/serie-stilo-50-de-alugom-por-ponsico-s-c-p-en-la-carpinteria-de-aluminio\/\" target=\"_blank\">STILO 50<\/a><\/p>\n<p><\/div> <a href=\"https:\/\/www.carpinteria-aluminio.cat\/reparacion-y-mantenimiento\/\"><div class=\"column column_column one-third column-last\"><\/a> <a href=\"https:\/\/www.carpinteria-aluminio.cat\/wp-content\/uploads\/2012\/10\/serie350.jpg\" target=\"_blank\"><img loading=\"lazy\" decoding=\"async\" class=\"alignnone size-thumbnail wp-image-1424\" title=\"S 350\" src=\"https:\/\/www.carpinteria-aluminio.cat\/wp-content\/uploads\/2012\/10\/serie350-150x150.jpg\" alt=\"S 350\" width=\"150\" height=\"150\" \/><\/a><a href=\"https:\/\/www.carpinteria-aluminio.cat\/wp-content\/uploads\/2012\/10\/350.bmp\" target=\"_blank\"><img loading=\"lazy\" decoding=\"async\" class=\"alignnone  wp-image-1425\" title=\"S 350\" src=\"https:\/\/www.carpinteria-aluminio.cat\/wp-content\/uploads\/2012\/10\/350.bmp\" alt=\"S 350\" width=\"125\" height=\"150\" \/><\/a><\/p>\n<p style=\"text-align: center;\"><a href=\"https:\/\/www.carpinteria-aluminio.cat\/ca\/serie-practicable-s-350-de-alugom-por-ponsico-s-c-p-para-carpinteria-de-aluminio-en-barcelona\/\" target=\"_blank\">S 350<\/a><\/p>\n<p><\/div><\/div> Afegiu <strong>L&#8217;ACABAT <\/strong>que mes li agradi: A la Fusteria d&#8217;Alumini Ponsico oferim els seg\u00fcents acabats:<\/p>\n<div id=\"attachment_1607\" style=\"width: 284px\" class=\"wp-caption alignleft\"><a href=\"https:\/\/www.carpinteria-aluminio.cat\/wp-content\/uploads\/2012\/10\/IMG_1547_resized_1.jpg\" target=\"_blank\"><img loading=\"lazy\" decoding=\"async\" aria-describedby=\"caption-attachment-1607\" class=\" wp-image-1607   \" style=\"margin: 0px; border: 0px;\" title=\"Mostrari lacat colors RAL\" src=\"https:\/\/www.carpinteria-aluminio.cat\/wp-content\/uploads\/2012\/10\/IMG_1547_resized_1-300x200.jpg\" alt=\"Mostrari lacat colors RAL\" width=\"274\" height=\"200\" \/><\/a><p id=\"caption-attachment-1607\" class=\"wp-caption-text\">Mostrari lacat colors RAL<\/p><\/div>\n<div id=\"attachment_1285\" style=\"width: 284px\" class=\"wp-caption alignleft\"><a href=\"https:\/\/www.carpinteria-aluminio.cat\/wp-content\/uploads\/2013\/02\/IMG_0071.jpg\" target=\"_blank\"><img loading=\"lazy\" decoding=\"async\" aria-describedby=\"caption-attachment-1285\" class=\" wp-image-1285  \" style=\"margin: 0px; border: 0px;\" title=\"Mostrari lacat fusta\" src=\"https:\/\/www.carpinteria-aluminio.cat\/wp-content\/uploads\/2013\/02\/IMG_0071-300x200.jpg\" alt=\"Mostrari lacat fusta\" width=\"274\" height=\"200\" \/><\/a><p id=\"caption-attachment-1285\" class=\"wp-caption-text\">Mostrari lacat fusta<\/p><\/div>\n<div id=\"attachment_2243\" style=\"width: 285px\" class=\"wp-caption alignleft\"><a href=\"https:\/\/www.carpinteria-aluminio.cat\/wp-content\/uploads\/2012\/10\/20130325_132646_resized.jpg\" target=\"_blank\"><img loading=\"lazy\" decoding=\"async\" aria-describedby=\"caption-attachment-2243\" class=\"wp-image-2243   \" style=\"margin: 0px; border: 0px;\" title=\"Mostra de anoditzat: plata, inox, bronze i negre.\" src=\"https:\/\/www.carpinteria-aluminio.cat\/wp-content\/uploads\/2012\/10\/20130325_132646_resized-300x225.jpg\" alt=\"Mostra de anoditzat: plata, inox, bronze i negre.\" width=\"275\" height=\"200\" \/><\/a><p id=\"caption-attachment-2243\" class=\"wp-caption-text\">Mostra de anoditzat: plata, inox, bronze i negre.<\/p><\/div>\n<p style=\"text-align: justify;\">Converteixi la seva porta o finestra d&#8217;alumini en cl\u00e0ssica o moderna, en funci\u00f3 del tipus d&#8217;acabat aplicable a l&#8217;alumini, ja sigui lacat fusta o lacat RAL llis, triant el color que m\u00e9s li agradi, per compaginar perfectament amb el disseny de la seva llar. O dotar la seva estructura exterior d&#8217;alumini de la magn\u00edfica resist\u00e8ncia que ofereixen els anoditzats, i seleccioneu el color que m\u00e9s li agradi. A la Fusteria d&#8217;Alumini Ponsico oferim els seg\u00fcents tipus d&#8217;acabats:<\/p>\n<p style=\"text-align: justify;\"><a href=\"http:\/\/www.instaladoresonline.com\/colores_ral.html\" target=\"_blank\"><strong>LACAT COLORS RAL<\/strong>:<\/a>\u00a0\u00c9s possible triar entre una \u00e0mplia gamma de lacats, seleccionant un nombre de la carta anomenada &#8220;RAL&#8221; que equival a un color concret. El tractament dels perfils es fa en plantes de lacat al forn sota estrictes normes de qualitat, aquestes normes fixen una s\u00e8rie d&#8217;exig\u00e8ncies t\u00e8cniques perqu\u00e8 el proc\u00e9s del lacat de l&#8217;alumini s&#8217;efectu\u00ef amb total garantia. El lacat al forn t\u00e9 10 anys de garantia, encara que en la pr\u00e0ctica s\u00f3n molts m\u00e9s els anys de durada. A continuaci\u00f3 li mostrem els lacats color RAL m\u00e9s utilitzats, dins d&#8217;una extensa gamma:<\/p>\n<p style=\"text-align: center;\"><div class=\"wrap one\"><div class=\"column column_column one-fourth column-first\"><\/p>\n<div id=\"attachment_3868\" style=\"width: 190px\" class=\"wp-caption alignleft\"><img loading=\"lazy\" decoding=\"async\" aria-describedby=\"caption-attachment-3868\" class=\" wp-image-3868          \" title=\"RAL 1021\" src=\"https:\/\/www.carpinteria-aluminio.cat\/wp-content\/uploads\/2012\/10\/2013-12-05-17-45-05-2-150x150.png\" alt=\"RAL 1021\" width=\"180\" height=\"180\" \/><p id=\"caption-attachment-3868\" class=\"wp-caption-text\">RAL 1021<\/p><\/div>\n<p><\/div>\n<p style=\"text-align: center;\"><div class=\"column column_column one-fourth column-inner\"><\/p>\n<div id=\"attachment_3869\" style=\"width: 190px\" class=\"wp-caption alignleft\"><img loading=\"lazy\" decoding=\"async\" aria-describedby=\"caption-attachment-3869\" class=\" wp-image-3869         \" title=\"RAL 3011\" src=\"https:\/\/www.carpinteria-aluminio.cat\/wp-content\/uploads\/2012\/10\/2013-12-05-17-45-05-4-150x150.png\" alt=\"RAL 3011\" width=\"180\" height=\"180\" \/><p id=\"caption-attachment-3869\" class=\"wp-caption-text\">RAL 3011<\/p><\/div>\n<p><\/div>\n<p style=\"text-align: center;\"><div class=\"column column_column one-fourth column-inner\"><\/p>\n<div id=\"attachment_3870\" style=\"width: 190px\" class=\"wp-caption alignleft\"><img loading=\"lazy\" decoding=\"async\" aria-describedby=\"caption-attachment-3870\" class=\" wp-image-3870         \" title=\"RAL 5010\" src=\"https:\/\/www.carpinteria-aluminio.cat\/wp-content\/uploads\/2012\/10\/2013-12-05-17-45-05-5-150x150.png\" alt=\"RAL 5010\" width=\"180\" height=\"180\" srcset=\"https:\/\/www.carpinteria-aluminio.cat\/wp-content\/uploads\/2012\/10\/2013-12-05-17-45-05-5-150x150.png 150w, https:\/\/www.carpinteria-aluminio.cat\/wp-content\/uploads\/2012\/10\/2013-12-05-17-45-05-5.png 153w\" sizes=\"auto, (max-width:767px) 180px, 180px\" \/><p id=\"caption-attachment-3870\" class=\"wp-caption-text\">RAL 5010<\/p><\/div>\n<p><\/div>\n<p style=\"text-align: center;\"><div class=\"column column_column one-fourth column-last\"><\/p>\n<div id=\"attachment_3871\" style=\"width: 190px\" class=\"wp-caption alignleft\"><img loading=\"lazy\" decoding=\"async\" aria-describedby=\"caption-attachment-3871\" class=\" wp-image-3871         \" title=\"RAL 6005\" src=\"https:\/\/www.carpinteria-aluminio.cat\/wp-content\/uploads\/2012\/10\/2013-12-05-17-45-05-6.png\" alt=\"RAL 6005\" width=\"180\" height=\"180\" \/><p id=\"caption-attachment-3871\" class=\"wp-caption-text\">RAL 6005<\/p><\/div>\n<p><\/div><\/div>\n<p style=\"text-align: center;\"><div class=\"wrap one\"><div class=\"column column_column one-fourth column-first\"><\/p>\n<div id=\"attachment_3872\" style=\"width: 190px\" class=\"wp-caption alignleft\"><img loading=\"lazy\" decoding=\"async\" aria-describedby=\"caption-attachment-3872\" class=\" wp-image-3872 \" title=\"RAL 7016\" src=\"https:\/\/www.carpinteria-aluminio.cat\/wp-content\/uploads\/2012\/10\/2013-12-05-17-45-05-8-150x150.png\" alt=\"RAL 7016\" width=\"180\" height=\"180\" srcset=\"https:\/\/www.carpinteria-aluminio.cat\/wp-content\/uploads\/2012\/10\/2013-12-05-17-45-05-8-150x150.png 150w, https:\/\/www.carpinteria-aluminio.cat\/wp-content\/uploads\/2012\/10\/2013-12-05-17-45-05-8.png 155w\" sizes=\"auto, (max-width:767px) 180px, 180px\" \/><p id=\"caption-attachment-3872\" class=\"wp-caption-text\">RAL 7016<\/p><\/div>\n<p><\/div>\n<p style=\"text-align: center;\"><div class=\"column column_column one-fourth column-inner\"><\/p>\n<div id=\"attachment_3873\" style=\"width: 190px\" class=\"wp-caption alignleft\"><img loading=\"lazy\" decoding=\"async\" aria-describedby=\"caption-attachment-3873\" class=\" wp-image-3873 \" title=\"RAL 7021\" src=\"https:\/\/www.carpinteria-aluminio.cat\/wp-content\/uploads\/2012\/10\/2013-12-05-17-45-05-9-150x150.png\" alt=\"RAL 7021\" width=\"180\" height=\"180\" \/><p id=\"caption-attachment-3873\" class=\"wp-caption-text\">RAL 7021<\/p><\/div>\n<p><\/div>\n<p style=\"text-align: center;\"><div class=\"column column_column one-fourth column-inner\"><\/p>\n<div id=\"attachment_3874\" style=\"width: 190px\" class=\"wp-caption alignleft\"><img loading=\"lazy\" decoding=\"async\" aria-describedby=\"caption-attachment-3874\" class=\" wp-image-3874 \" title=\"RAL 9006\" src=\"https:\/\/www.carpinteria-aluminio.cat\/wp-content\/uploads\/2012\/10\/2013-12-05-17-45-18-2-150x150.png\" alt=\"RAL 9006\" width=\"180\" height=\"180\" \/><p id=\"caption-attachment-3874\" class=\"wp-caption-text\">RAL 9006<\/p><\/div>\n<p><\/div>\n<p style=\"text-align: center;\"><div class=\"column column_column one-fourth column-last\"><\/p>\n<div id=\"attachment_3875\" style=\"width: 190px\" class=\"wp-caption alignleft\"><img loading=\"lazy\" decoding=\"async\" aria-describedby=\"caption-attachment-3875\" class=\" wp-image-3875 \" title=\"RAL 7035\" src=\"https:\/\/www.carpinteria-aluminio.cat\/wp-content\/uploads\/2012\/10\/2013-12-05-17-45-18-3-150x150.png\" alt=\"RAL 7035\" width=\"180\" height=\"180\" srcset=\"https:\/\/www.carpinteria-aluminio.cat\/wp-content\/uploads\/2012\/10\/2013-12-05-17-45-18-3-150x150.png 150w, https:\/\/www.carpinteria-aluminio.cat\/wp-content\/uploads\/2012\/10\/2013-12-05-17-45-18-3.png 155w\" sizes=\"auto, (max-width:767px) 180px, 180px\" \/><p id=\"caption-attachment-3875\" class=\"wp-caption-text\">RAL 7035<\/p><\/div>\n<p><\/div><\/div>\n<p style=\"text-align: center;\"><div class=\"wrap one\"><div class=\"column column_column one-fourth column-first\"><\/p>\n<div id=\"attachment_3876\" style=\"width: 190px\" class=\"wp-caption alignleft\"><img loading=\"lazy\" decoding=\"async\" aria-describedby=\"caption-attachment-3876\" class=\" wp-image-3876  \" title=\"RAL 8014\" src=\"https:\/\/www.carpinteria-aluminio.cat\/wp-content\/uploads\/2012\/10\/2013-12-05-17-45-18-5-150x150.png\" alt=\"RAL 8014\" width=\"180\" height=\"180\" \/><p id=\"caption-attachment-3876\" class=\"wp-caption-text\">RAL 8014<\/p><\/div>\n<p><\/div>\n<p style=\"text-align: center;\"><div class=\"column column_column one-fourth column-inner\"><\/p>\n<div id=\"attachment_3877\" style=\"width: 190px\" class=\"wp-caption alignleft\"><img loading=\"lazy\" decoding=\"async\" aria-describedby=\"caption-attachment-3877\" class=\" wp-image-3877  \" title=\"RAL 8017\" src=\"https:\/\/www.carpinteria-aluminio.cat\/wp-content\/uploads\/2012\/10\/2013-12-05-17-45-30-2-150x150.png\" alt=\"RAL 8017\" width=\"180\" height=\"180\" srcset=\"https:\/\/www.carpinteria-aluminio.cat\/wp-content\/uploads\/2012\/10\/2013-12-05-17-45-30-2-150x150.png 150w, https:\/\/www.carpinteria-aluminio.cat\/wp-content\/uploads\/2012\/10\/2013-12-05-17-45-30-2.png 156w\" sizes=\"auto, (max-width:767px) 180px, 180px\" \/><p id=\"caption-attachment-3877\" class=\"wp-caption-text\">RAL 8017<\/p><\/div>\n<p><\/div>\n<p style=\"text-align: center;\"><div class=\"column column_column one-fourth column-inner\"><\/p>\n<div id=\"attachment_3879\" style=\"width: 190px\" class=\"wp-caption alignleft\"><img loading=\"lazy\" decoding=\"async\" aria-describedby=\"caption-attachment-3879\" class=\" wp-image-3879 \" title=\"RAL 6200\" src=\"https:\/\/www.carpinteria-aluminio.cat\/wp-content\/uploads\/2012\/10\/2013-12-05-17-45-30-7-150x150.png\" alt=\"RAL 6200\" width=\"180\" height=\"180\" \/><p id=\"caption-attachment-3879\" class=\"wp-caption-text\">RAL 6200<\/p><\/div>\n<p><\/div>\n<p style=\"text-align: center;\"><div class=\"column column_column one-fourth column-last\"><\/p>\n<div id=\"attachment_3882\" style=\"width: 190px\" class=\"wp-caption alignleft\"><img loading=\"lazy\" decoding=\"async\" aria-describedby=\"caption-attachment-3882\" class=\" wp-image-3882 \" title=\"RAL 9016\" src=\"https:\/\/www.carpinteria-aluminio.cat\/wp-content\/uploads\/2012\/10\/2013-12-05-17-46-29-1-150x150.png\" alt=\"RAL 9016\" width=\"180\" height=\"180\" srcset=\"https:\/\/www.carpinteria-aluminio.cat\/wp-content\/uploads\/2012\/10\/2013-12-05-17-46-29-1-150x150.png 150w, https:\/\/www.carpinteria-aluminio.cat\/wp-content\/uploads\/2012\/10\/2013-12-05-17-46-29-1.png 171w\" sizes=\"auto, (max-width:767px) 180px, 180px\" \/><p id=\"caption-attachment-3882\" class=\"wp-caption-text\">RAL 9016<\/p><\/div>\n<p><\/div><\/div>\n<p style=\"text-align: justify;\"><strong>LACAT FUSTA<\/strong>:\u00a0S&#8217;aplica al perfil una capa normal de lacat base i posteriorment se li s&#8217;adhereix una pel\u00b7l\u00edcula decorativa mitjan\u00e7ant calor, imitant diferents tipus de fustes, obtenint un resultat pr\u00e0cticament igual al de la fusta natural. Podem triar lacat fusta llis, semblant a la fusta natural polida i envernissada, i lacat fusta texturat, el qual imita la fusta natural envernissada sense polir, \u00e9s a dir m\u00e9s aspre\u00a0al tacte. Si decoreu la llar amb aquest tipus de lacat, aportar\u00e0 calidesa i decoraci\u00f3. El lacat al forn t\u00e9 10 anys de garantia, encara que en la pr\u00e0ctica s\u00f3n molts m\u00e9s els anys de durada. A continuaci\u00f3 li mostrem alguns dels tipus de lacat fusta m\u00e9s comuns:<\/p>\n<p style=\"text-align: center;\"><div class=\"wrap one\"><div class=\"column column_column one-fourth column-first\"><\/p>\n<div id=\"attachment_3885\" style=\"width: 190px\" class=\"wp-caption alignleft\"><img loading=\"lazy\" decoding=\"async\" aria-describedby=\"caption-attachment-3885\" class=\" wp-image-3885 \" title=\"PI NUS\" src=\"https:\/\/www.carpinteria-aluminio.cat\/wp-content\/uploads\/2012\/10\/2013-12-05-18-07-28-1-150x150.png\" alt=\"PI NUS\" width=\"180\" height=\"180\" \/><p id=\"caption-attachment-3885\" class=\"wp-caption-text\">PI NUS<\/p><\/div>\n<p><\/div>\n<p style=\"text-align: center;\"><div class=\"column column_column one-fourth column-inner\"><\/p>\n<div id=\"attachment_3886\" style=\"width: 190px\" class=\"wp-caption alignleft\"><img loading=\"lazy\" decoding=\"async\" aria-describedby=\"caption-attachment-3886\" class=\" wp-image-3886 \" title=\"PI CLAR\" src=\"https:\/\/www.carpinteria-aluminio.cat\/wp-content\/uploads\/2012\/10\/2013-12-05-17-44-17-1-150x150.png\" alt=\"PI CLAR\" width=\"180\" height=\"180\" \/><p id=\"caption-attachment-3886\" class=\"wp-caption-text\">PI CLAR<\/p><\/div>\n<p><\/div>\n<p style=\"text-align: center;\"><div class=\"column column_column one-fourth column-inner\"><\/p>\n<div id=\"attachment_3887\" style=\"width: 190px\" class=\"wp-caption alignleft\"><img loading=\"lazy\" decoding=\"async\" aria-describedby=\"caption-attachment-3887\" class=\" wp-image-3887 \" title=\"FREIXA\" src=\"https:\/\/www.carpinteria-aluminio.cat\/wp-content\/uploads\/2012\/10\/2013-12-05-17-44-17-2-150x150.png\" alt=\"FREIXA\" width=\"180\" height=\"180\" \/><p id=\"caption-attachment-3887\" class=\"wp-caption-text\">FREIXA<\/p><\/div>\n<p><\/div>\n<p style=\"text-align: center;\"><div class=\"column column_column one-fourth column-last\"><\/p>\n<div id=\"attachment_3888\" style=\"width: 190px\" class=\"wp-caption alignleft\"><img loading=\"lazy\" decoding=\"async\" aria-describedby=\"caption-attachment-3888\" class=\" wp-image-3888 \" title=\"NOGUERA\" src=\"https:\/\/www.carpinteria-aluminio.cat\/wp-content\/uploads\/2012\/10\/2013-12-05-17-44-17-3-150x150.png\" alt=\"NOGUERA\" width=\"180\" height=\"180\" \/><p id=\"caption-attachment-3888\" class=\"wp-caption-text\">NOGUERA<\/p><\/div>\n<p><\/div><\/div>\n<p style=\"text-align: center;\"><div class=\"wrap one\"><div class=\"column column_column one-fourth column-first\"><\/p>\n<div id=\"attachment_3892\" style=\"width: 190px\" class=\"wp-caption alignleft\"><img loading=\"lazy\" decoding=\"async\" aria-describedby=\"caption-attachment-3892\" class=\" wp-image-3892 \" title=\"TEKA TEXTURA\" src=\"https:\/\/www.carpinteria-aluminio.cat\/wp-content\/uploads\/2012\/10\/2013-12-05-17-44-17-4-150x150.png\" alt=\"TEKA TEXTURA\" width=\"180\" height=\"180\" \/><p id=\"caption-attachment-3892\" class=\"wp-caption-text\">TEKA TEXTURA<\/p><\/div>\n<p><\/div>\n<p style=\"text-align: center;\"><div class=\"column column_column one-fourth column-inner\"><\/p>\n<div id=\"attachment_3900\" style=\"width: 190px\" class=\"wp-caption alignleft\"><img loading=\"lazy\" decoding=\"async\" aria-describedby=\"caption-attachment-3900\" class=\" wp-image-3900 \" title=\"TEKA LLIS\" src=\"https:\/\/www.carpinteria-aluminio.cat\/wp-content\/uploads\/2012\/10\/2013-12-05-17-44-31-1-150x150.png\" alt=\"TEKA LLIS\" width=\"180\" height=\"180\" \/><p id=\"caption-attachment-3900\" class=\"wp-caption-text\">TEKA LLIS<\/p><\/div>\n<p><\/div>\n<p style=\"text-align: center;\"><div class=\"column column_column one-fourth column-inner\"><\/p>\n<div id=\"attachment_3894\" style=\"width: 190px\" class=\"wp-caption alignleft\"><img loading=\"lazy\" decoding=\"async\" aria-describedby=\"caption-attachment-3894\" class=\" wp-image-3894\" title=\"SAPELLY\" src=\"https:\/\/www.carpinteria-aluminio.cat\/wp-content\/uploads\/2012\/10\/2013-12-05-17-44-17-51-150x150.png\" alt=\"SAPELLY\" width=\"180\" height=\"180\" \/><p id=\"caption-attachment-3894\" class=\"wp-caption-text\">SAPELLY<\/p><\/div>\n<p><\/div>\n<p style=\"text-align: center;\"><div class=\"column column_column one-fourth column-last\"><\/p>\n<div id=\"attachment_3895\" style=\"width: 190px\" class=\"wp-caption alignleft\"><img loading=\"lazy\" decoding=\"async\" aria-describedby=\"caption-attachment-3895\" class=\" wp-image-3895 \" title=\"CIRERER\" src=\"https:\/\/www.carpinteria-aluminio.cat\/wp-content\/uploads\/2012\/10\/2013-12-05-17-44-17-6-150x150.png\" alt=\"CIRERER\" width=\"180\" height=\"180\" \/><p id=\"caption-attachment-3895\" class=\"wp-caption-text\">CIRERER<\/p><\/div>\n<p><\/div><\/div>\n<p style=\"text-align: center;\"><div class=\"wrap one\"><div class=\"column column_column one-fourth column-first\"><\/p>\n<div id=\"attachment_3896\" style=\"width: 190px\" class=\"wp-caption alignleft\"><img loading=\"lazy\" decoding=\"async\" aria-describedby=\"caption-attachment-3896\" class=\" wp-image-3896 \" title=\"ROURE\" src=\"https:\/\/www.carpinteria-aluminio.cat\/wp-content\/uploads\/2012\/10\/2013-12-05-17-44-17-7-150x150.png\" alt=\"ROURE\" width=\"180\" height=\"180\" srcset=\"https:\/\/www.carpinteria-aluminio.cat\/wp-content\/uploads\/2012\/10\/2013-12-05-17-44-17-7-150x150.png 150w, https:\/\/www.carpinteria-aluminio.cat\/wp-content\/uploads\/2012\/10\/2013-12-05-17-44-17-7.png 194w\" sizes=\"auto, (max-width:767px) 180px, 180px\" \/><p id=\"caption-attachment-3896\" class=\"wp-caption-text\">ROURE<\/p><\/div>\n<p><\/div>\n<p style=\"text-align: center;\"><div class=\"column column_column one-fourth column-inner\"><\/p>\n<div id=\"attachment_3897\" style=\"width: 190px\" class=\"wp-caption alignleft\"><img loading=\"lazy\" decoding=\"async\" aria-describedby=\"caption-attachment-3897\" class=\" wp-image-3897 \" title=\"OM\" src=\"https:\/\/www.carpinteria-aluminio.cat\/wp-content\/uploads\/2012\/10\/2013-12-05-17-44-31-5-150x150.png\" alt=\"OM\" width=\"180\" height=\"180\" srcset=\"https:\/\/www.carpinteria-aluminio.cat\/wp-content\/uploads\/2012\/10\/2013-12-05-17-44-31-5-150x150.png 150w, https:\/\/www.carpinteria-aluminio.cat\/wp-content\/uploads\/2012\/10\/2013-12-05-17-44-31-5.png 197w\" sizes=\"auto, (max-width:767px) 180px, 180px\" \/><p id=\"caption-attachment-3897\" class=\"wp-caption-text\">OM<\/p><\/div>\n<p><\/div>\n<p style=\"text-align: center;\"><div class=\"column column_column one-fourth column-inner\"><\/p>\n<div id=\"attachment_3898\" style=\"width: 190px\" class=\"wp-caption alignleft\"><img loading=\"lazy\" decoding=\"async\" aria-describedby=\"caption-attachment-3898\" class=\" wp-image-3898 \" title=\"CASTANYER\" src=\"https:\/\/www.carpinteria-aluminio.cat\/wp-content\/uploads\/2012\/10\/2013-12-05-17-44-31-6-150x150.png\" alt=\"CASTANYER\" width=\"180\" height=\"180\" \/><p id=\"caption-attachment-3898\" class=\"wp-caption-text\">CASTANYER<\/p><\/div>\n<p><\/div>\n<p style=\"text-align: center;\"><div class=\"column column_column one-fourth column-last\"><\/p>\n<div id=\"attachment_3899\" style=\"width: 190px\" class=\"wp-caption alignleft\"><img loading=\"lazy\" decoding=\"async\" aria-describedby=\"caption-attachment-3899\" class=\" wp-image-3899\" title=\"EMBERO\" src=\"https:\/\/www.carpinteria-aluminio.cat\/wp-content\/uploads\/2012\/10\/2013-12-05-17-44-31-7-150x150.png\" alt=\"EMBERO\" width=\"180\" height=\"180\" \/><p id=\"caption-attachment-3899\" class=\"wp-caption-text\">EMBERO<\/p><\/div>\n<p><\/div><\/div>\n<p style=\"text-align: justify;\"><strong>ANODITZATS<\/strong>:\u00a0A difer\u00e8ncia del lacat, l&#8217;anoditzat \u00e9s una t\u00e8cnica que es sol emprar sobre l&#8217;alumini per generar una capa de protecci\u00f3 artificial mitjan\u00e7ant l&#8217;\u00f2xid protector de l&#8217;alumini, conegut com al\u00famina. La capa s&#8217;aconsegueix per mitj\u00e0 de procediments electroqu\u00edmics, i proporciona una major resist\u00e8ncia i durabilitat, convertint al material pr\u00e0cticament impassible al llarg dels anys. \u00c9s molt recomanable per a habitatges a primera l\u00ednia de mar on el salnitre o la cal\u00e7 pogu\u00e9s deteriorar les finestres. A continuaci\u00f3 li mostrem alguns dels tipus d&#8217;anoditzats m\u00e9s comuns:<\/p>\n<p style=\"text-align: center;\"><div class=\"wrap one\"><div class=\"column column_column one-fourth column-first\"><\/p>\n<div id=\"attachment_3902\" style=\"width: 190px\" class=\"wp-caption alignleft\"><img loading=\"lazy\" decoding=\"async\" aria-describedby=\"caption-attachment-3902\" class=\" wp-image-3902\" title=\"INOX\" src=\"https:\/\/www.carpinteria-aluminio.cat\/wp-content\/uploads\/2012\/10\/2013-12-05-18-13-09-1-150x150.png\" alt=\"INOX\" width=\"180\" height=\"180\" \/><p id=\"caption-attachment-3902\" class=\"wp-caption-text\">INOX<\/p><\/div>\n<p><\/div>\n<p style=\"text-align: center;\"><div class=\"column column_column one-fourth column-inner\"><\/p>\n<div id=\"attachment_3903\" style=\"width: 190px\" class=\"wp-caption alignleft\"><img loading=\"lazy\" decoding=\"async\" aria-describedby=\"caption-attachment-3903\" class=\" wp-image-3903\" title=\"PLATA\" src=\"https:\/\/www.carpinteria-aluminio.cat\/wp-content\/uploads\/2012\/10\/2013-12-05-18-13-09-2-150x150.png\" alt=\"PLATA\" width=\"180\" height=\"180\" \/><p id=\"caption-attachment-3903\" class=\"wp-caption-text\">PLATA<\/p><\/div>\n<p><\/div>\n<p style=\"text-align: center;\"><div class=\"column column_column one-fourth column-inner\"><\/p>\n<div id=\"attachment_3904\" style=\"width: 190px\" class=\"wp-caption alignleft\"><img loading=\"lazy\" decoding=\"async\" aria-describedby=\"caption-attachment-3904\" class=\" wp-image-3904 \" title=\"BRONZE\" src=\"https:\/\/www.carpinteria-aluminio.cat\/wp-content\/uploads\/2012\/10\/2013-12-05-18-13-09-3-150x150.png\" alt=\"BRONZE\" width=\"180\" height=\"180\" \/><p id=\"caption-attachment-3904\" class=\"wp-caption-text\">BRONZE<\/p><\/div>\n<p><\/div>\n<p style=\"text-align: center;\"><div class=\"column column_column one-fourth column-last\"><\/p>\n<div id=\"attachment_3905\" style=\"width: 190px\" class=\"wp-caption alignleft\"><img loading=\"lazy\" decoding=\"async\" aria-describedby=\"caption-attachment-3905\" class=\" wp-image-3905 \" title=\"COURE\" src=\"https:\/\/www.carpinteria-aluminio.cat\/wp-content\/uploads\/2012\/10\/2013-12-05-18-13-23-1-150x150.png\" alt=\"COURE\" width=\"180\" height=\"180\" \/><p id=\"caption-attachment-3905\" class=\"wp-caption-text\">COURE<\/p><\/div>\n<p><\/div><\/div>\n<p style=\"text-align: center;\"><div class=\"wrap one\"><div class=\"column column_column one-fourth column-first\"><\/p>\n<div id=\"attachment_3906\" style=\"width: 190px\" class=\"wp-caption alignleft\"><img loading=\"lazy\" decoding=\"async\" aria-describedby=\"caption-attachment-3906\" class=\" wp-image-3906 \" title=\"NEGRE\" src=\"https:\/\/www.carpinteria-aluminio.cat\/wp-content\/uploads\/2012\/10\/2013-12-05-18-13-23-2-150x150.png\" alt=\"NEGRE\" width=\"180\" height=\"180\" \/><p id=\"caption-attachment-3906\" class=\"wp-caption-text\">NEGRE<\/p><\/div>\n<p><\/div>\n<p style=\"text-align: center;\"><div class=\"column column_column one-fourth column-inner\"><\/p>\n<div id=\"attachment_3907\" style=\"width: 190px\" class=\"wp-caption alignleft\"><img loading=\"lazy\" decoding=\"async\" aria-describedby=\"caption-attachment-3907\" class=\" wp-image-3907  \" title=\"BORDEUS\" src=\"https:\/\/www.carpinteria-aluminio.cat\/wp-content\/uploads\/2012\/10\/2013-12-05-18-13-23-3-150x150.png\" alt=\"BORDEUS\" width=\"180\" height=\"180\" \/><p id=\"caption-attachment-3907\" class=\"wp-caption-text\">BORDEUS<\/p><\/div>\n<p><\/div>\n<p style=\"text-align: center;\"><div class=\"column column_column one-fourth column-inner\"><\/p>\n<div id=\"attachment_3908\" style=\"width: 190px\" class=\"wp-caption alignleft\"><img loading=\"lazy\" decoding=\"async\" aria-describedby=\"caption-attachment-3908\" class=\" wp-image-3908 \" title=\"BLAU\" src=\"https:\/\/www.carpinteria-aluminio.cat\/wp-content\/uploads\/2012\/10\/2013-12-05-18-13-23-5-150x150.png\" alt=\"BLAU\" width=\"180\" height=\"180\" \/><p id=\"caption-attachment-3908\" class=\"wp-caption-text\">BLAU<\/p><\/div>\n<p><\/div>\n<p style=\"text-align: center;\"><div class=\"column column_column one-fourth column-last\"><\/p>\n<div id=\"attachment_3909\" style=\"width: 190px\" class=\"wp-caption alignleft\"><img loading=\"lazy\" decoding=\"async\" aria-describedby=\"caption-attachment-3909\" class=\" wp-image-3909 \" title=\"OR\" src=\"https:\/\/www.carpinteria-aluminio.cat\/wp-content\/uploads\/2012\/10\/2013-12-05-18-13-23-6-150x150.png\" alt=\"OR\" width=\"180\" height=\"180\" \/><p id=\"caption-attachment-3909\" class=\"wp-caption-text\">OR<\/p><\/div>\n<p><\/div><\/div> <strong>TIPUS DE MANETES PER TRIAR:<\/strong><\/p>\n<p style=\"text-align: justify;\"><span style=\"line-height: 1.5em;\">Existeixen diferents models i acabats de dispositius de maniobra a triar com a complement per dissenyar la finestra o porta al nostre gust. En funci\u00f3 del tipus de <a href=\"https:\/\/www.carpinteria-aluminio.cat\/ca\/servicios\/perfiles-ensayos-carpinteria-aluminio\/\" target=\"_blank\">s\u00e8rie <\/a>escollida, podrem adaptar un model o un altre. Els models EURO i PRIMA s\u00f3n els m\u00e9s utilitzats per a s\u00e8ries practicables convencionals, sent el model PRIMA m\u00e9s actual que l&#8217;EURO. La resta de models poden ser incorporats en portes i finestres amb canal 16 (s\u00e8ries especials per a ferramentes m\u00e9s evolucionades), com ara la s\u00e8rie <a href=\"https:\/\/www.carpinteria-aluminio.cat\/ca\/serie-practicable-nobile-aluminiomadera-de-alugom-por-ponsico-s-c-p-para-carpinteria-de-aluminio-en-barcelona\/\" target=\"_blank\">NOBILE ALUMINI-FUSTA<\/a>, i tamb\u00e9 en la nostra s\u00e8rie corredissa <a href=\"https:\/\/www.carpinteria-aluminio.cat\/ca\/serie-corredera-s-76-de-alugom-por-ponsico-s-c-p-para-carpinteria-de-aluminio-en-barcelona\/\" target=\"_blank\">S-76<\/a>. Les manetes premium es fabriquen en acer inoxidable, una soluci\u00f3 de qualitat per allargar la vida \u00fatil de les nostres ferramentes.<\/span><a href=\"https:\/\/www.carpinteria-aluminio.cat\/wp-content\/uploads\/2012\/10\/Imagen-6-1-1.jpg\" target=\"_blank\"><span style=\"line-height: 1.5em;\"><img loading=\"lazy\" decoding=\"async\" class=\" wp-image-4910       alignleft\" src=\"https:\/\/www.carpinteria-aluminio.cat\/wp-content\/uploads\/2012\/10\/Imagen-6-1-1-1024x606.jpg\" alt=\"\" width=\"930\" height=\"500\" \/><\/span><\/a><\/p>\n<p>Tamb\u00e9 pot escollir el <strong>VIDRE <\/strong>que m\u00e9s s&#8217;adapti a les seves necessitats: Per a obres en les que cal utilitzar vidre, posem a la vostra disposici\u00f3 la nostra experi\u00e8ncia treballant vidre Monol\u00edtic, vidre Laminat, vidre de cambra i vidre Temperat, tots ells amb les seves variants corresponents. <strong>Tipus de Vidres disponibles: <\/strong> <strong>1. Vidre <strong> monol\u00edtic:<\/strong><\/strong> Aquest tipus de vidre \u00e9s de composici\u00f3 simple, fabricat en una \u00fanica pe\u00e7a. Pot presentar diferents formes i gruixos, segons el procediment de fabricaci\u00f3 emprat. Gruixos a la carta, siguent els vidres de 4 mm i 5 mm els m\u00e9s utilitzats en portes i finestres d&#8217;interior, de 10 mm o m\u00e9s segons l&#8217;atenuaci\u00f3 ac\u00fastica per exteriors, o rigidesa en l&#8217;estructura. A continuaci\u00f3 els mostrem alguns dels vidres monol\u00edtics m\u00e9s utilitzats per PONSICO SCP:<\/p>\n<p style=\"text-align: center;\"><div class=\"wrap one\"><div class=\"column column_column one-fourth column-first\"><\/p>\n<div id=\"attachment_2067\" style=\"width: 190px\" class=\"wp-caption aligncenter\"><a href=\"https:\/\/www.carpinteria-aluminio.cat\/ca\/vidrio-simple-o-monolitico-cristalina-en-la-carpinteria-de-aluminio-ponsico-s-c-p-en-barcelona\/\" target=\"_blank\"><img loading=\"lazy\" decoding=\"async\" aria-describedby=\"caption-attachment-2067\" class=\" wp-image-2067 \" style=\"border: 0px; margin: 0px;\" title=\"CRISTALINA\" src=\"https:\/\/www.carpinteria-aluminio.cat\/wp-content\/uploads\/2012\/08\/IMG_2064_resized-150x150.jpg\" alt=\"CRISTALINA\" width=\"180\" height=\"180\" \/><\/a><p id=\"caption-attachment-2067\" class=\"wp-caption-text\">CRISTALINA<\/p><\/div>\n<p><\/div>\n<p style=\"text-align: center;\"><div class=\"column column_column one-fourth column-inner\"><\/p>\n<div id=\"attachment_2068\" style=\"width: 190px\" class=\"wp-caption aligncenter\"><a href=\"https:\/\/www.carpinteria-aluminio.cat\/ca\/vidrio-simple-o-monolitico-translucido-carglass-en-la-carpinteria-de-aluminio-ponsico-s-c-p-en-barcelona\/\" target=\"_blank\"><img loading=\"lazy\" decoding=\"async\" aria-describedby=\"caption-attachment-2068\" class=\" wp-image-2068 \" style=\"border: 0px; margin: 0px;\" title=\"CARGLASS\" src=\"https:\/\/www.carpinteria-aluminio.cat\/wp-content\/uploads\/2012\/08\/IMG_2054_resized-150x150.jpg\" alt=\"CARGLASS\" width=\"180\" height=\"180\" \/><\/a><p id=\"caption-attachment-2068\" class=\"wp-caption-text\">CARGLASS<\/p><\/div>\n<p><\/div>\n<p style=\"text-align: center;\"><div class=\"column column_column one-fourth column-inner\"><\/p>\n<div id=\"attachment_2069\" style=\"width: 190px\" class=\"wp-caption aligncenter\"><a href=\"https:\/\/www.carpinteria-aluminio.cat\/ca\/vidrio-simple-o-monolitico-translucido-carglass-new-en-la-carpinteria-de-aluminio-ponsico-s-c-p-en-barcelona\/\" target=\"_blank\"><img loading=\"lazy\" decoding=\"async\" aria-describedby=\"caption-attachment-2069\" class=\" wp-image-2069 \" style=\"border: 0px; margin: 0px;\" title=\"CARGLASS NEW\" src=\"https:\/\/www.carpinteria-aluminio.cat\/wp-content\/uploads\/2012\/08\/IMG_2052_resized-150x150.jpg\" alt=\"CARGLASS NEW\" width=\"180\" height=\"180\" \/><\/a><p id=\"caption-attachment-2069\" class=\"wp-caption-text\">CARGLASS NEW<\/p><\/div>\n<p><\/div>\n<p style=\"text-align: center;\"><div class=\"column column_column one-fourth column-last\"><\/p>\n<div id=\"attachment_2090\" style=\"width: 190px\" class=\"wp-caption aligncenter\"><a href=\"https:\/\/www.carpinteria-aluminio.cat\/ca\/vidrio-simple-o-monolitico-translucido-kyoto-en-la-carpinteria-de-aluminio-ponsico-s-c-p-en-barcelona\/\" target=\"_blank\"><img loading=\"lazy\" decoding=\"async\" aria-describedby=\"caption-attachment-2090\" class=\" wp-image-2090 \" style=\"border: 0px; margin: 0px;\" title=\"KYOTO\" src=\"https:\/\/www.carpinteria-aluminio.cat\/wp-content\/uploads\/2012\/08\/IMG_2073_resized-150x150.jpg\" alt=\"KYOTO\" width=\"180\" height=\"180\" \/><\/a><p id=\"caption-attachment-2090\" class=\"wp-caption-text\">KYOTO<\/p><\/div>\n<p><\/div><\/div>\n<p style=\"text-align: center;\"><div class=\"wrap one\"><div class=\"column column_column one-fourth column-first\"><\/p>\n<div id=\"attachment_2076\" style=\"width: 190px\" class=\"wp-caption aligncenter\"><a href=\"https:\/\/www.carpinteria-aluminio.cat\/ca\/vidrio-simple-o-monolitico-translucido-burbujas-en-la-carpinteria-de-aluminio-ponsico-s-c-p-en-barcelona\/\" target=\"_blank\"><img loading=\"lazy\" decoding=\"async\" aria-describedby=\"caption-attachment-2076\" class=\"  wp-image-2076\" style=\"border: 0px; margin: 0px;\" title=\"BOMBOLLES (NO STOCK)\" src=\"https:\/\/www.carpinteria-aluminio.cat\/wp-content\/uploads\/2012\/08\/IMG_2053_resized-150x150.jpg\" alt=\"BOMBOLLES (NO STOCK)\" width=\"180\" height=\"180\" \/><\/a><p id=\"caption-attachment-2076\" class=\"wp-caption-text\">BOMBOLLES (NO STOCK)<\/p><\/div>\n<p><\/div>\n<p style=\"text-align: center;\"><div class=\"column column_column one-fourth column-inner\"><\/p>\n<div id=\"attachment_2077\" style=\"width: 190px\" class=\"wp-caption aligncenter\"><a href=\"https:\/\/www.carpinteria-aluminio.cat\/ca\/vidrio-simple-o-monolitico-translucido-iguazu-en-la-carpinteria-de-aluminio-ponsico-s-c-p-en-barcelona\/\" target=\"_blank\"><img loading=\"lazy\" decoding=\"async\" aria-describedby=\"caption-attachment-2077\" class=\" wp-image-2077 \" style=\"border: 0px; margin: 0px;\" title=\"IGUAZ\u00da\" src=\"https:\/\/www.carpinteria-aluminio.cat\/wp-content\/uploads\/2012\/08\/IMG_2060_resized-150x150.jpg\" alt=\"IGUAZ\u00da\" width=\"180\" height=\"180\" \/><\/a><p id=\"caption-attachment-2077\" class=\"wp-caption-text\">IGUAZ\u00da<\/p><\/div>\n<p><\/div>\n<p style=\"text-align: center;\"><div class=\"column column_column one-fourth column-inner\"><\/p>\n<div id=\"attachment_2075\" style=\"width: 190px\" class=\"wp-caption aligncenter\"><a href=\"https:\/\/www.carpinteria-aluminio.cat\/ca\/vidrio-simple-o-monolitico-translucido-listral-151-en-la-carpinteria-de-aluminio-ponsico-s-c-p-en-barcelona\/\" target=\"_blank\"><img loading=\"lazy\" decoding=\"async\" aria-describedby=\"caption-attachment-2075\" class=\" wp-image-2075 \" style=\"border: 0px; margin: 0px;\" title=\"LISTRAL 151\" src=\"https:\/\/www.carpinteria-aluminio.cat\/wp-content\/uploads\/2012\/08\/IMG_2050_resized-150x150.jpg\" alt=\"LISTRAL 151\" width=\"180\" height=\"180\" \/><\/a><p id=\"caption-attachment-2075\" class=\"wp-caption-text\">LISTRAL 151<\/p><\/div>\n<p><\/div>\n<p style=\"text-align: center;\"><div class=\"column column_column one-fourth column-last\"><\/p>\n<div id=\"attachment_2074\" style=\"width: 190px\" class=\"wp-caption aligncenter\"><a href=\"https:\/\/www.carpinteria-aluminio.cat\/ca\/vidrio-simple-o-monolitico-translucido-listral-157-en-la-carpinteria-de-aluminio-ponsico-s-c-p-en-barcelona\/\" target=\"_blank\"><img loading=\"lazy\" decoding=\"async\" aria-describedby=\"caption-attachment-2074\" class=\"  wp-image-2074\" style=\"border: 0px; margin: 0px;\" title=\"LISTRAL 157 (NO STOCK)\" src=\"https:\/\/www.carpinteria-aluminio.cat\/wp-content\/uploads\/2012\/08\/IMG_2059_resized-150x150.jpg\" alt=\"LISTRAL 157 (NO STOCK)\" width=\"180\" height=\"180\" \/><\/a><p id=\"caption-attachment-2074\" class=\"wp-caption-text\">LISTRAL 157 (NO STOCK)<\/p><\/div>\n<p><\/div><\/div>\n<p style=\"text-align: center;\"><div class=\"wrap one\"><div class=\"column column_column one-fourth column-first\"><\/p>\n<div id=\"attachment_2085\" style=\"width: 190px\" class=\"wp-caption aligncenter\"><a href=\"https:\/\/www.carpinteria-aluminio.cat\/ca\/vidrio-simple-o-monolitico-translucido-armado-en-la-carpinteria-de-aluminio-ponsico-s-c-p-en-barcelona\/\" target=\"_blank\"><img loading=\"lazy\" decoding=\"async\" aria-describedby=\"caption-attachment-2085\" class=\" wp-image-2085 \" style=\"border: 0px; margin: 0px;\" title=\"ARMAT\" src=\"https:\/\/www.carpinteria-aluminio.cat\/wp-content\/uploads\/2012\/08\/IMG_2069_resized-150x150.jpg\" alt=\"ARMAT\" width=\"180\" height=\"180\" \/><\/a><p id=\"caption-attachment-2085\" class=\"wp-caption-text\">ARMAT<\/p><\/div>\n<p><\/div>\n<p style=\"text-align: center;\"><div class=\"column column_column one-fourth column-inner\"><\/p>\n<div id=\"attachment_2084\" style=\"width: 190px\" class=\"wp-caption aligncenter\"><a href=\"https:\/\/www.carpinteria-aluminio.cat\/ca\/vidrio-simple-o-monolitico-translucido-catedral-en-la-carpinteria-de-aluminio-ponsico-s-c-p-en-barcelona\/\" target=\"_blank\"><img loading=\"lazy\" decoding=\"async\" aria-describedby=\"caption-attachment-2084\" class=\" wp-image-2084 \" style=\"border: 0px; margin: 0px;\" title=\"CATEDRAL\" src=\"https:\/\/www.carpinteria-aluminio.cat\/wp-content\/uploads\/2012\/08\/IMG_2068_resized-150x150.jpg\" alt=\"CATEDRAL\" width=\"180\" height=\"180\" \/><\/a><p id=\"caption-attachment-2084\" class=\"wp-caption-text\">CATEDRAL<\/p><\/div>\n<p><\/div>\n<p style=\"text-align: center;\"><div class=\"column column_column one-fourth column-inner\"><\/p>\n<div id=\"attachment_2079\" style=\"width: 190px\" class=\"wp-caption aligncenter\"><a href=\"https:\/\/www.carpinteria-aluminio.cat\/ca\/vidrio-simple-o-monolitico-parsol-en-la-carpinteria-de-aluminio-ponsico-s-c-p-en-barcelona\/\" target=\"_blank\"><img loading=\"lazy\" decoding=\"async\" aria-describedby=\"caption-attachment-2079\" class=\" wp-image-2079 \" style=\"border: 0px none; margin: 0px;\" title=\"PARSOL\" src=\"https:\/\/www.carpinteria-aluminio.cat\/wp-content\/uploads\/2012\/08\/IMG_2055_resized-150x150.jpg\" alt=\"PARSOL\" width=\"180\" height=\"180\" \/><\/a><p id=\"caption-attachment-2079\" class=\"wp-caption-text\">PARSOL<\/p><\/div>\n<p><\/div>\n<p style=\"text-align: center;\"><div class=\"column column_column one-fourth column-last\"><\/p>\n<div id=\"attachment_2078\" style=\"width: 190px\" class=\"wp-caption aligncenter\"><a href=\"https:\/\/www.carpinteria-aluminio.cat\/ca\/vidrio-simple-o-monolitico-translucido-mate-al-acido-en-la-carpinteria-de-aluminio-ponsico-s-c-p-en-barcelona\/\" target=\"_blank\"><img loading=\"lazy\" decoding=\"async\" aria-describedby=\"caption-attachment-2078\" class=\" wp-image-2078 \" style=\"border: 0px none; margin: 0px;\" title=\"MATE \u00c0CID\" src=\"https:\/\/www.carpinteria-aluminio.cat\/wp-content\/uploads\/2012\/08\/IMG_2056_resized-150x150.jpg\" alt=\"MATE \u00c0CID\" width=\"180\" height=\"180\" \/><\/a><p id=\"caption-attachment-2078\" class=\"wp-caption-text\">MATE \u00c0CID<\/p><\/div>\n<p><\/div><\/div>\n<p style=\"text-align: center;\"><div class=\"wrap one\"><div class=\"column column_column one-fourth column-first\"><\/p>\n<div id=\"attachment_2083\" style=\"width: 190px\" class=\"wp-caption aligncenter\"><a href=\"https:\/\/www.carpinteria-aluminio.cat\/ca\/vidrio-simple-o-monolitico-translucido-mate-al-acido-madras-pino-en-la-carpinteria-de-aluminio-ponsico-s-c-p-en-barcelona\/\" target=\"_blank\"><img loading=\"lazy\" decoding=\"async\" aria-describedby=\"caption-attachment-2083\" class=\" wp-image-2083 \" style=\"border: 0px none; margin: 0px;\" title=\"MADRAS PI\" src=\"https:\/\/www.carpinteria-aluminio.cat\/wp-content\/uploads\/2012\/08\/IMG_2051_resized-150x150.jpg\" alt=\"MADRAS PI\" width=\"180\" height=\"180\" \/><\/a><p id=\"caption-attachment-2083\" class=\"wp-caption-text\">MADRAS PI<\/p><\/div>\n<p><\/div>\n<p style=\"text-align: center;\"><div class=\"column column_column one-fourth column-inner\"><\/p>\n<div id=\"attachment_2080\" style=\"width: 190px\" class=\"wp-caption aligncenter\"><a href=\"https:\/\/www.carpinteria-aluminio.cat\/ca\/vidrio-simple-o-monolitico-translucido-mate-al-acido-madras-picos-en-la-carpinteria-de-aluminio-ponsico-s-c-p-en-barcelona\/\" target=\"_blank\"><img loading=\"lazy\" decoding=\"async\" aria-describedby=\"caption-attachment-2080\" class=\" wp-image-2080 \" style=\"border: 0px none; margin: 0px;\" title=\"MADRAS PICS\" src=\"https:\/\/www.carpinteria-aluminio.cat\/wp-content\/uploads\/2012\/08\/IMG_2049_resized-150x150.jpg\" alt=\"MADRAS PICS\" width=\"180\" height=\"180\" \/><\/a><p id=\"caption-attachment-2080\" class=\"wp-caption-text\">MADRAS PICS<\/p><\/div>\n<p><\/div>\n<p style=\"text-align: center;\"><div class=\"column column_column one-fourth column-inner\"><\/p>\n<div id=\"attachment_2081\" style=\"width: 190px\" class=\"wp-caption aligncenter\"><a href=\"https:\/\/www.carpinteria-aluminio.cat\/ca\/vidrio-simple-o-monolitico-translucido-mate-al-acido-madras-escarcha-en-la-carpinteria-de-aluminio-ponsico-s-c-p-en-barcelona\/\" target=\"_blank\"><img loading=\"lazy\" decoding=\"async\" aria-describedby=\"caption-attachment-2081\" class=\" wp-image-2081 \" style=\"border: 0px none; margin: 0px;\" title=\"MADRAS GEBRE\" src=\"https:\/\/www.carpinteria-aluminio.cat\/wp-content\/uploads\/2012\/08\/IMG_2044_resized-150x150.jpg\" alt=\"MADRAS GEBRE\" width=\"180\" height=\"180\" \/><\/a><p id=\"caption-attachment-2081\" class=\"wp-caption-text\">MADRAS GEBRE<\/p><\/div>\n<p><\/div>\n<p style=\"text-align: center;\"><div class=\"column column_column one-fourth column-last\"><\/p>\n<div id=\"attachment_2082\" style=\"width: 190px\" class=\"wp-caption aligncenter\"><a href=\"https:\/\/www.carpinteria-aluminio.cat\/ca\/vidrio-simple-o-monolitico-translucido-mate-al-acido-madras-nebulosa-en-la-carpinteria-de-aluminio-ponsico-s-c-p-en-barcelona\/\" target=\"_blank\"><img loading=\"lazy\" decoding=\"async\" aria-describedby=\"caption-attachment-2082\" class=\" wp-image-2082 \" style=\"border: 0px; margin: 0px;\" title=\"MADRAS NEBULOSA\" src=\"https:\/\/www.carpinteria-aluminio.cat\/wp-content\/uploads\/2012\/08\/IMG_2042_resized-150x150.jpg\" alt=\"MADRAS NEBULOSA\" width=\"180\" height=\"180\" \/><\/a><p id=\"caption-attachment-2082\" class=\"wp-caption-text\">MADRAS NEBULOSA<\/p><\/div>\n<p><\/div><\/div>\n<p style=\"text-align: center;\"><div class=\"wrap one\"><div class=\"column column_column one-fourth column-first\"><\/p>\n<div id=\"attachment_2071\" style=\"width: 190px\" class=\"wp-caption aligncenter\"><a href=\"https:\/\/www.carpinteria-aluminio.cat\/ca\/vidrio-simple-o-monolitico-translucido-mate-al-acido-madras-espigas-en-la-carpinteria-de-aluminio-ponsico-s-c-p-en-barcelona\/\" target=\"_blank\"><img loading=\"lazy\" decoding=\"async\" aria-describedby=\"caption-attachment-2071\" class=\" wp-image-2071 \" style=\"border: 0px none; margin: 0px;\" title=\"MADRAS ESPIGUES\" src=\"https:\/\/www.carpinteria-aluminio.cat\/wp-content\/uploads\/2012\/08\/IMG_2045_resized-150x150.jpg\" alt=\"MADRAS ESPIGUES\" width=\"180\" height=\"180\" \/><\/a><p id=\"caption-attachment-2071\" class=\"wp-caption-text\">MADRAS ESPIGUES<\/p><\/div>\n<p><\/div>\n<p style=\"text-align: center;\"><div class=\"column column_column one-fourth column-inner\"><\/p>\n<div id=\"attachment_2083\" style=\"width: 190px\" class=\"wp-caption aligncenter\"><a href=\"https:\/\/www.carpinteria-aluminio.cat\/ca\/vidrio-simple-o-monolitico-translucido-mate-al-acido-a-color-modelo-hojas-en-la-carpinteria-de-aluminio-ponsico-s-c-p-en-barcelona\/\" target=\"_blank\"><img loading=\"lazy\" decoding=\"async\" aria-describedby=\"caption-attachment-2083\" class=\" wp-image-2083 \" style=\"border: 0px; margin: 0px;\" title=\"FULLES\" src=\"https:\/\/www.carpinteria-aluminio.cat\/wp-content\/uploads\/2012\/08\/IMG_2038_resized-150x150.jpg\" alt=\"FULLES\" width=\"180\" height=\"180\" \/><\/a><p id=\"caption-attachment-2083\" class=\"wp-caption-text\">FULLES<\/p><\/div>\n<p><\/div>\n<p style=\"text-align: center;\"><div class=\"column column_column one-fourth column-inner\"><\/p>\n<div id=\"attachment_2083\" style=\"width: 190px\" class=\"wp-caption aligncenter\"><a href=\"https:\/\/www.carpinteria-aluminio.cat\/ca\/vidrio-simple-o-monolitico-translucido-mate-al-acido-a-color-modelo-gaudi-en-la-carpinteria-de-aluminio-ponsico-s-c-p-en-barcelona\/\" target=\"_blank\"><img loading=\"lazy\" decoding=\"async\" aria-describedby=\"caption-attachment-2083\" class=\" wp-image-2083 \" style=\"border: 0px; margin: 0px;\" title=\"GAUD\u00cd\" src=\"https:\/\/www.carpinteria-aluminio.cat\/wp-content\/uploads\/2012\/08\/IMG_2041_resized-150x150.jpg\" alt=\"GAUD\u00cd\" width=\"180\" height=\"180\" \/><\/a><p id=\"caption-attachment-2083\" class=\"wp-caption-text\">GAUD\u00cd<\/p><\/div>\n<p><\/div>\n<p style=\"text-align: center;\"><div class=\"column column_column one-fourth column-last\"><\/p>\n<div id=\"attachment_2083\" style=\"width: 190px\" class=\"wp-caption aligncenter\"><a href=\"https:\/\/www.carpinteria-aluminio.cat\/ca\/vidrio-simple-o-monolitico-translucido-mate-al-acido-a-color-modelo-ton-en-la-carpinteria-de-aluminio-ponsico-s-c-p-en-barcelona\/\" target=\"_blank\"><img loading=\"lazy\" decoding=\"async\" aria-describedby=\"caption-attachment-2083\" class=\" wp-image-2083 \" style=\"border: 0px; margin: 0px;\" title=\"TON\" src=\"https:\/\/www.carpinteria-aluminio.cat\/wp-content\/uploads\/2012\/08\/IMG_2035_resized-150x150.jpg\" alt=\"TON\" width=\"180\" height=\"180\" \/><\/a><p id=\"caption-attachment-2083\" class=\"wp-caption-text\">TON<\/p><\/div>\n<p><\/div><\/div>\n<div id=\"attachment_2241\" style=\"width: 190px\" class=\"wp-caption alignright\"><a href=\"https:\/\/www.carpinteria-aluminio.cat\/wp-content\/uploads\/2012\/08\/20130325_132014_resized.jpg\" target=\"_blank\"><img loading=\"lazy\" decoding=\"async\" aria-describedby=\"caption-attachment-2241\" class=\" wp-image-2241   \" style=\"border: 0px; margin: 0px;\" title=\"Vidre laminat 5+5\" src=\"https:\/\/www.carpinteria-aluminio.cat\/wp-content\/uploads\/2012\/08\/20130325_132014_resized-150x150.jpg\" alt=\"Vidre laminat 5+5\" width=\"180\" height=\"180\" \/><\/a><p id=\"caption-attachment-2241\" class=\"wp-caption-text\">Vidre laminat 5+5<\/p><\/div>\n<div id=\"attachment_2324\" style=\"width: 190px\" class=\"wp-caption alignright\"><a href=\"https:\/\/www.carpinteria-aluminio.cat\/wp-content\/uploads\/2012\/08\/20130403_150618_resized.jpg\" target=\"_blank\"><img loading=\"lazy\" decoding=\"async\" aria-describedby=\"caption-attachment-2324\" class=\" wp-image-2324   \" style=\"margin: 0px; border: 0px;\" title=\"Vidre laminat 3+3 butiral mate\" src=\"https:\/\/www.carpinteria-aluminio.cat\/wp-content\/uploads\/2012\/08\/20130403_150618_resized-150x150.jpg\" alt=\"Vidre laminat 3+3 butiral mate\" width=\"180\" height=\"180\" \/><\/a><p id=\"caption-attachment-2324\" class=\"wp-caption-text\">Vidre laminat 3+3 butiral mate<\/p><\/div>\n<p><strong>2. Vidre<\/strong> <strong>Laminat:<\/strong><\/p>\n<p style=\"text-align: justify;\">Aquest tipus de vidre es caracteritza per la uni\u00f3 de dos o m\u00e9s vidres simples o monol\u00edtics mitjan\u00e7ant una l\u00e0mina adhesiva de butiral de polivinil, aconseguint aix\u00ed un vidre de seguretat que en cas de trencament no pugui desplomar en diversos trossos. Aquesta l\u00e0mina pot ser de diferents tonalitats modificant aix\u00ed el color final del vidre. Es pot utilitzar tamb\u00e9 una l\u00e0mina ac\u00fastica, atenuant algun decibel m\u00e9s que els vidres monol\u00edtics d&#8217;aquest gruix. A continuaci\u00f3 li mostrem alguns exemples de vidres laminats m\u00e9s comuns:<\/p>\n<ol>\n<li>&#8211;<a href=\"https:\/\/www.carpinteria-aluminio.cat\/ca\/vidrios-acusticos\/\" target=\"_blank\"><em>VIDRE ACUSTIC<\/em><\/a>: Segons el vidre utilitzat podem atenuar en 40dB de soroll sense problemes.<\/li>\n<li style=\"text-align: justify;\">&#8211;<em>Color<\/em>: Segons el color de la l\u00e0mina interna, podem obtenir diferents tonalitats en el resultat final del vidre.<\/li>\n<li>&#8211;<em>Seguretat<\/em>: Les l\u00e0mines internes ofereixen seguretat en evitar caure el vidre en cas de trencament.<\/li>\n<\/ol>\n<p><strong>3. Vidre de C\u00e0mera:<\/strong><\/p>\n<div id=\"attachment_2213\" style=\"width: 190px\" class=\"wp-caption alignright\"><a href=\"https:\/\/www.carpinteria-aluminio.cat\/wp-content\/uploads\/2012\/08\/20130321_191341_resized.jpg\" target=\"_blank\"><img loading=\"lazy\" decoding=\"async\" aria-describedby=\"caption-attachment-2213\" class=\" wp-image-2213   \" style=\"border: 0px; margin: 0px;\" title=\"Vidre de c\u00e0mera est\u00e0ndard\" src=\"https:\/\/www.carpinteria-aluminio.cat\/wp-content\/uploads\/2012\/08\/20130321_191341_resized-150x150.jpg\" alt=\"Vidre de c\u00e0mera est\u00e0ndard\" width=\"180\" height=\"180\" \/><\/a><p id=\"caption-attachment-2213\" class=\"wp-caption-text\">Vidre de c\u00e0mera est\u00e0ndard<\/p><\/div>\n<p style=\"text-align: justify;\">Vidre format per dos vidres, ja siguin simples o laminats, formant al seu interior una cambra d&#8217;aire o gas (en el cas del baix emissiu), aconseguint aix\u00ed trencar la conductivitat t\u00e8rmica que transmet ja de per si el vidre. En el contorn interior incorporen unes sals marines per absorbir les possibles restes d&#8217;humitat. A f\u00e0brica \u00e9s segellat el contorn exterior amb quitr\u00e0, assegurant aix\u00ed la seva estanque\u00eftat. Es poden fer m\u00faltiples combinacions amb tot tipus de vidres, ja siguin gravats, llisos, laminats, temperats, etc. Com m\u00e9s gran \u00e9s la c\u00e0mera interna major \u00e9s la seva efici\u00e8ncia t\u00e8rmica. A dia d&#8217;avui aquest tipus de vidre, en ser fabricat en massa, no suposa un gran augment de costos respecte al vidre simple.Actualment el vidre Guardian Sun, suposa un estalvi energ\u00e8tic mai abans vist en els vidres de cambra, sent un vidre, entre els baix emissius, dels m\u00e9s eficients. A continuaci\u00f3 li mostrem alguns exemples de vidres de c\u00e0mera m\u00e9s comuns:<\/p>\n<ol>\n<ol>\n<li style=\"text-align: justify;\"><em>-Combinar 2 vidres<\/em>: Es poden triar 2 vidres simples per formar un vidre de cambra a gustdel client, posant el costat rug\u00f3s a l&#8217;interior de la c\u00e0mera per a la seva f\u00e0cil neteja.<\/li>\n<li><em>-Plafons o Estries<\/em>: Hi ha la possibilitat d&#8217;incloure quarterons o estries mate o brillant a l&#8217;interior del vidre de cambra.<\/li>\n<li><em>-Baix emissiu<\/em> <a href=\"https:\/\/www.carpinteria-aluminio.cat\/ca\/vidrio-inteligente\/\" target=\"_blank\">GUARDIAN SUN<\/a>:S\u00f3n els vidres m\u00e9s eficients que es coneixen en aquest moment, molt recomanables per estalvi energ\u00e8tic i econ\u00f2mic, una bona inversi\u00f3 de futur.\n<div id=\"attachment_2214\" style=\"width: 190px\" class=\"wp-caption alignleft\"><a href=\"https:\/\/www.carpinteria-aluminio.cat\/wp-content\/uploads\/2012\/08\/20130321_191443_resized.jpg\" target=\"_blank\"><img loading=\"lazy\" decoding=\"async\" aria-describedby=\"caption-attachment-2214\" class=\" wp-image-2214   \" style=\"border: 0px; margin: 0px;\" title=\"Vidre baix emissiu, Guardian Sun\" src=\"https:\/\/www.carpinteria-aluminio.cat\/wp-content\/uploads\/2012\/08\/20130321_191443_resized-150x150.jpg\" alt=\"Vidre baix emissiu, Guardian Sun\" width=\"180\" height=\"180\" \/><\/a><p id=\"caption-attachment-2214\" class=\"wp-caption-text\">Vidre baix emissiu, Guardian Sun<\/p><\/div><\/li>\n<\/ol>\n<\/ol>\n<p><strong>4. Vidre Temperat:<\/strong><\/p>\n<p style=\"text-align: justify;\">Vidre de seguretat amb una resist\u00e8ncia major que la resta de vidres respecte a la seva duresa. Aquesta duresa s&#8217;aconsegueix a f\u00e0brica amb un tractament t\u00e8rmic, elevant la temperatura del vidre un cop constru\u00eft a uns 500 graus mitjan\u00e7ant forns especials, posteriorment \u00e9s refredat gradualment amb aire per aconseguir aix\u00ed la seva duresa. \u00c9s molt utilitzat en llocs on el vidre pugui patir algun impacte espor\u00e0dic, que si no \u00e9s molt agressiu, es mantindr\u00e0 intacte. Molt utilitzat en mampares de bany, ja que en cas de trencament, el vidre quedaria en mil trossos min\u00fasculs evitant aix\u00ed danys majors. Diferents gruixos, colors i matejats, poden ser les variants d&#8217;aquest tipus de vidre.<\/p>\n<p>Consulti altres seccions com <a href=\"https:\/\/www.carpinteria-aluminio.cat\/ca\/productos-carpinteria-aluminio-barcelona\/venta-persianas-barcelona\/\" target=\"_blank\">PERSIANES<\/a>, <a href=\"https:\/\/www.carpinteria-aluminio.cat\/ca\/productos-carpinteria-aluminio-barcelona\/venta-mallorquinas-venecianas-rejas-barcelona\/\" target=\"_blank\">REIXES <\/a>o <a href=\"https:\/\/www.carpinteria-aluminio.cat\/ca\/productos-carpinteria-aluminio-barcelona\/venta-toldos-barcelona\/\" target=\"_blank\">TENDALS<\/a>, per tal de completar la porta al seu gust. <a href=\"http:\/\/https:\/\/www.carpinteria-aluminio.cat\/ca\/contacto\/\" target=\"_blank\">CONTACTI <\/a>amb nosaltres per fer qualsevol consulta extra, els atendrem sense cap compromis.<\/p>\n","protected":false},"excerpt":{"rendered":"<p>Un altre dels nostres principals productes s\u00f3n les portes d&#8217;alumini. En Ponsico li donem soluci\u00f3 a tot tipus de portes i balconeres d&#8217;alumini per la seva<span class=\"excerpt-hellip\"> [\u2026]<\/span><\/p>\n","protected":false},"author":1,"featured_media":0,"parent":6838,"menu_order":0,"comment_status":"closed","ping_status":"closed","template":"template-fullwidth.php","meta":{"_joinchat":[],"footnotes":""},"class_list":["post-6862","page","type-page","status-publish","hentry"],"aioseo_notices":[],"_links":{"self":[{"href":"https:\/\/www.carpinteria-aluminio.cat\/ca\/wp-json\/wp\/v2\/pages\/6862","targetHints":{"allow":["GET"]}}],"collection":[{"href":"https:\/\/www.carpinteria-aluminio.cat\/ca\/wp-json\/wp\/v2\/pages"}],"about":[{"href":"https:\/\/www.carpinteria-aluminio.cat\/ca\/wp-json\/wp\/v2\/types\/page"}],"author":[{"embeddable":true,"href":"https:\/\/www.carpinteria-aluminio.cat\/ca\/wp-json\/wp\/v2\/users\/1"}],"replies":[{"embeddable":true,"href":"https:\/\/www.carpinteria-aluminio.cat\/ca\/wp-json\/wp\/v2\/comments?post=6862"}],"version-history":[{"count":0,"href":"https:\/\/www.carpinteria-aluminio.cat\/ca\/wp-json\/wp\/v2\/pages\/6862\/revisions"}],"up":[{"embeddable":true,"href":"https:\/\/www.carpinteria-aluminio.cat\/ca\/wp-json\/wp\/v2\/pages\/6838"}],"wp:attachment":[{"href":"https:\/\/www.carpinteria-aluminio.cat\/ca\/wp-json\/wp\/v2\/media?parent=6862"}],"curies":[{"name":"wp","href":"https:\/\/api.w.org\/{rel}","templated":true}]}}