{"id":6865,"date":"2012-08-16T17:11:43","date_gmt":"2012-08-16T17:11:43","guid":{"rendered":"https:\/\/www.carpinteria-aluminio.cat\/fabricacio-venda-i-instal%c2%b7lacio-de-tendals-a-barcelona\/"},"modified":"2012-08-16T17:11:43","modified_gmt":"2012-08-16T17:11:43","slug":"fabricacio-venda-i-instal%c2%b7lacio-de-tendals-a-barcelona","status":"publish","type":"page","link":"https:\/\/www.carpinteria-aluminio.cat\/ca\/cataleg-de-productes-de-metal%c2%b7listeria-dalumini-ponsico\/fabricacio-venda-i-instal%c2%b7lacio-de-tendals-a-barcelona\/","title":{"rendered":"Fabricaci\u00f3, venda i instal\u00b7laci\u00f3 de Tendals a Barcelona"},"content":{"rendered":"<div id=\"attachment_466\" style=\"width: 896px\" class=\"wp-caption aligncenter\"><img loading=\"lazy\" decoding=\"async\" aria-describedby=\"caption-attachment-466\" class=\" wp-image-466\" style=\"margin: 0px; border: 0px;\" title=\"Tendals a Barcelona\" src=\"https:\/\/www.carpinteria-aluminio.cat\/wp-content\/uploads\/2012\/12\/Toldos.jpg\" alt=\"Tendals a Barcelona\" width=\"886\" height=\"330\" \/><p id=\"caption-attachment-466\" class=\"wp-caption-text\">Tendals a Barcelona<\/p><\/div>\n<p style=\"text-align: justify;\">Element indispensable per a la protecci\u00f3 solar, un tendal instal\u00b7lat correctament ofereix l&#8217;estalvi energ\u00e8tic de l&#8217;aire condicionat que a molts ens pot arribar a sorprendre. Ret\u00e9 en gran mesura la calor del sol, proporcionant benestar per a tota la fam\u00edlia. Oferim una gran varietat de tendals als nostres clients, des del tendal tradicional vertical, fins capotes, p\u00e8rgoles o cortines. Oferim tamb\u00e9 canvis de lona, lones confeccionades, motors per tendals amb o sense comandaments a dist\u00e0ncia, i construcci\u00f3 de teuladells.<\/p>\n<div id=\"attachment_1924\" style=\"width: 190px\" class=\"wp-caption alignright\"><a href=\"https:\/\/www.carpinteria-aluminio.cat\/wp-content\/uploads\/2013\/03\/telon-web.jpg\" target=\"_blank\"><img loading=\"lazy\" decoding=\"async\" aria-describedby=\"caption-attachment-1924\" class=\" wp-image-1924    \" style=\"border: 0px; margin: 0px;\" title=\"Exemples de tendals verticals\" src=\"https:\/\/www.carpinteria-aluminio.cat\/wp-content\/uploads\/2013\/03\/telon-web-150x150.jpg\" alt=\"Exemples de tendals verticals\" width=\"180\" height=\"180\" \/><\/a><p id=\"caption-attachment-1924\" class=\"wp-caption-text\">Exemples de tendals verticals<\/p><\/div>\n<p>Els principals<strong> MODELS DE TENDALS<\/strong>\u00a0son:<\/p>\n<p style=\"text-align: justify;\"><strong>1. \u00a0 \u00a0Tendals\u00a0Verticals:\u00a0<\/strong>Model de tendal molt com\u00fa en balcons el qual baixa com el seu nom indica en vertical, \u00e9s a dir a plom, podent anar amb guies o sense, segons la modalitat d&#8217;aquest. El tendal vertical m\u00e9s com\u00fa \u00e9s el que baixa des de la l\u00ednia exterior del sostre de la terrassa i en baixar cap la possibilitat de ser agafat a la barana amb uns bra\u00e7os que admeten diverses posicions. Pot ser motoritzat, amb comandament a dist\u00e0ncia o sensors. En aquest model la motoritzaci\u00f3 ha de ser inclosa la funci\u00f3 ABS, que impedeix el trencament de la lona Encas de distracci\u00f3, de manera que el motor deixa d&#8217;exercir for\u00e7a quan detecta estar subjecte a la barana.<\/p>\n<div id=\"attachment_1927\" style=\"width: 190px\" class=\"wp-caption alignleft\"><a href=\"https:\/\/www.carpinteria-aluminio.cat\/wp-content\/uploads\/2013\/03\/toldo-exclusive-cofre-WEB.jpg\" target=\"_blank\"><img loading=\"lazy\" decoding=\"async\" aria-describedby=\"caption-attachment-1927\" class=\" wp-image-1927     \" style=\"border: 0px; margin: 0px;\" title=\"Exemples de tendals bra\u00e7os invisibles\" src=\"https:\/\/www.carpinteria-aluminio.cat\/wp-content\/uploads\/2013\/03\/toldo-exclusive-cofre-WEB-150x150.jpg\" alt=\"Exemples de tendals bra\u00e7os invisibles\" width=\"180\" height=\"180\" \/><\/a><p id=\"caption-attachment-1927\" class=\"wp-caption-text\">Exemples de tendals bra\u00e7os invisibles<\/p><\/div>\n<p style=\"text-align: justify;\"><strong>2.\u00a0\u00a0\u00a0\u00a0Tendals amb Bra\u00e7os invisibles:<\/strong>\u00a0Model de tendal molt com\u00fa en balcons d&#8217;\u00e0tics i baixos podent tamb\u00e9 ser instal\u00b7lat en pisos amb terrassa. La peculiaritat d&#8217;aquest model \u00e9s que els bra\u00e7os s&#8217;estenen en horitzontal des del punt de sortida, normalment collat a una paret vertical, podent regular la caiguda en graus a gust del client. Els bra\u00e7os van acompanyant la lona per sota, de manera que sembla que no tingui bra\u00e7os vist des de l&#8217;exterior, d&#8217;aqu\u00ed el seu nom. Existeixen diferents variants d&#8217;aquest model, de les quals destaca el model cofre, el qual un cop recollit, el mateix tendal protegeix la lona i els bra\u00e7os a l&#8217;interior del mateix. \u00c9s recomanable motoritzar aquest tipus de tendals, ja que quan superen els 3 metres de l\u00ednia, l&#8217;esfor\u00e7 que cal fer \u00e9s considerable per poder-los pujar. El sensor de vent \u00e9s igual de recomanable per terrasses on bufa amb for\u00e7a el vent, de tal manera que quan detecta massa vent es recull autom\u00e0ticament, el sensor de llum actua de la mateixa manera quan detecta l&#8217;abs\u00e8ncia o exc\u00e9s de sol.<\/p>\n<div id=\"attachment_831\" style=\"width: 190px\" class=\"wp-caption alignright\"><a href=\"https:\/\/www.carpinteria-aluminio.cat\/wp-content\/uploads\/2013\/01\/20121120_130904_HDR.jpg\" target=\"_blank\"><img loading=\"lazy\" decoding=\"async\" aria-describedby=\"caption-attachment-831\" class=\" wp-image-831    \" style=\"border: 0px; margin: 0px;\" title=\"Exemple tendal punt recte\" src=\"https:\/\/www.carpinteria-aluminio.cat\/wp-content\/uploads\/2013\/01\/20121120_130904_HDR-150x150.jpg\" alt=\"Exemple tendal punt recte\" width=\"180\" height=\"180\" \/><\/a><p id=\"caption-attachment-831\" class=\"wp-caption-text\">Exemple tendal punt recte<\/p><\/div>\n<p style=\"text-align: justify;\"><strong>3.\u00a0\u00a0\u00a0\u00a0Tendals\u00a0Punt recte:\u00a0<\/strong>Model de tendal molt com\u00fa per finestres i balcons exteriors. Aquest model \u00e9s col\u00b7locat a la l\u00ednia interior del sostre del balc\u00f3 o terrassa, o en el buit exterior de la finestra. El tendal descendeix a uns 45 graus a l&#8217;exterior, guiat per dos bra\u00e7os collats al s\u00f2col de la vela i a la vegada a la fa\u00e7ana vertical, guiant en tot moment el tendal descrivint un arc. No \u00e9s tan necessari ser motoritzat, ja que aquests bra\u00e7os no exerceixen tanta for\u00e7a com d&#8217;altres models.<\/p>\n<p style=\"text-align: justify;\"><strong>4.\u00a0\u00a0\u00a0\u00a0Capotes:\u00a0<\/strong>Model de tendal el qual mitjan\u00e7ant una estructura met\u00e0l\u00b7lica en el seu interior protegeix la l\u00ednia de fa\u00e7ana de portes i finestres, donant una forma semicircular molt est\u00e8tica. Aquest tendal pot ser accionat mitjan\u00e7ant tir de corda o motor.<\/p>\n<div id=\"attachment_466\" style=\"width: 190px\" class=\"wp-caption alignleft\"><a href=\"https:\/\/www.carpinteria-aluminio.cat\/wp-content\/uploads\/2012\/12\/Toldos.jpg\" target=\"_blank\"><img loading=\"lazy\" decoding=\"async\" aria-describedby=\"caption-attachment-466\" class=\" wp-image-466  \" style=\"border: 0px; margin: 0px;\" title=\"Tendals a Barcelona\" src=\"https:\/\/www.carpinteria-aluminio.cat\/wp-content\/uploads\/2012\/12\/Toldos-150x150.jpg\" alt=\"Tendals a Barcelona\" width=\"180\" height=\"180\" \/><\/a><p id=\"caption-attachment-466\" class=\"wp-caption-text\">Tendals a Barcelona<\/p><\/div>\n<p><strong>5.\u00a0\u00a0\u00a0\u00a0Corredisses:\u00a0<\/strong>Model de tendal el qual va guiat de manera horitzontal per unes guies fent plecs a la lona. Com el seu nom indica el tendal corre per aquestes guies. En molts casos \u00e9s necess\u00e0ria la instal\u00b7laci\u00f3 d&#8217;uns suports verticals tipus porteria, per poder subjectar les guia per les quals baixa el tendal. Molt c\u00f2mode en ser accionat per cabestantes o motors.<\/p>\n<div id=\"attachment_2665\" style=\"width: 190px\" class=\"wp-caption alignright\"><a href=\"https:\/\/www.carpinteria-aluminio.cat\/wp-content\/uploads\/2012\/08\/20130530_132818_resized.jpg\" target=\"_blank\"><img loading=\"lazy\" decoding=\"async\" aria-describedby=\"caption-attachment-2665\" class=\" wp-image-2665  \" style=\"border: 0px; margin: 0px;\" title=\"Tendal model cofre\" src=\"https:\/\/www.carpinteria-aluminio.cat\/wp-content\/uploads\/2012\/08\/20130530_132818_resized-150x150.jpg\" alt=\"Tendal model cofre\" width=\"180\" height=\"180\" \/><\/a><p id=\"caption-attachment-2665\" class=\"wp-caption-text\">Tendal model cofre<\/p><\/div>\n<p><strong>6.\u00a0\u00a0\u00a0\u00a0P\u00e8rgoles \/ Passadissos:\u00a0<\/strong>Estructures met\u00e0l\u00b7liques en forma de tancament exterior tancades a la part superior amb una lona de tendal. Poden presentar diferents formes i mesures a gust del client, dotant-la d&#8217;inclinaci\u00f3 per evitar que s&#8217;entolli la pluja, neu &#8230;<\/p>\n<p style=\"text-align: justify;\"><strong>7.\u00a0\u00a0\u00a0\u00a0Cortines:\u00a0<\/strong>Tipus de tendal el qual va guiat per la fa\u00e7ana exterior de balcons i terrasses mitjan\u00e7ant uns rodaments o carruches pr\u00e8viament instal\u00b7lades al tendal. Cau de forma natural pel seu propi pes i \u00e9s mogut de forma manual com una cortina d&#8217;interior d&#8217;habitatge.<\/p>\n<p style=\"text-align: justify;\"><strong>8.\u00a0\u00a0\u00a0\u00a0Canvis de lona:<\/strong><strong>\u00a0<\/strong>Es canvien tot tipus de lones de tendals pr\u00e8viament instal\u00b7lats.<\/p>\n<p style=\"text-align: justify;\"><strong>9. \u00a0 \u00a0Afegits:<\/strong><\/p>\n<p>&#8211; Teuladeta: molt \u00fatils per protegir lones dels tendals un cop recollit. &#8211; Lones confeccionades: lones elaborades a gust i forma del client.<\/p>\n<div id=\"attachment_2273\" style=\"width: 360px\" class=\"wp-caption alignright\"><a href=\"https:\/\/www.carpinteria-aluminio.cat\/wp-content\/uploads\/2012\/10\/motores.png\" target=\"_blank\"><img loading=\"lazy\" decoding=\"async\" aria-describedby=\"caption-attachment-2273\" class=\" wp-image-2273    \" style=\"margin: 0px; border: 0px;\" title=\"Motors i comandaments a dist\u00e0ncia\" src=\"https:\/\/www.carpinteria-aluminio.cat\/wp-content\/uploads\/2012\/10\/motores-300x131.png\" alt=\"Motors i comandaments a dist\u00e0ncia\" width=\"350\" height=\"180\" \/><\/a><p id=\"caption-attachment-2273\" class=\"wp-caption-text\">Motors i comandaments a dist\u00e0ncia<\/p><\/div>\n<div id=\"attachment_2371\" style=\"width: 190px\" class=\"wp-caption alignright\"><a href=\"https:\/\/www.carpinteria-aluminio.cat\/wp-content\/uploads\/2012\/08\/20130411_114251_resized.jpg\" target=\"_blank\"><img loading=\"lazy\" decoding=\"async\" aria-describedby=\"caption-attachment-2371\" class=\" wp-image-2371    \" style=\"border: 0px; margin: 0px;\" title=\"Sensor de llum i vent Somfy\" src=\"https:\/\/www.carpinteria-aluminio.cat\/wp-content\/uploads\/2012\/08\/20130411_114251_resized-150x150.jpg\" alt=\"Sensor de llum i vent Somfy\" width=\"180\" height=\"180\" \/><\/a><p id=\"caption-attachment-2371\" class=\"wp-caption-text\">Sensor de llum i vent Somfy<\/p><\/div>\n<p style=\"text-align: justify;\"><strong>10.\u00a0Motors , comandaments a dist\u00e0ncia y sensors:\u00a0<\/strong>Aquests automatismes s\u00f3n molt pr\u00e0ctics i funcionals, amb nom\u00e9s un bot\u00f3 pugi tendals sense cap tipus d&#8217;esfor\u00e7. Podent ser amb comandament a dist\u00e0ncia o fixos en paret, podem sincronitzar tots els tendals i persianes d&#8217;un habitatge amb nom\u00e9s un bot\u00f3. S\u00f3n m\u00faltiples les variants que ofereix el fabricant SOMFY per poder accionar per programaci\u00f3 hor\u00e0ria, per sensors de moviment, llum o vent. De tal manera que ens podem despreocupar del tendal totalment si fa vent, perqu\u00e8 amb el sensor adequat quan detecta molt aire, aquest el detecta i ho recull autom\u00e0ticament. El mateix passa amb el sensor de llum, que en detectar el sol directe s&#8217;est\u00e9n sol, i es recull en arribar la nit, podent regular la sensibilitat d&#8217;aquest.<\/p>\n<p><strong>TIPUS DE LONES:\u00a0<\/strong>Existeixen diferents tipus de lones a triar, acr\u00edliques, poli\u00e8ster, pl\u00e0stiques, pvc, etc.<\/p>\n<p style=\"text-align: center;\"><div class=\"wrap one\"><div class=\"column column_column one-fourth column-first\"><\/p>\n<div id=\"attachment_2386\" style=\"width: 190px\" class=\"wp-caption aligncenter\"><a href=\"https:\/\/www.carpinteria-aluminio.cat\/wp-content\/uploads\/2012\/08\/20130411_163315_resized.jpg\" target=\"_blank\"><img loading=\"lazy\" decoding=\"async\" aria-describedby=\"caption-attachment-2386\" class=\" wp-image-2386   \" style=\"border: 0px; margin: 0px;\" title=\"Mostrari de lones Soltis\" src=\"https:\/\/www.carpinteria-aluminio.cat\/wp-content\/uploads\/2012\/08\/20130411_163315_resized-150x150.jpg\" alt=\"Mostrari de lones Soltis\" width=\"180\" height=\"180\" \/><\/a><p id=\"caption-attachment-2386\" class=\"wp-caption-text\">Mostrari de lones Soltis<\/p><\/div>\n<p style=\"text-align: justify;\">Tipus de lona micro-perforada per afavorir el pas de l&#8217;aire i llum, de pres\u00e8ncia molt est\u00e8tica que ressalta colors pl\u00e0stics i vius, de tacte plastificat i garantia de 3 anys. El seu pes per metre quadrat s\u00f3n 400 grams, gruix de 0.45 mm, l&#8217;ample de banda \u00e9s de 267 cm, t\u00e9 una resist\u00e8ncia a la tracci\u00f3 de 230\/230 daN \/ 5 cm, una resist\u00e8ncia a l&#8217;esquin\u00e7ament de 30\/25 daN i una resist\u00e8ncia al foc M2.<\/p>\n<p><\/div>\n<p style=\"text-align: center;\"><div class=\"column column_column one-fourth column-inner\"><\/p>\n<div id=\"attachment_2387\" style=\"width: 190px\" class=\"wp-caption aligncenter\"><a href=\"https:\/\/www.carpinteria-aluminio.cat\/wp-content\/uploads\/2012\/08\/20130411_163432_resized.jpg\" target=\"_blank\"><img loading=\"lazy\" decoding=\"async\" aria-describedby=\"caption-attachment-2387\" class=\" wp-image-2387   \" style=\"border: 0px; margin: 0px;\" title=\"Mostrari de lones Screen\" src=\"https:\/\/www.carpinteria-aluminio.cat\/wp-content\/uploads\/2012\/08\/20130411_163432_resized-150x150.jpg\" alt=\"Mostrari de lones Screen\" width=\"180\" height=\"180\" \/><\/a><p id=\"caption-attachment-2387\" class=\"wp-caption-text\">Mostrari de lones Screen<\/p><\/div>\n<p style=\"text-align: justify;\">Teixit compost per un 15% de poli\u00e8ster + un 85% de PVC. Lligament tipus sarja amb un di\u00e0metre del fil de 0.40 mm, ample de banda de 300\/250 cm, amb un pes de 605 g\/m2, gruix de la lona \u00e9s 0.78 mm, amb un grau d&#8217;obertura d&#8217;un 3% aprox. Resist\u00e8ncia al foc classe 1, acabats antibacteris i lliure Pb, t\u00e9 una resist\u00e8ncia a la tracci\u00f3 de fins a 150 daN \/ 5 cm, i l&#8217;esquin\u00e7ament de 10 daN \/ 5 cm, l&#8217;estabilitat t\u00e8rmica \u00e9s de -30 \/ +70 graus.<\/p>\n<p><\/div>\n<p style=\"text-align: center;\"><div class=\"column column_column one-fourth column-inner\"><\/p>\n<div id=\"attachment_2388\" style=\"width: 190px\" class=\"wp-caption aligncenter\"><a href=\"https:\/\/www.carpinteria-aluminio.cat\/wp-content\/uploads\/2012\/08\/20130411_163510_resized.jpg\" target=\"_blank\"><img loading=\"lazy\" decoding=\"async\" aria-describedby=\"caption-attachment-2388\" class=\" wp-image-2388  \" style=\"border: 0px; margin: 0px;\" title=\"Mostrari de lones acr\u00edliques\" src=\"https:\/\/www.carpinteria-aluminio.cat\/wp-content\/uploads\/2012\/08\/20130411_163510_resized-150x150.jpg\" alt=\"Mostrari de lones acr\u00edliques\" width=\"180\" height=\"180\" \/><\/a><p id=\"caption-attachment-2388\" class=\"wp-caption-text\">Mostrari de lones acr\u00edliques<\/p><\/div>\n<p style=\"text-align: justify;\">Aquest tipus de lona \u00e9s la m\u00e9s utilitzada i \u00e9s coneguda com la lona de tendal est\u00e0ndard, el teixit \u00e9s compost per 100% de fibra acr\u00edlica tenyida a la massa, amb una resist\u00e8ncia de fins a 135 daN \/ 5 cm, amb un pes de 300 gr \/ m2 aproximadament. La columna d&#8217;aigua \u00e9s d&#8217;aproximadament de 300 mm, l&#8217;ample de banda \u00e9s de 120 cm i l&#8217;acabat \u00e9s en fluorcarbono.<\/p>\n<p><\/div>\n<p style=\"text-align: center;\"><div class=\"column column_column one-fourth column-last\"><\/p>\n<div id=\"attachment_2389\" style=\"width: 190px\" class=\"wp-caption aligncenter\"><a href=\"https:\/\/www.carpinteria-aluminio.cat\/wp-content\/uploads\/2012\/08\/20130411_163549_resized.jpg\" target=\"_blank\"><img loading=\"lazy\" decoding=\"async\" aria-describedby=\"caption-attachment-2389\" class=\" wp-image-2389   \" style=\"border: 0px; margin: 0px;\" title=\"Mostrari de lones poli\u00e8ster\" src=\"https:\/\/www.carpinteria-aluminio.cat\/wp-content\/uploads\/2012\/08\/20130411_163549_resized-150x150.jpg\" alt=\"Mostrari de lones poli\u00e8ster\" width=\"180\" height=\"180\" \/><\/a><p id=\"caption-attachment-2389\" class=\"wp-caption-text\">Mostrari de lones poli\u00e8ster<\/p><\/div>\n<p style=\"text-align: justify;\">Teixit fabricat en poli\u00e8ster 1.100 dtex., Amb un recobriment de PVC, una terminaci\u00f3 en lacat i una resist\u00e8ncia al foc de M2\u200b\u200b. La resist\u00e8ncia a la temperatura \u00e9s de -30 \/ +80 \u00ba C i t\u00e9 una solidesa del color a la llum de 7. El pes \u00e9s de 600 gr\/m2, una resist\u00e8ncia a la tracci\u00f3 de fins a 250 daN \/ 5 cm, i l&#8217;esquin\u00e7ament de 20\/25 daN, l&#8217;ample de banda m\u00e0xim \u00e9s de 300 cm.<\/p>\n<p><\/div><\/div> \u00a0 \u00a0 \u00a0 \u00a0 \u00a0 \u00a0 \u00a0 \u00a0 Els <strong>ACABATS<\/strong> m\u00e9s utilitzats en la perfileria i ferramentes dels tendals s\u00f3n:<\/p>\n<div id=\"attachment_1607\" style=\"width: 190px\" class=\"wp-caption alignleft\"><a href=\"https:\/\/www.carpinteria-aluminio.cat\/wp-content\/uploads\/2012\/10\/IMG_1547_resized_1.jpg\" target=\"_blank\"><img loading=\"lazy\" decoding=\"async\" aria-describedby=\"caption-attachment-1607\" class=\" wp-image-1607   \" style=\"margin: 0px; border: 0px;\" title=\"Mostrari de lacats RAL\" src=\"https:\/\/www.carpinteria-aluminio.cat\/wp-content\/uploads\/2012\/10\/IMG_1547_resized_1-150x150.jpg\" alt=\"Mostrari de lacats RAL\" width=\"180\" height=\"180\" \/><\/a><p id=\"caption-attachment-1607\" class=\"wp-caption-text\">Mostrari de lacats RAL<\/p><\/div>\n<div id=\"attachment_2243\" style=\"width: 190px\" class=\"wp-caption alignright\"><a href=\"https:\/\/www.carpinteria-aluminio.cat\/wp-content\/uploads\/2012\/10\/20130325_132646_resized.jpg\" target=\"_blank\"><img loading=\"lazy\" decoding=\"async\" aria-describedby=\"caption-attachment-2243\" class=\" wp-image-2243  \" style=\"border: 0px; margin: 0px;\" title=\"Exemples d'acabats anoditzats\" src=\"https:\/\/www.carpinteria-aluminio.cat\/wp-content\/uploads\/2012\/10\/20130325_132646_resized-150x150.jpg\" alt=\"Exemples d'acabats anoditzats\" width=\"180\" height=\"180\" \/><\/a><p id=\"caption-attachment-2243\" class=\"wp-caption-text\">Exemples d&#8217;acabats anoditzats<\/p><\/div>\n<p><strong>-Lacats:<\/strong> Trieu entre una gran varietat de colors lacats al forn. <strong>-Anoditzats:<\/strong> Els anoditzats m\u00e9s comuns s\u00f3n el plata, inox, bronze i negre. Aquest tipus d&#8217;acabat ofereix una gran resist\u00e8ncia a l&#8217;intemp\u00e8rie. Visiteu la secci\u00f3 <a href=\"https:\/\/www.carpinteria-aluminio.cat\/ca\/servicios\/acabados-carpinteria-aluminio-barcelona\/\" target=\"_blank\">acabats<\/a> d&#8217;aquesta web per m\u00e9s informaci\u00f3 sobre aquests tipus de tractaments. Per m\u00e9s informaci\u00f3 <a href=\"https:\/\/www.carpinteria-aluminio.cat\/ca\/contacto\/\" target=\"_blank\">contacti<\/a> amb nosaltres o visiti la p\u00e0gina web del nostre principal fabricant de lones i accessoris:<a href=\"http:\/\/www.industrialnavarrete.com\/\" target=\"_blank\">\u00a0INDUSTRIAL NAVARRETE S.A.<\/a>,\u00a0situat al barri del Poble Nou de Barcelona i nom\u00e9s fabrica per professionals, no fabrica per a particulars.<\/p>\n","protected":false},"excerpt":{"rendered":"<p>Element indispensable per a la protecci\u00f3 solar, un tendal instal\u00b7lat correctament ofereix l&#8217;estalvi energ\u00e8tic de l&#8217;aire condicionat que a molts ens pot arribar a sorprendre. Ret\u00e9<span class=\"excerpt-hellip\"> [\u2026]<\/span><\/p>\n","protected":false},"author":1,"featured_media":7677,"parent":6838,"menu_order":0,"comment_status":"closed","ping_status":"closed","template":"template-fullwidth.php","meta":{"_joinchat":[],"footnotes":""},"class_list":["post-6865","page","type-page","status-publish","has-post-thumbnail","hentry"],"aioseo_notices":[],"_links":{"self":[{"href":"https:\/\/www.carpinteria-aluminio.cat\/ca\/wp-json\/wp\/v2\/pages\/6865","targetHints":{"allow":["GET"]}}],"collection":[{"href":"https:\/\/www.carpinteria-aluminio.cat\/ca\/wp-json\/wp\/v2\/pages"}],"about":[{"href":"https:\/\/www.carpinteria-aluminio.cat\/ca\/wp-json\/wp\/v2\/types\/page"}],"author":[{"embeddable":true,"href":"https:\/\/www.carpinteria-aluminio.cat\/ca\/wp-json\/wp\/v2\/users\/1"}],"replies":[{"embeddable":true,"href":"https:\/\/www.carpinteria-aluminio.cat\/ca\/wp-json\/wp\/v2\/comments?post=6865"}],"version-history":[{"count":0,"href":"https:\/\/www.carpinteria-aluminio.cat\/ca\/wp-json\/wp\/v2\/pages\/6865\/revisions"}],"up":[{"embeddable":true,"href":"https:\/\/www.carpinteria-aluminio.cat\/ca\/wp-json\/wp\/v2\/pages\/6838"}],"wp:featuredmedia":[{"embeddable":true,"href":"https:\/\/www.carpinteria-aluminio.cat\/ca\/wp-json\/wp\/v2\/media\/7677"}],"wp:attachment":[{"href":"https:\/\/www.carpinteria-aluminio.cat\/ca\/wp-json\/wp\/v2\/media?parent=6865"}],"curies":[{"name":"wp","href":"https:\/\/api.w.org\/{rel}","templated":true}]}}