{"id":6868,"date":"2012-08-17T14:54:58","date_gmt":"2012-08-17T14:54:58","guid":{"rendered":"https:\/\/www.carpinteria-aluminio.cat\/fabricacio-venda-i-instal%c2%b7lacio-de-persianes-a-barcelona\/"},"modified":"2012-08-17T14:54:58","modified_gmt":"2012-08-17T14:54:58","slug":"fabricacio-venda-i-instal%c2%b7lacio-de-persianes-a-barcelona","status":"publish","type":"page","link":"https:\/\/www.carpinteria-aluminio.cat\/ca\/cataleg-de-productes-de-metal%c2%b7listeria-dalumini-ponsico\/fabricacio-venda-i-instal%c2%b7lacio-de-persianes-a-barcelona\/","title":{"rendered":"Fabricaci\u00f3, venda i instal\u00b7laci\u00f3 de Persianes a Barcelona"},"content":{"rendered":"<div id=\"attachment_2423\" style=\"width: 896px\" class=\"wp-caption aligncenter\"><img loading=\"lazy\" decoding=\"async\" aria-describedby=\"caption-attachment-2423\" class=\" wp-image-2423\" style=\"margin: 0px; border: 0px;\" title=\"Persianes a Barcelona\" src=\"https:\/\/www.carpinteria-aluminio.cat\/wp-content\/uploads\/2012\/08\/PERSIANAS-LOGO-2.jpg\" alt=\"Persianes a Barcelona\" width=\"886\" height=\"330\" \/><p id=\"caption-attachment-2423\" class=\"wp-caption-text\">Persianes a Barcelona<\/p><\/div>\n<p>Les persianes s\u00f3n un element molt com\u00fa en els pa\u00efsos del sud d\u00b4 Europa.Bona protecci\u00f3 del sol, cada vegada m\u00e9s nociu, asseguren que el cop de calor produ\u00efda pel mateix es quedi fora de l&#8217;habitatge, fent que els estius siguin quelcom m\u00e9s suaus.En definitiva ens ajuden a protegir-nos de l&#8217;exterior, ja sigui: vent, pluja, calamarsa o del mateix fred.Una persiana de seguretat ofereix protecci\u00f3, a m\u00e9s del que s&#8217;ha nombrat anteriorment.Motoritzadas, amb cinta, cardan o torn s\u00f3n les variants de moviment que disposem. Fabriquem persianes d&#8217;alumini i persianes de PVC, reparacions i manteniment, venda de motors de persianes, etc. La nostra gamma de productes \u00e9s: <strong>1.PERSIANES D&#8217;ALUMINI:<\/strong><\/p>\n<div id=\"attachment_518\" style=\"width: 284px\" class=\"wp-caption alignleft\"><a href=\"https:\/\/www.carpinteria-aluminio.cat\/wp-content\/uploads\/2013\/01\/IMG_0064.jpg\" target=\"_blank\"><img loading=\"lazy\" decoding=\"async\" aria-describedby=\"caption-attachment-518\" class=\" wp-image-518  \" style=\"margin: 0px; border: 0px;\" title=\"Persiana d'alumini\" src=\"https:\/\/www.carpinteria-aluminio.cat\/wp-content\/uploads\/2013\/01\/IMG_0064-300x200.jpg\" alt=\"Persiana d'alumini\" width=\"274\" height=\"200\" \/><\/a><p id=\"caption-attachment-518\" class=\"wp-caption-text\">Persiana d&#8217;alumini<\/p><\/div>\n<div id=\"attachment_1573\" style=\"width: 284px\" class=\"wp-caption alignleft\"><a href=\"https:\/\/www.carpinteria-aluminio.cat\/wp-content\/uploads\/2012\/08\/IMG_1544_resized_1.jpg\" target=\"_blank\"><img loading=\"lazy\" decoding=\"async\" aria-describedby=\"caption-attachment-1573\" class=\" wp-image-1573 \" style=\"margin: 0px; border: 0px;\" title=\"Perfil persiana d'alumini lacat fusta\" src=\"https:\/\/www.carpinteria-aluminio.cat\/wp-content\/uploads\/2012\/08\/IMG_1544_resized_1-300x200.jpg\" alt=\"Perfil persiana d'alumini lacat fusta\" width=\"274\" height=\"200\" \/><\/a><p id=\"caption-attachment-1573\" class=\"wp-caption-text\">Perfil persiana d&#8217;alumini model modalum<\/p><\/div>\n<div id=\"attachment_1578\" style=\"width: 284px\" class=\"wp-caption alignleft\"><a href=\"https:\/\/www.carpinteria-aluminio.cat\/wp-content\/uploads\/2012\/08\/IMG_1539_resized.jpg\" target=\"_blank\"><img loading=\"lazy\" decoding=\"async\" aria-describedby=\"caption-attachment-1578\" class=\" wp-image-1578 \" style=\"margin: 0px; border: 0px;\" title=\"Perfil persiana d'alumini lacat blanc\" src=\"https:\/\/www.carpinteria-aluminio.cat\/wp-content\/uploads\/2012\/08\/IMG_1539_resized-300x200.jpg\" alt=\"Perfil persiana d'alumini lacat blanc\" width=\"274\" height=\"200\" \/><\/a><p id=\"caption-attachment-1578\" class=\"wp-caption-text\">Perfil persiana d&#8217;alumini model minor<\/p><\/div>\n<p>Aquest tipus de persianes ofereixen una bona qualitat-preu. A causa de la seva construcci\u00f3 d&#8217;alumini a l&#8217;exterior ofereix resist\u00e8ncia per a la intemp\u00e8rie necess\u00e0ria en condicions adverses, a l&#8217;interior composta per escuma de poliuret\u00e0 r\u00edgid per a m\u00e9s efici\u00e8ncia t\u00e8rmica. S\u00f3n m\u00e9s lleugeres que qualsevol altre model del mercat a causa de la seva lleugera extorsi\u00f3 d&#8217;alumini, diferents formes i models proporcionen la versatilitat necess\u00e0ria per satisfer qualsevol buit existent. Informi&#8217;s de preu contactant amb nosaltres sense cap compromis. <strong>2.PERSIANES DE PVC:<\/strong><\/p>\n<div id=\"attachment_1581\" style=\"width: 284px\" class=\"wp-caption alignleft\"><a href=\"https:\/\/www.carpinteria-aluminio.cat\/wp-content\/uploads\/2012\/08\/IMG_1552_resized.jpg\" target=\"_blank\"><img loading=\"lazy\" decoding=\"async\" aria-describedby=\"caption-attachment-1581\" class=\" wp-image-1581\" style=\"margin: 0px; border: 0px;\" title=\"Perfil persiana de PVC model roma\" src=\"https:\/\/www.carpinteria-aluminio.cat\/wp-content\/uploads\/2012\/08\/IMG_1552_resized-300x200.jpg\" alt=\"Perfil persiana de PVC model roma\" width=\"274\" height=\"200\" \/><\/a><p id=\"caption-attachment-1581\" class=\"wp-caption-text\">Perfil persiana de PVC model roma<\/p><\/div>\n<div id=\"attachment_447\" style=\"width: 284px\" class=\"wp-caption alignleft\"><a href=\"https:\/\/www.carpinteria-aluminio.cat\/wp-content\/uploads\/2012\/12\/Persianas-de-PVC.jpg\" target=\"_blank\"><img loading=\"lazy\" decoding=\"async\" aria-describedby=\"caption-attachment-447\" class=\" wp-image-447    \" style=\"margin: 0px; border: 0px;\" title=\"Persiana de PVC model Roma\" src=\"https:\/\/www.carpinteria-aluminio.cat\/wp-content\/uploads\/2012\/12\/Persianas-de-PVC-300x200.jpg\" alt=\"Persianes de PVC\" width=\"274\" height=\"200\" \/><\/a><p id=\"caption-attachment-447\" class=\"wp-caption-text\">Persianes de PVC<\/p><\/div>\n<div id=\"attachment_1579\" style=\"width: 284px\" class=\"wp-caption alignleft\"><a href=\"https:\/\/www.carpinteria-aluminio.cat\/wp-content\/uploads\/2012\/08\/IMG_1542_resized.jpg\" target=\"_blank\"><img loading=\"lazy\" decoding=\"async\" aria-describedby=\"caption-attachment-1579\" class=\" wp-image-1579\" style=\"margin: 0px; border: 0px;\" title=\"Perfil persiana de PVC color beig model miniper\" src=\"https:\/\/www.carpinteria-aluminio.cat\/wp-content\/uploads\/2012\/08\/IMG_1542_resized-300x200.jpg\" alt=\"Perfil persiana de PVC color beig model miniper\" width=\"274\" height=\"200\" \/><\/a><p id=\"caption-attachment-1579\" class=\"wp-caption-text\">Perfil persiana de PVC model miniper<\/p><\/div>\n<p>Les persianes de PVC s\u00f3n les m\u00e9s econ\u00f2miques del mercat, degut la seva construcci\u00f3 en pl\u00e0stic ofereixen una de les propietats d&#8217;aquest material que \u00e9s l&#8217;a\u00efllament t\u00e8rmic. Diferents formes en els models permeten adaptar-se als buits existents per tal de reduir espai. Consulti preus contactant amb nosaltres sense cap comprom\u00eds. <strong>3. PERSIANES DE SEGURETAT:<\/strong><\/p>\n<div id=\"attachment_446\" style=\"width: 284px\" class=\"wp-caption alignleft\"><a href=\"https:\/\/www.carpinteria-aluminio.cat\/wp-content\/uploads\/2012\/12\/Seguridad-aluminio-autoblocante-2.jpg\" target=\"_blank\"><img loading=\"lazy\" decoding=\"async\" aria-describedby=\"caption-attachment-446\" class=\" wp-image-446 \" style=\"margin: 0px; border: 0px;\" title=\"Persiana de seguretat autoblocant\" src=\"https:\/\/www.carpinteria-aluminio.cat\/wp-content\/uploads\/2012\/12\/Seguridad-aluminio-autoblocante-2-300x200.jpg\" alt=\"Seguridad alumini autoblocant \" width=\"274\" height=\"200\" \/><\/a><p id=\"caption-attachment-446\" class=\"wp-caption-text\">Persiana de seguretat autoblocant<\/p><\/div>\n<div id=\"attachment_448\" style=\"width: 284px\" class=\"wp-caption alignleft\"><a href=\"https:\/\/www.carpinteria-aluminio.cat\/wp-content\/uploads\/2012\/12\/Seguridad-aluminio-autoblocante.jpg\" target=\"_blank\"><img loading=\"lazy\" decoding=\"async\" aria-describedby=\"caption-attachment-448\" class=\" wp-image-448 \" style=\"margin: 0px; border: 0px;\" title=\"Persiana de seguretat calada\" src=\"https:\/\/www.carpinteria-aluminio.cat\/wp-content\/uploads\/2012\/12\/Seguridad-aluminio-autoblocante-300x200.jpg\" alt=\"Persiana de seguretat calada\" width=\"274\" height=\"200\" \/><\/a><p id=\"caption-attachment-448\" class=\"wp-caption-text\">Persiana de seguretat calada per local<\/p><\/div>\n<div id=\"attachment_445\" style=\"width: 284px\" class=\"wp-caption alignleft\"><a href=\"https:\/\/www.carpinteria-aluminio.cat\/wp-content\/uploads\/2012\/12\/Seguridad-aluminio-autoblocante-3.jpg\" target=\"_blank\"><img loading=\"lazy\" decoding=\"async\" aria-describedby=\"caption-attachment-445\" class=\" wp-image-445\" style=\"margin: 0px; border: 0px;\" title=\"Persiana de seguretat plata mate\" src=\"https:\/\/www.carpinteria-aluminio.cat\/wp-content\/uploads\/2012\/12\/Seguridad-aluminio-autoblocante-3-300x200.jpg\" alt=\"Persiana de seguretat plata mate\" width=\"274\" height=\"200\" \/><\/a><p id=\"caption-attachment-445\" class=\"wp-caption-text\">Persiana de seguretat plata mate<\/p><\/div>\n<p>La persiana d&#8217;alumini de seguretat \u00e9s el producte estrella en persianes en PONSICO SCP Amb un gruix considerable s\u00f3n molt recomanables en la substituci\u00f3 de reixes ja que ofereixen una protecci\u00f3 moltes vegades superior. Diferents models com la autoblocant (persiana que es bloqueja un cop baixada impedint la seva pujada manual des de l&#8217;exterior), la perforada o calada (ideal per comer\u00e7os o aparadors) etc, componen aquest tipus de persianes de seguretat. Disposen d&#8217;un sistema de cosit perqu\u00e8 no es moguin les l\u00e0mines entre elles, per donar consist\u00e8ncia en bloc. \u00c9s molt recomanable acompanyar d&#8217;un motor el\u00e8ctric (Somfy, Wurth &#8230;), abaix esmentats, ja que tenen un pes considerable i evitar aix\u00ed reparacions indegudes.Consulti preu sense cap comprom\u00eds. <strong>4.PERSIANES GRADHERMETIC:<\/strong> Persianes d&#8217;alumini que ofereixen un gir adicional tipus lama de mallorquina per poder ventilar un cop la persiana esta baixada, lama orientable i autoblocant, \u00e9s convenient instal\u00b7lar-les motoritzades, encara que amb cinta o cardan tamb\u00e9 s\u00f3n factibles. Per a m\u00e9s informaci\u00f3 visiteu la secci\u00f3 de persianes del fabricant <a href=\"http:\/\/www.gradhermetic.es\/web\/esp\/productos_persianas_enrollables_orientables_supergradhermetic.htm\" target=\"_blank\">GRADHERMETIC<\/a>. <strong>5. MOTORS I COMANDAMENTS A DIST\u00c0NCIA:<\/strong><\/p>\n<div id=\"attachment_514\" style=\"width: 284px\" class=\"wp-caption alignleft\"><a href=\"https:\/\/www.carpinteria-aluminio.cat\/wp-content\/uploads\/2013\/01\/IMG_0045.jpg\" target=\"_blank\"><img loading=\"lazy\" decoding=\"async\" aria-describedby=\"caption-attachment-514\" class=\" wp-image-514\" style=\"margin: 0px; border: 0px;\" title=\"Motors per a persianes\" src=\"https:\/\/www.carpinteria-aluminio.cat\/wp-content\/uploads\/2013\/01\/IMG_0045-300x200.jpg\" alt=\"Motors per a persianes\" width=\"274\" height=\"200\" \/><\/a><p id=\"caption-attachment-514\" class=\"wp-caption-text\">Motors per a persianes<\/p><\/div>\n<div id=\"attachment_461\" style=\"width: 284px\" class=\"wp-caption alignleft\"><a href=\"https:\/\/www.carpinteria-aluminio.cat\/wp-content\/uploads\/2012\/12\/Persianas-motores-y-mandos-a-distancia-2.jpg\" target=\"_blank\"><img loading=\"lazy\" decoding=\"async\" aria-describedby=\"caption-attachment-461\" class=\" wp-image-461\" style=\"margin: 0px; border: 0px;\" title=\"Comandaments a dist\u00e0ncia\" src=\"https:\/\/www.carpinteria-aluminio.cat\/wp-content\/uploads\/2012\/12\/Persianas-motores-y-mandos-a-distancia-2-300x200.jpg\" alt=\"Comandaments a dist\u00e0ncia\" width=\"274\" height=\"200\" \/><\/a><p id=\"caption-attachment-461\" class=\"wp-caption-text\">Comandaments a dist\u00e0ncia<\/p><\/div>\n<div id=\"attachment_1687\" style=\"width: 284px\" class=\"wp-caption alignleft\"><a href=\"https:\/\/www.carpinteria-aluminio.cat\/wp-content\/uploads\/2012\/08\/20130219_182310_resized.jpg\" target=\"_blank\"><img loading=\"lazy\" decoding=\"async\" aria-describedby=\"caption-attachment-1687\" class=\" wp-image-1687\" style=\"margin: 0px; border: 0px;\" title=\"Motor per calaix petit\" src=\"https:\/\/www.carpinteria-aluminio.cat\/wp-content\/uploads\/2012\/08\/20130219_182310_resized-300x225.jpg\" alt=\"Motor per calaix petit\" width=\"274\" height=\"200\" \/><\/a><p id=\"caption-attachment-1687\" class=\"wp-caption-text\">Motor per calaix petit<\/p><\/div>\n<p>Sistema d&#8217;automatitzaci\u00f3 per persianes, disposem de diversos fabricants per proporcionar compet\u00e8ncia i qualitat en el producte. Poden ser amb comandament a dist\u00e0ncia (RTS), senzills o programables. Molt recomanable per persianes amb pesos elevats, tipus de seguretat pr\u00e8viament esmentades, o per a persones grans o amb mobilitat redu\u00efda. Els fabricants ofereixen diversos anys de garantia a part de la garantia d&#8217;instal \u00b7 laci\u00f3 de PONSICO SCP Amb aquest sistema la persiana treballa m\u00e9s suau i per aix\u00f2 allargar\u00e0 la seva vida \u00fatil. Silenciosos i de f\u00e0cil instal \u00b7 laci\u00f3 es poden muntar tamb\u00e9 en tendals i cortines d&#8217;un habitatge. consulti preus sense comprom\u00eds a PONSICO S.C.P. <strong>6. CALAIXOS EXTERNS DE PERSIANA:<\/strong><\/p>\n<div id=\"attachment_2245\" style=\"width: 208px\" class=\"wp-caption alignleft\"><a href=\"https:\/\/www.carpinteria-aluminio.cat\/wp-content\/uploads\/2012\/08\/20130325_131609_resized_1.jpg\" target=\"_blank\"><img loading=\"lazy\" decoding=\"async\" aria-describedby=\"caption-attachment-2245\" class=\" wp-image-2245 \" style=\"margin: 0px; border: 0px;\" title=\"Calaix compacte monobloc\" src=\"https:\/\/www.carpinteria-aluminio.cat\/wp-content\/uploads\/2012\/08\/20130325_131609_resized_1-150x150.jpg\" alt=\"Calaix compacte monobloc\" width=\"198\" height=\"198\" \/><\/a><p id=\"caption-attachment-2245\" class=\"wp-caption-text\">Calaix compacte monobloc<\/p><\/div>\n<div id=\"attachment_2246\" style=\"width: 208px\" class=\"wp-caption alignleft\"><a href=\"https:\/\/www.carpinteria-aluminio.cat\/wp-content\/uploads\/2012\/08\/20130325_133249_resized.jpg\" target=\"_blank\"><img loading=\"lazy\" decoding=\"async\" aria-describedby=\"caption-attachment-2246\" class=\" wp-image-2246 \" style=\"margin: 0px; border: 0px;\" title=\"Calaix compacte monobloc \" src=\"https:\/\/www.carpinteria-aluminio.cat\/wp-content\/uploads\/2012\/08\/20130325_133249_resized-150x150.jpg\" alt=\"Calaix compacte monobloc \" width=\"198\" height=\"198\" \/><\/a><p id=\"caption-attachment-2246\" class=\"wp-caption-text\">Perfil calaix compacte monobloc<\/p><\/div>\n<div id=\"attachment_2248\" style=\"width: 208px\" class=\"wp-caption alignleft\"><a href=\"https:\/\/www.carpinteria-aluminio.cat\/wp-content\/uploads\/2012\/08\/20121127_131233-1.jpg\" target=\"_blank\"><img loading=\"lazy\" decoding=\"async\" aria-describedby=\"caption-attachment-2248\" class=\" wp-image-2248  \" style=\"margin: 0px; border: 0px;\" title=\"Compacte monobloc\" src=\"https:\/\/www.carpinteria-aluminio.cat\/wp-content\/uploads\/2012\/08\/20121127_131233-1-150x150.jpg\" alt=\"Compacte monobloc\" width=\"198\" height=\"198\" \/><\/a><p id=\"caption-attachment-2248\" class=\"wp-caption-text\">Guia compacte monobloc<\/p><\/div>\n<div id=\"attachment_2247\" style=\"width: 208px\" class=\"wp-caption alignleft\"><a href=\"https:\/\/www.carpinteria-aluminio.cat\/wp-content\/uploads\/2012\/08\/20121127_132100-2.jpg\" target=\"_blank\"><img loading=\"lazy\" decoding=\"async\" aria-describedby=\"caption-attachment-2247\" class=\" wp-image-2247 \" style=\"margin: 0px; border: 0px;\" title=\"Compacte monobloc\" src=\"https:\/\/www.carpinteria-aluminio.cat\/wp-content\/uploads\/2012\/08\/20121127_132100-2-150x150.jpg\" alt=\"Compacte monobloc\" width=\"198\" height=\"198\" \/><\/a><p id=\"caption-attachment-2247\" class=\"wp-caption-text\">Compacte monobloc<\/p><\/div>\n<p style=\"text-align: justify;\">En llocs on no hi ha persianes d&#8217;origen en l&#8217;edificaci\u00f3, es poden incloure calaixos externs com la mini-per de PVC, la minor d&#8217;alumini i el compacte monoblock mixt de PVC i alumini. Aquest \u00faltim \u00e9s recomanable per la seva construcci\u00f3, a l&#8217;exterior alumini, per l&#8217;interior una estructura de PVC que ajuda a atenuar el soroll en donar-li m\u00e9s consist\u00e8ncia i resistemcia al calaix. Motoritzats o amb cinta, normalment s\u00f3n incorporats a les finestres de nova construcci\u00f3. Aquest tipus de persianes desprenen per l&#8217;exterior, de manera que, la cara exterior de la persiana pot ser f\u00e0cilment netejable des de l&#8217;interior de l&#8217;habitatge, a m\u00e9s, augmenta la cambra d&#8217;aire entre la persiana i la finestra, ajudant a a\u00efllar m\u00e9s eficientment la estada.<\/p>\n","protected":false},"excerpt":{"rendered":"<p>Les persianes s\u00f3n un element molt com\u00fa en els pa\u00efsos del sud d\u00b4 Europa.Bona protecci\u00f3 del sol, cada vegada m\u00e9s nociu, asseguren que el cop de<span class=\"excerpt-hellip\"> [\u2026]<\/span><\/p>\n","protected":false},"author":1,"featured_media":0,"parent":6838,"menu_order":0,"comment_status":"open","ping_status":"closed","template":"template-fullwidth.php","meta":{"_joinchat":[],"footnotes":""},"class_list":["post-6868","page","type-page","status-publish","hentry"],"aioseo_notices":[],"_links":{"self":[{"href":"https:\/\/www.carpinteria-aluminio.cat\/ca\/wp-json\/wp\/v2\/pages\/6868","targetHints":{"allow":["GET"]}}],"collection":[{"href":"https:\/\/www.carpinteria-aluminio.cat\/ca\/wp-json\/wp\/v2\/pages"}],"about":[{"href":"https:\/\/www.carpinteria-aluminio.cat\/ca\/wp-json\/wp\/v2\/types\/page"}],"author":[{"embeddable":true,"href":"https:\/\/www.carpinteria-aluminio.cat\/ca\/wp-json\/wp\/v2\/users\/1"}],"replies":[{"embeddable":true,"href":"https:\/\/www.carpinteria-aluminio.cat\/ca\/wp-json\/wp\/v2\/comments?post=6868"}],"version-history":[{"count":0,"href":"https:\/\/www.carpinteria-aluminio.cat\/ca\/wp-json\/wp\/v2\/pages\/6868\/revisions"}],"up":[{"embeddable":true,"href":"https:\/\/www.carpinteria-aluminio.cat\/ca\/wp-json\/wp\/v2\/pages\/6838"}],"wp:attachment":[{"href":"https:\/\/www.carpinteria-aluminio.cat\/ca\/wp-json\/wp\/v2\/media?parent=6868"}],"curies":[{"name":"wp","href":"https:\/\/api.w.org\/{rel}","templated":true}]}}