{"id":6877,"date":"2012-08-17T15:59:52","date_gmt":"2012-08-17T15:59:52","guid":{"rendered":"https:\/\/www.carpinteria-aluminio.cat\/tancaments-a-barcelona\/"},"modified":"2012-08-17T15:59:52","modified_gmt":"2012-08-17T15:59:52","slug":"tancaments-a-barcelona","status":"publish","type":"page","link":"https:\/\/www.carpinteria-aluminio.cat\/ca\/cataleg-de-productes-de-metal%c2%b7listeria-dalumini-ponsico\/tancaments-a-barcelona\/","title":{"rendered":"Tancaments a Barcelona"},"content":{"rendered":"<div id=\"attachment_2428\" style=\"width: 896px\" class=\"wp-caption aligncenter\"><img loading=\"lazy\" decoding=\"async\" aria-describedby=\"caption-attachment-2428\" class=\" wp-image-2428 \" style=\"margin: 0px; border: 0px;\" title=\"Tancaments a Barcelona PONSICO\" src=\"https:\/\/www.carpinteria-aluminio.cat\/wp-content\/uploads\/2012\/08\/Cerramientos-logo.jpg\" alt=\"Tancaments a Barcelona PONSICO\" width=\"886\" height=\"330\" \/><p id=\"caption-attachment-2428\" class=\"wp-caption-text\">Tancaments a Barcelona PONSICO<\/p><\/div>\n<div id=\"attachment_262\" style=\"width: 284px\" class=\"wp-caption alignleft\"><a href=\"https:\/\/www.carpinteria-aluminio.cat\/wp-content\/uploads\/2012\/08\/DSC01224.jpg\" target=\"_blank\"><img loading=\"lazy\" decoding=\"async\" aria-describedby=\"caption-attachment-262\" class=\"wp-image-262  \" style=\"margin: 0px; border: 0px;\" title=\"Tancaments a Barcelona PONSICO\" src=\"https:\/\/www.carpinteria-aluminio.cat\/wp-content\/uploads\/2012\/08\/DSC01224-1024x768.jpg\" alt=\"Tancaments a Barcelona PONSICO\" width=\"274\" height=\"200\" \/><\/a><p id=\"caption-attachment-262\" class=\"wp-caption-text\">Tancaments a Barcelona PONSICO<\/p><\/div>\n<div id=\"attachment_470\" style=\"width: 284px\" class=\"wp-caption alignleft\"><a href=\"https:\/\/www.carpinteria-aluminio.cat\/wp-content\/uploads\/2012\/12\/Cabecera-1.jpg\" target=\"_blank\"><img loading=\"lazy\" decoding=\"async\" aria-describedby=\"caption-attachment-470\" class=\" wp-image-470  \" style=\"margin: 0px; border: 0px;\" title=\"Tancaments a Barcelona PONSICO\" src=\"https:\/\/www.carpinteria-aluminio.cat\/wp-content\/uploads\/2012\/12\/Cabecera-1-300x225.jpg\" alt=\"Tancaments a Barcelona PONSICO\" width=\"274\" height=\"200\" \/><\/a><p id=\"caption-attachment-470\" class=\"wp-caption-text\">Tancaments a Barcelona PONSICO<\/p><\/div>\n<div id=\"attachment_480\" style=\"width: 284px\" class=\"wp-caption alignleft\"><a href=\"https:\/\/www.carpinteria-aluminio.cat\/wp-content\/uploads\/2012\/08\/DSC01346.jpg\" target=\"_blank\"><img loading=\"lazy\" decoding=\"async\" aria-describedby=\"caption-attachment-480\" class=\"wp-image-480  \" style=\"margin: 0px; border: 0px;\" title=\"Tancaments a Barcelona PONSICO\" src=\"https:\/\/www.carpinteria-aluminio.cat\/wp-content\/uploads\/2012\/08\/DSC01346.jpg\" alt=\"Tancaments a Barcelona PONSICO\" width=\"274\" height=\"200\" \/><\/a><p id=\"caption-attachment-480\" class=\"wp-caption-text\">Tancaments a Barcelona PONSICO<\/p><\/div>\n<p style=\"text-align: justify;\">Per tal de guanyar metres quadrats a l&#8217;habitatge, una soluci\u00f3 pr\u00e0ctica \u00e9s fer un armari, caseta o tancament a l&#8217;exterior. Constru\u00efts amb materials de qualitat, \u00e9s una soluci\u00f3 de gran durabilitat i estanquitat. Realitzem tancaments de patis, tancaments d&#8217;\u00e0tics, tancaments de terrasses, tancaments de balcons, tancaments de galeries, tancaments de porxos, etc.<\/p>\n<p>Consulteu els seg\u00fcents materials per poder fabricar el seu tancament a mida, segons les necessitats de cada client. Trieu el tipus de <strong>PERFILERIA<\/strong> per poder compondre l&#8217;estructura del tancament segons les seves necessitats:<\/p>\n<p style=\"text-align: justify;\">A la fusteria d&#8217;alumini Ponsico disposem dels seg\u00fcents perfils,entre d\u00b4altres, les s\u00e8ries practicables i corredisses les m\u00e9s utilitzades, ordenats de major a menor efici\u00e8ncia, detallant la fitxa t\u00e8cnica amb cada un d&#8217;ells. Aquestes s\u00e8ries s\u00f3n les m\u00e9s utilitzades en els \u00faltims anys, pertanyen al fabricant Alugom. La refer\u00e8ncia RPT, significa trencament de pont t\u00e8rmic, m\u00e9s estalvi energ\u00e8tic ja que trenca la transmit\u00e0ncia t\u00e8rmica de la perfileria.<\/p>\n<p style=\"text-align: center;\"><strong>CORREDISSES:<\/strong><\/p>\n<p><a href=\"https:\/\/www.carpinteria-aluminio.cat\/reparacion-y-mantenimiento\/\"><div class=\"wrap one\"><div class=\"column column_column one-third column-first\"><\/a><\/p>\n<p><a href=\"https:\/\/www.carpinteria-aluminio.cat\/wp-content\/uploads\/2012\/10\/Imagen-15-2.jpg\" target=\"_blank\"><img loading=\"lazy\" decoding=\"async\" title=\"ALU GOS-S\" src=\"https:\/\/www.carpinteria-aluminio.cat\/wp-content\/uploads\/2012\/10\/Imagen-15-2-150x150.jpg\" alt=\"ALU GOS-S\" width=\"150\" height=\"150\" \/><\/a><a href=\"https:\/\/www.carpinteria-aluminio.cat\/wp-content\/uploads\/2012\/10\/Imagen-15-1.jpg\" target=\"_blank\"><img loading=\"lazy\" decoding=\"async\" style=\"margin-left: 2px; margin-right: 2px;\" title=\"ALU GOS-S\" src=\"https:\/\/www.carpinteria-aluminio.cat\/wp-content\/uploads\/2012\/10\/Imagen-15-1-150x150.jpg\" alt=\"ALU GOS-S\" width=\"124\" height=\"150\" \/><\/a><\/p>\n<p style=\"text-align: center;\"><a href=\"https:\/\/www.carpinteria-aluminio.cat\/ca\/serie-corredera-gama-premium-alu-gos-s-de-alugom-por-ponsico-s-c-p-para-carpinteria-de-aluminio-en-barcelona\/\" target=\"_blank\">ALU GOS-S<\/a><\/p>\n<p style=\"text-align: center;\"><\/div>\n<p style=\"text-align: center;\"><a href=\"https:\/\/www.carpinteria-aluminio.cat\/reparacion-y-mantenimiento\/\"><div class=\"column column_column one-third column-inner\"><\/a><\/p>\n<p><a href=\"https:\/\/www.carpinteria-aluminio.cat\/wp-content\/uploads\/2012\/10\/Imagen-16-2.jpg\" target=\"_blank\"><img loading=\"lazy\" decoding=\"async\" title=\"MATRA 135 RPT\" src=\"https:\/\/www.carpinteria-aluminio.cat\/wp-content\/uploads\/2012\/10\/Imagen-16-2-150x150.jpg\" alt=\"MATRA 135 RPT\" width=\"150\" height=\"150\" \/><\/a><a href=\"https:\/\/www.carpinteria-aluminio.cat\/wp-content\/uploads\/2012\/10\/Imagen-16-1.jpg\" target=\"_blank\"><img loading=\"lazy\" decoding=\"async\" style=\"margin-left: 2px; margin-right: 2px;\" title=\"MATRA 135 RPT\" src=\"https:\/\/www.carpinteria-aluminio.cat\/wp-content\/uploads\/2012\/10\/Imagen-16-1-150x150.jpg\" alt=\"MATRA 135 RPT\" width=\"124\" height=\"150\" \/><\/a><\/p>\n<p style=\"text-align: center;\"><a href=\"https:\/\/www.carpinteria-aluminio.cat\/ca\/serie-corredera-gama-premium-matra-135-rpt-de-alugom-por-ponsico-s-c-p-para-carpinteria-de-aluminio-en-barcelona\/\" target=\"_blank\">MATRA 135 RPT<\/a><\/p>\n<p style=\"text-align: center;\"><\/div>\n<p style=\"text-align: center;\"><a href=\"https:\/\/www.carpinteria-aluminio.cat\/reparacion-y-mantenimiento\/\"><div class=\"column column_column one-third column-last\"><\/a><\/p>\n<p><a href=\"https:\/\/www.carpinteria-aluminio.cat\/wp-content\/uploads\/2012\/10\/Imagen-14-2.jpg\" target=\"_blank\"><img loading=\"lazy\" decoding=\"async\" title=\"SILVER 65 RPT\" src=\"https:\/\/www.carpinteria-aluminio.cat\/wp-content\/uploads\/2012\/10\/Imagen-14-2-150x150.jpg\" alt=\"SILVER 65 RPT\" width=\"150\" height=\"150\" \/><\/a><a href=\"https:\/\/www.carpinteria-aluminio.cat\/wp-content\/uploads\/2012\/10\/Imagen-14-1.jpg\" target=\"_blank\"><img loading=\"lazy\" decoding=\"async\" style=\"margin-left: 2px; margin-right: 2px;\" title=\"SILVER 65 RPT\" src=\"https:\/\/www.carpinteria-aluminio.cat\/wp-content\/uploads\/2012\/10\/Imagen-14-1-150x150.jpg\" alt=\"SILVER 65 RPT\" width=\"124\" height=\"150\" \/><\/a><\/p>\n<p style=\"text-align: center;\"><a href=\"https:\/\/www.carpinteria-aluminio.cat\/ca\/serie-corredera-gama-premium-silver-65-rpt-de-alugom-por-ponsico-s-c-p-para-carpinteria-de-aluminio-en-barcelona\/\" target=\"_blank\">SILVER 65 RPT<\/a><\/p>\n<p style=\"text-align: center;\"><\/div><\/div>\n<p><a href=\"https:\/\/www.carpinteria-aluminio.cat\/reparacion-y-mantenimiento\/\"><div class=\"wrap one\"><div class=\"column column_column one-third column-first\"><\/a><\/p>\n<p><a href=\"https:\/\/www.carpinteria-aluminio.cat\/wp-content\/uploads\/2012\/10\/SerieMatra110RPT.jpg\" target=\"_blank\"><img loading=\"lazy\" decoding=\"async\" class=\"wp-image-2458 alignnone\" title=\"MATRA 110 RPT\" src=\"https:\/\/www.carpinteria-aluminio.cat\/wp-content\/uploads\/2012\/10\/SerieMatra110RPT-150x150.jpg\" alt=\"MATRA 110 RPT\" width=\"150\" height=\"150\" \/><\/a><a href=\"https:\/\/www.carpinteria-aluminio.cat\/wp-content\/uploads\/2012\/10\/matra-rpt.bmp\" target=\"_blank\"><img loading=\"lazy\" decoding=\"async\" class=\"wp-image-1395 alignnone\" title=\"MATRA 110 RPT\" src=\"https:\/\/www.carpinteria-aluminio.cat\/wp-content\/uploads\/2012\/10\/matra-rpt.bmp\" alt=\"MATRA 110 RPT\" width=\"125\" height=\"150\" \/><\/a><\/p>\n<p style=\"text-align: center;\"><a href=\"https:\/\/www.carpinteria-aluminio.cat\/ca\/serie-corredera-matra-110-de-alugom-por-ponsico-s-c-p-para-carpinteria-de-aluminio-en-barcelona\/\" target=\"_blank\">MATRA 110 RPT<\/a><\/p>\n<p style=\"text-align: center;\"><\/div>\n<p style=\"text-align: center;\"><a href=\"https:\/\/www.carpinteria-aluminio.cat\/reparacion-y-mantenimiento\/\"><div class=\"column column_column one-third column-inner\"><\/a><\/p>\n<p><a href=\"https:\/\/www.carpinteria-aluminio.cat\/wp-content\/uploads\/2012\/10\/SerieMatra110RPT.jpg\" target=\"_blank\"><img loading=\"lazy\" decoding=\"async\" class=\"size-thumbnail wp-image-2458 alignnone\" title=\"MATRA 110 \" src=\"https:\/\/www.carpinteria-aluminio.cat\/wp-content\/uploads\/2012\/10\/SerieMatra110RPT-150x150.jpg\" alt=\"MATRA 110 \" width=\"150\" height=\"150\" \/><\/a><a href=\"https:\/\/www.carpinteria-aluminio.cat\/wp-content\/uploads\/2012\/10\/matra.bmp\" target=\"_blank\"><img loading=\"lazy\" decoding=\"async\" class=\"alignnone  wp-image-1403\" title=\"MATRA 110\" src=\"https:\/\/www.carpinteria-aluminio.cat\/wp-content\/uploads\/2012\/10\/matra.bmp\" alt=\"MATRA 110\" width=\"125\" height=\"150\" \/><\/a><\/p>\n<p style=\"text-align: center;\"><a href=\"https:\/\/www.carpinteria-aluminio.cat\/ca\/serie-corredera-matra-110-de-alugom-por-ponsico-s-c-p-para-carpinteria-de-aluminio-en-barcelona\/\" target=\"_blank\">MATRA 110<\/a><\/p>\n<p style=\"text-align: center;\"><\/div>\n<p style=\"text-align: center;\"><a href=\"https:\/\/www.carpinteria-aluminio.cat\/reparacion-y-mantenimiento\/\"><div class=\"column column_column one-third column-last\"><\/a><\/p>\n<p><a href=\"https:\/\/www.carpinteria-aluminio.cat\/wp-content\/uploads\/2012\/10\/SerieSilver76RPT.jpg\" target=\"_blank\"><img loading=\"lazy\" decoding=\"async\" class=\"alignnone size-thumbnail wp-image-1404\" title=\"S76RPT\" src=\"https:\/\/www.carpinteria-aluminio.cat\/wp-content\/uploads\/2012\/10\/SerieSilver76RPT-150x150.jpg\" alt=\"S76RPT\" width=\"150\" height=\"150\" \/><\/a><a href=\"https:\/\/www.carpinteria-aluminio.cat\/wp-content\/uploads\/2012\/10\/s76rpt1.bmp\" target=\"_blank\"><img loading=\"lazy\" decoding=\"async\" class=\"alignnone  wp-image-1405\" title=\"S76 RPT\" src=\"https:\/\/www.carpinteria-aluminio.cat\/wp-content\/uploads\/2012\/10\/s76rpt1.bmp\" alt=\"S76 RPT\" width=\"125\" height=\"150\" \/><\/a><\/p>\n<p style=\"text-align: center;\"><a href=\"https:\/\/www.carpinteria-aluminio.cat\/ca\/serie-corredera-s-76-de-alugom-por-ponsico-s-c-p-para-carpinteria-de-aluminio-en-barcelona\/\" target=\"_blank\">S 76 RPT<\/a><\/p>\n<p style=\"text-align: center;\"><\/div><\/div>\n<p style=\"text-align: center;\"><a href=\"https:\/\/www.carpinteria-aluminio.cat\/reparacion-y-mantenimiento\/\"><div class=\"wrap one\"><div class=\"column column_column one-third column-first\"><\/a><\/p>\n<p><a href=\"https:\/\/www.carpinteria-aluminio.cat\/wp-content\/uploads\/2012\/10\/SerieSilver76.jpg\" target=\"_blank\"><img loading=\"lazy\" decoding=\"async\" class=\"alignnone size-thumbnail wp-image-1406\" title=\"S76\" src=\"https:\/\/www.carpinteria-aluminio.cat\/wp-content\/uploads\/2012\/10\/SerieSilver76-150x150.jpg\" alt=\"S76\" width=\"150\" height=\"150\" \/><\/a><a href=\"https:\/\/www.carpinteria-aluminio.cat\/wp-content\/uploads\/2012\/10\/s76.bmp\" target=\"_blank\"><img loading=\"lazy\" decoding=\"async\" class=\"alignnone  wp-image-1407\" title=\"S76\" src=\"https:\/\/www.carpinteria-aluminio.cat\/wp-content\/uploads\/2012\/10\/s76.bmp\" alt=\"S76\" width=\"125\" height=\"150\" \/><\/a><\/p>\n<p style=\"text-align: center;\"><a href=\"https:\/\/www.carpinteria-aluminio.cat\/ca\/serie-corredera-s-76-de-alugom-por-ponsico-s-c-p-para-carpinteria-de-aluminio-en-barcelona\/\" target=\"_blank\">S 76<\/a><\/p>\n<p style=\"text-align: center;\"><\/div>\n<p style=\"text-align: center;\"><a href=\"https:\/\/www.carpinteria-aluminio.cat\/reparacion-y-mantenimiento\/\"><div class=\"column column_column one-third column-inner\"><\/a><\/p>\n<p><a href=\"https:\/\/www.carpinteria-aluminio.cat\/wp-content\/uploads\/2012\/10\/A70.jpg\" target=\"_blank\"><img loading=\"lazy\" decoding=\"async\" class=\"size-thumbnail wp-image-2459 alignnone\" title=\"A70\" src=\"https:\/\/www.carpinteria-aluminio.cat\/wp-content\/uploads\/2012\/10\/A70-150x150.jpg\" alt=\"A70\" width=\"150\" height=\"150\" \/><\/a><a href=\"https:\/\/www.carpinteria-aluminio.cat\/wp-content\/uploads\/2012\/10\/a70.bmp\" target=\"_blank\"><img loading=\"lazy\" decoding=\"async\" class=\"alignnone  wp-image-1411\" title=\"A70\" src=\"https:\/\/www.carpinteria-aluminio.cat\/wp-content\/uploads\/2012\/10\/a70.bmp\" alt=\"A70\" width=\"125\" height=\"150\" \/><\/a><\/p>\n<p style=\"text-align: center;\"><a href=\"https:\/\/www.carpinteria-aluminio.cat\/ca\/serie-corredera-a-70-de-alugom-por-ponsico-s-c-p-para-carpinteria-de-aluminio-en-barcelona\/\" target=\"_blank\">A 70<\/a><\/p>\n<p style=\"text-align: center;\"><\/div>\n<p style=\"text-align: center;\"><a href=\"https:\/\/www.carpinteria-aluminio.cat\/reparacion-y-mantenimiento\/\"><div class=\"column column_column one-third column-last\"><\/a><\/p>\n<p><a href=\"https:\/\/www.carpinteria-aluminio.cat\/wp-content\/uploads\/2012\/10\/Serie300EUR1.jpg\" target=\"_blank\"><img loading=\"lazy\" decoding=\"async\" class=\"alignnone size-thumbnail wp-image-1412\" title=\"S300\" src=\"https:\/\/www.carpinteria-aluminio.cat\/wp-content\/uploads\/2012\/10\/Serie300EUR1-150x150.jpg\" alt=\"S300\" width=\"150\" height=\"150\" \/><\/a><a href=\"https:\/\/www.carpinteria-aluminio.cat\/wp-content\/uploads\/2012\/10\/300.bmp\" target=\"_blank\"><img loading=\"lazy\" decoding=\"async\" class=\"alignnone  wp-image-1413\" title=\"S300\" src=\"https:\/\/www.carpinteria-aluminio.cat\/wp-content\/uploads\/2012\/10\/300.bmp\" alt=\"S300\" width=\"125\" height=\"150\" \/><\/a><\/p>\n<p style=\"text-align: center;\"><a href=\"https:\/\/www.carpinteria-aluminio.cat\/ca\/serie-corredera-s-300-de-alugom-por-ponsico-s-c-p-para-carpinteria-de-aluminio-en-barcelona\/\" target=\"_blank\">S 300<\/a><\/p>\n<p style=\"text-align: center;\">\u00a0<\/div><\/div>\n<p style=\"text-align: center;\"><strong>PRACTICABLES:<\/strong><\/p>\n<p><a href=\"https:\/\/www.carpinteria-aluminio.cat\/reparacion-y-mantenimiento\/\"><div class=\"wrap one\"><div class=\"column column_column one-third column-first\"><\/a> <a href=\"https:\/\/www.carpinteria-aluminio.cat\/wp-content\/uploads\/2012\/10\/Imagen-13-1.jpg\" target=\"_blank\"><img loading=\"lazy\" decoding=\"async\" class=\" wp-image-4939 alignnone\" title=\"ALG 75 MAXIMA\" src=\"https:\/\/www.carpinteria-aluminio.cat\/wp-content\/uploads\/2012\/10\/Imagen-13-1-150x150.jpg\" alt=\"ALG 75 MAXIMA\" width=\"150\" height=\"150\" \/><\/a><a href=\"https:\/\/www.carpinteria-aluminio.cat\/wp-content\/uploads\/2012\/10\/Imagen-13-2.jpg\" target=\"_blank\"><img loading=\"lazy\" decoding=\"async\" class=\"wp-image-4940 alignnone\" style=\"margin: 2px;\" title=\"ALG 75 MAXIMA\" src=\"https:\/\/www.carpinteria-aluminio.cat\/wp-content\/uploads\/2012\/10\/Imagen-13-2-150x150.jpg\" alt=\"ALG 75 MAXIMA\" width=\"124\" height=\"150\" \/><\/a><\/p>\n<p style=\"text-align: center;\"><a href=\"https:\/\/www.carpinteria-aluminio.cat\/ca\/serie-practicable-premium-alg-75-maxima-de-alugom-por-ponsico-s-c-p-para-carpinteria-de-aluminio-en-barcelona\/\" target=\"_blank\">ALG 75 MAXIMA<\/a><\/p>\n<p style=\"text-align: center;\"><\/div>\n<p><a href=\"https:\/\/www.carpinteria-aluminio.cat\/reparacion-y-mantenimiento\/\"><div class=\"column column_column one-third column-inner\"><\/a> <a href=\"https:\/\/www.carpinteria-aluminio.cat\/wp-content\/uploads\/2012\/10\/Imagen-12-2.jpg\" target=\"_blank\"><img loading=\"lazy\" decoding=\"async\" class=\" wp-image-4945\" title=\"ST 76 RPT\" src=\"https:\/\/www.carpinteria-aluminio.cat\/wp-content\/uploads\/2012\/10\/Imagen-12-2-150x150.jpg\" alt=\"ST 76 RPT\" width=\"150\" height=\"150\" \/><\/a><a href=\"https:\/\/www.carpinteria-aluminio.cat\/wp-content\/uploads\/2012\/10\/Imagen-12-1.jpg\" target=\"_blank\"><img loading=\"lazy\" decoding=\"async\" class=\"wp-image-4942 alignnone\" style=\"margin: 2px;\" title=\"ST 76 RPT\" src=\"https:\/\/www.carpinteria-aluminio.cat\/wp-content\/uploads\/2012\/10\/Imagen-12-1-150x150.jpg\" alt=\"ST 76 RPT\" width=\"124\" height=\"150\" \/><\/a><\/p>\n<p style=\"text-align: center;\"><a href=\"https:\/\/www.carpinteria-aluminio.cat\/ca\/serie-practicable-gama-premium-st-76-rpt-de-alugom-por-ponsico-s-c-p-para-carpinteria-de-aluminio-en-barcelona\/\" target=\"_blank\">ST 76 RPT<\/a><\/p>\n<p style=\"text-align: center;\"><\/div>\n<p><a href=\"https:\/\/www.carpinteria-aluminio.cat\/reparacion-y-mantenimiento\/\"><div class=\"column column_column one-third column-last\"><\/a> <a href=\"https:\/\/www.carpinteria-aluminio.cat\/wp-content\/uploads\/2012\/10\/Imagen-10-2-1.jpg\" target=\"_blank\"><img loading=\"lazy\" decoding=\"async\" class=\" wp-image-4943\" title=\"ST 60 RPT CANAL 16\" src=\"https:\/\/www.carpinteria-aluminio.cat\/wp-content\/uploads\/2012\/10\/Imagen-10-2-1-150x150.jpg\" alt=\"ST 60 RPT CANAL 16\" width=\"150\" height=\"150\" \/><\/a><a href=\"https:\/\/www.carpinteria-aluminio.cat\/wp-content\/uploads\/2012\/10\/Imagen-10-1.jpg\" target=\"_blank\"><img loading=\"lazy\" decoding=\"async\" class=\"wp-image-4944 alignnone\" style=\"margin: 2px;\" title=\"ST 60 RPT CANAL 16\" src=\"https:\/\/www.carpinteria-aluminio.cat\/wp-content\/uploads\/2012\/10\/Imagen-10-1-150x150.jpg\" alt=\"ST 60 RPT CANAL 16\" width=\"124\" height=\"150\" \/><\/a><\/p>\n<p style=\"text-align: center;\"><a href=\"https:\/\/www.carpinteria-aluminio.cat\/ca\/serie-practicable-gama-premium-st-60-rpt-canal-16-de-alugom-por-ponsico-s-c-p-para-carpinteria-de-aluminio-en-barcelona\/\" target=\"_blank\">ST 60 RPT CANAL 16<\/a><\/p>\n<p style=\"text-align: center;\"><\/div><\/div>\n<p style=\"text-align: center;\"><a href=\"https:\/\/www.carpinteria-aluminio.cat\/reparacion-y-mantenimiento\/\"><div class=\"wrap one\"><div class=\"column column_column one-third column-first\"><\/a> <a href=\"https:\/\/www.carpinteria-aluminio.cat\/wp-content\/uploads\/2012\/10\/madera56.jpg\" target=\"_blank\"><img loading=\"lazy\" decoding=\"async\" class=\"alignnone size-thumbnail wp-image-1427\" title=\"NOBILE ALUMINI-FUSTA\" src=\"https:\/\/www.carpinteria-aluminio.cat\/wp-content\/uploads\/2012\/10\/madera56-150x150.jpg\" alt=\"NOBILE ALUMINI-FUSTA\" width=\"150\" height=\"150\" \/><\/a><a href=\"https:\/\/www.carpinteria-aluminio.cat\/wp-content\/uploads\/2012\/10\/aluminio-madera1.bmp\" target=\"_blank\"><img loading=\"lazy\" decoding=\"async\" class=\"alignnone  wp-image-1428\" title=\"NOBILE ALUMINI-FUSTA\" src=\"https:\/\/www.carpinteria-aluminio.cat\/wp-content\/uploads\/2012\/10\/aluminio-madera1.bmp\" alt=\"NOBILE ALUMINI-FUSTA\" width=\"125\" height=\"150\" \/><\/a><\/p>\n<p style=\"text-align: center;\"><a href=\"https:\/\/www.carpinteria-aluminio.cat\/ca\/serie-practicable-nobile-aluminiomadera-de-alugom-por-ponsico-s-c-p-para-carpinteria-de-aluminio-en-barcelona\/\" target=\"_blank\">NOBILE ALUMINI-FUSTA<\/a><\/p>\n<p><\/div> <a href=\"https:\/\/www.carpinteria-aluminio.cat\/reparacion-y-mantenimiento\/\"><div class=\"column column_column one-third column-inner\"><\/a> <a href=\"https:\/\/www.carpinteria-aluminio.cat\/wp-content\/uploads\/2012\/10\/SerieStilo60RPTL.jpg\" target=\"_blank\"><img loading=\"lazy\" decoding=\"async\" class=\"alignnone size-thumbnail wp-image-1416\" title=\"STILO 60 RPT\" src=\"https:\/\/www.carpinteria-aluminio.cat\/wp-content\/uploads\/2012\/10\/SerieStilo60RPTL-150x150.jpg\" alt=\"STILO 60 RPT\" width=\"150\" height=\"150\" \/><\/a><a href=\"https:\/\/www.carpinteria-aluminio.cat\/wp-content\/uploads\/2012\/10\/s60rpt.bmp\" target=\"_blank\"><img loading=\"lazy\" decoding=\"async\" class=\"alignnone  wp-image-1417\" title=\"STILO 60RPT\" src=\"https:\/\/www.carpinteria-aluminio.cat\/wp-content\/uploads\/2012\/10\/s60rpt.bmp\" alt=\"STILO 60 RPT\" width=\"125\" height=\"150\" \/><\/a><\/p>\n<p style=\"text-align: center;\"><a href=\"https:\/\/www.carpinteria-aluminio.cat\/ca\/serie-practicable-stilo-60-rpt-de-alugom-por-ponsico-s-c-p-para-carpinteria-de-aluminio-en-barcelona\/\" target=\"_blank\">STILO 60 RPT<\/a><\/p>\n<p><\/div> <a href=\"https:\/\/www.carpinteria-aluminio.cat\/reparacion-y-mantenimiento\/\"><div class=\"column column_column one-third column-last\"><\/a> <a href=\"https:\/\/www.carpinteria-aluminio.cat\/wp-content\/uploads\/2012\/10\/SerieStilo60.jpg\" target=\"_blank\"><img loading=\"lazy\" decoding=\"async\" class=\"alignnone size-thumbnail wp-image-1418\" title=\"STILO 60\" src=\"https:\/\/www.carpinteria-aluminio.cat\/wp-content\/uploads\/2012\/10\/SerieStilo60-150x150.jpg\" alt=\"STILO 60\" width=\"150\" height=\"150\" \/><\/a><a href=\"https:\/\/www.carpinteria-aluminio.cat\/wp-content\/uploads\/2012\/10\/s60.bmp\" target=\"_blank\"><img loading=\"lazy\" decoding=\"async\" class=\"alignnone  wp-image-1419\" title=\"STILO 60\" src=\"https:\/\/www.carpinteria-aluminio.cat\/wp-content\/uploads\/2012\/10\/s60.bmp\" alt=\"STILO 60\" width=\"125\" height=\"150\" \/><\/a><\/p>\n<p style=\"text-align: center;\"><a href=\"https:\/\/www.carpinteria-aluminio.cat\/ca\/serie-practicable-stilo-60-rpt-de-alugom-por-ponsico-s-c-p-para-carpinteria-de-aluminio-en-barcelona\/\" target=\"_blank\">STILO 60<\/a><\/p>\n<p><\/div><\/div> <a href=\"https:\/\/www.carpinteria-aluminio.cat\/reparacion-y-mantenimiento\/\"><div class=\"wrap one\"><div class=\"column column_column one-third column-first\"><\/a> <a href=\"https:\/\/www.carpinteria-aluminio.cat\/wp-content\/uploads\/2012\/10\/SerieStilo50RPT.jpg\" target=\"_blank\"><img loading=\"lazy\" decoding=\"async\" class=\"alignnone size-thumbnail wp-image-1420\" title=\"STILO 50 RPT\" src=\"https:\/\/www.carpinteria-aluminio.cat\/wp-content\/uploads\/2012\/10\/SerieStilo50RPT-150x150.jpg\" alt=\"STILO 50 RPT\" width=\"150\" height=\"150\" \/><\/a><a href=\"https:\/\/www.carpinteria-aluminio.cat\/wp-content\/uploads\/2012\/10\/STILO-50-RPT.bmp\" target=\"_blank\"><img loading=\"lazy\" decoding=\"async\" class=\"alignnone  wp-image-1421\" title=\"STILO 50 RPT\" src=\"https:\/\/www.carpinteria-aluminio.cat\/wp-content\/uploads\/2012\/10\/STILO-50-RPT.bmp\" alt=\"STILO 50 RPT\" width=\"125\" height=\"150\" \/><\/a><\/p>\n<p style=\"text-align: center;\"><a href=\"https:\/\/www.carpinteria-aluminio.cat\/ca\/serie-stilo-50-de-alugom-por-ponsico-s-c-p-en-la-carpinteria-de-aluminio\/\" target=\"_blank\">STILO 50 RPT<\/a><\/p>\n<p><\/div> <a href=\"https:\/\/www.carpinteria-aluminio.cat\/reparacion-y-mantenimiento\/\"><div class=\"column column_column one-third column-inner\"><\/a> <a href=\"https:\/\/www.carpinteria-aluminio.cat\/wp-content\/uploads\/2012\/10\/SerieStilo50.jpg\" target=\"_blank\"><img loading=\"lazy\" decoding=\"async\" class=\"alignnone size-thumbnail wp-image-1422\" title=\"STILO 50\" src=\"https:\/\/www.carpinteria-aluminio.cat\/wp-content\/uploads\/2012\/10\/SerieStilo50-150x150.jpg\" alt=\"STILO 50\" width=\"150\" height=\"150\" \/><\/a><a href=\"https:\/\/www.carpinteria-aluminio.cat\/wp-content\/uploads\/2012\/10\/STILO-50.bmp\" target=\"_blank\"><img loading=\"lazy\" decoding=\"async\" class=\"alignnone  wp-image-1423\" title=\"STILO 50\" src=\"https:\/\/www.carpinteria-aluminio.cat\/wp-content\/uploads\/2012\/10\/STILO-50.bmp\" alt=\"STILO 50\" width=\"125\" height=\"150\" \/><\/a><\/p>\n<p style=\"text-align: center;\"><a href=\"https:\/\/www.carpinteria-aluminio.cat\/ca\/serie-stilo-50-de-alugom-por-ponsico-s-c-p-en-la-carpinteria-de-aluminio\/\" target=\"_blank\">STILO 50<\/a><\/p>\n<p><\/div> <a href=\"https:\/\/www.carpinteria-aluminio.cat\/reparacion-y-mantenimiento\/\"><div class=\"column column_column one-third column-last\"><\/a> <a href=\"https:\/\/www.carpinteria-aluminio.cat\/wp-content\/uploads\/2012\/10\/serie350.jpg\" target=\"_blank\"><img loading=\"lazy\" decoding=\"async\" class=\"alignnone size-thumbnail wp-image-1424\" title=\"S 350\" src=\"https:\/\/www.carpinteria-aluminio.cat\/wp-content\/uploads\/2012\/10\/serie350-150x150.jpg\" alt=\"S 350\" width=\"150\" height=\"150\" \/><\/a><a href=\"https:\/\/www.carpinteria-aluminio.cat\/wp-content\/uploads\/2012\/10\/350.bmp\" target=\"_blank\"><img loading=\"lazy\" decoding=\"async\" class=\"alignnone  wp-image-1425\" title=\"S 350\" src=\"https:\/\/www.carpinteria-aluminio.cat\/wp-content\/uploads\/2012\/10\/350.bmp\" alt=\"S 350\" width=\"125\" height=\"150\" \/><\/a><\/p>\n<p style=\"text-align: center;\"><a href=\"https:\/\/www.carpinteria-aluminio.cat\/ca\/serie-practicable-s-350-de-alugom-por-ponsico-s-c-p-para-carpinteria-de-aluminio-en-barcelona\/\" target=\"_blank\">S 350<\/a><\/p>\n<p><\/div><\/div> Inclogui el tipus d&#8217;<strong>ACABAT<\/strong> a la perfileria: A la Fusteria d&#8217;Alumini Ponsico oferim els seg\u00fcents acabats:<\/p>\n<div id=\"attachment_1607\" style=\"width: 284px\" class=\"wp-caption alignleft\"><a href=\"https:\/\/www.carpinteria-aluminio.cat\/wp-content\/uploads\/2012\/10\/IMG_1547_resized_1.jpg\" target=\"_blank\"><img loading=\"lazy\" decoding=\"async\" aria-describedby=\"caption-attachment-1607\" class=\" wp-image-1607   \" style=\"margin: 0px; border: 0px;\" title=\"Mostrari lacat colors RAL\" src=\"https:\/\/www.carpinteria-aluminio.cat\/wp-content\/uploads\/2012\/10\/IMG_1547_resized_1-300x200.jpg\" alt=\"Mostrari lacat colors RAL\" width=\"274\" height=\"200\" \/><\/a><p id=\"caption-attachment-1607\" class=\"wp-caption-text\">Mostrari lacat colors RAL<\/p><\/div>\n<div id=\"attachment_1285\" style=\"width: 284px\" class=\"wp-caption alignleft\"><a href=\"https:\/\/www.carpinteria-aluminio.cat\/wp-content\/uploads\/2013\/02\/IMG_0071.jpg\" target=\"_blank\"><img loading=\"lazy\" decoding=\"async\" aria-describedby=\"caption-attachment-1285\" class=\" wp-image-1285  \" style=\"margin: 0px; border: 0px;\" title=\"Mostrari lacat fusta\" src=\"https:\/\/www.carpinteria-aluminio.cat\/wp-content\/uploads\/2013\/02\/IMG_0071-300x200.jpg\" alt=\"Mostrari lacat fusta\" width=\"274\" height=\"200\" \/><\/a><p id=\"caption-attachment-1285\" class=\"wp-caption-text\">Mostrari lacat fusta<\/p><\/div>\n<div id=\"attachment_2243\" style=\"width: 285px\" class=\"wp-caption alignleft\"><a href=\"https:\/\/www.carpinteria-aluminio.cat\/wp-content\/uploads\/2012\/10\/20130325_132646_resized.jpg\" target=\"_blank\"><img loading=\"lazy\" decoding=\"async\" aria-describedby=\"caption-attachment-2243\" class=\"wp-image-2243   \" style=\"margin: 0px; border: 0px;\" title=\"Mostra de anoditzat: plata, inox, bronze i negre.\" src=\"https:\/\/www.carpinteria-aluminio.cat\/wp-content\/uploads\/2012\/10\/20130325_132646_resized-300x225.jpg\" alt=\"Mostra de anoditzat: plata, inox, bronze i negre.\" width=\"275\" height=\"200\" \/><\/a><p id=\"caption-attachment-2243\" class=\"wp-caption-text\">Mostra de anoditzat: plata, inox, bronze i negre.<\/p><\/div>\n<p style=\"text-align: justify;\">Converteixi la seva porta o finestra d&#8217;alumini en cl\u00e0ssica o moderna, en funci\u00f3 del tipus d&#8217;acabat aplicable a l&#8217;alumini, ja sigui lacat fusta o lacat RAL llis, triant el color que m\u00e9s li agradi, per compaginar perfectament amb el disseny de la seva llar. O dotar la seva estructura exterior d&#8217;alumini de la magn\u00edfica resist\u00e8ncia que ofereixen els anoditzats, i seleccioneu el color que m\u00e9s li agradi. A la Fusteria d&#8217;Alumini Ponsico oferim els seg\u00fcents tipus d&#8217;acabats:<\/p>\n<p style=\"text-align: justify;\"><a href=\"http:\/\/www.instaladoresonline.com\/colores_ral.html\" target=\"_blank\"><strong>LACAT COLORS RAL<\/strong>:<\/a>\u00a0\u00c9s possible triar entre una \u00e0mplia gamma de lacats, seleccionant un nombre de la carta anomenada &#8220;RAL&#8221; que equival a un color concret. El tractament dels perfils es fa en plantes de lacat al forn sota estrictes normes de qualitat, aquestes normes fixen una s\u00e8rie d&#8217;exig\u00e8ncies t\u00e8cniques perqu\u00e8 el proc\u00e9s del lacat de l&#8217;alumini s&#8217;efectu\u00ef amb total garantia. El lacat al forn t\u00e9 10 anys de garantia, encara que en la pr\u00e0ctica s\u00f3n molts m\u00e9s els anys de durada. A continuaci\u00f3 li mostrem els lacats color RAL m\u00e9s utilitzats, dins d&#8217;una extensa gamma:<\/p>\n<p style=\"text-align: center;\"><div class=\"wrap one\"><div class=\"column column_column one-fourth column-first\"><\/p>\n<div id=\"attachment_3868\" style=\"width: 190px\" class=\"wp-caption alignleft\"><img loading=\"lazy\" decoding=\"async\" aria-describedby=\"caption-attachment-3868\" class=\" wp-image-3868          \" title=\"RAL 1021\" src=\"https:\/\/www.carpinteria-aluminio.cat\/wp-content\/uploads\/2012\/10\/2013-12-05-17-45-05-2-150x150.png\" alt=\"RAL 1021\" width=\"180\" height=\"180\" \/><p id=\"caption-attachment-3868\" class=\"wp-caption-text\">RAL 1021<\/p><\/div>\n<p><\/div>\n<p style=\"text-align: center;\"><div class=\"column column_column one-fourth column-inner\"><\/p>\n<div id=\"attachment_3869\" style=\"width: 190px\" class=\"wp-caption alignleft\"><img loading=\"lazy\" decoding=\"async\" aria-describedby=\"caption-attachment-3869\" class=\" wp-image-3869         \" title=\"RAL 3011\" src=\"https:\/\/www.carpinteria-aluminio.cat\/wp-content\/uploads\/2012\/10\/2013-12-05-17-45-05-4-150x150.png\" alt=\"RAL 3011\" width=\"180\" height=\"180\" \/><p id=\"caption-attachment-3869\" class=\"wp-caption-text\">RAL 3011<\/p><\/div>\n<p><\/div>\n<p style=\"text-align: center;\"><div class=\"column column_column one-fourth column-inner\"><\/p>\n<div id=\"attachment_3870\" style=\"width: 190px\" class=\"wp-caption alignleft\"><img loading=\"lazy\" decoding=\"async\" aria-describedby=\"caption-attachment-3870\" class=\" wp-image-3870         \" title=\"RAL 5010\" src=\"https:\/\/www.carpinteria-aluminio.cat\/wp-content\/uploads\/2012\/10\/2013-12-05-17-45-05-5-150x150.png\" alt=\"RAL 5010\" width=\"180\" height=\"180\" srcset=\"https:\/\/www.carpinteria-aluminio.cat\/wp-content\/uploads\/2012\/10\/2013-12-05-17-45-05-5-150x150.png 150w, https:\/\/www.carpinteria-aluminio.cat\/wp-content\/uploads\/2012\/10\/2013-12-05-17-45-05-5.png 153w\" sizes=\"auto, (max-width:767px) 180px, 180px\" \/><p id=\"caption-attachment-3870\" class=\"wp-caption-text\">RAL 5010<\/p><\/div>\n<p><\/div>\n<p style=\"text-align: center;\"><div class=\"column column_column one-fourth column-last\"><\/p>\n<div id=\"attachment_3871\" style=\"width: 190px\" class=\"wp-caption alignleft\"><img loading=\"lazy\" decoding=\"async\" aria-describedby=\"caption-attachment-3871\" class=\" wp-image-3871         \" title=\"RAL 6005\" src=\"https:\/\/www.carpinteria-aluminio.cat\/wp-content\/uploads\/2012\/10\/2013-12-05-17-45-05-6.png\" alt=\"RAL 6005\" width=\"180\" height=\"180\" \/><p id=\"caption-attachment-3871\" class=\"wp-caption-text\">RAL 6005<\/p><\/div>\n<p><\/div><\/div>\n<p style=\"text-align: center;\"><div class=\"wrap one\"><div class=\"column column_column one-fourth column-first\"><\/p>\n<div id=\"attachment_3872\" style=\"width: 190px\" class=\"wp-caption alignleft\"><img loading=\"lazy\" decoding=\"async\" aria-describedby=\"caption-attachment-3872\" class=\" wp-image-3872 \" title=\"RAL 7016\" src=\"https:\/\/www.carpinteria-aluminio.cat\/wp-content\/uploads\/2012\/10\/2013-12-05-17-45-05-8-150x150.png\" alt=\"RAL 7016\" width=\"180\" height=\"180\" srcset=\"https:\/\/www.carpinteria-aluminio.cat\/wp-content\/uploads\/2012\/10\/2013-12-05-17-45-05-8-150x150.png 150w, https:\/\/www.carpinteria-aluminio.cat\/wp-content\/uploads\/2012\/10\/2013-12-05-17-45-05-8.png 155w\" sizes=\"auto, (max-width:767px) 180px, 180px\" \/><p id=\"caption-attachment-3872\" class=\"wp-caption-text\">RAL 7016<\/p><\/div>\n<p><\/div>\n<p style=\"text-align: center;\"><div class=\"column column_column one-fourth column-inner\"><\/p>\n<div id=\"attachment_3873\" style=\"width: 190px\" class=\"wp-caption alignleft\"><img loading=\"lazy\" decoding=\"async\" aria-describedby=\"caption-attachment-3873\" class=\" wp-image-3873 \" title=\"RAL 7021\" src=\"https:\/\/www.carpinteria-aluminio.cat\/wp-content\/uploads\/2012\/10\/2013-12-05-17-45-05-9-150x150.png\" alt=\"RAL 7021\" width=\"180\" height=\"180\" \/><p id=\"caption-attachment-3873\" class=\"wp-caption-text\">RAL 7021<\/p><\/div>\n<p><\/div>\n<p style=\"text-align: center;\"><div class=\"column column_column one-fourth column-inner\"><\/p>\n<div id=\"attachment_3874\" style=\"width: 190px\" class=\"wp-caption alignleft\"><img loading=\"lazy\" decoding=\"async\" aria-describedby=\"caption-attachment-3874\" class=\" wp-image-3874 \" title=\"RAL 9006\" src=\"https:\/\/www.carpinteria-aluminio.cat\/wp-content\/uploads\/2012\/10\/2013-12-05-17-45-18-2-150x150.png\" alt=\"RAL 9006\" width=\"180\" height=\"180\" \/><p id=\"caption-attachment-3874\" class=\"wp-caption-text\">RAL 9006<\/p><\/div>\n<p><\/div>\n<p style=\"text-align: center;\"><div class=\"column column_column one-fourth column-last\"><\/p>\n<div id=\"attachment_3875\" style=\"width: 190px\" class=\"wp-caption alignleft\"><img loading=\"lazy\" decoding=\"async\" aria-describedby=\"caption-attachment-3875\" class=\" wp-image-3875 \" title=\"RAL 7035\" src=\"https:\/\/www.carpinteria-aluminio.cat\/wp-content\/uploads\/2012\/10\/2013-12-05-17-45-18-3-150x150.png\" alt=\"RAL 7035\" width=\"180\" height=\"180\" srcset=\"https:\/\/www.carpinteria-aluminio.cat\/wp-content\/uploads\/2012\/10\/2013-12-05-17-45-18-3-150x150.png 150w, https:\/\/www.carpinteria-aluminio.cat\/wp-content\/uploads\/2012\/10\/2013-12-05-17-45-18-3.png 155w\" sizes=\"auto, (max-width:767px) 180px, 180px\" \/><p id=\"caption-attachment-3875\" class=\"wp-caption-text\">RAL 7035<\/p><\/div>\n<p><\/div><\/div>\n<p style=\"text-align: center;\"><div class=\"wrap one\"><div class=\"column column_column one-fourth column-first\"><\/p>\n<div id=\"attachment_3876\" style=\"width: 190px\" class=\"wp-caption alignleft\"><img loading=\"lazy\" decoding=\"async\" aria-describedby=\"caption-attachment-3876\" class=\" wp-image-3876  \" title=\"RAL 8014\" src=\"https:\/\/www.carpinteria-aluminio.cat\/wp-content\/uploads\/2012\/10\/2013-12-05-17-45-18-5-150x150.png\" alt=\"RAL 8014\" width=\"180\" height=\"180\" \/><p id=\"caption-attachment-3876\" class=\"wp-caption-text\">RAL 8014<\/p><\/div>\n<p><\/div>\n<p style=\"text-align: center;\"><div class=\"column column_column one-fourth column-inner\"><\/p>\n<div id=\"attachment_3877\" style=\"width: 190px\" class=\"wp-caption alignleft\"><img loading=\"lazy\" decoding=\"async\" aria-describedby=\"caption-attachment-3877\" class=\" wp-image-3877  \" title=\"RAL 8017\" src=\"https:\/\/www.carpinteria-aluminio.cat\/wp-content\/uploads\/2012\/10\/2013-12-05-17-45-30-2-150x150.png\" alt=\"RAL 8017\" width=\"180\" height=\"180\" srcset=\"https:\/\/www.carpinteria-aluminio.cat\/wp-content\/uploads\/2012\/10\/2013-12-05-17-45-30-2-150x150.png 150w, https:\/\/www.carpinteria-aluminio.cat\/wp-content\/uploads\/2012\/10\/2013-12-05-17-45-30-2.png 156w\" sizes=\"auto, (max-width:767px) 180px, 180px\" \/><p id=\"caption-attachment-3877\" class=\"wp-caption-text\">RAL 8017<\/p><\/div>\n<p><\/div>\n<p style=\"text-align: center;\"><div class=\"column column_column one-fourth column-inner\"><\/p>\n<div id=\"attachment_3879\" style=\"width: 190px\" class=\"wp-caption alignleft\"><img loading=\"lazy\" decoding=\"async\" aria-describedby=\"caption-attachment-3879\" class=\" wp-image-3879 \" title=\"RAL 6200\" src=\"https:\/\/www.carpinteria-aluminio.cat\/wp-content\/uploads\/2012\/10\/2013-12-05-17-45-30-7-150x150.png\" alt=\"RAL 6200\" width=\"180\" height=\"180\" \/><p id=\"caption-attachment-3879\" class=\"wp-caption-text\">RAL 6200<\/p><\/div>\n<p><\/div>\n<p style=\"text-align: center;\"><div class=\"column column_column one-fourth column-last\"><\/p>\n<div id=\"attachment_3882\" style=\"width: 190px\" class=\"wp-caption alignleft\"><img loading=\"lazy\" decoding=\"async\" aria-describedby=\"caption-attachment-3882\" class=\" wp-image-3882 \" title=\"RAL 9016\" src=\"https:\/\/www.carpinteria-aluminio.cat\/wp-content\/uploads\/2012\/10\/2013-12-05-17-46-29-1-150x150.png\" alt=\"RAL 9016\" width=\"180\" height=\"180\" srcset=\"https:\/\/www.carpinteria-aluminio.cat\/wp-content\/uploads\/2012\/10\/2013-12-05-17-46-29-1-150x150.png 150w, https:\/\/www.carpinteria-aluminio.cat\/wp-content\/uploads\/2012\/10\/2013-12-05-17-46-29-1.png 171w\" sizes=\"auto, (max-width:767px) 180px, 180px\" \/><p id=\"caption-attachment-3882\" class=\"wp-caption-text\">RAL 9016<\/p><\/div>\n<p><\/div><\/div>\n<p style=\"text-align: justify;\"><strong>LACAT FUSTA<\/strong>:\u00a0S&#8217;aplica al perfil una capa normal de lacat base i posteriorment se li s&#8217;adhereix una pel\u00b7l\u00edcula decorativa mitjan\u00e7ant calor, imitant diferents tipus de fustes, obtenint un resultat pr\u00e0cticament igual al de la fusta natural. Podem triar lacat fusta llis, semblant a la fusta natural polida i envernissada, i lacat fusta texturat, el qual imita la fusta natural envernissada sense polir, \u00e9s a dir m\u00e9s aspre\u00a0al tacte. Si decoreu la llar amb aquest tipus de lacat, aportar\u00e0 calidesa i decoraci\u00f3. El lacat al forn t\u00e9 10 anys de garantia, encara que en la pr\u00e0ctica s\u00f3n molts m\u00e9s els anys de durada. A continuaci\u00f3 li mostrem alguns dels tipus de lacat fusta m\u00e9s comuns:<\/p>\n<p style=\"text-align: center;\"><div class=\"wrap one\"><div class=\"column column_column one-fourth column-first\"><\/p>\n<div id=\"attachment_3885\" style=\"width: 190px\" class=\"wp-caption alignleft\"><img loading=\"lazy\" decoding=\"async\" aria-describedby=\"caption-attachment-3885\" class=\" wp-image-3885 \" title=\"PI NUS\" src=\"https:\/\/www.carpinteria-aluminio.cat\/wp-content\/uploads\/2012\/10\/2013-12-05-18-07-28-1-150x150.png\" alt=\"PI NUS\" width=\"180\" height=\"180\" \/><p id=\"caption-attachment-3885\" class=\"wp-caption-text\">PI NUS<\/p><\/div>\n<p><\/div>\n<p style=\"text-align: center;\"><div class=\"column column_column one-fourth column-inner\"><\/p>\n<div id=\"attachment_3886\" style=\"width: 190px\" class=\"wp-caption alignleft\"><img loading=\"lazy\" decoding=\"async\" aria-describedby=\"caption-attachment-3886\" class=\" wp-image-3886 \" title=\"PI CLAR\" src=\"https:\/\/www.carpinteria-aluminio.cat\/wp-content\/uploads\/2012\/10\/2013-12-05-17-44-17-1-150x150.png\" alt=\"PI CLAR\" width=\"180\" height=\"180\" \/><p id=\"caption-attachment-3886\" class=\"wp-caption-text\">PI CLAR<\/p><\/div>\n<p><\/div>\n<p style=\"text-align: center;\"><div class=\"column column_column one-fourth column-inner\"><\/p>\n<div id=\"attachment_3887\" style=\"width: 190px\" class=\"wp-caption alignleft\"><img loading=\"lazy\" decoding=\"async\" aria-describedby=\"caption-attachment-3887\" class=\" wp-image-3887 \" title=\"FREIXA\" src=\"https:\/\/www.carpinteria-aluminio.cat\/wp-content\/uploads\/2012\/10\/2013-12-05-17-44-17-2-150x150.png\" alt=\"FREIXA\" width=\"180\" height=\"180\" \/><p id=\"caption-attachment-3887\" class=\"wp-caption-text\">FREIXA<\/p><\/div>\n<p><\/div>\n<p style=\"text-align: center;\"><div class=\"column column_column one-fourth column-last\"><\/p>\n<div id=\"attachment_3888\" style=\"width: 190px\" class=\"wp-caption alignleft\"><img loading=\"lazy\" decoding=\"async\" aria-describedby=\"caption-attachment-3888\" class=\" wp-image-3888 \" title=\"NOGUERA\" src=\"https:\/\/www.carpinteria-aluminio.cat\/wp-content\/uploads\/2012\/10\/2013-12-05-17-44-17-3-150x150.png\" alt=\"NOGUERA\" width=\"180\" height=\"180\" \/><p id=\"caption-attachment-3888\" class=\"wp-caption-text\">NOGUERA<\/p><\/div>\n<p><\/div><\/div>\n<p style=\"text-align: center;\"><div class=\"wrap one\"><div class=\"column column_column one-fourth column-first\"><\/p>\n<div id=\"attachment_3892\" style=\"width: 190px\" class=\"wp-caption alignleft\"><img loading=\"lazy\" decoding=\"async\" aria-describedby=\"caption-attachment-3892\" class=\" wp-image-3892 \" title=\"TEKA TEXTURA\" src=\"https:\/\/www.carpinteria-aluminio.cat\/wp-content\/uploads\/2012\/10\/2013-12-05-17-44-17-4-150x150.png\" alt=\"TEKA TEXTURA\" width=\"180\" height=\"180\" \/><p id=\"caption-attachment-3892\" class=\"wp-caption-text\">TEKA TEXTURA<\/p><\/div>\n<p><\/div>\n<p style=\"text-align: center;\"><div class=\"column column_column one-fourth column-inner\"><\/p>\n<div id=\"attachment_3900\" style=\"width: 190px\" class=\"wp-caption alignleft\"><img loading=\"lazy\" decoding=\"async\" aria-describedby=\"caption-attachment-3900\" class=\" wp-image-3900 \" title=\"TEKA LLIS\" src=\"https:\/\/www.carpinteria-aluminio.cat\/wp-content\/uploads\/2012\/10\/2013-12-05-17-44-31-1-150x150.png\" alt=\"TEKA LLIS\" width=\"180\" height=\"180\" \/><p id=\"caption-attachment-3900\" class=\"wp-caption-text\">TEKA LLIS<\/p><\/div>\n<p><\/div>\n<p style=\"text-align: center;\"><div class=\"column column_column one-fourth column-inner\"><\/p>\n<div id=\"attachment_3894\" style=\"width: 190px\" class=\"wp-caption alignleft\"><img loading=\"lazy\" decoding=\"async\" aria-describedby=\"caption-attachment-3894\" class=\" wp-image-3894\" title=\"SAPELLY\" src=\"https:\/\/www.carpinteria-aluminio.cat\/wp-content\/uploads\/2012\/10\/2013-12-05-17-44-17-51-150x150.png\" alt=\"SAPELLY\" width=\"180\" height=\"180\" \/><p id=\"caption-attachment-3894\" class=\"wp-caption-text\">SAPELLY<\/p><\/div>\n<p><\/div>\n<p style=\"text-align: center;\"><div class=\"column column_column one-fourth column-last\"><\/p>\n<div id=\"attachment_3895\" style=\"width: 190px\" class=\"wp-caption alignleft\"><img loading=\"lazy\" decoding=\"async\" aria-describedby=\"caption-attachment-3895\" class=\" wp-image-3895 \" title=\"CIRERER\" src=\"https:\/\/www.carpinteria-aluminio.cat\/wp-content\/uploads\/2012\/10\/2013-12-05-17-44-17-6-150x150.png\" alt=\"CIRERER\" width=\"180\" height=\"180\" \/><p id=\"caption-attachment-3895\" class=\"wp-caption-text\">CIRERER<\/p><\/div>\n<p><\/div><\/div>\n<p style=\"text-align: center;\"><div class=\"wrap one\"><div class=\"column column_column one-fourth column-first\"><\/p>\n<div id=\"attachment_3896\" style=\"width: 190px\" class=\"wp-caption alignleft\"><img loading=\"lazy\" decoding=\"async\" aria-describedby=\"caption-attachment-3896\" class=\" wp-image-3896 \" title=\"ROURE\" src=\"https:\/\/www.carpinteria-aluminio.cat\/wp-content\/uploads\/2012\/10\/2013-12-05-17-44-17-7-150x150.png\" alt=\"ROURE\" width=\"180\" height=\"180\" srcset=\"https:\/\/www.carpinteria-aluminio.cat\/wp-content\/uploads\/2012\/10\/2013-12-05-17-44-17-7-150x150.png 150w, https:\/\/www.carpinteria-aluminio.cat\/wp-content\/uploads\/2012\/10\/2013-12-05-17-44-17-7.png 194w\" sizes=\"auto, (max-width:767px) 180px, 180px\" \/><p id=\"caption-attachment-3896\" class=\"wp-caption-text\">ROURE<\/p><\/div>\n<p><\/div>\n<p style=\"text-align: center;\"><div class=\"column column_column one-fourth column-inner\"><\/p>\n<div id=\"attachment_3897\" style=\"width: 190px\" class=\"wp-caption alignleft\"><img loading=\"lazy\" decoding=\"async\" aria-describedby=\"caption-attachment-3897\" class=\" wp-image-3897 \" title=\"OM\" src=\"https:\/\/www.carpinteria-aluminio.cat\/wp-content\/uploads\/2012\/10\/2013-12-05-17-44-31-5-150x150.png\" alt=\"OM\" width=\"180\" height=\"180\" srcset=\"https:\/\/www.carpinteria-aluminio.cat\/wp-content\/uploads\/2012\/10\/2013-12-05-17-44-31-5-150x150.png 150w, https:\/\/www.carpinteria-aluminio.cat\/wp-content\/uploads\/2012\/10\/2013-12-05-17-44-31-5.png 197w\" sizes=\"auto, (max-width:767px) 180px, 180px\" \/><p id=\"caption-attachment-3897\" class=\"wp-caption-text\">OM<\/p><\/div>\n<p><\/div>\n<p style=\"text-align: center;\"><div class=\"column column_column one-fourth column-inner\"><\/p>\n<div id=\"attachment_3898\" style=\"width: 190px\" class=\"wp-caption alignleft\"><img loading=\"lazy\" decoding=\"async\" aria-describedby=\"caption-attachment-3898\" class=\" wp-image-3898 \" title=\"CASTANYER\" src=\"https:\/\/www.carpinteria-aluminio.cat\/wp-content\/uploads\/2012\/10\/2013-12-05-17-44-31-6-150x150.png\" alt=\"CASTANYER\" width=\"180\" height=\"180\" \/><p id=\"caption-attachment-3898\" class=\"wp-caption-text\">CASTANYER<\/p><\/div>\n<p><\/div>\n<p style=\"text-align: center;\"><div class=\"column column_column one-fourth column-last\"><\/p>\n<div id=\"attachment_3899\" style=\"width: 190px\" class=\"wp-caption alignleft\"><img loading=\"lazy\" decoding=\"async\" aria-describedby=\"caption-attachment-3899\" class=\" wp-image-3899\" title=\"EMBERO\" src=\"https:\/\/www.carpinteria-aluminio.cat\/wp-content\/uploads\/2012\/10\/2013-12-05-17-44-31-7-150x150.png\" alt=\"EMBERO\" width=\"180\" height=\"180\" \/><p id=\"caption-attachment-3899\" class=\"wp-caption-text\">EMBERO<\/p><\/div>\n<p><\/div><\/div>\n<p style=\"text-align: justify;\"><strong>ANODITZATS<\/strong>:\u00a0A difer\u00e8ncia del lacat, l&#8217;anoditzat \u00e9s una t\u00e8cnica que es sol emprar sobre l&#8217;alumini per generar una capa de protecci\u00f3 artificial mitjan\u00e7ant l&#8217;\u00f2xid protector de l&#8217;alumini, conegut com al\u00famina. La capa s&#8217;aconsegueix per mitj\u00e0 de procediments electroqu\u00edmics, i proporciona una major resist\u00e8ncia i durabilitat, convertint al material pr\u00e0cticament impassible al llarg dels anys. \u00c9s molt recomanable per a habitatges a primera l\u00ednia de mar on el salnitre o la cal\u00e7 pogu\u00e9s deteriorar les finestres. A continuaci\u00f3 li mostrem alguns dels tipus d&#8217;anoditzats m\u00e9s comuns:<\/p>\n<p style=\"text-align: center;\"><div class=\"wrap one\"><div class=\"column column_column one-fourth column-first\"><\/p>\n<div id=\"attachment_3902\" style=\"width: 190px\" class=\"wp-caption alignleft\"><img decoding=\"async\" aria-describedby=\"caption-attachment-3902\" class=\" wp-image-3902\" title=\"INOX\" src=\"https:\/\/www.carpinteria-aluminio.cat\/wp-content\/uploads\/2012\/10\/2013-12-05-18-13-09-1-150x150.png\" alt=\"INOX\" width=\"180\" height=\"\" \/><p id=\"caption-attachment-3902\" class=\"wp-caption-text\">INOX<\/p><\/div>\n<p><\/div>\n<p style=\"text-align: center;\"><div class=\"column column_column one-fourth column-inner\"><\/p>\n<div id=\"attachment_3903\" style=\"width: 190px\" class=\"wp-caption alignleft\"><img loading=\"lazy\" decoding=\"async\" aria-describedby=\"caption-attachment-3903\" class=\" wp-image-3903\" title=\"PLATA\" src=\"https:\/\/www.carpinteria-aluminio.cat\/wp-content\/uploads\/2012\/10\/2013-12-05-18-13-09-2-150x150.png\" alt=\"PLATA\" width=\"180\" height=\"180\" \/><p id=\"caption-attachment-3903\" class=\"wp-caption-text\">PLATA<\/p><\/div>\n<p><\/div>\n<p style=\"text-align: center;\"><div class=\"column column_column one-fourth column-inner\"><\/p>\n<div id=\"attachment_3904\" style=\"width: 190px\" class=\"wp-caption alignleft\"><img loading=\"lazy\" decoding=\"async\" aria-describedby=\"caption-attachment-3904\" class=\" wp-image-3904 \" title=\"BRONZE\" src=\"https:\/\/www.carpinteria-aluminio.cat\/wp-content\/uploads\/2012\/10\/2013-12-05-18-13-09-3-150x150.png\" alt=\"BRONZE\" width=\"180\" height=\"180\" \/><p id=\"caption-attachment-3904\" class=\"wp-caption-text\">BRONZE<\/p><\/div>\n<p><\/div>\n<p style=\"text-align: center;\"><div class=\"column column_column one-fourth column-last\"><\/p>\n<div id=\"attachment_3905\" style=\"width: 190px\" class=\"wp-caption alignleft\"><img loading=\"lazy\" decoding=\"async\" aria-describedby=\"caption-attachment-3905\" class=\" wp-image-3905 \" title=\"COURE\" src=\"https:\/\/www.carpinteria-aluminio.cat\/wp-content\/uploads\/2012\/10\/2013-12-05-18-13-23-1-150x150.png\" alt=\"COURE\" width=\"180\" height=\"180\" \/><p id=\"caption-attachment-3905\" class=\"wp-caption-text\">COURE<\/p><\/div>\n<p><\/div><\/div>\n<p style=\"text-align: center;\"><div class=\"wrap one\"><div class=\"column column_column one-fourth column-first\"><\/p>\n<div id=\"attachment_3906\" style=\"width: 190px\" class=\"wp-caption alignleft\"><img loading=\"lazy\" decoding=\"async\" aria-describedby=\"caption-attachment-3906\" class=\" wp-image-3906 \" title=\"NEGRE\" src=\"https:\/\/www.carpinteria-aluminio.cat\/wp-content\/uploads\/2012\/10\/2013-12-05-18-13-23-2-150x150.png\" alt=\"NEGRE\" width=\"180\" height=\"180\" \/><p id=\"caption-attachment-3906\" class=\"wp-caption-text\">NEGRE<\/p><\/div>\n<p><\/div>\n<p style=\"text-align: center;\"><div class=\"column column_column one-fourth column-inner\"><\/p>\n<div id=\"attachment_3907\" style=\"width: 190px\" class=\"wp-caption alignleft\"><img loading=\"lazy\" decoding=\"async\" aria-describedby=\"caption-attachment-3907\" class=\" wp-image-3907  \" title=\"BORDEUS\" src=\"https:\/\/www.carpinteria-aluminio.cat\/wp-content\/uploads\/2012\/10\/2013-12-05-18-13-23-3-150x150.png\" alt=\"BORDEUS\" width=\"180\" height=\"180\" \/><p id=\"caption-attachment-3907\" class=\"wp-caption-text\">BORDEUS<\/p><\/div>\n<p><\/div>\n<p style=\"text-align: center;\"><div class=\"column column_column one-fourth column-inner\"><\/p>\n<div id=\"attachment_3908\" style=\"width: 190px\" class=\"wp-caption alignleft\"><img loading=\"lazy\" decoding=\"async\" aria-describedby=\"caption-attachment-3908\" class=\" wp-image-3908 \" title=\"BLAU\" src=\"https:\/\/www.carpinteria-aluminio.cat\/wp-content\/uploads\/2012\/10\/2013-12-05-18-13-23-5-150x150.png\" alt=\"BLAU\" width=\"180\" height=\"180\" \/><p id=\"caption-attachment-3908\" class=\"wp-caption-text\">BLAU<\/p><\/div>\n<p><\/div>\n<p style=\"text-align: center;\"><div class=\"column column_column one-fourth column-last\"><\/p>\n<div id=\"attachment_3909\" style=\"width: 190px\" class=\"wp-caption alignleft\"><img loading=\"lazy\" decoding=\"async\" aria-describedby=\"caption-attachment-3909\" class=\" wp-image-3909 \" title=\"OR\" src=\"https:\/\/www.carpinteria-aluminio.cat\/wp-content\/uploads\/2012\/10\/2013-12-05-18-13-23-6-150x150.png\" alt=\"OR\" width=\"180\" height=\"180\" \/><p id=\"caption-attachment-3909\" class=\"wp-caption-text\">OR<\/p><\/div>\n<p><\/div><\/div> <strong>TIPUS DE MANETES PER TRIAR:<\/strong><\/p>\n<p style=\"text-align: justify;\"><span style=\"line-height: 1.5em;\">Existeixen diferents models i acabats de dispositius de maniobra a triar com a complement per dissenyar la finestra o porta al nostre gust. En funci\u00f3 del tipus de <a href=\"https:\/\/www.carpinteria-aluminio.cat\/ca\/servicios\/perfiles-ensayos-carpinteria-aluminio\/\" target=\"_blank\">s\u00e8rie <\/a>escollida, podrem adaptar un model o un altre. Els models EURO i PRIMA s\u00f3n els m\u00e9s utilitzats per a s\u00e8ries practicables convencionals, sent el model PRIMA m\u00e9s actual que l&#8217;EURO. La resta de models poden ser incorporats en portes i finestres amb canal 16 (s\u00e8ries especials per a ferramentes m\u00e9s evolucionades), com ara la s\u00e8rie <a href=\"https:\/\/www.carpinteria-aluminio.cat\/ca\/serie-practicable-nobile-aluminiomadera-de-alugom-por-ponsico-s-c-p-para-carpinteria-de-aluminio-en-barcelona\/\" target=\"_blank\">NOBILE ALUMINI-FUSTA<\/a>, i tamb\u00e9 en la nostra s\u00e8rie corredissa <a href=\"https:\/\/www.carpinteria-aluminio.cat\/ca\/serie-corredera-s-76-de-alugom-por-ponsico-s-c-p-para-carpinteria-de-aluminio-en-barcelona\/\" target=\"_blank\">S-76<\/a>. Les manetes premium es fabriquen en acer inoxidable, una soluci\u00f3 de qualitat per allargar la vida \u00fatil de les nostres ferramentes.<\/span><a href=\"https:\/\/www.carpinteria-aluminio.cat\/wp-content\/uploads\/2012\/10\/Imagen-6-1-1.jpg\" target=\"_blank\"><span style=\"line-height: 1.5em;\"><img loading=\"lazy\" decoding=\"async\" class=\" wp-image-4910       alignleft\" src=\"https:\/\/www.carpinteria-aluminio.cat\/wp-content\/uploads\/2012\/10\/Imagen-6-1-1-1024x606.jpg\" alt=\"\" width=\"930\" height=\"500\" \/><\/span><\/a><\/p>\n<p>\u00a0Trieu el tipus de <strong>VIDRE<\/strong> per poder complementar al seu gust el tancament: Per a obres en les que cal utilitzar vidre, posem a la vostra disposici\u00f3 la nostra experi\u00e8ncia treballant vidre Monol\u00edtic, vidre Laminat, vidre de cambra i vidre Temperat, tots ells amb les seves variants corresponents. Tipus de Vidres disponibles: <strong>1. Vidre monol\u00edtic:<\/strong> Aquest tipus de vidre \u00e9s de composici\u00f3 simple, fabricat en una \u00fanica pe\u00e7a. Pot presentar diferents formes i gruixos, segons el procediment de fabricaci\u00f3 emprat. Gruixos a la carta, i els vidres de 4 mm i 5 mm els m\u00e9s utilitzats en portes i finestres d&#8217;interior, de 10 mm o m\u00e9s segons l&#8217;atenuaci\u00f3 ac\u00fastica per a exteriors, o rigidesa en l&#8217;estructura. A continuaci\u00f3 els mostrem alguns dels vidres monol\u00edtics m\u00e9s utilitzats per PONSICO SCP:<\/p>\n<p style=\"text-align: center;\"><div class=\"wrap one\"><div class=\"column column_column one-fourth column-first\"><\/p>\n<div id=\"attachment_2067\" style=\"width: 190px\" class=\"wp-caption aligncenter\"><a href=\"https:\/\/www.carpinteria-aluminio.cat\/ca\/vidrio-simple-o-monolitico-cristalina-en-la-carpinteria-de-aluminio-ponsico-s-c-p-en-barcelona\/\" target=\"_blank\"><img loading=\"lazy\" decoding=\"async\" aria-describedby=\"caption-attachment-2067\" class=\" wp-image-2067  \" title=\"CRISTALINA\" src=\"https:\/\/www.carpinteria-aluminio.cat\/wp-content\/uploads\/2012\/08\/IMG_2064_resized-150x150.jpg\" alt=\"CRISTALINA\" width=\"180\" height=\"180\" \/><\/a><p id=\"caption-attachment-2067\" class=\"wp-caption-text\">CRISTALINA<\/p><\/div>\n<p><\/div>\n<p style=\"text-align: center;\"><div class=\"column column_column one-fourth column-inner\"><\/p>\n<div id=\"attachment_2068\" style=\"width: 190px\" class=\"wp-caption aligncenter\"><a href=\"https:\/\/www.carpinteria-aluminio.cat\/ca\/vidrio-simple-o-monolitico-translucido-carglass-en-la-carpinteria-de-aluminio-ponsico-s-c-p-en-barcelona\/\" target=\"_blank\"><img loading=\"lazy\" decoding=\"async\" aria-describedby=\"caption-attachment-2068\" class=\" wp-image-2068  \" title=\"CARGLASS\" src=\"https:\/\/www.carpinteria-aluminio.cat\/wp-content\/uploads\/2012\/08\/IMG_2054_resized-150x150.jpg\" alt=\"CARGLASS\" width=\"180\" height=\"180\" \/><\/a><p id=\"caption-attachment-2068\" class=\"wp-caption-text\">CARGLASS<\/p><\/div>\n<p><\/div>\n<p style=\"text-align: center;\"><div class=\"column column_column one-fourth column-inner\"><\/p>\n<div id=\"attachment_2069\" style=\"width: 190px\" class=\"wp-caption aligncenter\"><a href=\"https:\/\/www.carpinteria-aluminio.cat\/ca\/vidrio-simple-o-monolitico-translucido-carglass-new-en-la-carpinteria-de-aluminio-ponsico-s-c-p-en-barcelona\/\" target=\"_blank\"><img loading=\"lazy\" decoding=\"async\" aria-describedby=\"caption-attachment-2069\" class=\" wp-image-2069  \" title=\"CARGLASS NEW\" src=\"https:\/\/www.carpinteria-aluminio.cat\/wp-content\/uploads\/2012\/08\/IMG_2052_resized-150x150.jpg\" alt=\"CARGLASS NEW\" width=\"180\" height=\"180\" \/><\/a><p id=\"caption-attachment-2069\" class=\"wp-caption-text\">CARGLASS NEW<\/p><\/div>\n<p><\/div>\n<p style=\"text-align: center;\"><div class=\"column column_column one-fourth column-last\"><\/p>\n<div id=\"attachment_2090\" style=\"width: 190px\" class=\"wp-caption aligncenter\"><a href=\"https:\/\/www.carpinteria-aluminio.cat\/ca\/vidrio-simple-o-monolitico-translucido-kyoto-en-la-carpinteria-de-aluminio-ponsico-s-c-p-en-barcelona\/\" target=\"_blank\"><img loading=\"lazy\" decoding=\"async\" aria-describedby=\"caption-attachment-2090\" class=\" wp-image-2090  \" title=\"KYOTO\" src=\"https:\/\/www.carpinteria-aluminio.cat\/wp-content\/uploads\/2012\/08\/IMG_2073_resized-150x150.jpg\" alt=\"KYOTO\" width=\"180\" height=\"180\" \/><\/a><p id=\"caption-attachment-2090\" class=\"wp-caption-text\">KYOTO<\/p><\/div>\n<p><\/div><\/div>\n<p style=\"text-align: center;\"><div class=\"wrap one\"><div class=\"column column_column one-fourth column-first\"><\/p>\n<div id=\"attachment_2076\" style=\"width: 190px\" class=\"wp-caption aligncenter\"><a href=\"https:\/\/www.carpinteria-aluminio.cat\/ca\/vidrio-simple-o-monolitico-translucido-burbujas-en-la-carpinteria-de-aluminio-ponsico-s-c-p-en-barcelona\/\" target=\"_blank\"><img loading=\"lazy\" decoding=\"async\" aria-describedby=\"caption-attachment-2076\" class=\"   wp-image-2076\" title=\"BOMBOLLES (NO STOCK)\" src=\"https:\/\/www.carpinteria-aluminio.cat\/wp-content\/uploads\/2012\/08\/IMG_2053_resized-150x150.jpg\" alt=\"BOMBOLLES (NO STOCK)\" width=\"180\" height=\"180\" \/><\/a><p id=\"caption-attachment-2076\" class=\"wp-caption-text\">BOMBOLLES (NO STOCK)<\/p><\/div>\n<p><\/div>\n<p style=\"text-align: center;\"><div class=\"column column_column one-fourth column-inner\"><\/p>\n<div id=\"attachment_2077\" style=\"width: 190px\" class=\"wp-caption aligncenter\"><a href=\"https:\/\/www.carpinteria-aluminio.cat\/ca\/vidrio-simple-o-monolitico-translucido-iguazu-en-la-carpinteria-de-aluminio-ponsico-s-c-p-en-barcelona\/\" target=\"_blank\"><img loading=\"lazy\" decoding=\"async\" aria-describedby=\"caption-attachment-2077\" class=\" wp-image-2077  \" title=\"IGUAZ\u00da\" src=\"https:\/\/www.carpinteria-aluminio.cat\/wp-content\/uploads\/2012\/08\/IMG_2060_resized-150x150.jpg\" alt=\"IGUAZ\u00da\" width=\"180\" height=\"180\" \/><\/a><p id=\"caption-attachment-2077\" class=\"wp-caption-text\">IGUAZ\u00da<\/p><\/div>\n<p><\/div>\n<p style=\"text-align: center;\"><div class=\"column column_column one-fourth column-inner\"><\/p>\n<div id=\"attachment_2075\" style=\"width: 190px\" class=\"wp-caption aligncenter\"><a href=\"https:\/\/www.carpinteria-aluminio.cat\/ca\/vidrio-simple-o-monolitico-translucido-listral-151-en-la-carpinteria-de-aluminio-ponsico-s-c-p-en-barcelona\/\" target=\"_blank\"><img loading=\"lazy\" decoding=\"async\" aria-describedby=\"caption-attachment-2075\" class=\" wp-image-2075  \" title=\"LISTRAL 151\" src=\"https:\/\/www.carpinteria-aluminio.cat\/wp-content\/uploads\/2012\/08\/IMG_2050_resized-150x150.jpg\" alt=\"LISTRAL 151\" width=\"180\" height=\"180\" \/><\/a><p id=\"caption-attachment-2075\" class=\"wp-caption-text\">LISTRAL 151<\/p><\/div>\n<p><\/div>\n<p style=\"text-align: center;\"><div class=\"column column_column one-fourth column-last\"><\/p>\n<div id=\"attachment_2074\" style=\"width: 190px\" class=\"wp-caption aligncenter\"><a href=\"https:\/\/www.carpinteria-aluminio.cat\/ca\/vidrio-simple-o-monolitico-translucido-listral-157-en-la-carpinteria-de-aluminio-ponsico-s-c-p-en-barcelona\/\" target=\"_blank\"><img loading=\"lazy\" decoding=\"async\" aria-describedby=\"caption-attachment-2074\" class=\"   wp-image-2074\" title=\"LISTRAL 157 (NO STOCK)\" src=\"https:\/\/www.carpinteria-aluminio.cat\/wp-content\/uploads\/2012\/08\/IMG_2059_resized-150x150.jpg\" alt=\"LISTRAL 157 (NO STOCK)\" width=\"180\" height=\"180\" \/><\/a><p id=\"caption-attachment-2074\" class=\"wp-caption-text\">LISTRAL 157 (NO STOCK)<\/p><\/div>\n<p><\/div><\/div>\n<p style=\"text-align: center;\"><div class=\"wrap one\"><div class=\"column column_column one-fourth column-first\"><\/p>\n<div id=\"attachment_2085\" style=\"width: 190px\" class=\"wp-caption aligncenter\"><a href=\"https:\/\/www.carpinteria-aluminio.cat\/ca\/vidrio-simple-o-monolitico-translucido-armado-en-la-carpinteria-de-aluminio-ponsico-s-c-p-en-barcelona\/\" target=\"_blank\"><img loading=\"lazy\" decoding=\"async\" aria-describedby=\"caption-attachment-2085\" class=\" wp-image-2085  \" title=\"ARMAT\" src=\"https:\/\/www.carpinteria-aluminio.cat\/wp-content\/uploads\/2012\/08\/IMG_2069_resized-150x150.jpg\" alt=\"ARMAT\" width=\"180\" height=\"180\" \/><\/a><p id=\"caption-attachment-2085\" class=\"wp-caption-text\">ARMAT<\/p><\/div>\n<p><\/div>\n<p style=\"text-align: center;\"><div class=\"column column_column one-fourth column-inner\"><\/p>\n<div id=\"attachment_2084\" style=\"width: 190px\" class=\"wp-caption aligncenter\"><a href=\"https:\/\/www.carpinteria-aluminio.cat\/ca\/vidrio-simple-o-monolitico-translucido-catedral-en-la-carpinteria-de-aluminio-ponsico-s-c-p-en-barcelona\/\" target=\"_blank\"><img loading=\"lazy\" decoding=\"async\" aria-describedby=\"caption-attachment-2084\" class=\" wp-image-2084  \" title=\"CATEDRAL\" src=\"https:\/\/www.carpinteria-aluminio.cat\/wp-content\/uploads\/2012\/08\/IMG_2068_resized-150x150.jpg\" alt=\"CATEDRAL\" width=\"180\" height=\"180\" \/><\/a><p id=\"caption-attachment-2084\" class=\"wp-caption-text\">CATEDRAL<\/p><\/div>\n<p><\/div>\n<p style=\"text-align: center;\"><div class=\"column column_column one-fourth column-inner\"><\/p>\n<div id=\"attachment_2079\" style=\"width: 190px\" class=\"wp-caption aligncenter\"><a href=\"https:\/\/www.carpinteria-aluminio.cat\/ca\/vidrio-simple-o-monolitico-parsol-en-la-carpinteria-de-aluminio-ponsico-s-c-p-en-barcelona\/\" target=\"_blank\"><img loading=\"lazy\" decoding=\"async\" aria-describedby=\"caption-attachment-2079\" class=\" wp-image-2079  \" title=\"PARSOL\" src=\"https:\/\/www.carpinteria-aluminio.cat\/wp-content\/uploads\/2012\/08\/IMG_2055_resized-150x150.jpg\" alt=\"PARSOL\" width=\"180\" height=\"180\" \/><\/a><p id=\"caption-attachment-2079\" class=\"wp-caption-text\">PARSOL<\/p><\/div>\n<p><\/div>\n<p style=\"text-align: center;\"><div class=\"column column_column one-fourth column-last\"><\/p>\n<div id=\"attachment_2078\" style=\"width: 190px\" class=\"wp-caption aligncenter\"><a href=\"https:\/\/www.carpinteria-aluminio.cat\/ca\/vidrio-simple-o-monolitico-translucido-mate-al-acido-en-la-carpinteria-de-aluminio-ponsico-s-c-p-en-barcelona\/\" target=\"_blank\"><img loading=\"lazy\" decoding=\"async\" aria-describedby=\"caption-attachment-2078\" class=\" wp-image-2078  \" title=\"MATE \u00c0CID\" src=\"https:\/\/www.carpinteria-aluminio.cat\/wp-content\/uploads\/2012\/08\/IMG_2056_resized-150x150.jpg\" alt=\"MATE \u00c0CID\" width=\"180\" height=\"180\" \/><\/a><p id=\"caption-attachment-2078\" class=\"wp-caption-text\">MATE \u00c0CID<\/p><\/div>\n<p><\/div><\/div>\n<p style=\"text-align: center;\"><div class=\"wrap one\"><div class=\"column column_column one-fourth column-first\"><\/p>\n<div id=\"attachment_2083\" style=\"width: 190px\" class=\"wp-caption aligncenter\"><a href=\"https:\/\/www.carpinteria-aluminio.cat\/ca\/vidrio-simple-o-monolitico-translucido-mate-al-acido-madras-pino-en-la-carpinteria-de-aluminio-ponsico-s-c-p-en-barcelona\/\" target=\"_blank\"><img loading=\"lazy\" decoding=\"async\" aria-describedby=\"caption-attachment-2083\" class=\" wp-image-2083  \" title=\"MADRAS PI\" src=\"https:\/\/www.carpinteria-aluminio.cat\/wp-content\/uploads\/2012\/08\/IMG_2051_resized-150x150.jpg\" alt=\"MADRAS PI\" width=\"180\" height=\"180\" \/><\/a><p id=\"caption-attachment-2083\" class=\"wp-caption-text\">MADRAS PI<\/p><\/div>\n<p><\/div>\n<p style=\"text-align: center;\"><div class=\"column column_column one-fourth column-inner\"><\/p>\n<div id=\"attachment_2080\" style=\"width: 190px\" class=\"wp-caption aligncenter\"><a href=\"https:\/\/www.carpinteria-aluminio.cat\/ca\/vidrio-simple-o-monolitico-translucido-mate-al-acido-madras-picos-en-la-carpinteria-de-aluminio-ponsico-s-c-p-en-barcelona\/\" target=\"_blank\"><img loading=\"lazy\" decoding=\"async\" aria-describedby=\"caption-attachment-2080\" class=\" wp-image-2080  \" title=\"MADRAS PICS\" src=\"https:\/\/www.carpinteria-aluminio.cat\/wp-content\/uploads\/2012\/08\/IMG_2049_resized-150x150.jpg\" alt=\"MADRAS PICS\" width=\"180\" height=\"180\" \/><\/a><p id=\"caption-attachment-2080\" class=\"wp-caption-text\">MADRAS PICS<\/p><\/div>\n<p><\/div>\n<p style=\"text-align: center;\"><div class=\"column column_column one-fourth column-inner\"><\/p>\n<div id=\"attachment_2081\" style=\"width: 190px\" class=\"wp-caption aligncenter\"><a href=\"https:\/\/www.carpinteria-aluminio.cat\/ca\/vidrio-simple-o-monolitico-translucido-mate-al-acido-madras-escarcha-en-la-carpinteria-de-aluminio-ponsico-s-c-p-en-barcelona\/\" target=\"_blank\"><img loading=\"lazy\" decoding=\"async\" aria-describedby=\"caption-attachment-2081\" class=\" wp-image-2081  \" title=\"MADRAS GEBRE\" src=\"https:\/\/www.carpinteria-aluminio.cat\/wp-content\/uploads\/2012\/08\/IMG_2044_resized-150x150.jpg\" alt=\"MADRAS GEBRE\" width=\"180\" height=\"180\" \/><\/a><p id=\"caption-attachment-2081\" class=\"wp-caption-text\">MADRAS GEBRE<\/p><\/div>\n<p><\/div>\n<p style=\"text-align: center;\"><div class=\"column column_column one-fourth column-last\"><\/p>\n<div id=\"attachment_2082\" style=\"width: 190px\" class=\"wp-caption aligncenter\"><a href=\"https:\/\/www.carpinteria-aluminio.cat\/ca\/vidrio-simple-o-monolitico-translucido-mate-al-acido-madras-nebulosa-en-la-carpinteria-de-aluminio-ponsico-s-c-p-en-barcelona\/\" target=\"_blank\"><img loading=\"lazy\" decoding=\"async\" aria-describedby=\"caption-attachment-2082\" class=\" wp-image-2082  \" title=\"MADRAS NEBULOSA\" src=\"https:\/\/www.carpinteria-aluminio.cat\/wp-content\/uploads\/2012\/08\/IMG_2042_resized-150x150.jpg\" alt=\"MADRAS NEBULOSA\" width=\"180\" height=\"180\" \/><\/a><p id=\"caption-attachment-2082\" class=\"wp-caption-text\">MADRAS NEBULOSA<\/p><\/div>\n<p><\/div><\/div>\n<p style=\"text-align: center;\"><div class=\"wrap one\"><div class=\"column column_column one-fourth column-first\"><\/p>\n<div id=\"attachment_2071\" style=\"width: 190px\" class=\"wp-caption aligncenter\"><a href=\"https:\/\/www.carpinteria-aluminio.cat\/ca\/vidrio-simple-o-monolitico-translucido-mate-al-acido-madras-espigas-en-la-carpinteria-de-aluminio-ponsico-s-c-p-en-barcelona\/\" target=\"_blank\"><img loading=\"lazy\" decoding=\"async\" aria-describedby=\"caption-attachment-2071\" class=\" wp-image-2071  \" title=\"MADRAS ESPIGUES\" src=\"https:\/\/www.carpinteria-aluminio.cat\/wp-content\/uploads\/2012\/08\/IMG_2045_resized-150x150.jpg\" alt=\"MADRAS ESPIGUES\" width=\"180\" height=\"180\" \/><\/a><p id=\"caption-attachment-2071\" class=\"wp-caption-text\">MADRAS ESPIGUES<\/p><\/div>\n<p><\/div>\n<p style=\"text-align: center;\"><div class=\"column column_column one-fourth column-inner\"><\/p>\n<div id=\"attachment_2083\" style=\"width: 190px\" class=\"wp-caption aligncenter\"><a href=\"https:\/\/www.carpinteria-aluminio.cat\/ca\/vidrio-simple-o-monolitico-translucido-mate-al-acido-a-color-modelo-hojas-en-la-carpinteria-de-aluminio-ponsico-s-c-p-en-barcelona\/\" target=\"_blank\"><img loading=\"lazy\" decoding=\"async\" aria-describedby=\"caption-attachment-2083\" class=\" wp-image-2083  \" title=\"FULLES\" src=\"https:\/\/www.carpinteria-aluminio.cat\/wp-content\/uploads\/2012\/08\/IMG_2038_resized-150x150.jpg\" alt=\"FULLES\" width=\"180\" height=\"180\" \/><\/a><p id=\"caption-attachment-2083\" class=\"wp-caption-text\">FULLES<\/p><\/div>\n<p><\/div>\n<p style=\"text-align: center;\"><div class=\"column column_column one-fourth column-inner\"><\/p>\n<div id=\"attachment_2083\" style=\"width: 190px\" class=\"wp-caption aligncenter\"><a href=\"https:\/\/www.carpinteria-aluminio.cat\/ca\/vidrio-simple-o-monolitico-translucido-mate-al-acido-a-color-modelo-gaudi-en-la-carpinteria-de-aluminio-ponsico-s-c-p-en-barcelona\/\" target=\"_blank\"><img loading=\"lazy\" decoding=\"async\" aria-describedby=\"caption-attachment-2083\" class=\" wp-image-2083  \" title=\"GAUD\u00cd\" src=\"https:\/\/www.carpinteria-aluminio.cat\/wp-content\/uploads\/2012\/08\/IMG_2041_resized-150x150.jpg\" alt=\"GAUD\u00cd\" width=\"180\" height=\"180\" \/><\/a><p id=\"caption-attachment-2083\" class=\"wp-caption-text\">GAUD\u00cd<\/p><\/div>\n<p><\/div>\n<p style=\"text-align: center;\"><div class=\"column column_column one-fourth column-last\"><\/p>\n<div id=\"attachment_2083\" style=\"width: 190px\" class=\"wp-caption aligncenter\"><a href=\"https:\/\/www.carpinteria-aluminio.cat\/ca\/vidrio-simple-o-monolitico-translucido-mate-al-acido-a-color-modelo-ton-en-la-carpinteria-de-aluminio-ponsico-s-c-p-en-barcelona\/\" target=\"_blank\"><img loading=\"lazy\" decoding=\"async\" aria-describedby=\"caption-attachment-2083\" class=\" wp-image-2083  \" title=\"TON\" src=\"https:\/\/www.carpinteria-aluminio.cat\/wp-content\/uploads\/2012\/08\/IMG_2035_resized-150x150.jpg\" alt=\"TON\" width=\"180\" height=\"180\" \/><\/a><p id=\"caption-attachment-2083\" class=\"wp-caption-text\">TON<\/p><\/div>\n<p><\/div><\/div>\n<div id=\"attachment_2241\" style=\"width: 190px\" class=\"wp-caption alignright\"><a href=\"https:\/\/www.carpinteria-aluminio.cat\/wp-content\/uploads\/2012\/08\/20130325_132014_resized.jpg\" target=\"_blank\"><img loading=\"lazy\" decoding=\"async\" aria-describedby=\"caption-attachment-2241\" class=\" wp-image-2241      \" title=\"Vidre laminat 5+5\" src=\"https:\/\/www.carpinteria-aluminio.cat\/wp-content\/uploads\/2012\/08\/20130325_132014_resized-150x150.jpg\" alt=\"Vidre laminat 5+5\" width=\"180\" height=\"180\" \/><\/a><p id=\"caption-attachment-2241\" class=\"wp-caption-text\">Vidre laminat 5+5<\/p><\/div>\n<div id=\"attachment_2324\" style=\"width: 190px\" class=\"wp-caption alignright\"><a href=\"https:\/\/www.carpinteria-aluminio.cat\/wp-content\/uploads\/2012\/08\/20130403_150618_resized.jpg\" target=\"_blank\"><img loading=\"lazy\" decoding=\"async\" aria-describedby=\"caption-attachment-2324\" class=\" wp-image-2324      \" style=\"margin-left: 4px; margin-right: 4px;\" title=\"Vidre laminat 3+3 butiral mate\" src=\"https:\/\/www.carpinteria-aluminio.cat\/wp-content\/uploads\/2012\/08\/20130403_150618_resized-150x150.jpg\" alt=\"Vidre laminat 3+3 butiral mate\" width=\"180\" height=\"180\" \/><\/a><p id=\"caption-attachment-2324\" class=\"wp-caption-text\">Vidre laminat 3+3 butiral mate<\/p><\/div>\n<p><strong>2. Vidre Laminat:<\/strong><\/p>\n<p style=\"text-align: justify;\">Aquest tipus de vidre es caracteritza per la uni\u00f3 de dos o m\u00e9s vidres simples o monol\u00edtics mitjan\u00e7ant una l\u00e0mina adhesiva de butiral de polivinil, aconseguint aix\u00ed un vidre de seguretat que en cas de trencament no pugui desplomar-se en diversos trossos. Aquesta l\u00e0mina pot ser de diferents tonalitats modificant aix\u00ed el color final del vidre. Es pot utilitzar tamb\u00e9 una l\u00e0mina ac\u00fastica, atenuant algun decibel m\u00e9s que els vidres monol\u00edtics d&#8217;aquest gruix. A continuaci\u00f3 li mostrem alguns exemples de vidres laminats m\u00e9s comuns:<\/p>\n<ol>\n<li><span style=\"font-size: 13px;\">&#8211;<\/span><a href=\"https:\/\/www.carpinteria-aluminio.cat\/ca\/vidrios-acusticos\/\" target=\"_blank\"><em style=\"font-size: 13px;\">VIDRE ACUSTIC<\/em><\/a><span style=\"font-size: 13px;\">:\u00a0Segons el vidre utilitzat podem atenuar en 40dB de soroll sense problemes.<\/span><\/li>\n<li>\n<p style=\"display: inline !important;\"><em>-Color:<\/em> Segons el color de la l\u00e0mina interna, podem obtenir diferents tonalitats en el resultat final del vidre.<\/p>\n<\/li>\n<li>\n<p style=\"display: inline !important;\">-Seguretat:<\/p>\n<p style=\"display: inline !important;\">Les l\u00e0mines internes ofereixen seguretat en evitar caure el vidre en cas de trencament.<\/p>\n<\/li>\n<\/ol>\n<div id=\"attachment_2213\" style=\"width: 190px\" class=\"wp-caption alignright\"><a href=\"https:\/\/www.carpinteria-aluminio.cat\/wp-content\/uploads\/2012\/08\/20130321_191341_resized.jpg\" target=\"_blank\"><img loading=\"lazy\" decoding=\"async\" aria-describedby=\"caption-attachment-2213\" class=\" wp-image-2213    \" title=\"Vidre de c\u00e0mera standard\" src=\"https:\/\/www.carpinteria-aluminio.cat\/wp-content\/uploads\/2012\/08\/20130321_191341_resized-150x150.jpg\" alt=\"Vidre de c\u00e0mera standard\" width=\"180\" height=\"180\" \/><\/a><p id=\"caption-attachment-2213\" class=\"wp-caption-text\">Vidre de c\u00e0mera standard<\/p><\/div>\n<p><strong>3. Vidre de\u00a0<\/strong><strong>C\u00e0mera:<\/strong><\/p>\n<p style=\"text-align: justify;\">Vidre format per dos vidres, ja siguin simples o laminats, formant al seu interior una cambra d&#8217;aire o gas (en el cas del baixemissiu), aconseguint aix\u00ed trencar la conductivitat t\u00e8rmica que transmet ja de per si el vidre. En el contorn interior incorporen unes sals marines per absorbir les possibles restes d&#8217;humitat. En f\u00e0brica \u00e9s segellat el contorn exterior amb quitr\u00e0, assegurant aix\u00ed la seva estanque\u00eftat. Es poden fer m\u00faltiples combinacions amb tot tipus de vidres, ja siguin gravats, llisos, laminats, temperats, etc. Com m\u00e9s gran \u00e9s la c\u00e0mera interna major \u00e9s la seva efici\u00e8ncia t\u00e8rmica. A dia d&#8217;avui aquest tipus de vidre, en ser fabricat en massa, no suposa un gran augment de costos respecte al vidre simple. Actualment el vidre Guardian Sun, suposa un estalvi energ\u00e8tic mai abans vist en els vidres de cambra, sent un vidre, entre els sota emissius, dels m\u00e9s eficients. A continuaci\u00f3 li mostrem alguns exemples de vidres de c\u00e0mera m\u00e9s comuns:<\/p>\n<p><em style=\"font-size: 13px;\">-Combinar 2 vidres<\/em><span style=\"font-size: 13px; font-style: italic;\">: <\/span><span style=\"font-size: 13px;\">Es poden triar 2 vidres simples per formar un vidre de cambra a gust del client, posant el costat rug\u00f3s a l&#8217;interior de la c\u00e0mera per a la seva f\u00e0cil neteja.<\/span><\/p>\n<div id=\"attachment_2214\" style=\"width: 190px\" class=\"wp-caption alignright\"><a href=\"https:\/\/www.carpinteria-aluminio.cat\/wp-content\/uploads\/2012\/08\/20130321_191443_resized.jpg\" target=\"_blank\"><img loading=\"lazy\" decoding=\"async\" aria-describedby=\"caption-attachment-2214\" class=\" wp-image-2214   \" title=\"Vidre baix emissiu, Guardian Sun\" src=\"https:\/\/www.carpinteria-aluminio.cat\/wp-content\/uploads\/2012\/08\/20130321_191443_resized-150x150.jpg\" alt=\"Vidre baix emissiu, Guardian Sun\" width=\"180\" height=\"180\" \/><\/a><p id=\"caption-attachment-2214\" class=\"wp-caption-text\">Vidre baix emissiu, Guardian Sun<\/p><\/div>\n<p><em style=\"font-size: 13px; text-align: justify;\">-Quarterons o Estries<\/em><span style=\"font-size: 13px; text-align: justify; font-style: italic;\">: <\/span><span style=\"font-size: 13px; text-align: justify;\">Hi ha la possibilitat d&#8217;incloure quarterons o estries mate o brillant a l&#8217;interior del vidre de cambra.<\/span> <em style=\"font-size: 13px; text-align: justify;\">-Baix emissiu<\/em><span style=\"font-size: 13px; text-align: justify; font-style: italic;\"> \u00a0<\/span><a href=\"https:\/\/www.carpinteria-aluminio.cat\/ca\/vidrio-inteligente\/\" target=\"_blank\"><span style=\"text-align: justify;\"><i>GUARDIAN SUN<\/i><\/span><\/a><span style=\"font-size: 13px; text-align: justify; font-style: italic;\">: <\/span><span style=\"font-size: 13px; text-align: justify;\">S\u00f3n els vidres m\u00e9s eficients que es coneixen en aquest moment, molt recomanables per estalvi energ\u00e8tic i econ\u00f2mic, una bona inversi\u00f3 de futur.<\/span> <strong>4. Vidre Temperat:<\/strong><\/p>\n<p style=\"text-align: justify;\">Vidre de seguretat amb una resist\u00e8ncia major que la resta de vidres respecte a la seva duresa. Aquesta duresa s&#8217;aconsegueix en f\u00e0brica amb un tractament t\u00e8rmic, elevant la temperatura del vidre un cop constru\u00eft a uns 500 graus mitjan\u00e7ant forns especials, posteriorment \u00e9s refredat gradualment amb aire per aconseguir aix\u00ed la seva duresa. \u00c9s molt utilitzat en llocs on el vidre pugui patir algun impacte espor\u00e0dic, que si no \u00e9s molt agressiu, aquest es mantindr\u00e0 intacte. Molt utilitzat en mampares de bany, ja que en cas de trencament, el vidre quedaria en mil trossos min\u00fasculs evitant aix\u00ed danys majors. Diferents gruixos, colors i matejats, poden ser les variants d&#8217;aquest tipus de vidre.<\/p>\n<p>Esculli el tipus de <strong>SOSTRE O TEULADA<\/strong> per cobrir el tancament segons les seves necessitats:<\/p>\n<div id=\"attachment_834\" style=\"width: 284px\" class=\"wp-caption alignleft\"><a href=\"https:\/\/www.carpinteria-aluminio.cat\/wp-content\/uploads\/2013\/01\/DSC01343.jpg\" target=\"_blank\"><img loading=\"lazy\" decoding=\"async\" aria-describedby=\"caption-attachment-834\" class=\" wp-image-834 \" style=\"margin: 0px; border: 0px;\" title=\"Sostre de policarbonat cel\u00b7lular en pati de llums \" src=\"https:\/\/www.carpinteria-aluminio.cat\/wp-content\/uploads\/2013\/01\/DSC01343-300x225.jpg\" alt=\"Sostre de policarbonat cel\u00b7lular en pati de llums \" width=\"274\" height=\"200\" \/><\/a><p id=\"caption-attachment-834\" class=\"wp-caption-text\">Sostre de policarbonat cel\u00b7lular en pati de llums<\/p><\/div>\n<div id=\"attachment_840\" style=\"width: 284px\" class=\"wp-caption alignleft\"><a href=\"https:\/\/www.carpinteria-aluminio.cat\/wp-content\/uploads\/2013\/01\/DSC01341.jpg\" target=\"_blank\"><img loading=\"lazy\" decoding=\"async\" aria-describedby=\"caption-attachment-840\" class=\" wp-image-840 \" style=\"margin: 0px; border: 0px;\" title=\"Sostre d'acer amb a\u00efllant t\u00e8rmic imitaci\u00f3 teula\" src=\"https:\/\/www.carpinteria-aluminio.cat\/wp-content\/uploads\/2013\/01\/DSC01341-300x225.jpg\" alt=\"Sostre d'acer amb a\u00efllant t\u00e8rmic imitaci\u00f3 teula \" width=\"274\" height=\"200\" \/><\/a><p id=\"caption-attachment-840\" class=\"wp-caption-text\">Sostre d&#8217;acer amb a\u00efllant t\u00e8rmic imitaci\u00f3 teula<\/p><\/div>\n<div id=\"attachment_519\" style=\"width: 284px\" class=\"wp-caption alignleft\"><a href=\"https:\/\/www.carpinteria-aluminio.cat\/wp-content\/uploads\/2013\/01\/IMG_0051.jpg\" target=\"_blank\"><img loading=\"lazy\" decoding=\"async\" aria-describedby=\"caption-attachment-519\" class=\" wp-image-519 \" style=\"margin: 0px; border: 0px;\" title=\"Mostra seccional de sostre d'acer amb a\u00efllant \" src=\"https:\/\/www.carpinteria-aluminio.cat\/wp-content\/uploads\/2013\/01\/IMG_0051-300x200.jpg\" alt=\"Mostra seccional de sostre d'acer amb a\u00efllant \" width=\"274\" height=\"200\" \/><\/a><p id=\"caption-attachment-519\" class=\"wp-caption-text\">Mostra seccional de sostre d&#8217;acer amb a\u00efllant<\/p><\/div>\n<div id=\"attachment_453\" style=\"width: 284px\" class=\"wp-caption alignleft\"><a href=\"https:\/\/www.carpinteria-aluminio.cat\/wp-content\/uploads\/2012\/12\/Techos-de-acero-4.jpg\" target=\"_blank\"><img loading=\"lazy\" decoding=\"async\" aria-describedby=\"caption-attachment-453\" class=\" wp-image-453 \" style=\"margin: 0px; border: 0px;\" title=\"Xapa d'acer tipus sandvitx imitaci\u00f3 fusta \" src=\"https:\/\/www.carpinteria-aluminio.cat\/wp-content\/uploads\/2012\/12\/Techos-de-acero-4-300x200.jpg\" alt=\"Xapa d'acer tipus sandvitx imitaci\u00f3 fusta \" width=\"274\" height=\"200\" \/><\/a><p id=\"caption-attachment-453\" class=\"wp-caption-text\">Xapa d&#8217;acer tipus sandvitx imitaci\u00f3 fusta<\/p><\/div>\n<div id=\"attachment_456\" style=\"width: 284px\" class=\"wp-caption alignleft\"><a href=\"https:\/\/www.carpinteria-aluminio.cat\/wp-content\/uploads\/2012\/12\/Techos-de-aluminio-2.jpg\" target=\"_blank\"><img loading=\"lazy\" decoding=\"async\" aria-describedby=\"caption-attachment-456\" class=\" wp-image-456 \" style=\"margin: 0px; border: 0px;\" title=\"Mostra seccional de fals sostre d'alumini lacat blanc \" src=\"https:\/\/www.carpinteria-aluminio.cat\/wp-content\/uploads\/2012\/12\/Techos-de-aluminio-2-300x200.jpg\" alt=\"Mostra seccional de fals sostre d'alumini lacat blanc \" width=\"274\" height=\"200\" \/><\/a><p id=\"caption-attachment-456\" class=\"wp-caption-text\">Mostra seccional de fals sostre d&#8217;alumini lacat blanc<\/p><\/div>\n<div id=\"attachment_458\" style=\"width: 284px\" class=\"wp-caption alignleft\"><a href=\"https:\/\/www.carpinteria-aluminio.cat\/wp-content\/uploads\/2012\/12\/Techos-de-aluminio.jpg\" target=\"_blank\"><img loading=\"lazy\" decoding=\"async\" aria-describedby=\"caption-attachment-458\" class=\" wp-image-458\" style=\"margin: 0px; border: 0px;\" title=\"Sostre d'alumini lacat blanc \" src=\"https:\/\/www.carpinteria-aluminio.cat\/wp-content\/uploads\/2012\/12\/Techos-de-aluminio-300x200.jpg\" alt=\"Sostre d'alumini lacat blanc \" width=\"274\" height=\"200\" \/><\/a><p id=\"caption-attachment-458\" class=\"wp-caption-text\">Sostre d&#8217;alumini lacat blanc<\/p><\/div>\n<p style=\"text-align: justify;\">Un bon a\u00efllament en un sostre d&#8217;un habitatge \u00e9s b\u00e0sic per mantenir les efici\u00e8ncies energ\u00e8tiques sota control. El mateix passa en falsos sostres o sostres de tancaments de exterior. A la fusteria d&#8217;alumini Ponsico scp disposem d&#8217;una gran varietat de materials amb els quals construir el sostre d&#8217;un tancament, adaptant tant a les condicions ambientals com a les necessitats de cada client. D&#8217;aquesta manera es pot aconseguir un sostre llumin\u00f3s, a\u00efllant, ac\u00fastic &#8230; segons el material empleat. Materials com l&#8217;alumini, acer, policarbonat cel\u00b7lular, vidre, etc, ens ajuden a aconseguir l&#8217;efecte desitjat, posis en contacte amb nosaltres i l&#8217;assessorarem sense cap comprom\u00eds. Hi ha la possibilitat d&#8217;incloure claraboies als sostres cecs d&#8217;acer, per tal de poder obtenir llum natural, a m\u00e9s de poder netejar d&#8217;una manera m\u00e9s c\u00f2moda la teulada. Poden ser de diferents formes i obertures, adaptant-nos als sostres m\u00e9s dif\u00edcils. Aqu\u00ed a la imatge inferior, els mostrem exemples de xapa sandwich d&#8217;alumini, composta per dues xapes d&#8217;alumini de 0.8mm\/1mm de gruix cadascuna, i poliestir\u00e8 extru\u00eft a l&#8217;interior formant un bloc, el que ajuda a a\u00efllar m\u00e9s que una xapa simple, solen ser de 16mm totals, per\u00f2 es fabrica en diverses mesures. \u00c9s molt utilitzat en fusteria d&#8217;alumini per armaris, finestres o estructures on es vulgui bloquejar el pas de llum i alhora obtenir a\u00efllament t\u00e8rmic i ac\u00fastic. Tamb\u00e9 es poden fabricar falsos sostres d&#8217;interior, o sostres d&#8217;exterior amb aquest material, ja que atorga m\u00e9s rigidesa que el sostre d&#8217;alumini convencional, evitant aix\u00ed vibracions i sorolls. L&#8217;altra imatge inferior ens mostra un exemple de claraboia m\u00e9s utilitzada per sostres i teulades d&#8217;acer o d&#8217;alumini, amb obertura telesc\u00f2pica o manual per poder ventilar o accedir a la coberta per al seu manteniment o neteja.<\/p>\n<div id=\"attachment_2137\" style=\"width: 284px\" class=\"wp-caption alignleft\"><a href=\"https:\/\/www.carpinteria-aluminio.cat\/wp-content\/uploads\/2013\/01\/20130319_114425_resized.jpg\" target=\"_blank\"><img loading=\"lazy\" decoding=\"async\" aria-describedby=\"caption-attachment-2137\" class=\" wp-image-2137     \" style=\"margin: 0px; border: 0px;\" title=\"Xapa sandvitx d'alumini\" src=\"https:\/\/www.carpinteria-aluminio.cat\/wp-content\/uploads\/2013\/01\/20130319_114425_resized-300x225.jpg\" alt=\"Xapa sandvitx d'alumini\" width=\"274\" height=\"200\" \/><\/a><p id=\"caption-attachment-2137\" class=\"wp-caption-text\">Xapa sandvitx d&#8217;alumini<\/p><\/div>\n<div id=\"attachment_2133\" style=\"width: 284px\" class=\"wp-caption alignleft\"><a href=\"https:\/\/www.carpinteria-aluminio.cat\/wp-content\/uploads\/2013\/01\/claraboya1.jpg\" target=\"_blank\"><img loading=\"lazy\" decoding=\"async\" aria-describedby=\"caption-attachment-2133\" class=\" wp-image-2133        \" style=\"margin: 0px; border: 0px;\" title=\"Claraboia\" src=\"https:\/\/www.carpinteria-aluminio.cat\/wp-content\/uploads\/2013\/01\/claraboya1.jpg\" alt=\"Claraboia\" width=\"274\" height=\"200\" \/><\/a><p id=\"caption-attachment-2133\" class=\"wp-caption-text\">Claraboia<\/p><\/div>\n<div id=\"attachment_3159\" style=\"width: 284px\" class=\"wp-caption alignleft\"><a href=\"https:\/\/www.carpinteria-aluminio.cat\/wp-content\/uploads\/2012\/08\/2013-08-05-08-19-37.png\" target=\"_blank\"><img loading=\"lazy\" decoding=\"async\" aria-describedby=\"caption-attachment-3159\" class=\" wp-image-3159 \" title=\"Llums LED en falsos sostres d'alumini\" src=\"https:\/\/www.carpinteria-aluminio.cat\/wp-content\/uploads\/2012\/08\/2013-08-05-08-19-37-300x168.png\" alt=\"Llums LED en falsos sostres d'alumini\" width=\"274\" height=\"200\" \/><\/a><p id=\"caption-attachment-3159\" class=\"wp-caption-text\">Llums LED en falsos sostres d&#8217;alumini<\/p><\/div>\n<p>Incorpori <strong>PERSIANES<\/strong> en el seu tancament si fos necessari:<\/p>\n<p style=\"text-align: justify;\">Les persianes s\u00f3n un element molt com\u00fa en els pa\u00efsos del sud d&#8217;Europa. Bona protecci\u00f3 del sol, cada vegada m\u00e9s nociu, asseguren que el cop de calor produ\u00efda pel mateix es quedi fora de l&#8217;habitatge, fent que els estius siguin una mica m\u00e9s suaus. En definitiva ens ajuden a protegir-nos de l&#8217;exterior, ja sigui: vent, pluja, calamarsa o del mateix fred. Una persiana de seguretat ofereix protecci\u00f3, a m\u00e9s del que s&#8217;ha nomenat. Motoritzades, amb cinta, cardan o torn s\u00f3n les variants de moviment que disposem.<\/p>\n<p>Fabriquem persianes d&#8217;alumini i persianes de PVC, reparacions i manteniment, venda de motors de persianes, etc. La nostra gamma de productes \u00e9s: <strong>1. PERSIANAS D&#8217;ALUMINI:<\/strong><\/p>\n<div id=\"attachment_518\" style=\"width: 284px\" class=\"wp-caption alignleft\"><a href=\"https:\/\/www.carpinteria-aluminio.cat\/wp-content\/uploads\/2013\/01\/IMG_0064.jpg\" target=\"_blank\"><img loading=\"lazy\" decoding=\"async\" aria-describedby=\"caption-attachment-518\" class=\" wp-image-518  \" style=\"margin: 0px; border: 0px;\" title=\"Persiana d'alumini\" src=\"https:\/\/www.carpinteria-aluminio.cat\/wp-content\/uploads\/2013\/01\/IMG_0064-300x200.jpg\" alt=\"Persiana d'alumini\" width=\"274\" height=\"200\" \/><\/a><p id=\"caption-attachment-518\" class=\"wp-caption-text\">Persiana d&#8217;alumini<\/p><\/div>\n<div id=\"attachment_1573\" style=\"width: 284px\" class=\"wp-caption alignleft\"><a href=\"https:\/\/www.carpinteria-aluminio.cat\/wp-content\/uploads\/2012\/08\/IMG_1544_resized_1.jpg\" target=\"_blank\"><img loading=\"lazy\" decoding=\"async\" aria-describedby=\"caption-attachment-1573\" class=\" wp-image-1573\" style=\"margin: 0px; border: 0px;\" title=\"Perfil persiana d'alumini lacat fusta\" src=\"https:\/\/www.carpinteria-aluminio.cat\/wp-content\/uploads\/2012\/08\/IMG_1544_resized_1-300x200.jpg\" alt=\"Perfil persiana d'alumini lacat fusta\" width=\"274\" height=\"200\" \/><\/a><p id=\"caption-attachment-1573\" class=\"wp-caption-text\">Perfil persiana d&#8217;alumini lacat fusta<\/p><\/div>\n<div id=\"attachment_1578\" style=\"width: 284px\" class=\"wp-caption alignleft\"><a href=\"https:\/\/www.carpinteria-aluminio.cat\/wp-content\/uploads\/2012\/08\/IMG_1539_resized.jpg\" target=\"_blank\"><img loading=\"lazy\" decoding=\"async\" aria-describedby=\"caption-attachment-1578\" class=\" wp-image-1578\" style=\"margin: 0px; border: 0px;\" title=\"Perfil persiana d'alumini lacat blanc\" src=\"https:\/\/www.carpinteria-aluminio.cat\/wp-content\/uploads\/2012\/08\/IMG_1539_resized-300x200.jpg\" alt=\"Perfil persiana d'alumini lacat blanc\" width=\"274\" height=\"200\" \/><\/a><p id=\"caption-attachment-1578\" class=\"wp-caption-text\">Perfil persiana d&#8217;alumini lacat blanc<\/p><\/div>\n<p style=\"text-align: justify;\">Aquest tipus de persianes ofereixen una bona qualitat-preu. A causa de la seva construcci\u00f3 d&#8217;alumini a l&#8217;exterior ofereix resist\u00e8ncia per a la intemp\u00e8rie necess\u00e0ria en condicions adverses, a l&#8217;interior composta per escuma de poliuret\u00e0 r\u00edgid per a m\u00e9s efici\u00e8ncia t\u00e8rmica. S\u00f3n m\u00e9s lleugeres que qualsevol altre model del mercat a causa de la seva lleugera extorsi\u00f3 d&#8217;alumini, diferents formes i models proporcionen la versatilitat necess\u00e0ria per satisfer qualsevol buit existent. Informi&#8217;s de preu contactant amb nosaltres sense cap compromis.<\/p>\n<p><strong>2. PERSIANES DE PVC:<\/strong><\/p>\n<div id=\"attachment_1581\" style=\"width: 284px\" class=\"wp-caption alignleft\"><a href=\"https:\/\/www.carpinteria-aluminio.cat\/wp-content\/uploads\/2012\/08\/IMG_1552_resized.jpg\" target=\"_blank\"><img loading=\"lazy\" decoding=\"async\" aria-describedby=\"caption-attachment-1581\" class=\" wp-image-1581\" style=\"margin: 0px; border: 0px;\" title=\"Perfil persiana de PVC model roma\" src=\"https:\/\/www.carpinteria-aluminio.cat\/wp-content\/uploads\/2012\/08\/IMG_1552_resized-300x200.jpg\" alt=\"Perfil persiana de PVC model roma\" width=\"274\" height=\"200\" \/><\/a><p id=\"caption-attachment-1581\" class=\"wp-caption-text\">Perfil persiana de PVC model roma<\/p><\/div>\n<div id=\"attachment_447\" style=\"width: 284px\" class=\"wp-caption alignleft\"><a href=\"https:\/\/www.carpinteria-aluminio.cat\/wp-content\/uploads\/2012\/12\/Persianas-de-PVC.jpg\" target=\"_blank\"><img loading=\"lazy\" decoding=\"async\" aria-describedby=\"caption-attachment-447\" class=\" wp-image-447    \" style=\"margin: 0px; border: 0px;\" title=\"Persiana de PVC\" src=\"https:\/\/www.carpinteria-aluminio.cat\/wp-content\/uploads\/2012\/12\/Persianas-de-PVC-300x200.jpg\" alt=\"Persiana de PVC\" width=\"274\" height=\"200\" \/><\/a><p id=\"caption-attachment-447\" class=\"wp-caption-text\">Persiana de PVC<\/p><\/div>\n<div id=\"attachment_1579\" style=\"width: 284px\" class=\"wp-caption alignleft\"><a href=\"https:\/\/www.carpinteria-aluminio.cat\/wp-content\/uploads\/2012\/08\/IMG_1542_resized.jpg\" target=\"_blank\"><img loading=\"lazy\" decoding=\"async\" aria-describedby=\"caption-attachment-1579\" class=\" wp-image-1579\" style=\"margin: 0px; border: 0px;\" title=\"Perfil persiana de PVC color beig model miniper\" src=\"https:\/\/www.carpinteria-aluminio.cat\/wp-content\/uploads\/2012\/08\/IMG_1542_resized-300x200.jpg\" alt=\"Perfil persiana de PVC color beig model miniper\" width=\"274\" height=\"200\" \/><\/a><p id=\"caption-attachment-1579\" class=\"wp-caption-text\">Perfil persiana de PVC color beig model miniper<\/p><\/div>\n<p style=\"text-align: justify;\">Les persianes de PVC s\u00f3n les m\u00e9s econ\u00f2miques del mercat, degut la seva construcci\u00f3 en pl\u00e0stic ofereixen una de les propietats d&#8217;aquest material que \u00e9s l&#8217;a\u00efllament t\u00e8rmic. Diferents formes en els models permeten adaptar-se als buits existents per tal de reduir espai. Consulti preus contactant amb nosaltres sense cap comprom\u00eds.<\/p>\n<p><strong>3. PERSIANES DE SEGURETAT:<\/strong><\/p>\n<div id=\"attachment_446\" style=\"width: 284px\" class=\"wp-caption alignleft\"><a href=\"https:\/\/www.carpinteria-aluminio.cat\/wp-content\/uploads\/2012\/12\/Seguridad-aluminio-autoblocante-2.jpg\" target=\"_blank\"><img loading=\"lazy\" decoding=\"async\" aria-describedby=\"caption-attachment-446\" class=\" wp-image-446 \" style=\"margin: 0px; border: 0px;\" title=\"Persiana de seguretat d'alumini autoblocant\" src=\"https:\/\/www.carpinteria-aluminio.cat\/wp-content\/uploads\/2012\/12\/Seguridad-aluminio-autoblocante-2-300x200.jpg\" alt=\"Persiana de seguretat d'alumini autoblocant\" width=\"274\" height=\"200\" \/><\/a><p id=\"caption-attachment-446\" class=\"wp-caption-text\">Persiana de seguretat d&#8217;alumini autoblocant<\/p><\/div>\n<div id=\"attachment_448\" style=\"width: 284px\" class=\"wp-caption alignleft\"><a href=\"https:\/\/www.carpinteria-aluminio.cat\/wp-content\/uploads\/2012\/12\/Seguridad-aluminio-autoblocante.jpg\" target=\"_blank\"><img loading=\"lazy\" decoding=\"async\" aria-describedby=\"caption-attachment-448\" class=\" wp-image-448\" style=\"margin: 0px; border: 0px;\" title=\"Persiana de seguretat\" src=\"https:\/\/www.carpinteria-aluminio.cat\/wp-content\/uploads\/2012\/12\/Seguridad-aluminio-autoblocante-300x200.jpg\" alt=\"Persiana de seguretat\" width=\"274\" height=\"200\" \/><\/a><p id=\"caption-attachment-448\" class=\"wp-caption-text\">Persiana de seguretat<\/p><\/div>\n<div id=\"attachment_445\" style=\"width: 284px\" class=\"wp-caption alignleft\"><a href=\"https:\/\/www.carpinteria-aluminio.cat\/wp-content\/uploads\/2012\/12\/Seguridad-aluminio-autoblocante-3.jpg\" target=\"_blank\"><img loading=\"lazy\" decoding=\"async\" aria-describedby=\"caption-attachment-445\" class=\" wp-image-445\" style=\"margin: 0px; border: 0px;\" title=\"Persiana de seguretat plata mate\" src=\"https:\/\/www.carpinteria-aluminio.cat\/wp-content\/uploads\/2012\/12\/Seguridad-aluminio-autoblocante-3-300x200.jpg\" alt=\"Persiana de seguretat plata mate\" width=\"274\" height=\"200\" \/><\/a><p id=\"caption-attachment-445\" class=\"wp-caption-text\">Persiana de seguretat plata mate<\/p><\/div>\n<p style=\"text-align: justify;\">La persiana d&#8217;alumini de seguretat \u00e9s el producte estrella en persianes a PONSICO SCP Amb un gruix considerable s\u00f3n molt recomanables en la substituci\u00f3 de reixes ja que ofereixen una protecci\u00f3 moltes vegades superior. Diferents models com la autoblocant (persiana que es bloqueja un cop baixada impedint la seva pujada manual des de l&#8217;exterior), la perforada o calada (ideal per comer\u00e7os o aparadors) etc, componen aquest tipus de persianes de seguretat. Disposen d&#8217;un sistema de cosit perqu\u00e8 no es moguin les l\u00e0mines entre elles, per donar consist\u00e8ncia en bloc. \u00c9s molt recomanable acompanyar d&#8217;un motor el\u00e8ctric (Somfy, Wurth &#8230;), abaix esmentats, ja que tenen un pes considerable i evitar aix\u00ed reparacions indegudes. Consulti preu sense cap comprom\u00eds.<\/p>\n<p><strong>4. PERSIANES GRADHERMETIC:<\/strong><\/p>\n<p style=\"text-align: justify;\">Persianes d&#8217;alumini que ofereixen un gir addicional tipus lama de mallorquina per poder ventilar un cop la persiana aquesta baixada, lama orientable i autoblocant, \u00e9s convenient instal \u00b7 lar motoritzades, encara que amb cinta o cardan tamb\u00e9 s\u00f3n factibles. Per m\u00e9s informaci\u00f3 visiteu la secci\u00f3 de persianes del fabricant <a href=\"http:\/\/www.persianasgradhermetic.com\/e\/enlace-pruebas_24.php\" target=\"_blank\">GRADHERMETIC<\/a>.<\/p>\n<p><strong>5. MOTORS I COMANDAMENTS A DIST\u00c0NCIA:<\/strong><\/p>\n<div id=\"attachment_514\" style=\"width: 284px\" class=\"wp-caption alignleft\"><a href=\"https:\/\/www.carpinteria-aluminio.cat\/wp-content\/uploads\/2013\/01\/IMG_0045.jpg\" target=\"_blank\"><img loading=\"lazy\" decoding=\"async\" aria-describedby=\"caption-attachment-514\" class=\" wp-image-514\" style=\"margin: 0px; border: 0px;\" title=\"Motoritzaci\u00f3 per persianes\" src=\"https:\/\/www.carpinteria-aluminio.cat\/wp-content\/uploads\/2013\/01\/IMG_0045-300x200.jpg\" alt=\"Motoritzaci\u00f3 per persianes\" width=\"274\" height=\"200\" \/><\/a><p id=\"caption-attachment-514\" class=\"wp-caption-text\">Motoritzaci\u00f3 per persianes<\/p><\/div>\n<div id=\"attachment_461\" style=\"width: 284px\" class=\"wp-caption alignleft\"><a href=\"https:\/\/www.carpinteria-aluminio.cat\/wp-content\/uploads\/2012\/12\/Persianas-motores-y-mandos-a-distancia-2.jpg\" target=\"_blank\"><img loading=\"lazy\" decoding=\"async\" aria-describedby=\"caption-attachment-461\" class=\" wp-image-461\" style=\"margin: 0px; border: 0px;\" title=\"Comandaments a dist\u00e0ncia motors\" src=\"https:\/\/www.carpinteria-aluminio.cat\/wp-content\/uploads\/2012\/12\/Persianas-motores-y-mandos-a-distancia-2-300x200.jpg\" alt=\"Comandaments a dist\u00e0ncia motors\" width=\"274\" height=\"200\" \/><\/a><p id=\"caption-attachment-461\" class=\"wp-caption-text\">Comandaments a dist\u00e0ncia motors<\/p><\/div>\n<div id=\"attachment_1687\" style=\"width: 284px\" class=\"wp-caption alignleft\"><a href=\"https:\/\/www.carpinteria-aluminio.cat\/wp-content\/uploads\/2012\/08\/20130219_182310_resized.jpg\" target=\"_blank\"><img loading=\"lazy\" decoding=\"async\" aria-describedby=\"caption-attachment-1687\" class=\" wp-image-1687\" style=\"margin: 0px; border: 0px;\" title=\"Motor per calaix petit\" src=\"https:\/\/www.carpinteria-aluminio.cat\/wp-content\/uploads\/2012\/08\/20130219_182310_resized-300x225.jpg\" alt=\"Motor per calaix petit\" width=\"274\" height=\"200\" \/><\/a><p id=\"caption-attachment-1687\" class=\"wp-caption-text\">Motor per calaix petit<\/p><\/div>\n<p style=\"text-align: justify;\">Sistema d&#8217;automatitzaci\u00f3 per persianes, disposem de diversos fabricants per proporcionar compet\u00e8ncia i qualitat en el producte. Poden ser amb comandament a dist\u00e0ncia (RTS), senzills o programables. Molt recomanable per persianes amb pesos elevats, tipus de seguretat pr\u00e8viament esmentades, o per a persones grans o amb mobilitat redu\u00efda. Els fabricants ofereixen diversos anys de garantia a part de la garantia d&#8217;instal\u00b7laci\u00f3 de PONSICO SCP Amb aquest sistema la persiana treballa m\u00e9s suau i per aix\u00f2 allargar\u00e0 la seva vida \u00fatil. Silenciosos i de f\u00e0cil instal\u00b7laci\u00f3 podent muntar tamb\u00e9 en tendals i cortines d&#8217;un habitatge. consulti preus sense comprom\u00eds a PONSICO S.C.P.<\/p>\n<p><strong>6. CALAIXOS EXTERNS DE PERSIANA:<\/strong><\/p>\n<div id=\"attachment_2245\" style=\"width: 208px\" class=\"wp-caption alignleft\"><a href=\"https:\/\/www.carpinteria-aluminio.cat\/wp-content\/uploads\/2012\/08\/20130325_131609_resized_1.jpg\" target=\"_blank\"><img loading=\"lazy\" decoding=\"async\" aria-describedby=\"caption-attachment-2245\" class=\" wp-image-2245 \" style=\"margin: 0px; border: 0px;\" title=\"Calaix compacte monobloc\" src=\"https:\/\/www.carpinteria-aluminio.cat\/wp-content\/uploads\/2012\/08\/20130325_131609_resized_1-150x150.jpg\" alt=\"Calaix compacte monobloc\" width=\"198\" height=\"198\" \/><\/a><p id=\"caption-attachment-2245\" class=\"wp-caption-text\">Calaix compacte monobloc<\/p><\/div>\n<div id=\"attachment_2246\" style=\"width: 208px\" class=\"wp-caption alignleft\"><a href=\"https:\/\/www.carpinteria-aluminio.cat\/wp-content\/uploads\/2012\/08\/20130325_133249_resized.jpg\" target=\"_blank\"><img loading=\"lazy\" decoding=\"async\" aria-describedby=\"caption-attachment-2246\" class=\" wp-image-2246 \" style=\"margin: 0px; border: 0px;\" title=\"Calaix compacte monobloc\" src=\"https:\/\/www.carpinteria-aluminio.cat\/wp-content\/uploads\/2012\/08\/20130325_133249_resized-150x150.jpg\" alt=\"Calaix compacte monobloc\" width=\"198\" height=\"198\" \/><\/a><p id=\"caption-attachment-2246\" class=\"wp-caption-text\">Calaix compacte monobloc<\/p><\/div>\n<div id=\"attachment_2248\" style=\"width: 208px\" class=\"wp-caption alignleft\"><a href=\"https:\/\/www.carpinteria-aluminio.cat\/wp-content\/uploads\/2012\/08\/20121127_131233-1.jpg\" target=\"_blank\"><img loading=\"lazy\" decoding=\"async\" aria-describedby=\"caption-attachment-2248\" class=\" wp-image-2248  \" style=\"margin: 0px; border: 0px;\" title=\"Guia compacte monobloc\" src=\"https:\/\/www.carpinteria-aluminio.cat\/wp-content\/uploads\/2012\/08\/20121127_131233-1-150x150.jpg\" alt=\"Guia compacte monobloc\" width=\"198\" height=\"198\" \/><\/a><p id=\"caption-attachment-2248\" class=\"wp-caption-text\">Guia compacte monobloc<\/p><\/div>\n<div id=\"attachment_2247\" style=\"width: 208px\" class=\"wp-caption alignleft\"><a href=\"https:\/\/www.carpinteria-aluminio.cat\/wp-content\/uploads\/2012\/08\/20121127_132100-2.jpg\" target=\"_blank\"><img loading=\"lazy\" decoding=\"async\" aria-describedby=\"caption-attachment-2247\" class=\" wp-image-2247 \" style=\"margin: 0px; border: 0px;\" title=\"Compacte monobloc en finestra\" src=\"https:\/\/www.carpinteria-aluminio.cat\/wp-content\/uploads\/2012\/08\/20121127_132100-2-150x150.jpg\" alt=\"Compacte monobloc en finestra\" width=\"198\" height=\"198\" \/><\/a><p id=\"caption-attachment-2247\" class=\"wp-caption-text\">Compacte monobloc en finestra<\/p><\/div>\n<p style=\"text-align: justify;\">En llocs on no hi ha persianes d&#8217;origen en l&#8217;edificaci\u00f3, es poden incloure calaixos externs com la mini-per de PVC, la minor d&#8217;alumini i el compacte monoblock mixt de PVC i alumini. Aquest \u00faltim \u00e9s recomanable per la seva construcci\u00f3, a l&#8217;exterior alumini, per l&#8217;interior una estructura de PVC que ajuda a atenuar el soroll en donar-li m\u00e9s consist\u00e8ncia i resist\u00e8ncia al calaix. Motoritzats o amb cinta, normalment s\u00f3n incorporats a les finestres de nova construcci\u00f3. Aquest tipus de persianes desprenen per l&#8217;exterior, de manera que, la cara exterior de la persiana pot ser f\u00e0cilment netejable des de l&#8217;interior de l&#8217;habitatge, a m\u00e9s, augmenta la cambra d&#8217;aire entre la persiana i la finestra, ajudant a a\u00efllar m\u00e9s eficientment l&#8217;estada.<\/p>\n<p>Com tamb\u00e9 es poden incorporar <strong>TENDALS<\/strong> com a mesura de protecci\u00f3 solar: Element indispensable per a la protecci\u00f3 solar, un tendal instal\u00b7lat correctament ofereix l&#8217;estalvi energ\u00e8tic de l&#8217;aire condicionat que a molts ens pot arribar a sorprender. Ret\u00e8 en gran mesura la calor del sol, proporcionant benestar per a tota la familia. Oferim una gran varietat de tendals a nostres clients, des del tendal tradicional vertical, fins capotes, p\u00e8rgoles o cortines. Oferim tamb\u00e9 canvis de lona, lones confeccionades, motors per tendals amb o sense comandaments a dist\u00e0ncia, i construcci\u00f3 de teuladells.<\/p>\n<div id=\"attachment_1924\" style=\"width: 190px\" class=\"wp-caption alignright\"><a href=\"https:\/\/www.carpinteria-aluminio.cat\/wp-content\/uploads\/2013\/03\/telon-web.jpg\" target=\"_blank\"><img loading=\"lazy\" decoding=\"async\" aria-describedby=\"caption-attachment-1924\" class=\" wp-image-1924    \" title=\"Exemples de tendals verticals\" src=\"https:\/\/www.carpinteria-aluminio.cat\/wp-content\/uploads\/2013\/03\/telon-web-150x150.jpg\" alt=\"Exemples de tendals verticals\" width=\"180\" height=\"180\" \/><\/a><p id=\"caption-attachment-1924\" class=\"wp-caption-text\">Exemples de tendals verticals<\/p><\/div>\n<p>Els principals <strong>MODELS DE TENDALS<\/strong> s\u00f3n:<\/p>\n<p style=\"text-align: justify;\"><strong>1. Tendals Verticals:<\/strong> Model de tendal molt com\u00fa en balcons el qual baixa com el seu nom indica en vertical, \u00e9s a dir a plom, podent anar amb guies o sense, segons la modalitat d&#8217;aquest. El tendal vertical m\u00e9s com\u00fa \u00e9s el que baixa des de la l\u00ednia exterior del sostre de la terrassa i en baixar cap la possibilitat de ser agafat a la barana amb uns bra\u00e7os que admeten diverses posicions. Pot ser motoritzat, amb comandament a dist\u00e0ncia o sensors. En aquest model la motoritzaci\u00f3 ha de ser inclosa la funci\u00f3 ABS, que impedeix el trencament de la lona en cas de distracci\u00f3, de manera que el motor deixa d&#8217;exercir for\u00e7a quan detecta estar subjecte a la barana.<\/p>\n<div id=\"attachment_1927\" style=\"width: 190px\" class=\"wp-caption alignleft\"><a href=\"https:\/\/www.carpinteria-aluminio.cat\/wp-content\/uploads\/2013\/03\/toldo-exclusive-cofre-WEB.jpg\" target=\"_blank\"><img loading=\"lazy\" decoding=\"async\" aria-describedby=\"caption-attachment-1927\" class=\" wp-image-1927     \" title=\"Exemples de tendals bra\u00e7os invisibles\" src=\"https:\/\/www.carpinteria-aluminio.cat\/wp-content\/uploads\/2013\/03\/toldo-exclusive-cofre-WEB-150x150.jpg\" alt=\"Exemples de tendals bra\u00e7os invisibles\" width=\"180\" height=\"180\" \/><\/a><p id=\"caption-attachment-1927\" class=\"wp-caption-text\">Exemples de tendals bra\u00e7os invisibles<\/p><\/div>\n<p style=\"text-align: justify;\"><strong>2. Tendals amb Bra\u00e7os invisibles:<\/strong> Model de tendal molt com\u00fa en balcons d&#8217;\u00e0tics i baixos podent tamb\u00e9 ser instal\u00b7lat en pisos amb terrassa. La peculiaritat d&#8217;aquest model \u00e9s que els bra\u00e7os s&#8217;estenen en horitzontal des del punt de sortida, normalment collat a una paret vertical, podent regular la caiguda en graus a gust del client. Els bra\u00e7os van acompanyant la lona per sota, de manera que sembla que no tingui bra\u00e7os vist des de l&#8217;exterior, d&#8217;aqu\u00ed el seu nom. Existeixen diferents variants d&#8217;aquest model, de les quals destaca el model cofre, el qual un cop recollit, el mateix tendal protegeix la lona i els bra\u00e7os a l&#8217;interior del mateix. \u00c9s recomanable motoritzar aquest tipus de tendals, ja que quan superen els 3 metres de l\u00ednia, l&#8217;esfor\u00e7 que cal fer \u00e9s considerable per poder-los pujar. El sensor de vent \u00e9s igual de recomanable per terrasses on bufa amb for\u00e7a el vent, de tal manera que quan detecta massa vent es recull autom\u00e0ticament, el sensor de llum actua de la mateixa manera quan detecta l&#8217;abs\u00e8ncia o exc\u00e9s de sol.<\/p>\n<div id=\"attachment_831\" style=\"width: 190px\" class=\"wp-caption alignright\"><a href=\"https:\/\/www.carpinteria-aluminio.cat\/wp-content\/uploads\/2013\/01\/20121120_130904_HDR.jpg\" target=\"_blank\"><img loading=\"lazy\" decoding=\"async\" aria-describedby=\"caption-attachment-831\" class=\" wp-image-831    \" title=\"Exemple tendal punt recte\" src=\"https:\/\/www.carpinteria-aluminio.cat\/wp-content\/uploads\/2013\/01\/20121120_130904_HDR-150x150.jpg\" alt=\"Exemple tendal punt recte\" width=\"180\" height=\"180\" \/><\/a><p id=\"caption-attachment-831\" class=\"wp-caption-text\">Exemple tendal punt recte<\/p><\/div>\n<p style=\"text-align: justify;\"><strong>3. Tendals Punt recte:<\/strong> Model de tendal molt com\u00fa per finestres i balcons exteriors. Aquest model \u00e9s col\u00b7locat a la l\u00ednia interior del sostre de balc\u00f3 o terrassa, o en el buit exterior de la finestra. El tendal descendeix a uns 45 graus a l&#8217;exterior, guiat per dos bra\u00e7os collats al s\u00f2col del tendal i a la vegada a la fa\u00e7ana vertical, guiant en tot moment el tendal descrivint un arc. No \u00e9s tan necessari ser motoritzat, ja que aquests bra\u00e7os no exerceixen tanta for\u00e7a com altres models.<\/p>\n<p><strong>4. Capotes:<\/strong> Model de tendal el qual mitjan\u00e7ant una estructura met\u00e0l\u00b7lica en el seu interior protegeix la l\u00ednia de fa\u00e7ana de portes i finestres, donant una forma semicircular molt est\u00e8tica. Aquest tendal pot ser accionat mitjan\u00e7ant tir de corda o motor.<\/p>\n<div id=\"attachment_466\" style=\"width: 190px\" class=\"wp-caption alignleft\"><a href=\"https:\/\/www.carpinteria-aluminio.cat\/wp-content\/uploads\/2012\/12\/Toldos.jpg\" target=\"_blank\"><img loading=\"lazy\" decoding=\"async\" aria-describedby=\"caption-attachment-466\" class=\" wp-image-466   \" title=\"Tendals a Barcelona\" src=\"https:\/\/www.carpinteria-aluminio.cat\/wp-content\/uploads\/2012\/12\/Toldos-150x150.jpg\" alt=\"Tendals a Barcelona\" width=\"180\" height=\"180\" \/><\/a><p id=\"caption-attachment-466\" class=\"wp-caption-text\">Tendals a Barcelona<\/p><\/div>\n<p><strong>5. Corredisses:<\/strong> Model de tendal el qual va guiat de manera horitzontal per unes guies fent plecs a la lona. Com el seu nom indica el tendal corre per aquestes guies. En molts casos \u00e9s necess\u00e0ria la instal\u00b7laci\u00f3 d&#8217;uns suports verticals tipus porteria, per poder subjectar les guia per les quals baixa el tendal. Molt c\u00f2mode en ser accionat per cabestantes o motors.<\/p>\n<p style=\"text-align: justify;\"><strong>6. P\u00e8rgoles \/ Passadissos:<\/strong> Estructures met\u00e0l\u00b7liques en forma de tancament exterior tancades a la part superior amb una lona de tendal. Poden presentar diferents formes i mesures a gust del client, dotant-la d&#8217;inclinaci\u00f3 per evitar que s&#8217;entolli la pluja, neu &#8230;<\/p>\n<p><strong>7. Cortines:<\/strong> Tipus de tendal el qual va guiat per la fa\u00e7ana exterior de balcons i terrasses mitjan\u00e7ant uns rodaments o carruchas pr\u00e8viament instal\u00b7lades al tendal. Cau de forma natural pel seu propi pes i \u00e9s mogut de forma manual com una cortina d&#8217;interior d&#8217;habitatge. <strong>8. Canvis de lona:<\/strong> Es canvien tot tipus de lones de tendals pr\u00e8viament instal \u00b7 lats. <strong>9. Diversos:<\/strong> &#8211; Teuladells: molt \u00fatils per protegir lones dels tendals un cop recollit. &#8211; Lones confeccionades: lones elaborades a gust i forma del client.<\/p>\n<div id=\"attachment_2273\" style=\"width: 340px\" class=\"wp-caption alignright\"><a href=\"https:\/\/www.carpinteria-aluminio.cat\/wp-content\/uploads\/2012\/10\/motores.png\" target=\"_blank\"><img loading=\"lazy\" decoding=\"async\" aria-describedby=\"caption-attachment-2273\" class=\" wp-image-2273     \" style=\"margin: 0px; border: 0px;\" title=\"Motors i comandaments a dist\u00e0ncia\" src=\"https:\/\/www.carpinteria-aluminio.cat\/wp-content\/uploads\/2012\/10\/motores-300x131.png\" alt=\"Motors i comandaments a dist\u00e0ncia\" width=\"330\" height=\"180\" \/><\/a><p id=\"caption-attachment-2273\" class=\"wp-caption-text\">Motors i comandaments a dist\u00e0ncia<\/p><\/div>\n<div id=\"attachment_2371\" style=\"width: 190px\" class=\"wp-caption alignright\"><a href=\"https:\/\/www.carpinteria-aluminio.cat\/wp-content\/uploads\/2012\/08\/20130411_114251_resized.jpg\" target=\"_blank\"><img loading=\"lazy\" decoding=\"async\" aria-describedby=\"caption-attachment-2371\" class=\" wp-image-2371    \" title=\"Sensor de llum i vent Somfy\" src=\"https:\/\/www.carpinteria-aluminio.cat\/wp-content\/uploads\/2012\/08\/20130411_114251_resized-150x150.jpg\" alt=\"Sensor de llum i vent Somfy\" width=\"180\" height=\"180\" \/><\/a><p id=\"caption-attachment-2371\" class=\"wp-caption-text\">Sensor de llum i vent Somfy<\/p><\/div>\n<p style=\"text-align: justify;\"><strong>10. Motors, comandaments a dist\u00e0ncia i sensors:<\/strong> Aquests automatismes s\u00f3n molt pr\u00e0ctics i funcionals, amb nom\u00e9s un bot\u00f3 pugi tendals sense cap tipus d&#8217;esfor\u00e7. Podent ser amb comandament a dist\u00e0ncia o fixos en paret, podem sincronitzar tots els tendals i persianes d&#8217;un habitatge amb nom\u00e9s un bot\u00f3. S\u00f3n m\u00faltiples les variants que ofereix el fabricant SOMFY per poder accionar per programaci\u00f3 hor\u00e0ria, per sensors de moviment, llum o vent. De tal manera que ens podem despreocupar del tendal totalment si fa vent, perqu\u00e8 amb el sensor adequat quan detecta molt aire, aquest el detecta i ho recull autom\u00e0ticament. El mateix passa amb el sensor de llum, que en detectar el sol directe s&#8217;est\u00e9n sol, i es recull en arribar la nit, podent regular la sensibilitat d&#8217;aquest.<\/p>\n<p><strong>TIPUS DE LONES:<\/strong> Hi ha diferents tipus de lones a triar, acr\u00edliques, poli\u00e8ster, pl\u00e0stiques, pvc, etc.<\/p>\n<p style=\"text-align: center;\"><div class=\"wrap one\"><div class=\"column column_column one-fourth column-first\"><\/p>\n<div id=\"attachment_2386\" style=\"width: 190px\" class=\"wp-caption aligncenter\"><a href=\"https:\/\/www.carpinteria-aluminio.cat\/wp-content\/uploads\/2012\/08\/20130411_163315_resized.jpg\" target=\"_blank\"><img loading=\"lazy\" decoding=\"async\" aria-describedby=\"caption-attachment-2386\" class=\" wp-image-2386   \" title=\"Mostrari de lones Soltis\" src=\"https:\/\/www.carpinteria-aluminio.cat\/wp-content\/uploads\/2012\/08\/20130411_163315_resized-150x150.jpg\" alt=\"Mostrari de lones Soltis\" width=\"180\" height=\"180\" \/><\/a><p id=\"caption-attachment-2386\" class=\"wp-caption-text\">Mostrari de lones Soltis<\/p><\/div>\n<p style=\"text-align: justify;\">Tipus de lona micro-perforada per afavorir el pas de l&#8217;aire i llum, de pres\u00e8ncia molt est\u00e8tica que ressalta colors pl\u00e0stics i vius, de tacte plastificat i garantia de 3 anys. El seu pes per metre quadrat s\u00f3n 400 grams, gruix de 0.45 mm, l&#8217;ample de banda \u00e9s de 267 cm, t\u00e9 una resist\u00e8ncia a la tracci\u00f3 de 230\/230 daN \/ 5 cm, una resist\u00e8ncia a l&#8217;esquin\u00e7ament de 30\/25 daN i una resist\u00e8ncia al foc M2.<\/p>\n<p><\/div>\n<p style=\"text-align: center;\"><div class=\"column column_column one-fourth column-inner\"><\/p>\n<div id=\"attachment_2387\" style=\"width: 190px\" class=\"wp-caption aligncenter\"><a href=\"https:\/\/www.carpinteria-aluminio.cat\/wp-content\/uploads\/2012\/08\/20130411_163432_resized.jpg\" target=\"_blank\"><img loading=\"lazy\" decoding=\"async\" aria-describedby=\"caption-attachment-2387\" class=\" wp-image-2387   \" title=\"Mostrari de lones Screen\" src=\"https:\/\/www.carpinteria-aluminio.cat\/wp-content\/uploads\/2012\/08\/20130411_163432_resized-150x150.jpg\" alt=\"Mostrari de lones Screen\" width=\"180\" height=\"180\" \/><\/a><p id=\"caption-attachment-2387\" class=\"wp-caption-text\">Mostrari de lones Screen<\/p><\/div>\n<p style=\"text-align: justify;\">Teixit compost per un 15% de poli\u00e8ster + un 85% de PVC. Lligament tipus sarja amb un di\u00e0metre del fil de 0.40 mm, ample de banda de 300\/250 cm, amb un pes de 605 g\/m2, gruix de la lona \u00e9s 0.78 mm, amb un grau d&#8217;obertura d&#8217;un 3% aprox. Resist\u00e8ncia al foc classe 1, acabats antibacteris i lliure Pb, t\u00e9 una resist\u00e8ncia a la tracci\u00f3 de fins a 150 daN \/ 5 cm, i l&#8217;esquin\u00e7ament de 10 daN \/ 5 cm, l&#8217;estabilitat t\u00e8rmica \u00e9s de -30 \/ +70 graus.<\/p>\n<p><\/div>\n<p style=\"text-align: center;\"><div class=\"column column_column one-fourth column-inner\"><\/p>\n<div id=\"attachment_2388\" style=\"width: 190px\" class=\"wp-caption aligncenter\"><a href=\"https:\/\/www.carpinteria-aluminio.cat\/wp-content\/uploads\/2012\/08\/20130411_163510_resized.jpg\" target=\"_blank\"><img loading=\"lazy\" decoding=\"async\" aria-describedby=\"caption-attachment-2388\" class=\" wp-image-2388  \" title=\"Mostrari de lones acr\u00edliques\" src=\"https:\/\/www.carpinteria-aluminio.cat\/wp-content\/uploads\/2012\/08\/20130411_163510_resized-150x150.jpg\" alt=\"Mostrari de lones acr\u00edliques\" width=\"180\" height=\"180\" \/><\/a><p id=\"caption-attachment-2388\" class=\"wp-caption-text\">Mostrari de lones acr\u00edliques<\/p><\/div>\n<p style=\"text-align: justify;\">Aquest tipus de lona \u00e9s la m\u00e9s utilitzada i \u00e9s coneguda com la lona de tendal est\u00e0ndard el teixit \u00e9s compost per 100% de fibra acr\u00edlica tenyida a la massa, amb una resist\u00e8ncia de fins a 135 daN \/ 5 cm, amb un pes de 300 gr \/ m2 aproximadament. La columna d&#8217;aigua \u00e9s d&#8217;aproximadament de 300 mm, l&#8217;ample de banda \u00e9s de 120 cm i l&#8217;acabat \u00e9s en fluorcarb\u00f3.<\/p>\n<p><\/div>\n<p style=\"text-align: center;\"><div class=\"column column_column one-fourth column-last\"><\/p>\n<div id=\"attachment_2389\" style=\"width: 190px\" class=\"wp-caption aligncenter\"><a href=\"https:\/\/www.carpinteria-aluminio.cat\/wp-content\/uploads\/2012\/08\/20130411_163549_resized.jpg\" target=\"_blank\"><img loading=\"lazy\" decoding=\"async\" aria-describedby=\"caption-attachment-2389\" class=\" wp-image-2389   \" title=\"Mostrari de lones poli\u00e8ster\" src=\"https:\/\/www.carpinteria-aluminio.cat\/wp-content\/uploads\/2012\/08\/20130411_163549_resized-150x150.jpg\" alt=\"Mostrari de lones poli\u00e8ster\" width=\"180\" height=\"180\" \/><\/a><p id=\"caption-attachment-2389\" class=\"wp-caption-text\">Mostrari de lones poli\u00e8ster<\/p><\/div>\n<p style=\"text-align: justify;\">Teixit fabricat en poli\u00e8ster 1.100 dtex., Amb un recobriment de PVC, una terminaci\u00f3 en lacat i una resist\u00e8ncia al foc de M2\u200b\u200b. La resist\u00e8ncia a la temperatura \u00e9s de -30 \/ +80 \u00ba C i t\u00e9 una solidesa del color a la llum de 7. El pes \u00e9s de 600 gr\/m2, una resist\u00e8ncia a la tracci\u00f3 de fins a 250 daN \/ 5 cm, i l&#8217;esquin\u00e7ament de 20\/25 daN, l&#8217;ample de banda m\u00e0xim \u00e9s de 300 cm.<\/p>\n<p><\/div><\/div>\n","protected":false},"excerpt":{"rendered":"<p>Per tal de guanyar metres quadrats a l&#8217;habitatge, una soluci\u00f3 pr\u00e0ctica \u00e9s fer un armari, caseta o tancament a l&#8217;exterior. Constru\u00efts amb materials de qualitat, \u00e9s<span class=\"excerpt-hellip\"> [\u2026]<\/span><\/p>\n","protected":false},"author":5,"featured_media":0,"parent":6838,"menu_order":0,"comment_status":"open","ping_status":"open","template":"","meta":{"_joinchat":[],"footnotes":""},"class_list":["post-6877","page","type-page","status-publish","hentry"],"aioseo_notices":[],"_links":{"self":[{"href":"https:\/\/www.carpinteria-aluminio.cat\/ca\/wp-json\/wp\/v2\/pages\/6877","targetHints":{"allow":["GET"]}}],"collection":[{"href":"https:\/\/www.carpinteria-aluminio.cat\/ca\/wp-json\/wp\/v2\/pages"}],"about":[{"href":"https:\/\/www.carpinteria-aluminio.cat\/ca\/wp-json\/wp\/v2\/types\/page"}],"author":[{"embeddable":true,"href":"https:\/\/www.carpinteria-aluminio.cat\/ca\/wp-json\/wp\/v2\/users\/5"}],"replies":[{"embeddable":true,"href":"https:\/\/www.carpinteria-aluminio.cat\/ca\/wp-json\/wp\/v2\/comments?post=6877"}],"version-history":[{"count":0,"href":"https:\/\/www.carpinteria-aluminio.cat\/ca\/wp-json\/wp\/v2\/pages\/6877\/revisions"}],"up":[{"embeddable":true,"href":"https:\/\/www.carpinteria-aluminio.cat\/ca\/wp-json\/wp\/v2\/pages\/6838"}],"wp:attachment":[{"href":"https:\/\/www.carpinteria-aluminio.cat\/ca\/wp-json\/wp\/v2\/media?parent=6877"}],"curies":[{"name":"wp","href":"https:\/\/api.w.org\/{rel}","templated":true}]}}