{"id":52031,"date":"2024-06-05T05:59:51","date_gmt":"2024-06-05T04:59:51","guid":{"rendered":"https:\/\/www.carpinteria-aluminio.cat\/?page_id=52031"},"modified":"2024-06-05T10:50:10","modified_gmt":"2024-06-05T09:50:10","slug":"clotures-a-barcelone","status":"publish","type":"page","link":"https:\/\/www.carpinteria-aluminio.cat\/fr\/catalogue-de-produits-de-menuiserie-en-aluminium-ponsico\/clotures-a-barcelone\/","title":{"rendered":"Cl\u00f4tures \u00e0 Barcelone"},"content":{"rendered":"<div id=\"attachment_2428\" style=\"width: 896px\" class=\"wp-caption aligncenter\"><img loading=\"lazy\" decoding=\"async\" aria-describedby=\"caption-attachment-2428\" class=\" wp-image-2428 \" style=\"margin: 0px; border: 0px;\" title=\"Fermetures \u00e0 Barcelone PONSICO\" src=\"https:\/\/www.carpinteria-aluminio.cat\/wp-content\/uploads\/2012\/08\/Cerramientos-logo.jpg\" alt=\"Fermetures \u00e0 Barcelone PONSICO\" width=\"886\" height=\"330\" \/><p id=\"caption-attachment-2428\" class=\"wp-caption-text\">Fermetures \u00e0 Barcelone PONSICO<\/p><\/div>\n<div id=\"attachment_262\" style=\"width: 284px\" class=\"wp-caption alignleft\"><a href=\"https:\/\/www.carpinteria-aluminio.cat\/wp-content\/uploads\/2012\/08\/DSC01224.jpg\" target=\"_blank\" rel=\"noopener\"><img loading=\"lazy\" decoding=\"async\" aria-describedby=\"caption-attachment-262\" class=\"wp-image-262 \" style=\"margin: 0px; border: 0px;\" title=\"Fermetures \u00e0 Barcelone PONSICO\" src=\"https:\/\/www.carpinteria-aluminio.cat\/wp-content\/uploads\/2012\/08\/DSC01224-1024x768.jpg\" alt=\"Fermetures \u00e0 Barcelone PONSICO\" width=\"274\" height=\"200\" \/><\/a><p id=\"caption-attachment-262\" class=\"wp-caption-text\">Fermetures \u00e0 Barcelone PONSICO<\/p><\/div>\n<div id=\"attachment_470\" style=\"width: 284px\" class=\"wp-caption alignleft\"><a href=\"https:\/\/www.carpinteria-aluminio.cat\/wp-content\/uploads\/2012\/12\/Cabecera-1.jpg\" target=\"_blank\" rel=\"noopener\"><img loading=\"lazy\" decoding=\"async\" aria-describedby=\"caption-attachment-470\" class=\" wp-image-470 \" style=\"margin: 0px; border: 0px;\" title=\"Fermetures \u00e0 Barcelone PONSICO\" src=\"https:\/\/www.carpinteria-aluminio.cat\/wp-content\/uploads\/2012\/12\/Cabecera-1-300x225.jpg\" alt=\"Fermetures \u00e0 Barcelone PONSICO\" width=\"274\" height=\"200\" \/><\/a><p id=\"caption-attachment-470\" class=\"wp-caption-text\">Fermetures \u00e0 Barcelone PONSICO<\/p><\/div>\n<div id=\"attachment_480\" style=\"width: 284px\" class=\"wp-caption alignleft\"><a href=\"https:\/\/www.carpinteria-aluminio.cat\/wp-content\/uploads\/2012\/08\/DSC01346.jpg\" target=\"_blank\" rel=\"noopener\"><img loading=\"lazy\" decoding=\"async\" aria-describedby=\"caption-attachment-480\" class=\"wp-image-480 \" style=\"margin: 0px; border: 0px;\" title=\"Fermetures \u00e0 Barcelone PONSICO\" src=\"https:\/\/www.carpinteria-aluminio.cat\/wp-content\/uploads\/2012\/08\/DSC01346.jpg\" alt=\"Fermetures \u00e0 Barcelone PONSICO\" width=\"274\" height=\"200\" \/><\/a><p id=\"caption-attachment-480\" class=\"wp-caption-text\">Fermetures \u00e0 Barcelone PONSICO<\/p><\/div>\n<p style=\"text-align: justify;\">Afin de gagner des m\u00e8tres carr\u00e9s dans la maison, une solution pratique est de faire une armoire, une cabane ou une fermeture \u00e0 l&rsquo;ext\u00e9rieur. Construits avec des mat\u00e9riaux de qualit\u00e9, c&rsquo;est une solution de grande durabilit\u00e9 et \u00e9tanch\u00e9it\u00e9. Nous r\u00e9alisons des fermetures de patios, des fermetures d&rsquo;attiques, des fermetures de terrasses, des fermetures de balcons, des fermetures de galeries, des fermetures de porches, etc.<\/p>\n<p style=\"text-align: justify;\">Consultez les mat\u00e9riaux suivants pour pouvoir fabriquer votre fermeture sur mesure, selon les besoins de chaque client.<\/p>\n<p style=\"text-align: justify;\">Choisissez le type de <strong>PROFIL\u00c9<\/strong> pour composer la structure de la fermeture selon vos besoins :<\/p>\n<p style=\"text-align: justify;\">Chez Ponsico menuiserie en aluminium, nous disposons des profils suivants, entre autres, les s\u00e9ries battantes et coulissantes \u00e9tant les plus utilis\u00e9es, class\u00e9es de la plus grande \u00e0 la plus faible efficacit\u00e9, d\u00e9taillant la fiche technique de chacune d&rsquo;elles. Ces s\u00e9ries sont les plus utilis\u00e9es ces derni\u00e8res ann\u00e9es, elles appartiennent au fabricant Alugom. La r\u00e9f\u00e9rence RPT signifie rupture de pont thermique, plus d&rsquo;\u00e9conomie d&rsquo;\u00e9nergie car elle casse la transmission thermique du profil\u00e9.<\/p>\n<p style=\"text-align: center;\"><strong>COULISSANTES :<\/strong><\/p>\n<p><a href=\"https:\/\/www.carpinteria-aluminio.cat\/reparacion-y-mantenimiento\/\"><div class=\"wrap one\"><div class=\"column column_column one-third column-first\"><\/a><\/p>\n<p><a href=\"https:\/\/www.carpinteria-aluminio.cat\/wp-content\/uploads\/2012\/10\/Imagen-15-2.jpg\" target=\"_blank\" rel=\"noopener\"><img loading=\"lazy\" decoding=\"async\" title=\"ALU GOS-S\" src=\"https:\/\/www.carpinteria-aluminio.cat\/wp-content\/uploads\/2012\/10\/Imagen-15-2-150x150.jpg\" alt=\"ALU GOS-S\" width=\"150\" height=\"150\" \/><\/a><a href=\"https:\/\/www.carpinteria-aluminio.cat\/wp-content\/uploads\/2012\/10\/Imagen-15-1.jpg\" target=\"_blank\" rel=\"noopener\"><img loading=\"lazy\" decoding=\"async\" style=\"margin-left: 2px; margin-right: 2px;\" title=\"ALU GOS-S\" src=\"https:\/\/www.carpinteria-aluminio.cat\/wp-content\/uploads\/2012\/10\/Imagen-15-1-150x150.jpg\" alt=\"ALU GOS-S\" width=\"124\" height=\"150\" \/><\/a><\/p>\n<p style=\"text-align: center;\"><a href=\"https:\/\/www.carpinteria-aluminio.cat\/serie-corredera-gama-premium-alu-gos-s-de-alugom-por-ponsico-s-c-p-para-carpinteria-de-aluminio-en-barcelona\/\" target=\"_blank\" rel=\"noopener\">ALU GOS-S<\/a><\/p>\n<p style=\"text-align: center;\"><\/div>\n<p style=\"text-align: center;\"><a href=\"https:\/\/www.carpinteria-aluminio.cat\/reparacion-y-mantenimiento\/\"><div class=\"column column_column one-third column-inner\"><\/a><\/p>\n<p><a href=\"https:\/\/www.carpinteria-aluminio.cat\/wp-content\/uploads\/2012\/10\/Imagen-16-2.jpg\" target=\"_blank\" rel=\"noopener\"><img loading=\"lazy\" decoding=\"async\" title=\"MATRA 135 RPT\" src=\"https:\/\/www.carpinteria-aluminio.cat\/wp-content\/uploads\/2012\/10\/Imagen-16-2-150x150.jpg\" alt=\"MATRA 135 RPT\" width=\"150\" height=\"150\" \/><\/a><a href=\"https:\/\/www.carpinteria-aluminio.cat\/wp-content\/uploads\/2012\/10\/Imagen-16-1.jpg\" target=\"_blank\" rel=\"noopener\"><img loading=\"lazy\" decoding=\"async\" style=\"margin-left: 2px; margin-right: 2px;\" title=\"MATRA 135 RPT\" src=\"https:\/\/www.carpinteria-aluminio.cat\/wp-content\/uploads\/2012\/10\/Imagen-16-1-150x150.jpg\" alt=\"MATRA 135 RPT\" width=\"124\" height=\"150\" \/><\/a><\/p>\n<p style=\"text-align: center;\"><a href=\"https:\/\/www.carpinteria-aluminio.cat\/serie-corredera-gama-premium-matra-135-rpt-de-alugom-por-ponsico-s-c-p-para-carpinteria-de-aluminio-en-barcelona\/\" target=\"_blank\" rel=\"noopener\">MATRA 135 RPT<\/a><\/p>\n<p style=\"text-align: center;\"><\/div>\n<p style=\"text-align: center;\"><a href=\"https:\/\/www.carpinteria-aluminio.cat\/reparacion-y-mantenimiento\/\"><div class=\"column column_column one-third column-last\"><\/a><\/p>\n<p><a href=\"https:\/\/www.carpinteria-aluminio.cat\/wp-content\/uploads\/2012\/10\/Imagen-14-2.jpg\" target=\"_blank\" rel=\"noopener\"><img loading=\"lazy\" decoding=\"async\" title=\"SILVER 65 RPT\" src=\"https:\/\/www.carpinteria-aluminio.cat\/wp-content\/uploads\/2012\/10\/Imagen-14-2-150x150.jpg\" alt=\"SILVER 65 RPT\" width=\"150\" height=\"150\" \/><\/a><a href=\"https:\/\/www.carpinteria-aluminio.cat\/wp-content\/uploads\/2012\/10\/Imagen-14-1.jpg\" target=\"_blank\" rel=\"noopener\"><img loading=\"lazy\" decoding=\"async\" style=\"margin-left: 2px; margin-right: 2px;\" title=\"SILVER 65 RPT\" src=\"https:\/\/www.carpinteria-aluminio.cat\/wp-content\/uploads\/2012\/10\/Imagen-14-1-150x150.jpg\" alt=\"SILVER 65 RPT\" width=\"124\" height=\"150\" \/><\/a><\/p>\n<p style=\"text-align: center;\"><a href=\"https:\/\/www.carpinteria-aluminio.cat\/serie-corredera-gama-premium-silver-65-rpt-de-alugom-por-ponsico-s-c-p-para-carpinteria-de-aluminio-en-barcelona\/\" target=\"_blank\" rel=\"noopener\">SILVER 65 RPT<\/a><\/p>\n<p style=\"text-align: center;\"><\/div><\/div>\n<p><a href=\"https:\/\/www.carpinteria-aluminio.cat\/reparacion-y-mantenimiento\/\"><div class=\"wrap one\"><div class=\"column column_column one-third column-first\"><\/a><\/p>\n<p><a href=\"https:\/\/www.carpinteria-aluminio.cat\/wp-content\/uploads\/2012\/10\/SerieMatra110RPT.jpg\" target=\"_blank\" rel=\"noopener\"><img loading=\"lazy\" decoding=\"async\" class=\"wp-image-2458 alignnone\" title=\"MATRA 110 RPT\" src=\"https:\/\/www.carpinteria-aluminio.cat\/wp-content\/uploads\/2012\/10\/SerieMatra110RPT-150x150.jpg\" alt=\"MATRA 110 RPT\" width=\"150\" height=\"150\" \/><\/a><a href=\"https:\/\/www.carpinteria-aluminio.cat\/wp-content\/uploads\/2012\/10\/matra-rpt.bmp\" target=\"_blank\" rel=\"noopener\"><img loading=\"lazy\" decoding=\"async\" class=\"wp-image-1395 alignnone\" title=\"MATRA 110 RPT\" src=\"https:\/\/www.carpinteria-aluminio.cat\/wp-content\/uploads\/2012\/10\/matra-rpt.bmp\" alt=\"MATRA 110 RPT\" width=\"125\" height=\"150\" \/><\/a><\/p>\n<p style=\"text-align: center;\"><a href=\"https:\/\/www.carpinteria-aluminio.cat\/serie-corredera-matra-110-de-alugom-por-ponsico-s-c-p-para-carpinteria-de-aluminio-en-barcelona\/\" target=\"_blank\" rel=\"noopener\">MATRA 110 RPT<\/a><\/p>\n<p style=\"text-align: center;\"><\/div>\n<p style=\"text-align: center;\"><a href=\"https:\/\/www.carpinteria-aluminio.cat\/reparacion-y-mantenimiento\/\"><div class=\"column column_column one-third column-inner\"><\/a><\/p>\n<p><a href=\"https:\/\/www.carpinteria-aluminio.cat\/wp-content\/uploads\/2012\/10\/SerieMatra110RPT.jpg\" target=\"_blank\" rel=\"noopener\"><img loading=\"lazy\" decoding=\"async\" class=\"size-thumbnail wp-image-2458 alignnone\" title=\"MATRA 110 \" src=\"https:\/\/www.carpinteria-aluminio.cat\/wp-content\/uploads\/2012\/10\/SerieMatra110RPT-150x150.jpg\" alt=\"MATRA 110 \" width=\"150\" height=\"150\" \/><\/a><a href=\"https:\/\/www.carpinteria-aluminio.cat\/wp-content\/uploads\/2012\/10\/matra.bmp\" target=\"_blank\" rel=\"noopener\"><img loading=\"lazy\" decoding=\"async\" class=\"alignnone wp-image-1403\" title=\"MATRA 110\" src=\"https:\/\/www.carpinteria-aluminio.cat\/wp-content\/uploads\/2012\/10\/matra.bmp\" alt=\"MATRA 110\" width=\"125\" height=\"150\" \/><\/a><\/p>\n<p style=\"text-align: center;\"><a href=\"https:\/\/www.carpinteria-aluminio.cat\/serie-corredera-matra-110-de-alugom-por-ponsico-s-c-p-para-carpinteria-de-aluminio-en-barcelona\/\" target=\"_blank\" rel=\"noopener\">MATRA 110<\/a><\/p>\n<p style=\"text-align: center;\"><\/div>\n<p style=\"text-align: center;\"><a href=\"https:\/\/www.carpinteria-aluminio.cat\/reparacion-y-mantenimiento\/\"><div class=\"column column_column one-third column-last\"><\/a><\/p>\n<p><a href=\"https:\/\/www.carpinteria-aluminio.cat\/wp-content\/uploads\/2012\/10\/SerieSilver76RPT.jpg\" target=\"_blank\" rel=\"noopener\"><img loading=\"lazy\" decoding=\"async\" class=\"alignnone size-thumbnail wp-image-1404\" title=\"S76RPT\" src=\"https:\/\/www.carpinteria-aluminio.cat\/wp-content\/uploads\/2012\/10\/SerieSilver76RPT-150x150.jpg\" alt=\"S76RPT\" width=\"150\" height=\"150\" \/><\/a><a href=\"https:\/\/www.carpinteria-aluminio.cat\/wp-content\/uploads\/2012\/10\/s76rpt1.bmp\" target=\"_blank\" rel=\"noopener\"><img loading=\"lazy\" decoding=\"async\" class=\"alignnone wp-image-1405\" title=\"S76 RPT\" src=\"https:\/\/www.carpinteria-aluminio.cat\/wp-content\/uploads\/2012\/10\/s76rpt1.bmp\" alt=\"S76 RPT\" width=\"125\" height=\"150\" \/><\/a><\/p>\n<p style=\"text-align: center;\"><a href=\"https:\/\/www.carpinteria-aluminio.cat\/serie-corredera-s-76-de-alugom-por-ponsico-s-c-p-para-carpinteria-de-aluminio-en-barcelona\/\" target=\"_blank\" rel=\"noopener\">S 76 RPT<\/a><\/p>\n<p style=\"text-align: center;\"><\/div><\/div>\n<p style=\"text-align: center;\"><a href=\"https:\/\/www.carpinteria-aluminio.cat\/reparacion-y-mantenimiento\/\"><div class=\"wrap one\"><div class=\"column column_column one-third column-first\"><\/a><\/p>\n<p><a href=\"https:\/\/www.carpinteria-aluminio.cat\/wp-content\/uploads\/2012\/10\/SerieSilver76.jpg\" target=\"_blank\" rel=\"noopener\"><img loading=\"lazy\" decoding=\"async\" class=\"alignnone size-thumbnail wp-image-1406\" title=\"S76\" src=\"https:\/\/www.carpinteria-aluminio.cat\/wp-content\/uploads\/2012\/10\/SerieSilver76-150x150.jpg\" alt=\"S76\" width=\"150\" height=\"150\" \/><\/a><a href=\"https:\/\/www.carpinteria-aluminio.cat\/wp-content\/uploads\/2012\/10\/s76.bmp\" target=\"_blank\" rel=\"noopener\"><img loading=\"lazy\" decoding=\"async\" class=\"alignnone wp-image-1407\" title=\"S76\" src=\"https:\/\/www.carpinteria-aluminio.cat\/wp-content\/uploads\/2012\/10\/s76.bmp\" alt=\"S76\" width=\"125\" height=\"150\" \/><\/a><\/p>\n<p style=\"text-align: center;\"><a href=\"https:\/\/www.carpinteria-aluminio.cat\/serie-corredera-s-76-de-alugom-por-ponsico-s-c-p-para-carpinteria-de-aluminio-en-barcelona\/\" target=\"_blank\" rel=\"noopener\">S 76<\/a><\/p>\n<p style=\"text-align: center;\"><\/div>\n<p style=\"text-align: center;\"><a href=\"https:\/\/www.carpinteria-aluminio.cat\/reparacion-y-mantenimiento\/\"><div class=\"column column_column one-third column-inner\"><\/a><\/p>\n<p><a href=\"https:\/\/www.carpinteria-aluminio.cat\/wp-content\/uploads\/2012\/10\/A70.jpg\" target=\"_blank\" rel=\"noopener\"><img loading=\"lazy\" decoding=\"async\" class=\"size-thumbnail wp-image-2459 alignnone\" title=\"A70\" src=\"https:\/\/www.carpinteria-aluminio.cat\/wp-content\/uploads\/2012\/10\/A70-150x150.jpg\" alt=\"A70\" width=\"150\" height=\"150\" \/><\/a><a href=\"https:\/\/www.carpinteria-aluminio.cat\/wp-content\/uploads\/2012\/10\/a70.bmp\" target=\"_blank\" rel=\"noopener\"><img loading=\"lazy\" decoding=\"async\" class=\"alignnone wp-image-1411\" title=\"A70\" src=\"https:\/\/www.carpinteria-aluminio.cat\/wp-content\/uploads\/2012\/10\/a70.bmp\" alt=\"A70\" width=\"125\" height=\"150\" \/><\/a><\/p>\n<p style=\"text-align: center;\"><a href=\"https:\/\/www.carpinteria-aluminio.cat\/serie-corredera-a-70-de-alugom-por-ponsico-s-c-p-para-carpinteria-de-aluminio-en-barcelona\/\" target=\"_blank\" rel=\"noopener\">A 70<\/a><\/p>\n<p style=\"text-align: center;\"><\/div>\n<p style=\"text-align: center;\"><a href=\"https:\/\/www.carpinteria-aluminio.cat\/reparacion-y-mantenimiento\/\"><div class=\"column column_column one-third column-last\"><\/a><\/p>\n<p><a href=\"https:\/\/www.carpinteria-aluminio.cat\/wp-content\/uploads\/2012\/10\/Serie300EUR1.jpg\" target=\"_blank\" rel=\"noopener\"><img loading=\"lazy\" decoding=\"async\" class=\"alignnone size-thumbnail wp-image-1412\" title=\"S300\" src=\"https:\/\/www.carpinteria-aluminio.cat\/wp-content\/uploads\/2012\/10\/Serie300EUR1-150x150.jpg\" alt=\"S300\" width=\"150\" height=\"150\" \/><\/a><a href=\"https:\/\/www.carpinteria-aluminio.cat\/wp-content\/uploads\/2012\/10\/300.bmp\" target=\"_blank\" rel=\"noopener\"><img loading=\"lazy\" decoding=\"async\" class=\"alignnone wp-image-1413\" title=\"S300\" src=\"https:\/\/www.carpinteria-aluminio.cat\/wp-content\/uploads\/2012\/10\/300.bmp\" alt=\"S300\" width=\"125\" height=\"150\" \/><\/a><\/p>\n<p style=\"text-align: center;\"><a href=\"https:\/\/www.carpinteria-aluminio.cat\/serie-corredera-s-300-de-alugom-por-ponsico-s-c-p-para-carpinteria-de-aluminio-en-barcelona\/\" target=\"_blank\" rel=\"noopener\">S 300<\/a><\/p>\n<p style=\"text-align: center;\"> <\/div><\/div>\n<p style=\"text-align: center;\"><strong>PRACTICABLES:<\/strong><\/p>\n<p><a href=\"https:\/\/www.carpinteria-aluminio.cat\/reparacion-y-mantenimiento\/\"><div class=\"wrap one\"><div class=\"column column_column one-third column-first\"><\/a> <a href=\"https:\/\/www.carpinteria-aluminio.cat\/wp-content\/uploads\/2012\/10\/Imagen-13-1.jpg\" target=\"_blank\" rel=\"noopener\"><img loading=\"lazy\" decoding=\"async\" class=\" wp-image-4939 alignnone\" title=\"ALG 75 MAXIMA\" src=\"https:\/\/www.carpinteria-aluminio.cat\/wp-content\/uploads\/2012\/10\/Imagen-13-1-150x150.jpg\" alt=\"ALG 75 MAXIMA\" width=\"150\" height=\"150\" \/><\/a><a href=\"https:\/\/www.carpinteria-aluminio.cat\/wp-content\/uploads\/2012\/10\/Imagen-13-2.jpg\" target=\"_blank\" rel=\"noopener\"><img loading=\"lazy\" decoding=\"async\" class=\"wp-image-4940 alignnone\" style=\"margin: 2px;\" title=\"ALG 75 MAXIMA\" src=\"https:\/\/www.carpinteria-aluminio.cat\/wp-content\/uploads\/2012\/10\/Imagen-13-2-150x150.jpg\" alt=\"ALG 75 MAXIMA\" width=\"124\" height=\"150\" \/><\/a><\/p>\n<p style=\"text-align: center;\"><a href=\"https:\/\/www.carpinteria-aluminio.cat\/serie-practicable-premium-alg-75-maxima-de-alugom-por-ponsico-s-c-p-para-carpinteria-de-aluminio-en-barcelona\/\" target=\"_blank\" rel=\"noopener\">ALG 75 MAXIMA<\/a><\/p>\n<p style=\"text-align: center;\"><\/div>\n<p><a href=\"https:\/\/www.carpinteria-aluminio.cat\/reparacion-y-mantenimiento\/\"><div class=\"column column_column one-third column-inner\"><\/a> <a href=\"https:\/\/www.carpinteria-aluminio.cat\/wp-content\/uploads\/2012\/10\/Imagen-12-2.jpg\" target=\"_blank\" rel=\"noopener\"><img loading=\"lazy\" decoding=\"async\" class=\" wp-image-4945\" title=\"ST 76 RPT\" src=\"https:\/\/www.carpinteria-aluminio.cat\/wp-content\/uploads\/2012\/10\/Imagen-12-2-150x150.jpg\" alt=\"ST 76 RPT\" width=\"150\" height=\"150\" \/><\/a><a href=\"https:\/\/www.carpinteria-aluminio.cat\/wp-content\/uploads\/2012\/10\/Imagen-12-1.jpg\" target=\"_blank\" rel=\"noopener\"><img loading=\"lazy\" decoding=\"async\" class=\"wp-image-4942 alignnone\" style=\"margin: 2px;\" title=\"ST 76 RPT\" src=\"https:\/\/www.carpinteria-aluminio.cat\/wp-content\/uploads\/2012\/10\/Imagen-12-1-150x150.jpg\" alt=\"ST 76 RPT\" width=\"124\" height=\"150\" \/><\/a><\/p>\n<p style=\"text-align: center;\"><a href=\"https:\/\/www.carpinteria-aluminio.cat\/serie-practicable-gama-premium-st-76-rpt-de-alugom-por-ponsico-s-c-p-para-carpinteria-de-aluminio-en-barcelona\/\" target=\"_blank\" rel=\"noopener\">ST 76 RPT<\/a><\/p>\n<p style=\"text-align: center;\"><\/div>\n<p><a href=\"https:\/\/www.carpinteria-aluminio.cat\/reparacion-y-mantenimiento\/\"><div class=\"column column_column one-third column-last\"><\/a> <a href=\"https:\/\/www.carpinteria-aluminio.cat\/wp-content\/uploads\/2012\/10\/Imagen-10-2-1.jpg\" target=\"_blank\" rel=\"noopener\"><img loading=\"lazy\" decoding=\"async\" class=\" wp-image-4943\" title=\"ST 60 RPT CANAL 16\" src=\"https:\/\/www.carpinteria-aluminio.cat\/wp-content\/uploads\/2012\/10\/Imagen-10-2-1-150x150.jpg\" alt=\"ST 60 RPT CANAL 16\" width=\"150\" height=\"150\" \/><\/a><a href=\"https:\/\/www.carpinteria-aluminio.cat\/wp-content\/uploads\/2012\/10\/Imagen-10-1.jpg\" target=\"_blank\" rel=\"noopener\"><img loading=\"lazy\" decoding=\"async\" class=\"wp-image-4944 alignnone\" style=\"margin: 2px;\" title=\"ST 60 RPT CANAL 16\" src=\"https:\/\/www.carpinteria-aluminio.cat\/wp-content\/uploads\/2012\/10\/Imagen-10-1-150x150.jpg\" alt=\"ST 60 RPT CANAL 16\" width=\"124\" height=\"150\" \/><\/a><\/p>\n<p style=\"text-align: center;\"><a href=\"https:\/\/www.carpinteria-aluminio.cat\/serie-practicable-gama-premium-st-60-rpt-canal-16-de-alugom-por-ponsico-s-c-p-para-carpinteria-de-aluminio-en-barcelona\/\" target=\"_blank\" rel=\"noopener\">ST 60 RPT CANAL 16<\/a><\/p>\n<p style=\"text-align: center;\"><\/div><\/div>\n<p style=\"text-align: center;\">[\/column]<\/p>\n<p><a href=\"https:\/\/www.carpinteria-aluminio.cat\/reparacion-y-mantenimiento\/\"><div class=\"wrap one\"><div class=\"column column_column one-third column-first\"><\/a> <a href=\"https:\/\/www.carpinteria-aluminio.cat\/wp-content\/uploads\/2012\/10\/madera56.jpg\" target=\"_blank\" rel=\"noopener\"><img loading=\"lazy\" decoding=\"async\" class=\"alignnone size-thumbnail wp-image-1427\" title=\"NOBILE ALUMINIO-MADERA\" src=\"https:\/\/www.carpinteria-aluminio.cat\/wp-content\/uploads\/2012\/10\/madera56-150x150.jpg\" alt=\"NOBILE ALUMINIO-MADERA\" width=\"150\" height=\"150\" \/><\/a><a href=\"https:\/\/www.carpinteria-aluminio.cat\/wp-content\/uploads\/2012\/10\/aluminio-madera1.bmp\" target=\"_blank\" rel=\"noopener\"><img loading=\"lazy\" decoding=\"async\" class=\"alignnone wp-image-1428\" title=\"NOBILE ALUMINIO-MADERA\" src=\"https:\/\/www.carpinteria-aluminio.cat\/wp-content\/uploads\/2012\/10\/aluminio-madera1.bmp\" alt=\"NOBILE ALUMINIO-MADERA\" width=\"125\" height=\"150\" \/><\/a><\/p>\n<p style=\"text-align: center;\"><a href=\"https:\/\/www.carpinteria-aluminio.cat\/serie-practicable-nobile-aluminiomadera-de-alugom-por-ponsico-s-c-p-para-carpinteria-de-aluminio-en-barcelona\/\" target=\"_blank\" rel=\"noopener\">NOBILE ALUMINIO-MADERA<\/a><\/p>\n<p><\/div> <a href=\"https:\/\/www.carpinteria-aluminio.cat\/reparacion-y-mantenimiento\/\"><div class=\"column column_column one-third column-inner\"><\/a> <a href=\"https:\/\/www.carpinteria-aluminio.cat\/wp-content\/uploads\/2012\/10\/SerieStilo60RPTL.jpg\" target=\"_blank\" rel=\"noopener\"><img loading=\"lazy\" decoding=\"async\" class=\"alignnone size-thumbnail wp-image-1416\" title=\"STILO 60 RPT\" src=\"https:\/\/www.carpinteria-aluminio.cat\/wp-content\/uploads\/2012\/10\/SerieStilo60RPTL-150x150.jpg\" alt=\"STILO 60 RPT\" width=\"150\" height=\"150\" \/><\/a><a href=\"https:\/\/www.carpinteria-aluminio.cat\/wp-content\/uploads\/2012\/10\/s60rpt.bmp\" target=\"_blank\" rel=\"noopener\"><img loading=\"lazy\" decoding=\"async\" class=\"alignnone wp-image-1417\" title=\"STILO 60RPT\" src=\"https:\/\/www.carpinteria-aluminio.cat\/wp-content\/uploads\/2012\/10\/s60rpt.bmp\" alt=\"STILO 60 RPT\" width=\"125\" height=\"150\" \/><\/a><\/p>\n<p style=\"text-align: center;\"><a href=\"https:\/\/www.carpinteria-aluminio.cat\/serie-practicable-stilo-60-rpt-de-alugom-por-ponsico-s-c-p-para-carpinteria-de-aluminio-en-barcelona\/\" target=\"_blank\" rel=\"noopener\">STILO 60 RPT<\/a><\/p>\n<p><\/div> <a href=\"https:\/\/www.carpinteria-aluminio.cat\/reparacion-y-mantenimiento\/\"><div class=\"column column_column one-third column-last\"><\/a> <a href=\"https:\/\/www.carpinteria-aluminio.cat\/wp-content\/uploads\/2012\/10\/SerieStilo60.jpg\" target=\"_blank\" rel=\"noopener\"><img loading=\"lazy\" decoding=\"async\" class=\"alignnone size-thumbnail wp-image-1418\" title=\"STILO 60\" src=\"https:\/\/www.carpinteria-aluminio.cat\/wp-content\/uploads\/2012\/10\/SerieStilo60-150x150.jpg\" alt=\"STILO 60\" width=\"150\" height=\"150\" \/><\/a><a href=\"https:\/\/www.carpinteria-aluminio.cat\/wp-content\/uploads\/2012\/10\/s60.bmp\" target=\"_blank\" rel=\"noopener\"><img loading=\"lazy\" decoding=\"async\" class=\"alignnone wp-image-1419\" title=\"STILO 60\" src=\"https:\/\/www.carpinteria-aluminio.cat\/wp-content\/uploads\/2012\/10\/s60.bmp\" alt=\"STILO 60\" width=\"125\" height=\"150\" \/><\/a><\/p>\n<p style=\"text-align: center;\"><a href=\"https:\/\/www.carpinteria-aluminio.cat\/serie-practicable-stilo-60-rpt-de-alugom-por-ponsico-s-c-p-para-carpinteria-de-aluminio-en-barcelona\/\" target=\"_blank\" rel=\"noopener\">STILO 60<\/a><\/p>\n<p><\/div><\/div> <a href=\"https:\/\/www.carpinteria-aluminio.cat\/reparacion-y-mantenimiento\/\"><div class=\"wrap one\"><div class=\"column column_column one-third column-first\"><\/a> <a href=\"https:\/\/www.carpinteria-aluminio.cat\/wp-content\/uploads\/2012\/10\/SerieStilo50RPT.jpg\" target=\"_blank\" rel=\"noopener\"><img loading=\"lazy\" decoding=\"async\" class=\"alignnone size-thumbnail wp-image-1420\" title=\"STILO 50 RPT\" src=\"https:\/\/www.carpinteria-aluminio.cat\/wp-content\/uploads\/2012\/10\/SerieStilo50RPT-150x150.jpg\" alt=\"STILO 50 RPT\" width=\"150\" height=\"150\" \/><\/a><a href=\"https:\/\/www.carpinteria-aluminio.cat\/wp-content\/uploads\/2012\/10\/STILO-50-RPT.bmp\" target=\"_blank\" rel=\"noopener\"><img loading=\"lazy\" decoding=\"async\" class=\"alignnone wp-image-1421\" title=\"STILO 50 RPT\" src=\"https:\/\/www.carpinteria-aluminio.cat\/wp-content\/uploads\/2012\/10\/STILO-50-RPT.bmp\" alt=\"STILO 50 RPT\" width=\"125\" height=\"150\" \/><\/a><\/p>\n<p style=\"text-align: center;\"><a href=\"https:\/\/www.carpinteria-aluminio.cat\/serie-stilo-50-de-alugom-por-ponsico-s-c-p-en-la-carpinteria-de-aluminio\/\" target=\"_blank\" rel=\"noopener\">STILO 50 RPT<\/a><\/p>\n<p><\/div> <a href=\"https:\/\/www.carpinteria-aluminio.cat\/reparacion-y-mantenimiento\/\"><div class=\"column column_column one-third column-inner\"><\/a> <a href=\"https:\/\/www.carpinteria-aluminio.cat\/wp-content\/uploads\/2012\/10\/SerieStilo50.jpg\" target=\"_blank\" rel=\"noopener\"><img loading=\"lazy\" decoding=\"async\" class=\"alignnone size-thumbnail wp-image-1422\" title=\"STILO 50\" src=\"https:\/\/www.carpinteria-aluminio.cat\/wp-content\/uploads\/2012\/10\/SerieStilo50-150x150.jpg\" alt=\"STILO 50\" width=\"150\" height=\"150\" \/><\/a><a href=\"https:\/\/www.carpinteria-aluminio.cat\/wp-content\/uploads\/2012\/10\/STILO-50.bmp\" target=\"_blank\" rel=\"noopener\"><img loading=\"lazy\" decoding=\"async\" class=\"alignnone wp-image-1423\" title=\"STILO 50\" src=\"https:\/\/www.carpinteria-aluminio.cat\/wp-content\/uploads\/2012\/10\/STILO-50.bmp\" alt=\"STILO 50\" width=\"125\" height=\"150\" \/><\/a><\/p>\n<p style=\"text-align: center;\"><a href=\"https:\/\/www.carpinteria-aluminio.cat\/serie-stilo-50-de-alugom-por-ponsico-s-c-p-en-la-carpinteria-de-aluminio\/\" target=\"_blank\" rel=\"noopener\">STILO 50<\/a><\/p>\n<p><\/div> <a href=\"https:\/\/www.carpinteria-aluminio.cat\/reparacion-y-mantenimiento\/\"><div class=\"column column_column one-third column-last\"><\/a> <a href=\"https:\/\/www.carpinteria-aluminio.cat\/wp-content\/uploads\/2012\/10\/serie350.jpg\" target=\"_blank\" rel=\"noopener\"><img loading=\"lazy\" decoding=\"async\" class=\"size-thumbnail wp-image-1424 alignnone\" title=\"S 350\" src=\"https:\/\/www.carpinteria-aluminio.cat\/wp-content\/uploads\/2012\/10\/serie350-150x150.jpg\" alt=\"S 350\" width=\"150\" height=\"150\" \/><\/a><a href=\"https:\/\/www.carpinteria-aluminio.cat\/wp-content\/uploads\/2012\/10\/350.bmp\" target=\"_blank\" rel=\"noopener\"><img loading=\"lazy\" decoding=\"async\" class=\"wp-image-1425 alignnone\" title=\"S 350\" src=\"https:\/\/www.carpinteria-aluminio.cat\/wp-content\/uploads\/2012\/10\/350.bmp\" alt=\"S 350\" width=\"125\" height=\"150\" \/><\/a><\/p>\n<p style=\"text-align: center;\"><a href=\"https:\/\/www.carpinteria-aluminio.cat\/serie-practicable-s-350-de-alugom-por-ponsico-s-c-p-para-carpinteria-de-aluminio-en-barcelona\/\" target=\"_blank\" rel=\"noopener\">S 350<\/a><\/p>\n<p><\/div><\/div>\n<p style=\"text-align: justify;\">Incluez le type de <strong>FINITION<\/strong> dans la menuiserie :<\/p>\n<p>Chez Carpinteria de Aluminio Ponsico, nous proposons les finitions suivantes :<\/p>\n<div id=\"attachment_1607\" style=\"width: 284px\" class=\"wp-caption alignleft\"><a href=\"https:\/\/www.carpinteria-aluminio.cat\/wp-content\/uploads\/2012\/10\/IMG_1547_resized_1.jpg\" target=\"_blank\" rel=\"noopener\"><img loading=\"lazy\" decoding=\"async\" aria-describedby=\"caption-attachment-1607\" class=\" wp-image-1607 \" style=\"margin: 0px; border: 0px;\" title=\"Nuancier couleurs RAL laqu\u00e9\" src=\"https:\/\/www.carpinteria-aluminio.cat\/wp-content\/uploads\/2012\/10\/IMG_1547_resized_1-300x200.jpg\" alt=\"Nuancier couleurs RAL laqu\u00e9\" width=\"274\" height=\"200\" \/><\/a><p id=\"caption-attachment-1607\" class=\"wp-caption-text\">Nuancier couleurs RAL laqu\u00e9<\/p><\/div>\n<div id=\"attachment_1285\" style=\"width: 284px\" class=\"wp-caption alignleft\"><a href=\"https:\/\/www.carpinteria-aluminio.cat\/wp-content\/uploads\/2013\/02\/IMG_0071.jpg\" target=\"_blank\" rel=\"noopener\"><img loading=\"lazy\" decoding=\"async\" aria-describedby=\"caption-attachment-1285\" class=\" wp-image-1285 \" style=\"margin: 0px; border: 0px;\" title=\"Nuancier laqu\u00e9 bois\" src=\"https:\/\/www.carpinteria-aluminio.cat\/wp-content\/uploads\/2013\/02\/IMG_0071-300x200.jpg\" alt=\"Nuancier laqu\u00e9 bois\" width=\"274\" height=\"200\" \/><\/a><p id=\"caption-attachment-1285\" class=\"wp-caption-text\">Nuancier laqu\u00e9 bois<\/p><\/div>\n<div id=\"attachment_2243\" style=\"width: 285px\" class=\"wp-caption alignleft\"><a href=\"https:\/\/www.carpinteria-aluminio.cat\/wp-content\/uploads\/2012\/10\/20130325_132646_resized.jpg\" target=\"_blank\" rel=\"noopener\"><img loading=\"lazy\" decoding=\"async\" aria-describedby=\"caption-attachment-2243\" class=\"wp-image-2243 \" style=\"margin: 0px; border: 0px;\" title=\"\u00c9chantillon d'anodisation : argent, inox, bronze et noir.\" src=\"https:\/\/www.carpinteria-aluminio.cat\/wp-content\/uploads\/2012\/10\/20130325_132646_resized-300x225.jpg\" alt=\"\u00c9chantillon d'anodisation : argent, inox, bronze et noir.\" width=\"275\" height=\"200\" \/><\/a><p id=\"caption-attachment-2243\" class=\"wp-caption-text\">\u00c9chantillon d&rsquo;anodisation : argent, inox, bronze et noir.<\/p><\/div>\n<p style=\"text-align: justify;\">Transformez votre porte ou fen\u00eatre en aluminium en classique ou moderne, en fonction du type de finition applicable \u00e0 l&rsquo;aluminium, qu&rsquo;il s&rsquo;agisse de laque bois ou de laque RAL unie, en choisissant la couleur qui vous convient le mieux pour s&rsquo;harmoniser parfaitement avec le design de votre maison. Ou donnez \u00e0 votre structure ext\u00e9rieure en aluminium la magnifique r\u00e9sistance offerte par les anodisations, et choisissez la couleur qui vous convient le mieux. Chez Carpinteria de Aluminio Ponsico, nous proposons les types de finitions suivants :<\/p>\n<p style=\"text-align: justify;\"><a href=\"http:\/\/www.instaladoresonline.com\/colores_ral.html\" target=\"_blank\" rel=\"noopener\"><strong>LAQU\u00c9 COULEURS RAL<\/strong>:<\/a> Il est possible de choisir parmi une large gamme de laques, en s\u00e9lectionnant un num\u00e9ro de la charte appel\u00e9e \u00ab\u00a0RAL\u00a0\u00bb qui correspond \u00e0 une couleur sp\u00e9cifique. Le traitement des profils est effectu\u00e9 dans des usines de laquage au four selon des normes de qualit\u00e9 strictes. Ces normes fixent un certain nombre d&rsquo;exigences techniques pour que le processus de laquage de l&rsquo;aluminium soit effectu\u00e9 en toute garantie. La laque au four b\u00e9n\u00e9ficie d&rsquo;une garantie de 10 ans, bien que dans la pratique sa dur\u00e9e de vie soit beaucoup plus longue. Ci-dessous, nous vous montrons les laques couleur RAL les plus utilis\u00e9es, dans une gamme \u00e9tendue :<\/p>\n<p style=\"text-align: center;\"><div class=\"wrap one\"><div class=\"column column_column one-fourth column-first\"><\/p>\n<div id=\"attachment_3868\" style=\"width: 190px\" class=\"wp-caption aligncenter\"><img loading=\"lazy\" decoding=\"async\" aria-describedby=\"caption-attachment-3868\" class=\" wp-image-3868 \" title=\"RAL 1021\" src=\"https:\/\/www.carpinteria-aluminio.cat\/wp-content\/uploads\/2012\/10\/2013-12-05-17-45-05-2-150x150.png\" alt=\"RAL 1021\" width=\"180\" height=\"180\" \/><p id=\"caption-attachment-3868\" class=\"wp-caption-text\">RAL 1021<\/p><\/div>\n<p><\/div>\n<p style=\"text-align: center;\"><div class=\"column column_column one-fourth column-inner\"><\/p>\n<div id=\"attachment_3869\" style=\"width: 190px\" class=\"wp-caption aligncenter\"><img loading=\"lazy\" decoding=\"async\" aria-describedby=\"caption-attachment-3869\" class=\" wp-image-3869 \" title=\"RAL 3011\" src=\"https:\/\/www.carpinteria-aluminio.cat\/wp-content\/uploads\/2012\/10\/2013-12-05-17-45-05-4-150x150.png\" alt=\"RAL 3011\" width=\"180\" height=\"180\" \/><p id=\"caption-attachment-3869\" class=\"wp-caption-text\">RAL 3011<\/p><\/div>\n<p><\/div>\n<p style=\"text-align: center;\"><div class=\"column column_column one-fourth column-inner\"><\/p>\n<div id=\"attachment_3870\" style=\"width: 190px\" class=\"wp-caption aligncenter\"><img loading=\"lazy\" decoding=\"async\" aria-describedby=\"caption-attachment-3870\" class=\" wp-image-3870 \" title=\"RAL 5010\" src=\"https:\/\/www.carpinteria-aluminio.cat\/wp-content\/uploads\/2012\/10\/2013-12-05-17-45-05-5-150x150.png\" alt=\"RAL 5010\" width=\"180\" height=\"180\" srcset=\"https:\/\/www.carpinteria-aluminio.cat\/wp-content\/uploads\/2012\/10\/2013-12-05-17-45-05-5-150x150.png 150w, https:\/\/www.carpinteria-aluminio.cat\/wp-content\/uploads\/2012\/10\/2013-12-05-17-45-05-5.png 153w\" sizes=\"auto, (max-width:767px) 180px, 180px\" \/><p id=\"caption-attachment-3870\" class=\"wp-caption-text\">RAL 5010<\/p><\/div>\n<p><\/div>\n<p style=\"text-align: center;\"><div class=\"column column_column one-fourth column-last\"><\/p>\n<div id=\"attachment_3871\" style=\"width: 190px\" class=\"wp-caption aligncenter\"><img loading=\"lazy\" decoding=\"async\" aria-describedby=\"caption-attachment-3871\" class=\" wp-image-3871 \" title=\"RAL 6005\" src=\"https:\/\/www.carpinteria-aluminio.cat\/wp-content\/uploads\/2012\/10\/2013-12-05-17-45-05-6.png\" alt=\"RAL 6005\" width=\"180\" height=\"180\" \/><p id=\"caption-attachment-3871\" class=\"wp-caption-text\">RAL 6005<\/p><\/div>\n<p><\/div><\/div>\n<p style=\"text-align: center;\"><div class=\"wrap one\"><div class=\"column column_column one-fourth column-first\"><\/p>\n<div id=\"attachment_3872\" style=\"width: 190px\" class=\"wp-caption aligncenter\"><img loading=\"lazy\" decoding=\"async\" aria-describedby=\"caption-attachment-3872\" class=\" wp-image-3872 \" title=\"RAL 7016\" src=\"https:\/\/www.carpinteria-aluminio.cat\/wp-content\/uploads\/2012\/10\/2013-12-05-17-45-05-8-150x150.png\" alt=\"RAL 7016\" width=\"180\" height=\"180\" srcset=\"https:\/\/www.carpinteria-aluminio.cat\/wp-content\/uploads\/2012\/10\/2013-12-05-17-45-05-8-150x150.png 150w, https:\/\/www.carpinteria-aluminio.cat\/wp-content\/uploads\/2012\/10\/2013-12-05-17-45-05-8.png 155w\" sizes=\"auto, (max-width:767px) 180px, 180px\" \/><p id=\"caption-attachment-3872\" class=\"wp-caption-text\">RAL 7016<\/p><\/div>\n<p><\/div>\n<p style=\"text-align: center;\"><div class=\"column column_column one-fourth column-inner\"><\/p>\n<div id=\"attachment_3873\" style=\"width: 190px\" class=\"wp-caption aligncenter\"><img loading=\"lazy\" decoding=\"async\" aria-describedby=\"caption-attachment-3873\" class=\" wp-image-3873 \" title=\"RAL 7021\" src=\"https:\/\/www.carpinteria-aluminio.cat\/wp-content\/uploads\/2012\/10\/2013-12-05-17-45-05-9-150x150.png\" alt=\"RAL 7021\" width=\"180\" height=\"180\" \/><p id=\"caption-attachment-3873\" class=\"wp-caption-text\">RAL 7021<\/p><\/div>\n<p><\/div>\n<p style=\"text-align: center;\"><div class=\"column column_column one-fourth column-inner\"><\/p>\n<div id=\"attachment_3874\" style=\"width: 190px\" class=\"wp-caption aligncenter\"><img loading=\"lazy\" decoding=\"async\" aria-describedby=\"caption-attachment-3874\" class=\" wp-image-3874 \" title=\"RAL 9006\" src=\"https:\/\/www.carpinteria-aluminio.cat\/wp-content\/uploads\/2012\/10\/2013-12-05-17-45-18-2-150x150.png\" alt=\"RAL 9006\" width=\"180\" height=\"180\" \/><p id=\"caption-attachment-3874\" class=\"wp-caption-text\">RAL 9006<\/p><\/div>\n<p><\/div>\n<p style=\"text-align: center;\"><div class=\"column column_column one-fourth column-last\"><\/p>\n<div id=\"attachment_3875\" style=\"width: 190px\" class=\"wp-caption aligncenter\"><img loading=\"lazy\" decoding=\"async\" aria-describedby=\"caption-attachment-3875\" class=\" wp-image-3875 \" title=\"RAL 7035\" src=\"https:\/\/www.carpinteria-aluminio.cat\/wp-content\/uploads\/2012\/10\/2013-12-05-17-45-18-3-150x150.png\" alt=\"RAL 7035\" width=\"180\" height=\"180\" srcset=\"https:\/\/www.carpinteria-aluminio.cat\/wp-content\/uploads\/2012\/10\/2013-12-05-17-45-18-3-150x150.png 150w, https:\/\/www.carpinteria-aluminio.cat\/wp-content\/uploads\/2012\/10\/2013-12-05-17-45-18-3.png 155w\" sizes=\"auto, (max-width:767px) 180px, 180px\" \/><p id=\"caption-attachment-3875\" class=\"wp-caption-text\">RAL 7035<\/p><\/div>\n<p><\/div><\/div>\n<p style=\"text-align: center;\"><div class=\"wrap one\"><div class=\"column column_column one-fourth column-first\"><\/p>\n<div id=\"attachment_3876\" style=\"width: 190px\" class=\"wp-caption aligncenter\"><img loading=\"lazy\" decoding=\"async\" aria-describedby=\"caption-attachment-3876\" class=\" wp-image-3876 \" title=\"RAL 8014\" src=\"https:\/\/www.carpinteria-aluminio.cat\/wp-content\/uploads\/2012\/10\/2013-12-05-17-45-18-5-150x150.png\" alt=\"RAL 8014\" width=\"180\" height=\"180\" \/><p id=\"caption-attachment-3876\" class=\"wp-caption-text\">RAL 8014<\/p><\/div>\n<p><\/div>\n<p style=\"text-align: center;\"><div class=\"column column_column one-fourth column-inner\"><\/p>\n<div id=\"attachment_3877\" style=\"width: 190px\" class=\"wp-caption aligncenter\"><img loading=\"lazy\" decoding=\"async\" aria-describedby=\"caption-attachment-3877\" class=\" wp-image-3877 \" title=\"RAL 8017\" src=\"https:\/\/www.carpinteria-aluminio.cat\/wp-content\/uploads\/2012\/10\/2013-12-05-17-45-30-2-150x150.png\" alt=\"RAL 8017\" width=\"180\" height=\"180\" srcset=\"https:\/\/www.carpinteria-aluminio.cat\/wp-content\/uploads\/2012\/10\/2013-12-05-17-45-30-2-150x150.png 150w, https:\/\/www.carpinteria-aluminio.cat\/wp-content\/uploads\/2012\/10\/2013-12-05-17-45-30-2.png 156w\" sizes=\"auto, (max-width:767px) 180px, 180px\" \/><p id=\"caption-attachment-3877\" class=\"wp-caption-text\">RAL 8017<\/p><\/div>\n<p><\/div>\n<p style=\"text-align: center;\"><div class=\"column column_column one-fourth column-inner\"><\/p>\n<div id=\"attachment_3879\" style=\"width: 190px\" class=\"wp-caption aligncenter\"><img loading=\"lazy\" decoding=\"async\" aria-describedby=\"caption-attachment-3879\" class=\" wp-image-3879 \" title=\"RAL 6200\" src=\"https:\/\/www.carpinteria-aluminio.cat\/wp-content\/uploads\/2012\/10\/2013-12-05-17-45-30-7-150x150.png\" alt=\"RAL 6200\" width=\"180\" height=\"180\" \/><p id=\"caption-attachment-3879\" class=\"wp-caption-text\">RAL 6200<\/p><\/div>\n<p><\/div>\n<p style=\"text-align: center;\"><div class=\"column column_column one-fourth column-last\"><\/p>\n<div id=\"attachment_3882\" style=\"width: 190px\" class=\"wp-caption aligncenter\"><img loading=\"lazy\" decoding=\"async\" aria-describedby=\"caption-attachment-3882\" class=\" wp-image-3882 \" title=\"RAL 9016\" src=\"https:\/\/www.carpinteria-aluminio.cat\/wp-content\/uploads\/2012\/10\/2013-12-05-17-46-29-1-150x150.png\" alt=\"RAL 9016\" width=\"180\" height=\"180\" srcset=\"https:\/\/www.carpinteria-aluminio.cat\/wp-content\/uploads\/2012\/10\/2013-12-05-17-46-29-1-150x150.png 150w, https:\/\/www.carpinteria-aluminio.cat\/wp-content\/uploads\/2012\/10\/2013-12-05-17-46-29-1.png 171w\" sizes=\"auto, (max-width:767px) 180px, 180px\" \/><p id=\"caption-attachment-3882\" class=\"wp-caption-text\">RAL 9016<\/p><\/div>\n<p><\/div><\/div>\n<p style=\"text-align: justify;\"><strong>LACQUER BOIS<\/strong>: Une couche normale de laque de base est appliqu\u00e9e sur le profil, puis un film d\u00e9coratif est ajout\u00e9 par chaleur, imitant diff\u00e9rents types de bois, pour obtenir un r\u00e9sultat pratiquement identique \u00e0 celui du bois naturel. Nous pouvons choisir entre une laque bois lisse, semblable au bois naturel ponc\u00e9 et verni, et une laque bois textur\u00e9e, qui imite le bois naturel verni sans pon\u00e7age, donc plus rugueuse au toucher. D\u00e9corez votre maison avec ce type de laque pour apporter chaleur et d\u00e9coration. La laque au four est garantie 10 ans, bien que dans la pratique sa durabilit\u00e9 soit bien plus longue. Voici quelques-uns des types de laque bois les plus courants :<\/p>\n<p style=\"text-align: center;\"><div class=\"wrap one\"><div class=\"column column_column one-fourth column-first\"><\/p>\n<div id=\"attachment_3885\" style=\"width: 190px\" class=\"wp-caption aligncenter\"><img loading=\"lazy\" decoding=\"async\" aria-describedby=\"caption-attachment-3885\" class=\" wp-image-3885\" title=\"PINO NUDO\" src=\"https:\/\/www.carpinteria-aluminio.cat\/wp-content\/uploads\/2012\/10\/2013-12-05-18-07-28-1-150x150.png\" alt=\"PINO NUDO\" width=\"180\" height=\"180\" \/><p id=\"caption-attachment-3885\" class=\"wp-caption-text\">PINO NUDO<\/p><\/div>\n<p><\/div>\n<p style=\"text-align: center;\"><div class=\"column column_column one-fourth column-inner\"><\/p>\n<div id=\"attachment_3886\" style=\"width: 190px\" class=\"wp-caption aligncenter\"><img loading=\"lazy\" decoding=\"async\" aria-describedby=\"caption-attachment-3886\" class=\" wp-image-3886\" title=\"PINO CLARO\" src=\"https:\/\/www.carpinteria-aluminio.cat\/wp-content\/uploads\/2012\/10\/2013-12-05-17-44-17-1-150x150.png\" alt=\"PINO CLARO\" width=\"180\" height=\"180\" \/><p id=\"caption-attachment-3886\" class=\"wp-caption-text\">PINO CLARO<\/p><\/div>\n<p><\/div>\n<p style=\"text-align: center;\"><div class=\"column column_column one-fourth column-inner\"><\/p>\n<div id=\"attachment_3887\" style=\"width: 190px\" class=\"wp-caption aligncenter\"><img loading=\"lazy\" decoding=\"async\" aria-describedby=\"caption-attachment-3887\" class=\" wp-image-3887\" title=\"FRESNO\" src=\"https:\/\/www.carpinteria-aluminio.cat\/wp-content\/uploads\/2012\/10\/2013-12-05-17-44-17-2-150x150.png\" alt=\"FR\u00caNE\" width=\"180\" height=\"180\" \/><p id=\"caption-attachment-3887\" class=\"wp-caption-text\">FR\u00caNE<\/p><\/div>\n<p><\/div>\n<p style=\"text-align: center;\"><div class=\"column column_column one-fourth column-last\"><\/p>\n<div id=\"attachment_3888\" style=\"width: 190px\" class=\"wp-caption aligncenter\"><img loading=\"lazy\" decoding=\"async\" aria-describedby=\"caption-attachment-3888\" class=\" wp-image-3888\" title=\"NOGAL\" src=\"https:\/\/www.carpinteria-aluminio.cat\/wp-content\/uploads\/2012\/10\/2013-12-05-17-44-17-3-150x150.png\" alt=\"NOGAL\" width=\"180\" height=\"180\" \/><p id=\"caption-attachment-3888\" class=\"wp-caption-text\">NOYER<\/p><\/div>\n<p><\/div><\/div>\n<p style=\"text-align: center;\"><div class=\"wrap one\"><div class=\"column column_column one-fourth column-first\"><\/p>\n<div id=\"attachment_3892\" style=\"width: 190px\" class=\"wp-caption aligncenter\"><img loading=\"lazy\" decoding=\"async\" aria-describedby=\"caption-attachment-3892\" class=\" wp-image-3892 \" title=\"TEKA TEXTURA\" src=\"https:\/\/www.carpinteria-aluminio.cat\/wp-content\/uploads\/2012\/10\/2013-12-05-17-44-17-4-150x150.png\" alt=\"TEXTURE DE TECK\" width=\"180\" height=\"180\" \/><p id=\"caption-attachment-3892\" class=\"wp-caption-text\">TEXTURE DE TECK<\/p><\/div>\n<p><\/div>\n<p style=\"text-align: center;\"><div class=\"column column_column one-fourth column-inner\"><\/p>\n<div id=\"attachment_3900\" style=\"width: 190px\" class=\"wp-caption aligncenter\"><img loading=\"lazy\" decoding=\"async\" aria-describedby=\"caption-attachment-3900\" class=\" wp-image-3900\" title=\"TEKA LISO\" src=\"https:\/\/www.carpinteria-aluminio.cat\/wp-content\/uploads\/2012\/10\/2013-12-05-17-44-31-1-150x150.png\" alt=\"TECK LISSE\" width=\"180\" height=\"180\" \/><p id=\"caption-attachment-3900\" class=\"wp-caption-text\">TECK LISSE<\/p><\/div>\n<p><\/div>\n<p style=\"text-align: center;\"><div class=\"column column_column one-fourth column-inner\"><\/p>\n<div id=\"attachment_3894\" style=\"width: 190px\" class=\"wp-caption aligncenter\"><img loading=\"lazy\" decoding=\"async\" aria-describedby=\"caption-attachment-3894\" class=\" wp-image-3894\" title=\"SAPELLY\" src=\"https:\/\/www.carpinteria-aluminio.cat\/wp-content\/uploads\/2012\/10\/2013-12-05-17-44-17-51-150x150.png\" alt=\"SAPELLY\" width=\"180\" height=\"180\" \/><p id=\"caption-attachment-3894\" class=\"wp-caption-text\">SAPELLY<\/p><\/div>\n<p><\/div>\n<p style=\"text-align: center;\"><div class=\"column column_column one-fourth column-last\"><\/p>\n<div id=\"attachment_3895\" style=\"width: 190px\" class=\"wp-caption aligncenter\"><img loading=\"lazy\" decoding=\"async\" aria-describedby=\"caption-attachment-3895\" class=\" wp-image-3895\" title=\"CEREZO\" src=\"https:\/\/www.carpinteria-aluminio.cat\/wp-content\/uploads\/2012\/10\/2013-12-05-17-44-17-6-150x150.png\" alt=\"CERISIER\" width=\"180\" height=\"180\" \/><p id=\"caption-attachment-3895\" class=\"wp-caption-text\">CERISIER<\/p><\/div>\n<p><\/div><\/div>\n<p style=\"text-align: center;\"><div class=\"wrap one\"><div class=\"column column_column one-fourth column-first\"><\/p>\n<div id=\"attachment_3896\" style=\"width: 190px\" class=\"wp-caption aligncenter\"><img loading=\"lazy\" decoding=\"async\" aria-describedby=\"caption-attachment-3896\" class=\" wp-image-3896\" title=\"CH\u00caNE\" src=\"https:\/\/www.carpinteria-aluminio.cat\/wp-content\/uploads\/2012\/10\/2013-12-05-17-44-17-7-150x150.png\" alt=\"CH\u00caNE\" width=\"180\" height=\"180\" srcset=\"https:\/\/www.carpinteria-aluminio.cat\/wp-content\/uploads\/2012\/10\/2013-12-05-17-44-17-7-150x150.png 150w, https:\/\/www.carpinteria-aluminio.cat\/wp-content\/uploads\/2012\/10\/2013-12-05-17-44-17-7.png 194w\" sizes=\"auto, (max-width:767px) 180px, 180px\" \/><p id=\"caption-attachment-3896\" class=\"wp-caption-text\">CH\u00caNE<\/p><\/div>\n<p><\/div>\n<p style=\"text-align: center;\"><div class=\"column column_column one-fourth column-inner\"><\/p>\n<div id=\"attachment_3897\" style=\"width: 190px\" class=\"wp-caption aligncenter\"><img loading=\"lazy\" decoding=\"async\" aria-describedby=\"caption-attachment-3897\" class=\" wp-image-3897\" title=\"ORME\" src=\"https:\/\/www.carpinteria-aluminio.cat\/wp-content\/uploads\/2012\/10\/2013-12-05-17-44-31-5-150x150.png\" alt=\"ORME\" width=\"180\" height=\"180\" srcset=\"https:\/\/www.carpinteria-aluminio.cat\/wp-content\/uploads\/2012\/10\/2013-12-05-17-44-31-5-150x150.png 150w, https:\/\/www.carpinteria-aluminio.cat\/wp-content\/uploads\/2012\/10\/2013-12-05-17-44-31-5.png 197w\" sizes=\"auto, (max-width:767px) 180px, 180px\" \/><p id=\"caption-attachment-3897\" class=\"wp-caption-text\">ORME<\/p><\/div>\n<p><\/div>\n<p style=\"text-align: center;\"><div class=\"column column_column one-fourth column-inner\"><\/p>\n<div id=\"attachment_3898\" style=\"width: 190px\" class=\"wp-caption aligncenter\"><img loading=\"lazy\" decoding=\"async\" aria-describedby=\"caption-attachment-3898\" class=\" wp-image-3898\" title=\"CH\u00c2TAIGNIER\" src=\"https:\/\/www.carpinteria-aluminio.cat\/wp-content\/uploads\/2012\/10\/2013-12-05-17-44-31-6-150x150.png\" alt=\"CH\u00c2TAIGNIER\" width=\"180\" height=\"180\" \/><p id=\"caption-attachment-3898\" class=\"wp-caption-text\">CH\u00c2TAIGNIER<\/p><\/div>\n<p><\/div>\n<p style=\"text-align: center;\"><div class=\"column column_column one-fourth column-last\"><\/p>\n<div id=\"attachment_3899\" style=\"width: 190px\" class=\"wp-caption aligncenter\"><img loading=\"lazy\" decoding=\"async\" aria-describedby=\"caption-attachment-3899\" class=\" wp-image-3899\" title=\"FR\u00caNE\" src=\"https:\/\/www.carpinteria-aluminio.cat\/wp-content\/uploads\/2012\/10\/2013-12-05-17-44-31-7-150x150.png\" alt=\"FR\u00caNE\" width=\"180\" height=\"180\" \/><p id=\"caption-attachment-3899\" class=\"wp-caption-text\">FR\u00caNE<\/p><\/div>\n<p><\/div><\/div>\n<p style=\"text-align: justify;\"><strong>ANODIS\u00c9S<\/strong>: Contrairement au laquage, l&rsquo;anodisation est une technique qui est g\u00e9n\u00e9ralement utilis\u00e9e sur l&rsquo;aluminium pour cr\u00e9er une couche de protection artificielle par l&rsquo;interm\u00e9diaire de l&rsquo;oxyde protecteur de l&rsquo;aluminium, connu sous le nom d&rsquo;alumine. La couche est obtenue par des proc\u00e9d\u00e9s \u00e9lectrochimiques et offre une r\u00e9sistance et une durabilit\u00e9 accrues, rendant le mat\u00e9riau pratiquement insensible au fil des ann\u00e9es. Il est fortement recommand\u00e9 pour les maisons en premi\u00e8re ligne de mer o\u00f9 le sel marin ou le calcaire pourraient endommager les fen\u00eatres. Voici quelques-uns des types d&rsquo;anodisation les plus courants :<\/p>\n<p style=\"text-align: center;\"><div class=\"wrap one\"><div class=\"column column_column one-fourth column-first\"><\/p>\n<div id=\"attachment_3902\" style=\"width: 190px\" class=\"wp-caption aligncenter\"><img loading=\"lazy\" decoding=\"async\" aria-describedby=\"caption-attachment-3902\" class=\" wp-image-3902 \" title=\"INOX\" src=\"https:\/\/www.carpinteria-aluminio.cat\/wp-content\/uploads\/2012\/10\/2013-12-05-18-13-09-1-150x150.png\" alt=\"INOX\" width=\"180\" height=\"180\" \/><p id=\"caption-attachment-3902\" class=\"wp-caption-text\">INOX<\/p><\/div>\n<p><\/div>\n<p style=\"text-align: center;\"><div class=\"column column_column one-fourth column-inner\"><\/p>\n<div id=\"attachment_3903\" style=\"width: 190px\" class=\"wp-caption aligncenter\"><img loading=\"lazy\" decoding=\"async\" aria-describedby=\"caption-attachment-3903\" class=\" wp-image-3903 \" title=\"ARGENT\" src=\"https:\/\/www.carpinteria-aluminio.cat\/wp-content\/uploads\/2012\/10\/2013-12-05-18-13-09-2-150x150.png\" alt=\"ARGENT\" width=\"180\" height=\"180\" \/><p id=\"caption-attachment-3903\" class=\"wp-caption-text\">ARGENT<\/p><\/div>\n<p><\/div>\n<p style=\"text-align: center;\"><div class=\"column column_column one-fourth column-inner\"><\/p>\n<div id=\"attachment_3904\" style=\"width: 190px\" class=\"wp-caption aligncenter\"><img loading=\"lazy\" decoding=\"async\" aria-describedby=\"caption-attachment-3904\" class=\" wp-image-3904 \" title=\"BRONZE\" src=\"https:\/\/www.carpinteria-aluminio.cat\/wp-content\/uploads\/2012\/10\/2013-12-05-18-13-09-3-150x150.png\" alt=\"BRONZE\" width=\"180\" height=\"180\" \/><p id=\"caption-attachment-3904\" class=\"wp-caption-text\">BRONZE<\/p><\/div>\n<p><\/div>\n<p style=\"text-align: center;\"><div class=\"column column_column one-fourth column-last\"><\/p>\n<div id=\"attachment_3905\" style=\"width: 190px\" class=\"wp-caption aligncenter\"><img loading=\"lazy\" decoding=\"async\" aria-describedby=\"caption-attachment-3905\" class=\" wp-image-3905 \" title=\"CUVETTE\" src=\"https:\/\/www.carpinteria-aluminio.cat\/wp-content\/uploads\/2012\/10\/2013-12-05-18-13-23-1-150x150.png\" alt=\"CUVETTE\" width=\"180\" height=\"180\" \/><p id=\"caption-attachment-3905\" class=\"wp-caption-text\">CUVETTE<\/p><\/div>\n<p><\/div><\/div>\n<p style=\"text-align: center;\"><div class=\"wrap one\"><div class=\"column column_column one-fourth column-first\"><\/p>\n<div id=\"attachment_3906\" style=\"width: 190px\" class=\"wp-caption aligncenter\"><img loading=\"lazy\" decoding=\"async\" aria-describedby=\"caption-attachment-3906\" class=\" wp-image-3906 \" title=\"NOIR\" src=\"https:\/\/www.carpinteria-aluminio.cat\/wp-content\/uploads\/2012\/10\/2013-12-05-18-13-23-2-150x150.png\" alt=\"NOIR\" width=\"180\" height=\"180\" \/><p id=\"caption-attachment-3906\" class=\"wp-caption-text\">NOIR<\/p><\/div>\n<p><\/div>\n<p style=\"text-align: center;\"><div class=\"column column_column one-fourth column-inner\"><\/p>\n<div id=\"attachment_3907\" style=\"width: 190px\" class=\"wp-caption aligncenter\"><img loading=\"lazy\" decoding=\"async\" aria-describedby=\"caption-attachment-3907\" class=\" wp-image-3907 \" title=\"BORDEAUX\" src=\"https:\/\/www.carpinteria-aluminio.cat\/wp-content\/uploads\/2012\/10\/2013-12-05-18-13-23-3-150x150.png\" alt=\"BORDEAUX\" width=\"180\" height=\"180\" \/><p id=\"caption-attachment-3907\" class=\"wp-caption-text\">BORDEAUX<\/p><\/div>\n<p><\/div>\n<p style=\"text-align: center;\"><div class=\"column column_column one-fourth column-inner\"><\/p>\n<div id=\"attachment_3908\" style=\"width: 190px\" class=\"wp-caption aligncenter\"><img loading=\"lazy\" decoding=\"async\" aria-describedby=\"caption-attachment-3908\" class=\" wp-image-3908 \" title=\"BLEU\" src=\"https:\/\/www.carpinteria-aluminio.cat\/wp-content\/uploads\/2012\/10\/2013-12-05-18-13-23-5-150x150.png\" alt=\"BLEU\" width=\"180\" height=\"180\" \/><p id=\"caption-attachment-3908\" class=\"wp-caption-text\">BLEU<\/p><\/div>\n<p><\/div>\n<p style=\"text-align: center;\"><div class=\"column column_column one-fourth column-last\"><\/p>\n<div id=\"attachment_3909\" style=\"width: 190px\" class=\"wp-caption aligncenter\"><img loading=\"lazy\" decoding=\"async\" aria-describedby=\"caption-attachment-3909\" class=\" wp-image-3909 \" title=\"OR\" src=\"https:\/\/www.carpinteria-aluminio.cat\/wp-content\/uploads\/2012\/10\/2013-12-05-18-13-23-6-150x150.png\" alt=\"OR\" width=\"180\" height=\"180\" \/><p id=\"caption-attachment-3909\" class=\"wp-caption-text\">OR<\/p><\/div>\n<p><\/div><\/div> <strong>MOD\u00c8LES DE POIGN\u00c9ES AU CHOIX :<\/strong><\/p>\n<p style=\"text-align: justify;\">Il existe diff\u00e9rents mod\u00e8les et finitions de poign\u00e9es \u00e0 choisir comme compl\u00e9ment pour concevoir la fen\u00eatre ou la porte \u00e0 notre go\u00fbt. Selon le type de <a href=\"https:\/\/www.carpinteria-aluminio.cat\/servicios\/perfiles-ensayos-carpinteria-aluminio\/\" target=\"_blank\" rel=\"noopener\">s\u00e9rie<\/a> choisie, nous pourrons adapter un mod\u00e8le ou un autre. Les mod\u00e8les EURO et PRIMA sont les plus utilis\u00e9s pour les s\u00e9ries conventionnelles, le mod\u00e8le PRIMA \u00e9tant plus r\u00e9cent que le EURO. Le reste des mod\u00e8les peut \u00eatre incorpor\u00e9 dans des portes et fen\u00eatres avec canal 16 (s\u00e9ries sp\u00e9ciales pour ferrures plus \u00e9volu\u00e9es), comme par exemple la s\u00e9rie <a href=\"https:\/\/www.carpinteria-aluminio.cat\/serie-practicable-nobile-aluminiomadera-de-alugom-por-ponsico-s-c-p-para-carpinteria-de-aluminio-en-barcelona\/\" target=\"_blank\" rel=\"noopener\">NOBILE ALUMINIUM-BOIS<\/a>, et aussi dans notre s\u00e9rie coulissante <a href=\"https:\/\/www.carpinteria-aluminio.cat\/serie-corredera-s-76-de-alugom-por-ponsico-s-c-p-para-carpinteria-de-aluminio-en-barcelona\/\" target=\"_blank\" rel=\"noopener\">S-76<\/a>. Les poign\u00e9es premium sont fabriqu\u00e9es en acier inoxydable, une solution de qualit\u00e9 pour prolonger la dur\u00e9e de vie de nos ferrures.<\/p>\n<p><a href=\"https:\/\/www.carpinteria-aluminio.cat\/wp-content\/uploads\/2012\/10\/Imagen-6-1-1.jpg\" target=\"_blank\" rel=\"noopener\"><img loading=\"lazy\" decoding=\"async\" class=\" wp-image-4910 alignleft\" src=\"https:\/\/www.carpinteria-aluminio.cat\/wp-content\/uploads\/2012\/10\/Imagen-6-1-1-1024x606.jpg\" alt=\"\" width=\"930\" height=\"500\" \/><\/a><\/p>\n<p style=\"text-align: justify;\">Choisissez le type de <strong>VERRE<\/strong> pour compl\u00e9ter selon vos go\u00fbts l&rsquo;encadrement :<\/p>\n<p>Pour les travaux n\u00e9cessitant l&rsquo;utilisation de verre, nous mettons \u00e0 votre disposition notre exp\u00e9rience dans le travail du verre Monolithique, du verre Lamin\u00e9, du verre de c\u00e1mara et du verre Tremp\u00e9, tous avec leurs variantes correspondantes. <strong>Types de Verres disponibles :<\/strong> <strong>1. Verre Monolithique :<\/strong> Ce type de verre est de composition simple, fabriqu\u00e9 en une seule pi\u00e8ce. Il peut pr\u00e9senter diff\u00e9rentes formes et \u00e9paisseurs, selon le proc\u00e9d\u00e9 de fabrication utilis\u00e9. Les \u00e9paisseurs sur mesure, avec des verres de 4 mm et 5 mm \u00e9tant les plus utilis\u00e9s pour les portes et fen\u00eatres int\u00e9rieures, de 10 mm ou plus selon l&rsquo;att\u00e9nuation acoustique pour les ext\u00e9rieurs, ou la rigidit\u00e9 de la structure. Voici quelques-uns des verres monolithiques les plus utilis\u00e9s par PONSICO S.C.P. :<\/p>\n<p style=\"text-align: center;\"><div class=\"wrap one\"><div class=\"column column_column one-fourth column-first\"><\/p>\n<p>\u00ab\u00a0`html<br \/>\n<div id=\"attachment_2067\" style=\"width: 190px\" class=\"wp-caption aligncenter\"><a href=\"https:\/\/www.carpinteria-aluminio.cat\/vidrio-simple-o-monolitico-cristalina-en-la-carpinteria-de-aluminio-ponsico-s-c-p-en-barcelona\/\" target=\"_blank\" rel=\"noopener\"><img loading=\"lazy\" decoding=\"async\" aria-describedby=\"caption-attachment-2067\" class=\" wp-image-2067 \" title=\"CLAIR\" src=\"https:\/\/www.carpinteria-aluminio.cat\/wp-content\/uploads\/2012\/08\/IMG_2064_resized-150x150.jpg\" alt=\"CLAIR\" width=\"180\" height=\"180\" \/><\/a><p id=\"caption-attachment-2067\" class=\"wp-caption-text\">CLAIR<\/p><\/div>\n<p><\/div>\n<p style=\"text-align: center;\"><div class=\"column column_column one-fourth column-inner\"><\/p>\n<div id=\"attachment_2068\" style=\"width: 190px\" class=\"wp-caption aligncenter\"><a href=\"https:\/\/www.carpinteria-aluminio.cat\/vidrio-simple-o-monolitico-translucido-carglass-en-la-carpinteria-de-aluminio-ponsico-s-c-p-en-barcelona\/\" target=\"_blank\" rel=\"noopener\"><img loading=\"lazy\" decoding=\"async\" aria-describedby=\"caption-attachment-2068\" class=\" wp-image-2068 \" title=\"VERRE TEINT\u00c9\" src=\"https:\/\/www.carpinteria-aluminio.cat\/wp-content\/uploads\/2012\/08\/IMG_2054_resized-150x150.jpg\" alt=\"VERRE TEINT\u00c9\" width=\"180\" height=\"180\" \/><\/a><p id=\"caption-attachment-2068\" class=\"wp-caption-text\">VERRE TEINT\u00c9<\/p><\/div>\n<p><\/div>\n<p style=\"text-align: center;\"><div class=\"column column_column one-fourth column-inner\"><\/p>\n<div id=\"attachment_2069\" style=\"width: 190px\" class=\"wp-caption aligncenter\"><a href=\"https:\/\/www.carpinteria-aluminio.cat\/vidrio-simple-o-monolitico-translucido-carglass-new-en-la-carpinteria-de-aluminio-ponsico-s-c-p-en-barcelona\/\" target=\"_blank\" rel=\"noopener\"><img loading=\"lazy\" decoding=\"async\" aria-describedby=\"caption-attachment-2069\" class=\" wp-image-2069 \" title=\"NOUVEAU VERRE TEINT\u00c9\" src=\"https:\/\/www.carpinteria-aluminio.cat\/wp-content\/uploads\/2012\/08\/IMG_2052_resized-150x150.jpg\" alt=\"NOUVEAU VERRE TEINT\u00c9\" width=\"180\" height=\"180\" \/><\/a><p id=\"caption-attachment-2069\" class=\"wp-caption-text\">NOUVEAU VERRE TEINT\u00c9<\/p><\/div>\n<p><\/div>\n<p style=\"text-align: center;\"><div class=\"column column_column one-fourth column-last\"><\/p>\n<div id=\"attachment_2090\" style=\"width: 190px\" class=\"wp-caption aligncenter\"><a href=\"https:\/\/www.carpinteria-aluminio.cat\/vidrio-simple-o-monolitico-translucido-kyoto-en-la-carpinteria-de-aluminio-ponsico-s-c-p-en-barcelona\/\" target=\"_blank\" rel=\"noopener\"><img loading=\"lazy\" decoding=\"async\" aria-describedby=\"caption-attachment-2090\" class=\" wp-image-2090 \" title=\"KYOTO\" src=\"https:\/\/www.carpinteria-aluminio.cat\/wp-content\/uploads\/2012\/08\/IMG_2073_resized-150x150.jpg\" alt=\"KYOTO\" width=\"180\" height=\"180\" \/><\/a><p id=\"caption-attachment-2090\" class=\"wp-caption-text\">KYOTO<\/p><\/div>\n<p><\/div><\/div>\n<p style=\"text-align: center;\"><div class=\"wrap one\"><div class=\"column column_column one-fourth column-first\"><\/p>\n<div id=\"attachment_2076\" style=\"width: 190px\" class=\"wp-caption aligncenter\"><a href=\"https:\/\/www.carpinteria-aluminio.cat\/vidrio-simple-o-monolitico-translucido-burbujas-en-la-carpinteria-de-aluminio-ponsico-s-c-p-en-barcelona\/\" target=\"_blank\" rel=\"noopener\"><img loading=\"lazy\" decoding=\"async\" aria-describedby=\"caption-attachment-2076\" class=\" wp-image-2076\" title=\"BULLES (STOCK \u00c9PUIS\u00c9)\" src=\"https:\/\/www.carpinteria-aluminio.cat\/wp-content\/uploads\/2012\/08\/IMG_2053_resized-150x150.jpg\" alt=\"BULLES (STOCK \u00c9PUIS\u00c9)\" width=\"180\" height=\"180\" \/><\/a><p id=\"caption-attachment-2076\" class=\"wp-caption-text\">BULLES (STOCK \u00c9PUIS\u00c9)<\/p><\/div>\n<p><\/div>\n<p style=\"text-align: center;\"><div class=\"column column_column one-fourth column-inner\"><\/p>\n<div id=\"attachment_2077\" style=\"width: 190px\" class=\"wp-caption aligncenter\"><a href=\"https:\/\/www.carpinteria-aluminio.cat\/vidrio-simple-o-monolitico-translucido-iguazu-en-la-carpinteria-de-aluminio-ponsico-s-c-p-en-barcelona\/\" target=\"_blank\" rel=\"noopener\"><img loading=\"lazy\" decoding=\"async\" aria-describedby=\"caption-attachment-2077\" class=\" wp-image-2077 \" title=\"IGUAZ\u00da\" src=\"https:\/\/www.carpinteria-aluminio.cat\/wp-content\/uploads\/2012\/08\/IMG_2060_resized-150x150.jpg\" alt=\"IGUAZ\u00da\" width=\"180\" height=\"180\" \/><\/a><p id=\"caption-attachment-2077\" class=\"wp-caption-text\">IGUAZ\u00da<\/p><\/div>\n<p><\/div>\n<p style=\"text-align: center;\"><div class=\"column column_column one-fourth column-inner\"><\/p>\n<div id=\"attachment_2075\" style=\"width: 190px\" class=\"wp-caption aligncenter\"><a href=\"https:\/\/www.carpinteria-aluminio.cat\/vidrio-simple-o-monolitico-translucido-listral-151-en-la-carpinteria-de-aluminio-ponsico-s-c-p-en-barcelona\/\" target=\"_blank\" rel=\"noopener\"><img loading=\"lazy\" decoding=\"async\" aria-describedby=\"caption-attachment-2075\" class=\" wp-image-2075 \" title=\"LISTRAL 151\" src=\"https:\/\/www.carpinteria-aluminio.cat\/wp-content\/uploads\/2012\/08\/IMG_2050_resized-150x150.jpg\" alt=\"LISTRAL 151\" width=\"180\" height=\"180\" \/><\/a><p id=\"caption-attachment-2075\" class=\"wp-caption-text\">LISTRAL 151<\/p><\/div>\n<p><\/div>\n<p style=\"text-align: center;\"><div class=\"column column_column one-fourth column-last\"><\/p>\n<div id=\"attachment_2074\" style=\"width: 190px\" class=\"wp-caption aligncenter\"><a href=\"https:\/\/www.carpinteria-aluminio.cat\/vidrio-simple-o-monolitico-translucido-listral-157-en-la-carpinteria-de-aluminio-ponsico-s-c-p-en-barcelona\/\" target=\"_blank\" rel=\"noopener\"><img loading=\"lazy\" decoding=\"async\" aria-describedby=\"caption-attachment-2074\" class=\" wp-image-2074\" title=\"LISTRAL 157 (STOCK \u00c9PUIS\u00c9)\" src=\"https:\/\/www.carpinteria-aluminio.cat\/wp-content\/uploads\/2012\/08\/IMG_2059_resized-150x150.jpg\" alt=\"LISTRAL 157 (STOCK \u00c9PUIS\u00c9)\" width=\"180\" height=\"180\" \/><\/a><p id=\"caption-attachment-2074\" class=\"wp-caption-text\">LISTRAL 157 (STOCK \u00c9PUIS\u00c9)<\/p><\/div>\n<p><\/div><\/div>\n<p style=\"text-align: center;\"><div class=\"wrap one\"><div class=\"column column_column one-fourth column-first\"><\/p>\n<div id=\"attachment_2085\" style=\"width: 190px\" class=\"wp-caption aligncenter\"><a href=\"https:\/\/www.carpinteria-aluminio.cat\/vidrio-simple-o-monolitico-translucido-armado-en-la-carpinteria-de-aluminio-ponsico-s-c-p-en-barcelona\/\" target=\"_blank\" rel=\"noopener\"><img loading=\"lazy\" decoding=\"async\" aria-describedby=\"caption-attachment-2085\" class=\" wp-image-2085 \" title=\"ARM\u00c9\" src=\"https:\/\/www.carpinteria-aluminio.cat\/wp-content\/uploads\/2012\/08\/IMG_2069_resized-150x150.jpg\" alt=\"ARM\u00c9\" width=\"180\" height=\"180\" \/><\/a><p id=\"caption-attachment-2085\" class=\"wp-caption-text\">ARM\u00c9<\/p><\/div>\n<p><\/div>\n<p style=\"text-align: center;\"><div class=\"column column_column one-fourth column-inner\"><\/p>\n<div id=\"attachment_2084\" style=\"width: 190px\" class=\"wp-caption aligncenter\"><a href=\"https:\/\/www.carpinteria-aluminio.cat\/vidrio-simple-o-monolitico-translucido-catedral-en-la-carpinteria-de-aluminio-ponsico-s-c-p-en-barcelona\/\" target=\"_blank\" rel=\"noopener\"><img loading=\"lazy\" decoding=\"async\" aria-describedby=\"caption-attachment-2084\" class=\" wp-image-2084 \" title=\"CATH\u00c9DRALE\" src=\"https:\/\/www.carpinteria-aluminio.cat\/wp-content\/uploads\/2012\/08\/IMG_2068_resized-150x150.jpg\" alt=\"CATH\u00c9DRALE\" width=\"180\" height=\"180\" \/><\/a><p id=\"caption-attachment-2084\" class=\"wp-caption-text\">CATH\u00c9DRALE<\/p><\/div>\n<p><\/div>\n<p style=\"text-align: center;\"><div class=\"column column_column one-fourth column-inner\"><\/p>\n<div id=\"attachment_2079\" style=\"width: 190px\" class=\"wp-caption aligncenter\"><a href=\"https:\/\/www.carpinteria-aluminio.cat\/vidrio-simple-o-monolitico-parsol-en-la-carpinteria-de-aluminio-ponsico-s-c-p-en-barcelona\/\" target=\"_blank\" rel=\"noopener\"><img loading=\"lazy\" decoding=\"async\" aria-describedby=\"caption-attachment-2079\" class=\" wp-image-2079 \" title=\"PARSOL\" src=\"https:\/\/www.carpinteria-aluminio.cat\/wp-content\/uploads\/2012\/08\/IMG_2055_resized-150x150.jpg\" alt=\"PARSOL\" width=\"180\" height=\"180\" \/><\/a><p id=\"caption-attachment-2079\" class=\"wp-caption-text\">PARSOL<\/p><\/div>\n<p><\/div>\n<p style=\"text-align: center;\"><div class=\"column column_column one-fourth column-last\"><\/p>\n<div id=\"attachment_2078\" style=\"width: 190px\" class=\"wp-caption aligncenter\"><a href=\"https:\/\/www.carpinteria-aluminio.cat\/vidrio-simple-o-monolitico-translucido-mate-al-acido-en-la-carpinteria-de-aluminio-ponsico-s-c-p-en-barcelona\/\" target=\"_blank\" rel=\"noopener\"><img loading=\"lazy\" decoding=\"async\" aria-describedby=\"caption-attachment-2078\" class=\" wp-image-2078 \" title=\"MAT ACIDUL\u00c9\" src=\"https:\/\/www.carpinteria-aluminio.cat\/wp-content\/uploads\/2012\/08\/IMG_2056_resized-150x150.jpg\" alt=\"MAT ACIDUL\u00c9\" width=\"180\" height=\"180\" \/><\/a><p id=\"caption-attachment-2078\" class=\"wp-caption-text\">MAT ACIDUL\u00c9<\/p><\/div>\n<p><\/div><\/div>\n<p style=\"text-align: center;\"><div class=\"wrap one\"><div class=\"column column_column one-fourth column-first\"><\/p>\n<div id=\"attachment_2083\" style=\"width: 190px\" class=\"wp-caption aligncenter\"><a href=\"https:\/\/www.carpinteria-aluminio.cat\/vidrio-simple-o-monolitico-translucido-mate-al-acido-madras-pino-en-la-carpinteria-de-aluminio-ponsico-s-c-p-en-barcelona\/\" target=\"_blank\" rel=\"noopener\"><img loading=\"lazy\" decoding=\"async\" aria-describedby=\"caption-attachment-2083\" class=\" wp-image-2083 \" title=\"MADRAS PIN\" src=\"https:\/\/www.carpinteria-aluminio.cat\/wp-content\/uploads\/2012\/08\/IMG_2051_resized-150x150.jpg\" alt=\"MADRAS PIN\" width=\"180\" height=\"180\" \/><\/a><p id=\"caption-attachment-2083\" class=\"wp-caption-text\">MADRAS PIN<\/p><\/div>\n<p><\/div>\n<p style=\"text-align: center;\"><div class=\"column column_column one-fourth column-inner\"><\/p>\n<div id=\"attachment_2080\" style=\"width: 190px\" class=\"wp-caption aligncenter\"><a href=\"https:\/\/www.carpinteria-aluminio.cat\/vidrio-simple-o-monolitico-translucido-mate-al-acido-madras-picos-en-la-carpinteria-de-aluminio-ponsico-s-c-p-en-barcelona\/\" target=\"_blank\" rel=\"noopener\"><img loading=\"lazy\" decoding=\"async\" aria-describedby=\"caption-attachment-2080\" class=\" wp-image-2080 \" title=\"MADRAS PICOS\" src=\"https:\/\/www.carpinteria-aluminio.cat\/wp-content\/uploads\/2012\/08\/IMG_2049_resized-150x150.jpg\" alt=\"MADRAS PICOS\" width=\"180\" height=\"180\" \/><\/a><p id=\"caption-attachment-2080\" class=\"wp-caption-text\">MADRAS PICOS<\/p><\/div>\n<p><\/div>\n<p style=\"text-align: center;\"><div class=\"column column_column one-fourth column-inner\"><\/p>\n<div id=\"attachment_2081\" style=\"width: 190px\" class=\"wp-caption aligncenter\"><a href=\"https:\/\/www.carpinteria-aluminio.cat\/vidrio-simple-o-monolitico-translucido-mate-al-acido-madras-escarcha-en-la-carpinteria-de-aluminio-ponsico-s-c-p-en-barcelona\/\" target=\"_blank\" rel=\"noopener\"><img loading=\"lazy\" decoding=\"async\" aria-describedby=\"caption-attachment-2081\" class=\" wp-image-2081 \" title=\"MADRAS ESCARCHA\" src=\"https:\/\/www.carpinteria-aluminio.cat\/wp-content\/uploads\/2012\/08\/IMG_2044_resized-150x150.jpg\" alt=\"MADRAS ESCARCHA\" width=\"180\" height=\"180\" \/><\/a><p id=\"caption-attachment-2081\" class=\"wp-caption-text\">MADRAS ESCARCHA<\/p><\/div>\n<p><\/div>\n<p style=\"text-align: center;\"><div class=\"column column_column one-fourth column-last\"><\/p>\n<div id=\"attachment_2082\" style=\"width: 190px\" class=\"wp-caption aligncenter\"><a href=\"https:\/\/www.carpinteria-aluminio.cat\/vidrio-simple-o-monolitico-translucido-mate-al-acido-madras-nebulosa-en-la-carpinteria-de-aluminio-ponsico-s-c-p-en-barcelona\/\" target=\"_blank\" rel=\"noopener\"><img loading=\"lazy\" decoding=\"async\" aria-describedby=\"caption-attachment-2082\" class=\" wp-image-2082 \" title=\"MADRAS N\u00c9BULEUX\" src=\"https:\/\/www.carpinteria-aluminio.cat\/wp-content\/uploads\/2012\/08\/IMG_2042_resized-150x150.jpg\" alt=\"MADRAS N\u00c9BULEUX\" width=\"180\" height=\"180\" \/><\/a><p id=\"caption-attachment-2082\" class=\"wp-caption-text\">MADRAS N\u00c9BULEUX<\/p><\/div>\n<p><\/div><\/div>\n<p style=\"text-align: center;\"><div class=\"wrap one\"><div class=\"column column_column one-fourth column-first\"><\/p>\n<div id=\"attachment_2071\" style=\"width: 190px\" class=\"wp-caption aligncenter\"><a href=\"https:\/\/www.carpinteria-aluminio.cat\/vidrio-simple-o-monolitico-translucido-mate-al-acido-madras-espigas-en-la-carpinteria-de-aluminio-ponsico-s-c-p-en-barcelona\/\" target=\"_blank\" rel=\"noopener\"><img loading=\"lazy\" decoding=\"async\" aria-describedby=\"caption-attachment-2071\" class=\" wp-image-2071 \" title=\"MADRAS \u00c9PIS DE BL\u00c9\" src=\"https:\/\/www.carpinteria-aluminio.cat\/wp-content\/uploads\/2012\/08\/IMG_2045_resized-150x150.jpg\" alt=\"MADRAS \u00c9PIS DE BL\u00c9\" width=\"180\" height=\"180\" \/><\/a><p id=\"caption-attachment-2071\" class=\"wp-caption-text\">MADRAS \u00c9PIS DE BL\u00c9<\/p><\/div>\n<p><\/div>\n<p style=\"text-align: center;\"><div class=\"column column_column one-fourth column-inner\"><\/p>\n<div id=\"attachment_2083\" style=\"width: 190px\" class=\"wp-caption aligncenter\"><a href=\"https:\/\/www.carpinteria-aluminio.cat\/vidrio-simple-o-monolitico-translucido-mate-al-acido-a-color-modelo-hojas-en-la-carpinteria-de-aluminio-ponsico-s-c-p-en-barcelona\/\" target=\"_blank\" rel=\"noopener\"><img loading=\"lazy\" decoding=\"async\" aria-describedby=\"caption-attachment-2083\" class=\" wp-image-2083 \" title=\"FEUILLES\" src=\"https:\/\/www.carpinteria-aluminio.cat\/wp-content\/uploads\/2012\/08\/IMG_2038_resized-150x150.jpg\" alt=\"FEUILLES\" width=\"180\" height=\"180\" \/><\/a><p id=\"caption-attachment-2083\" class=\"wp-caption-text\">FEUILLES<\/p><\/div>\n<p><\/div>\n<p style=\"text-align: center;\"><div class=\"column column_column one-fourth column-inner\"><\/p>\n<div id=\"attachment_2083\" style=\"width: 190px\" class=\"wp-caption aligncenter\"><a href=\"https:\/\/www.carpinteria-aluminio.cat\/vidrio-simple-o-monolitico-translucido-mate-al-acido-a-color-modelo-gaudi-en-la-carpinteria-de-aluminio-ponsico-s-c-p-en-barcelona\/\" target=\"_blank\" rel=\"noopener\"><img loading=\"lazy\" decoding=\"async\" aria-describedby=\"caption-attachment-2083\" class=\" wp-image-2083 \" title=\"GAUD\u00cd\" src=\"https:\/\/www.carpinteria-aluminio.cat\/wp-content\/uploads\/2012\/08\/IMG_2041_resized-150x150.jpg\" alt=\"GAUD\u00cd\" width=\"180\" height=\"180\" \/><\/a><p id=\"caption-attachment-2083\" class=\"wp-caption-text\">GAUD\u00cd<\/p><\/div>\n<p><\/div>\n<p style=\"text-align: center;\"><div class=\"column column_column one-fourth column-last\"><\/p>\n<div id=\"attachment_2083\" style=\"width: 190px\" class=\"wp-caption aligncenter\"><a href=\"https:\/\/www.carpinteria-aluminio.cat\/vidrio-simple-o-monolitico-translucido-mate-al-acido-a-color-modelo-ton-en-la-carpinteria-de-aluminio-ponsico-s-c-p-en-barcelona\/\" target=\"_blank\" rel=\"noopener\"><img loading=\"lazy\" decoding=\"async\" aria-describedby=\"caption-attachment-2083\" class=\" wp-image-2083 \" title=\"TON\" src=\"https:\/\/www.carpinteria-aluminio.cat\/wp-content\/uploads\/2012\/08\/IMG_2035_resized-150x150.jpg\" alt=\"TON\" width=\"180\" height=\"180\" \/><\/a><p id=\"caption-attachment-2083\" class=\"wp-caption-text\">TON<\/p><\/div>\n<p><\/div><\/div>\n<div id=\"attachment_2241\" style=\"width: 190px\" class=\"wp-caption alignright\"><a href=\"https:\/\/www.carpinteria-aluminio.cat\/wp-content\/uploads\/2012\/08\/20130325_132014_resized.jpg\" target=\"_blank\" rel=\"noopener\"><img loading=\"lazy\" decoding=\"async\" aria-describedby=\"caption-attachment-2241\" class=\" wp-image-2241 \" title=\"Verre feuillet\u00e9 5+5\" src=\"https:\/\/www.carpinteria-aluminio.cat\/wp-content\/uploads\/2012\/08\/20130325_132014_resized-150x150.jpg\" alt=\"Verre feuillet\u00e9 5+5\" width=\"180\" height=\"180\" \/><\/a><p id=\"caption-attachment-2241\" class=\"wp-caption-text\">Verre feuillet\u00e9 5+5<\/p><\/div>\n<div id=\"attachment_2324\" style=\"width: 190px\" class=\"wp-caption alignright\"><a href=\"https:\/\/www.carpinteria-aluminio.cat\/wp-content\/uploads\/2012\/08\/20130403_150618_resized.jpg\" target=\"_blank\" rel=\"noopener\"><img loading=\"lazy\" decoding=\"async\" aria-describedby=\"caption-attachment-2324\" class=\" wp-image-2324 \" style=\"margin-left: 4px; margin-right: 4px;\" title=\"Verre feuillet\u00e9 3+3 avec butyral mat\" src=\"https:\/\/www.carpinteria-aluminio.cat\/wp-content\/uploads\/2012\/08\/20130403_150618_resized-150x150.jpg\" alt=\"Verre feuillet\u00e9 3+3 avec butyral mat\" width=\"180\" height=\"180\" \/><\/a><p id=\"caption-attachment-2324\" class=\"wp-caption-text\">Verre feuillet\u00e9 3+3 avec butyral mat<\/p><\/div>\n<p><strong>2.<\/strong> <strong>Verre\u00a0Lamin\u00e9:<\/strong><\/p>\n<p style=\"text-align: justify;\">Ce type de verre se caract\u00e9rise par l&rsquo;assemblage de deux ou plusieurs vitres simples ou monolithiques au moyen d&rsquo;une feuille adh\u00e9sive de butyral de polyvinyle, ce qui permet d&rsquo;obtenir un verre de s\u00e9curit\u00e9 qui, en cas de casse, ne peut pas s&rsquo;effondrer en plusieurs morceaux. Cette feuille peut \u00eatre de diff\u00e9rentes teintes, modifiant ainsi la couleur finale du verre. Il est \u00e9galement possible d&rsquo;utiliser une feuille acoustique, att\u00e9nuant ainsi plus de d\u00e9cibels que les vitres monolithiques de m\u00eame \u00e9paisseur. Voici quelques exemples de verres lamin\u00e9s les plus courants :<\/p>\n<ol>\n<li style=\"text-align: justify;\">&#8211;<a href=\"https:\/\/www.carpinteria-aluminio.cat\/vidrios-acusticos\/\" target=\"_blank\" rel=\"noopener\"><em>VERRE ACOUSTIQUE<\/em><\/a>: En fonction du verre utilis\u00e9, nous pouvons att\u00e9nuer jusqu&rsquo;\u00e0 40 dB de bruit sans probl\u00e8me.<\/li>\n<li>&#8211;<em>Coloris<\/em>: Selon la couleur de la feuille interne, nous pouvons obtenir diff\u00e9rentes teintes dans le r\u00e9sultat final du verre.<\/li>\n<li>&#8211;<em>S\u00e9curit\u00e9<\/em>: Les feuilles internes offrent une s\u00e9curit\u00e9 en emp\u00eachant le verre de tomber en cas de casse.<\/li>\n<\/ol>\n<div id=\"attachment_2213\" style=\"width: 190px\" class=\"wp-caption alignright\"><a href=\"https:\/\/www.carpinteria-aluminio.cat\/wp-content\/uploads\/2012\/08\/20130321_191341_resized.jpg\" target=\"_blank\" rel=\"noopener\"><img loading=\"lazy\" decoding=\"async\" aria-describedby=\"caption-attachment-2213\" class=\" wp-image-2213 \" title=\"Verre de cam\u00e9ra standard\" src=\"https:\/\/www.carpinteria-aluminio.cat\/wp-content\/uploads\/2012\/08\/20130321_191341_resized-150x150.jpg\" alt=\"Verre de cam\u00e9ra standard\" width=\"180\" height=\"180\" \/><\/a><p id=\"caption-attachment-2213\" class=\"wp-caption-text\">Verre de cam\u00e9ra standard<\/p><\/div>\n<p><strong> 3. Verre de\u00a0<\/strong><strong>Chambre:<\/strong><\/p>\n<p style=\"text-align: justify;\">Verre compos\u00e9 de deux vitres, simples ou lamin\u00e9es, formant \u00e0 l&rsquo;int\u00e9rieur une chambre \u00e0 air ou de gaz (dans le cas du faible \u00e9missif), permettant ainsi de rompre la conductivit\u00e9 thermique d\u00e9j\u00e0 pr\u00e9sente dans le verre. Sur le pourtour int\u00e9rieur, des sels marins sont incorpor\u00e9s pour absorber l&rsquo;humidit\u00e9 r\u00e9siduelle \u00e9ventuelle. En usine, le pourtour ext\u00e9rieur est scell\u00e9 avec du goudron, garantissant ainsi son \u00e9tanch\u00e9it\u00e9. Il est possible de r\u00e9aliser de multiples combinaisons avec tout type de verre, qu&rsquo;ils soient d\u00e9polis, lisses, lamin\u00e9s, tremp\u00e9s, etc. Plus la chambre interne est grande, plus son efficacit\u00e9 thermique est \u00e9lev\u00e9e. Aujourd&rsquo;hui, ce type de verre, fabriqu\u00e9 en masse, ne repr\u00e9sente pas un co\u00fbt suppl\u00e9mentaire important par rapport au verre simple. Actuellement, le verre Guardian Sun repr\u00e9sente une \u00e9conomie d&rsquo;\u00e9nergie jamais vue auparavant dans les verres de chambre, \u00e9tant l&rsquo;un des plus efficaces parmi les faibles \u00e9missifs. Voici quelques exemples de verres de chambre les plus courants :<\/p>\n<ul>\n<li><em>-Combinez 2 verres<\/em>: Vous pouvez choisir 2 verres simples pour former un verre de chambre selon les pr\u00e9f\u00e9rences du client, en pla\u00e7ant la face rugueuse \u00e0 l&rsquo;int\u00e9rieur de la chambre pour un nettoyage facile.<\/li>\n<\/ul>\n<div id=\"attachment_2214\" style=\"width: 190px\" class=\"wp-caption alignleft\"><a style=\"font-size: 13px; text-align: center;\" href=\"https:\/\/www.carpinteria-aluminio.cat\/wp-content\/uploads\/2012\/08\/20130321_191443_resized.jpg\" target=\"_blank\" rel=\"noopener\"><img loading=\"lazy\" decoding=\"async\" aria-describedby=\"caption-attachment-2214\" class=\"wp-image-2214 \" title=\"Verre \u00e0 faible \u00e9missivit\u00e9, Guardian Sun\" src=\"https:\/\/www.carpinteria-aluminio.cat\/wp-content\/uploads\/2012\/08\/20130321_191443_resized-150x150.jpg\" alt=\"Verre \u00e0 faible \u00e9missivit\u00e9, Guardian Sun\" width=\"180\" height=\"180\" \/><\/a><p id=\"caption-attachment-2214\" class=\"wp-caption-text\">Verre \u00e0 faible \u00e9missivit\u00e9, Guardian Sun<\/p><\/div>\n<ul>\n<li style=\"text-align: justify;\"><em>-Croisillons ou Rainures<\/em>: Il est possible d&rsquo;inclure des croisillons ou des rainures mats ou brillants \u00e0 l&rsquo;int\u00e9rieur du verre de chambre.<\/li>\n<li><em>-Faible \u00e9missivit\u00e9<\/em> \u00a0<a href=\"https:\/\/www.carpinteria-aluminio.cat\/vidrio-inteligente\/\" target=\"_blank\" rel=\"noopener\">GUARDIAN SUN<\/a>: Ce sont les verres les plus efficaces connus \u00e0 ce jour, fortement recommand\u00e9s pour les \u00e9conomies d&rsquo;\u00e9nergie et financi\u00e8res, un bon investissement pour l&rsquo;avenir.<\/li>\n<\/ul>\n<p><strong>4. Verre Tremp\u00e9:<\/strong><\/p>\n<p style=\"text-align: justify;\">Verre de s\u00e9curit\u00e9 avec une r\u00e9sistance sup\u00e9rieure \u00e0 celle des autres verres en termes de duret\u00e9. Cette duret\u00e9 est obtenue en usine gr\u00e2ce \u00e0 un traitement thermique, o\u00f9 la temp\u00e9rature du verre est \u00e9lev\u00e9e \u00e0 environ 500 degr\u00e9s \u00e0 l&rsquo;aide de fours sp\u00e9ciaux, puis refroidie progressivement \u00e0 l&rsquo;air pour obtenir sa duret\u00e9. Il est largement utilis\u00e9 dans les endroits o\u00f9 le verre peut \u00eatre expos\u00e9 \u00e0 des chocs occasionnels, car s&rsquo;il n&rsquo;est pas trop agressif, il restera intact. Tr\u00e8s utilis\u00e9 dans les cabines de douche, car en cas de casse, le verre se briserait en mille petits morceaux, \u00e9vitant ainsi les dommages graves. Diff\u00e9rentes \u00e9paisseurs, couleurs et d\u00e9polis peuvent \u00eatre les variantes de ce type de verre.<\/p>\n<p style=\"text-align: justify;\">Choisissez le type de <strong>TOIT OU COUVERTURE<\/strong> pour couvrir la cl\u00f4ture selon vos besoins :<\/p>\n<div id=\"attachment_834\" style=\"width: 284px\" class=\"wp-caption alignleft\"><a href=\"https:\/\/www.carpinteria-aluminio.cat\/wp-content\/uploads\/2013\/01\/DSC01343.jpg\" target=\"_blank\" rel=\"noopener\"><img loading=\"lazy\" decoding=\"async\" aria-describedby=\"caption-attachment-834\" class=\" wp-image-834\" style=\"margin: 0px; border: 0px;\" title=\"Toit en polycarbonate alv\u00e9olaire dans une cour int\u00e9rieure\" src=\"https:\/\/www.carpinteria-aluminio.cat\/wp-content\/uploads\/2013\/01\/DSC01343-300x225.jpg\" alt=\"Toit en polycarbonate alv\u00e9olaire dans une cour int\u00e9rieure\" width=\"274\" height=\"200\" \/><\/a><p id=\"caption-attachment-834\" class=\"wp-caption-text\">Toit en polycarbonate alv\u00e9olaire dans une cour int\u00e9rieure<\/p><\/div>\n<div id=\"attachment_840\" style=\"width: 284px\" class=\"wp-caption alignleft\"><a href=\"https:\/\/www.carpinteria-aluminio.cat\/wp-content\/uploads\/2013\/01\/DSC01341.jpg\" target=\"_blank\" rel=\"noopener\"><img loading=\"lazy\" decoding=\"async\" aria-describedby=\"caption-attachment-840\" class=\" wp-image-840 \" style=\"margin: 0px; border: 0px;\" title=\"Toit en acier avec isolation imitation tuile\" src=\"https:\/\/www.carpinteria-aluminio.cat\/wp-content\/uploads\/2013\/01\/DSC01341-300x225.jpg\" alt=\"Toit en acier avec isolation imitation tuile\" width=\"274\" height=\"200\" \/><\/a><p id=\"caption-attachment-840\" class=\"wp-caption-text\">Toit en acier avec isolation imitation tuile<\/p><\/div>\n<div id=\"attachment_519\" style=\"width: 284px\" class=\"wp-caption alignleft\"><a href=\"https:\/\/www.carpinteria-aluminio.cat\/wp-content\/uploads\/2013\/01\/IMG_0051.jpg\" target=\"_blank\" rel=\"noopener\"><img loading=\"lazy\" decoding=\"async\" aria-describedby=\"caption-attachment-519\" class=\" wp-image-519\" style=\"margin: 0px; border: 0px;\" title=\"\u00c9chantillon sectionnel de toit en acier avec isolation \" src=\"https:\/\/www.carpinteria-aluminio.cat\/wp-content\/uploads\/2013\/01\/IMG_0051-300x200.jpg\" alt=\"\u00c9chantillon sectionnel de toit en acier avec isolation\" width=\"274\" height=\"200\" \/><\/a><p id=\"caption-attachment-519\" class=\"wp-caption-text\">\u00c9chantillon sectionnel de toit en acier avec isolation<\/p><\/div>\n<div id=\"attachment_453\" style=\"width: 284px\" class=\"wp-caption alignleft\"><a href=\"https:\/\/www.carpinteria-aluminio.cat\/wp-content\/uploads\/2012\/12\/Techos-de-acero-4.jpg\" target=\"_blank\" rel=\"noopener\"><img loading=\"lazy\" decoding=\"async\" aria-describedby=\"caption-attachment-453\" class=\" wp-image-453\" style=\"margin: 0px; border: 0px;\" title=\"T\u00f4le d'acier type sandwich imitation bois \" src=\"https:\/\/www.carpinteria-aluminio.cat\/wp-content\/uploads\/2012\/12\/Techos-de-acero-4-300x200.jpg\" alt=\"T\u00f4le d'acier type sandwich imitation bois \" width=\"274\" height=\"200\" \/><\/a><p id=\"caption-attachment-453\" class=\"wp-caption-text\">T\u00f4le d&rsquo;acier type sandwich imitation bois<\/p><\/div>\n<div id=\"attachment_456\" style=\"width: 284px\" class=\"wp-caption alignleft\"><a href=\"https:\/\/www.carpinteria-aluminio.cat\/wp-content\/uploads\/2012\/12\/Techos-de-aluminio-2.jpg\" target=\"_blank\" rel=\"noopener\"><img loading=\"lazy\" decoding=\"async\" aria-describedby=\"caption-attachment-456\" class=\" wp-image-456 \" style=\"margin: 0px; border: 0px;\" title=\"\u00c9chantillon sectionnel de faux plafond en aluminium \" src=\"https:\/\/www.carpinteria-aluminio.cat\/wp-content\/uploads\/2012\/12\/Techos-de-aluminio-2-300x200.jpg\" alt=\"\u00c9chantillon sectionnel de faux plafond en aluminium \" width=\"274\" height=\"200\" \/><\/a><p id=\"caption-attachment-456\" class=\"wp-caption-text\">\u00c9chantillon sectionnel de faux plafond en aluminium<\/p><\/div>\n<div id=\"attachment_458\" style=\"width: 284px\" class=\"wp-caption alignleft\"><a href=\"https:\/\/www.carpinteria-aluminio.cat\/wp-content\/uploads\/2012\/12\/Techos-de-aluminio.jpg\" target=\"_blank\" rel=\"noopener\"><img loading=\"lazy\" decoding=\"async\" aria-describedby=\"caption-attachment-458\" class=\" wp-image-458\" style=\"border: 0px; margin: 0px;\" title=\"Plafond en aluminium laqu\u00e9 blanc \" src=\"https:\/\/www.carpinteria-aluminio.cat\/wp-content\/uploads\/2012\/12\/Techos-de-aluminio-300x200.jpg\" alt=\"Plafond en aluminium laqu\u00e9 blanc \" width=\"274\" height=\"200\" \/><\/a><p id=\"caption-attachment-458\" class=\"wp-caption-text\">Plafond en aluminium laqu\u00e9 blanc<\/p><\/div>\n<p style=\"text-align: justify;\">Une bonne isolation dans un toit d&rsquo;une maison est essentielle pour maintenir les performances \u00e9nerg\u00e9tiques sous contr\u00f4le. Il en va de m\u00eame pour les faux plafonds ou les plafonds des ext\u00e9rieurs. Chez Carpinteria de aluminio Ponsico s.c.p., nous disposons d&rsquo;une grande vari\u00e9t\u00e9 de mat\u00e9riaux pour construire le toit d&rsquo;une cl\u00f4ture, en nous adaptant aux conditions environnementales et aux besoins de chaque client. De cette mani\u00e8re, on peut obtenir un toit lumineux, isolant, acoustique, etc., selon le mat\u00e9riau utilis\u00e9. Des mat\u00e9riaux tels que l&rsquo;aluminium, l&rsquo;acier, le polycarbonate alv\u00e9olaire, le verre, etc., nous aident \u00e0 obtenir l&rsquo;effet souhait\u00e9. Contactez-nous et nous vous conseillerons sans engagement. Il est possible d&rsquo;inclure des puits de lumi\u00e8re dans les toits aveugles en acier, afin de pouvoir obtenir de la lumi\u00e8re naturelle, ainsi que de nettoyer plus facilement le toit. Ils peuvent avoir diff\u00e9rentes formes et ouvertures, en nous adaptant aux toits les plus difficiles. Dans l&rsquo;image ci-dessous, nous montrons des exemples de t\u00f4les sandwich en aluminium, compos\u00e9es de deux t\u00f4les d&rsquo;aluminium d&rsquo;une \u00e9paisseur de 0,8 mm\/1 mm chacune, et de polystyr\u00e8ne extrud\u00e9 \u00e0 l&rsquo;int\u00e9rieur formant un bloc, ce qui aide \u00e0 isoler davantage qu&rsquo;une simple t\u00f4le. Ils ont g\u00e9n\u00e9ralement une \u00e9paisseur totale de 16 mm, mais sont fabriqu\u00e9s dans diff\u00e9rentes tailles. Ils sont largement utilis\u00e9s dans la menuiserie en aluminium pour les armoires, les fen\u00eatres ou les structures o\u00f9 l&rsquo;on souhaite bloquer la lumi\u00e8re tout en obtenant une isolation thermique et acoustique. Ils peuvent \u00e9galement \u00eatre utilis\u00e9s pour fabriquer des faux plafonds int\u00e9rieurs ou des plafonds ext\u00e9rieurs avec ce mat\u00e9riau, car il offre une plus grande rigidit\u00e9 que le plafond en aluminium conventionnel, \u00e9vitant ainsi les vibrations et les bruits. L&rsquo;autre image ci-dessous nous montre un exemple de lanterneau le plus utilis\u00e9 pour les toits en acier ou en aluminium, avec une ouverture t\u00e9lescopique ou manuelle pour pouvoir ventiler ou acc\u00e9der \u00e0 la toiture pour son entretien ou son nettoyage.<\/p>\n<div id=\"attachment_2137\" style=\"width: 284px\" class=\"wp-caption alignleft\"><a href=\"https:\/\/www.carpinteria-aluminio.cat\/wp-content\/uploads\/2013\/01\/20130319_114425_resized.jpg\" target=\"_blank\" rel=\"noopener\"><img loading=\"lazy\" decoding=\"async\" aria-describedby=\"caption-attachment-2137\" class=\" wp-image-2137 \" style=\"margin: 0px; border: 0px;\" title=\"T\u00f4le sandwich en aluminium\" src=\"https:\/\/www.carpinteria-aluminio.cat\/wp-content\/uploads\/2013\/01\/20130319_114425_resized-300x225.jpg\" alt=\"T\u00f4le sandwich en aluminium\" width=\"274\" height=\"200\" \/><\/a><p id=\"caption-attachment-2137\" class=\"wp-caption-text\">T\u00f4le sandwich en aluminium<\/p><\/div>\n<div id=\"attachment_2133\" style=\"width: 284px\" class=\"wp-caption alignleft\"><a href=\"https:\/\/www.carpinteria-aluminio.cat\/wp-content\/uploads\/2013\/01\/claraboya1.jpg\" target=\"_blank\" rel=\"noopener\"><img loading=\"lazy\" decoding=\"async\" aria-describedby=\"caption-attachment-2133\" class=\" wp-image-2133 \" style=\"margin: 0px; border: 0px;\" title=\"Fen\u00eatre de toit\" src=\"https:\/\/www.carpinteria-aluminio.cat\/wp-content\/uploads\/2013\/01\/claraboya1.jpg\" alt=\"Fen\u00eatre de toit\" width=\"274\" height=\"200\" \/><\/a><p id=\"caption-attachment-2133\" class=\"wp-caption-text\">Fen\u00eatre de toit<\/p><\/div>\n<div id=\"attachment_3159\" style=\"width: 284px\" class=\"wp-caption alignleft\"><a href=\"https:\/\/www.carpinteria-aluminio.cat\/wp-content\/uploads\/2012\/08\/2013-08-05-08-19-37.png\" target=\"_blank\" rel=\"noopener\"><img loading=\"lazy\" decoding=\"async\" aria-describedby=\"caption-attachment-3159\" class=\" wp-image-3159 \" title=\"Lumi\u00e8res LED dans de faux plafonds en aluminium\" src=\"https:\/\/www.carpinteria-aluminio.cat\/wp-content\/uploads\/2012\/08\/2013-08-05-08-19-37-300x168.png\" alt=\"Lumi\u00e8res LED dans de faux plafonds en aluminium\" width=\"274\" height=\"200\" \/><\/a><p id=\"caption-attachment-3159\" class=\"wp-caption-text\">Lumi\u00e8res LED dans de faux plafonds en aluminium<\/p><\/div>\n<p>Incorpore <strong>VOLETS ROULANTS<\/strong> en su cerramiento si fuera necesario:<\/p>\n<p style=\"text-align: justify;\">Les volets roulants sont un \u00e9l\u00e9ment tr\u00e8s courant dans les pays du sud de l&rsquo;Europe. Une bonne protection contre le soleil, de plus en plus nocif, assure que la chaleur produite par celui-ci reste \u00e0 l&rsquo;ext\u00e9rieur de la maison, aidant \u00e0 rendre les \u00e9t\u00e9s un peu plus doux. En fin de compte, ils nous aident \u00e0 nous prot\u00e9ger de l&rsquo;ext\u00e9rieur, que ce soit du vent, de la pluie, de la gr\u00eale ou du froid. Un volet roulant de s\u00e9curit\u00e9 offre une protection suppl\u00e9mentaire en plus de ce qui a \u00e9t\u00e9 mentionn\u00e9 pr\u00e9c\u00e9demment. Motoris\u00e9s, avec sangle, \u00e0 cardan ou \u00e0 manivelle, ce sont les variantes de mouvement que nous proposons.<\/p>\n<p>Nous fabriquons des volets roulants en aluminium et en PVC, des r\u00e9parations et de l&rsquo;entretien, la vente de moteurs de volets roulants, etc. Notre gamme de produits est la suivante: <strong>1. VOLETS ROULANTS EN ALUMINIUM :<\/strong><\/p>\n<div id=\"attachment_518\" style=\"width: 284px\" class=\"wp-caption alignleft\"><a href=\"https:\/\/www.carpinteria-aluminio.cat\/wp-content\/uploads\/2013\/01\/IMG_0064.jpg\" target=\"_blank\" rel=\"noopener\"><img loading=\"lazy\" decoding=\"async\" aria-describedby=\"caption-attachment-518\" class=\" wp-image-518 \" style=\"margin: 0px; border: 0px;\" title=\"Volet en aluminium\" src=\"https:\/\/www.carpinteria-aluminio.cat\/wp-content\/uploads\/2013\/01\/IMG_0064-300x200.jpg\" alt=\"Volet en aluminium\" width=\"274\" height=\"200\" \/><\/a><p id=\"caption-attachment-518\" class=\"wp-caption-text\">Volet en aluminium<\/p><\/div>\n<div id=\"attachment_1573\" style=\"width: 284px\" class=\"wp-caption alignleft\"><a href=\"https:\/\/www.carpinteria-aluminio.cat\/wp-content\/uploads\/2012\/08\/IMG_1544_resized_1.jpg\" target=\"_blank\" rel=\"noopener\"><img loading=\"lazy\" decoding=\"async\" aria-describedby=\"caption-attachment-1573\" class=\" wp-image-1573\" style=\"margin: 0px; border: 0px;\" title=\"Profil volet en aluminium laqu\u00e9 imitation bois\" src=\"https:\/\/www.carpinteria-aluminio.cat\/wp-content\/uploads\/2012\/08\/IMG_1544_resized_1-300x200.jpg\" alt=\"Profil volet en aluminium laqu\u00e9 imitation bois\" width=\"274\" height=\"200\" \/><\/a><p id=\"caption-attachment-1573\" class=\"wp-caption-text\">Profil volet en aluminium laqu\u00e9 imitation bois<\/p><\/div>\n<div id=\"attachment_1578\" style=\"width: 284px\" class=\"wp-caption alignleft\"><a href=\"https:\/\/www.carpinteria-aluminio.cat\/wp-content\/uploads\/2012\/08\/IMG_1539_resized.jpg\" target=\"_blank\" rel=\"noopener\"><img loading=\"lazy\" decoding=\"async\" aria-describedby=\"caption-attachment-1578\" class=\" wp-image-1578\" style=\"margin: 0px; border: 0px;\" title=\"Profil volet en aluminium laqu\u00e9 blanc\" src=\"https:\/\/www.carpinteria-aluminio.cat\/wp-content\/uploads\/2012\/08\/IMG_1539_resized-300x200.jpg\" alt=\"Profil volet en aluminium laqu\u00e9 blanc\" width=\"274\" height=\"200\" \/><\/a><p id=\"caption-attachment-1578\" class=\"wp-caption-text\">Profil volet en aluminium laqu\u00e9 blanc<\/p><\/div>\n<p style=\"text-align: justify;\">Ce type de volets offre un bon rapport qualit\u00e9-prix. En raison de sa construction en aluminium \u00e0 l&rsquo;ext\u00e9rieur, il offre la r\u00e9sistance aux intemp\u00e9ries n\u00e9cessaire dans des conditions adverses, \u00e0 l&rsquo;int\u00e9rieur, compos\u00e9e de mousse de polyur\u00e9thane rigide pour une plus grande efficacit\u00e9 thermique. Ils sont plus l\u00e9gers que tout autre mod\u00e8le sur le march\u00e9 en raison de leur l\u00e9g\u00e8re torsion en aluminium, diff\u00e9rentes formes et mod\u00e8les offrent la polyvalence n\u00e9cessaire pour s&rsquo;adapter \u00e0 n&rsquo;importe quel espace existant. Renseignez-vous sur les prix en nous contactant sans aucun engagement.<\/p>\n<p><strong>2. VOLETS EN PVC :<\/strong><\/p>\n<div id=\"attachment_1581\" style=\"width: 284px\" class=\"wp-caption alignleft\"><a href=\"https:\/\/www.carpinteria-aluminio.cat\/wp-content\/uploads\/2012\/08\/IMG_1552_resized.jpg\" target=\"_blank\" rel=\"noopener\"><img loading=\"lazy\" decoding=\"async\" aria-describedby=\"caption-attachment-1581\" class=\" wp-image-1581\" style=\"margin: 0px; border: 0px;\" title=\"Profil volet en PVC mod\u00e8le roma\" src=\"https:\/\/www.carpinteria-aluminio.cat\/wp-content\/uploads\/2012\/08\/IMG_1552_resized-300x200.jpg\" alt=\"Profil volet en PVC mod\u00e8le roma\" width=\"274\" height=\"200\" \/><\/a><p id=\"caption-attachment-1581\" class=\"wp-caption-text\">Profil volet en PVC mod\u00e8le roma<\/p><\/div>\n<div id=\"attachment_447\" style=\"width: 284px\" class=\"wp-caption alignleft\"><a href=\"https:\/\/www.carpinteria-aluminio.cat\/wp-content\/uploads\/2012\/12\/Persianas-de-PVC.jpg\" target=\"_blank\" rel=\"noopener\"><img loading=\"lazy\" decoding=\"async\" aria-describedby=\"caption-attachment-447\" class=\" wp-image-447 \" style=\"margin: 0px; border: 0px;\" title=\"Volet en PVC\" src=\"https:\/\/www.carpinteria-aluminio.cat\/wp-content\/uploads\/2012\/12\/Persianas-de-PVC-300x200.jpg\" alt=\"Volet en PVC\" width=\"274\" height=\"200\" \/><\/a><p id=\"caption-attachment-447\" class=\"wp-caption-text\">Volet en PVC<\/p><\/div>\n<div id=\"attachment_1579\" style=\"width: 284px\" class=\"wp-caption alignleft\"><a href=\"https:\/\/www.carpinteria-aluminio.cat\/wp-content\/uploads\/2012\/08\/IMG_1542_resized.jpg\" target=\"_blank\" rel=\"noopener\"><img loading=\"lazy\" decoding=\"async\" aria-describedby=\"caption-attachment-1579\" class=\" wp-image-1579\" style=\"margin: 0px; border: 0px;\" title=\"Profil volet en PVC couleur beige mod\u00e8le miniper\" src=\"https:\/\/www.carpinteria-aluminio.cat\/wp-content\/uploads\/2012\/08\/IMG_1542_resized-300x200.jpg\" alt=\"Profil volet en PVC couleur beige mod\u00e8le miniper\" width=\"274\" height=\"200\" \/><\/a><p id=\"caption-attachment-1579\" class=\"wp-caption-text\">Profil volet en PVC couleur beige mod\u00e8le miniper<\/p><\/div>\n<p style=\"text-align: justify;\">Les volets en PVC sont les moins chers du march\u00e9, en raison de leur construction en plastique, ils offrent l&rsquo;une des propri\u00e9t\u00e9s de ce mat\u00e9riau qui est l&rsquo;isolation thermique. Diff\u00e9rentes formes dans les mod\u00e8les permettent de s&rsquo;adapter aux espaces existants afin de r\u00e9duire l&rsquo;espace. Consultez les prix en nous contactant sans aucun engagement.<\/p>\n<p><strong>3. VOLETS DE S\u00c9CURIT\u00c9 :<\/strong><\/p>\n<div id=\"attachment_446\" style=\"width: 284px\" class=\"wp-caption alignleft\"><a href=\"https:\/\/www.carpinteria-aluminio.cat\/wp-content\/uploads\/2012\/12\/Seguridad-aluminio-autoblocante-2.jpg\" target=\"_blank\" rel=\"noopener\"><img loading=\"lazy\" decoding=\"async\" aria-describedby=\"caption-attachment-446\" class=\" wp-image-446 \" style=\"margin: 0px; border: 0px;\" title=\"Volet de s\u00e9curit\u00e9 \u00e0 verrouillage automatique en aluminium\" src=\"https:\/\/www.carpinteria-aluminio.cat\/wp-content\/uploads\/2012\/12\/Seguridad-aluminio-autoblocante-2-300x200.jpg\" alt=\"Volet de s\u00e9curit\u00e9 \u00e0 verrouillage automatique en aluminium\" width=\"274\" height=\"200\" \/><\/a><p id=\"caption-attachment-446\" class=\"wp-caption-text\">Volet de s\u00e9curit\u00e9 \u00e0 verrouillage automatique en aluminium<\/p><\/div>\n<div id=\"attachment_448\" style=\"width: 284px\" class=\"wp-caption alignleft\"><a href=\"https:\/\/www.carpinteria-aluminio.cat\/wp-content\/uploads\/2012\/12\/Seguridad-aluminio-autoblocante.jpg\" target=\"_blank\" rel=\"noopener\"><img loading=\"lazy\" decoding=\"async\" aria-describedby=\"caption-attachment-448\" class=\" wp-image-448\" style=\"margin: 0px; border: 0px;\" title=\"Volet de s\u00e9curit\u00e9 pour vitrine\" src=\"https:\/\/www.carpinteria-aluminio.cat\/wp-content\/uploads\/2012\/12\/Seguridad-aluminio-autoblocante-300x200.jpg\" alt=\"Volet de s\u00e9curit\u00e9 pour vitrine\" width=\"274\" height=\"200\" \/><\/a><p id=\"caption-attachment-448\" class=\"wp-caption-text\">Volet de s\u00e9curit\u00e9 pour vitrine<\/p><\/div>\n<div id=\"attachment_445\" style=\"width: 284px\" class=\"wp-caption alignleft\"><a href=\"https:\/\/www.carpinteria-aluminio.cat\/wp-content\/uploads\/2012\/12\/Seguridad-aluminio-autoblocante-3.jpg\" target=\"_blank\" rel=\"noopener\"><img loading=\"lazy\" decoding=\"async\" aria-describedby=\"caption-attachment-445\" class=\" wp-image-445\" style=\"margin: 0px; border: 0px;\" title=\"Volet de s\u00e9curit\u00e9 pour vitrine en argent mat\" src=\"https:\/\/www.carpinteria-aluminio.cat\/wp-content\/uploads\/2012\/12\/Seguridad-aluminio-autoblocante-3-300x200.jpg\" alt=\"Volet de s\u00e9curit\u00e9 pour vitrine en argent mat\" width=\"274\" height=\"200\" \/><\/a><p id=\"caption-attachment-445\" class=\"wp-caption-text\">Volet de s\u00e9curit\u00e9 pour vitrine en argent mat<\/p><\/div>\n<p style=\"text-align: justify;\">Le volet de s\u00e9curit\u00e9 en aluminium est le produit phare chez PONSICO S.C.P. Avec une \u00e9paisseur consid\u00e9rable, ils sont fortement recommand\u00e9s pour remplacer les grilles car ils offrent une protection souvent sup\u00e9rieure. Diff\u00e9rents mod\u00e8les tels que l&rsquo;autoblocant (volet qui se bloque une fois ferm\u00e9, emp\u00eachant sa remont\u00e9e manuelle depuis l&rsquo;ext\u00e9rieur), le perfor\u00e9 ou ajour\u00e9 (id\u00e9al pour les commerces ou les vitrines), etc., composent ce type de volets de s\u00e9curit\u00e9. Ils disposent d&rsquo;un syst\u00e8me de couture pour que les lames ne bougent pas entre elles, pour donner une coh\u00e9rence en bloc. Il est fortement recommand\u00e9 de les accompagner d&rsquo;un moteur \u00e9lectrique (Somfy, Wurth&#8230;), mentionn\u00e9s ci-dessous, car ils ont un poids important et \u00e9vitent ainsi des r\u00e9parations inutiles. Consultez le prix sans aucun engagement.<\/p>\n<p><strong>4. VOLETS GRADHERMETIC :<\/strong><\/p>\n<p style=\"text-align: justify;\">Les volets en aluminium offrent une inclinaison suppl\u00e9mentaire de type lames de mallorquina pour permettre la ventilation une fois le volet abaiss\u00e9, lame orientable et autobloquante, il est conseill\u00e9 de les installer motoris\u00e9s, bien que les mod\u00e8les avec sangle ou cardan soient \u00e9galement possibles. Pour plus d&rsquo;informations, visitez la section des volets du fabricant <a href=\"http:\/\/www.gradhermetic.es\/web\/esp\/productos_persianas_enrollables_orientables_supergradhermetic.htm\" target=\"_blank\" rel=\"noopener\">GRADHERMETIC<\/a>.<\/p>\n<p><strong>5. MOTEURS ET T\u00c9L\u00c9COMMANDES :<\/strong><\/p>\n<div id=\"attachment_514\" style=\"width: 284px\" class=\"wp-caption alignleft\"><a href=\"https:\/\/www.carpinteria-aluminio.cat\/wp-content\/uploads\/2013\/01\/IMG_0045.jpg\" target=\"_blank\" rel=\"noopener\"><img loading=\"lazy\" decoding=\"async\" aria-describedby=\"caption-attachment-514\" class=\" wp-image-514\" style=\"margin: 0px; border: 0px;\" title=\"Motorisation pour volets\" src=\"https:\/\/www.carpinteria-aluminio.cat\/wp-content\/uploads\/2013\/01\/IMG_0045-300x200.jpg\" alt=\"Motorisation pour volets\" width=\"274\" height=\"200\" \/><\/a><p id=\"caption-attachment-514\" class=\"wp-caption-text\">Motorisation pour volets<\/p><\/div>\n<div id=\"attachment_461\" style=\"width: 284px\" class=\"wp-caption alignleft\"><a href=\"https:\/\/www.carpinteria-aluminio.cat\/wp-content\/uploads\/2012\/12\/Persianas-motores-y-mandos-a-distancia-2.jpg\" target=\"_blank\" rel=\"noopener\"><img loading=\"lazy\" decoding=\"async\" aria-describedby=\"caption-attachment-461\" class=\" wp-image-461 \" style=\"margin: 0px; border: 0px;\" title=\"T\u00e9l\u00e9commandes pour moteurs\" src=\"https:\/\/www.carpinteria-aluminio.cat\/wp-content\/uploads\/2012\/12\/Persianas-motores-y-mandos-a-distancia-2-300x200.jpg\" alt=\"T\u00e9l\u00e9commandes pour moteurs\" width=\"274\" height=\"200\" \/><\/a><p id=\"caption-attachment-461\" class=\"wp-caption-text\">T\u00e9l\u00e9commandes pour moteurs<\/p><\/div>\n<div id=\"attachment_1687\" style=\"width: 284px\" class=\"wp-caption alignleft\"><a href=\"https:\/\/www.carpinteria-aluminio.cat\/wp-content\/uploads\/2012\/08\/20130219_182310_resized.jpg\" target=\"_blank\" rel=\"noopener\"><img loading=\"lazy\" decoding=\"async\" aria-describedby=\"caption-attachment-1687\" class=\" wp-image-1687\" style=\"margin: 0px; border: 0px;\" title=\"Moteur pour petit caisson\" src=\"https:\/\/www.carpinteria-aluminio.cat\/wp-content\/uploads\/2012\/08\/20130219_182310_resized-300x225.jpg\" alt=\"Moteur pour petit caisson\" width=\"274\" height=\"200\" \/><\/a><p id=\"caption-attachment-1687\" class=\"wp-caption-text\">Moteur pour petit caisson<\/p><\/div>\n<p style=\"text-align: justify;\">Syst\u00e8me d&rsquo;automatisation pour volets, nous proposons plusieurs fabricants pour assurer la comp\u00e9titivit\u00e9 et la qualit\u00e9 du produit. Ils peuvent \u00eatre avec t\u00e9l\u00e9commande (RTS), simples ou programmables. Tr\u00e8s recommand\u00e9 pour les volets lourds, de type s\u00e9curit\u00e9 pr\u00e9c\u00e9demment mentionn\u00e9s, ou pour les personnes \u00e2g\u00e9es ou \u00e0 mobilit\u00e9 r\u00e9duite. Les fabricants offrent plusieurs ann\u00e9es de garantie en plus de la garantie d&rsquo;installation de PONSICO S.C.P. Avec ce syst\u00e8me, le volet fonctionne plus en douceur et prolongera ainsi sa dur\u00e9e de vie. Silencieux et facile \u00e0 installer, ils peuvent \u00e9galement \u00eatre mont\u00e9s sur des auvents et des rideaux d&rsquo;une maison. Consultez les prix sans engagement aupr\u00e8s de PONSICO S.C.P.<\/p>\n<p><strong>6. CAISSONS EXT\u00c9RIEURS DE VOLETS :<\/strong><\/p>\n<div id=\"attachment_2245\" style=\"width: 208px\" class=\"wp-caption alignleft\"><a href=\"https:\/\/www.carpinteria-aluminio.cat\/wp-content\/uploads\/2012\/08\/20130325_131609_resized_1.jpg\" target=\"_blank\" rel=\"noopener\"><img loading=\"lazy\" decoding=\"async\" aria-describedby=\"caption-attachment-2245\" class=\" wp-image-2245 \" style=\"margin: 0px; border: 0px;\" title=\"Caisson compact monobloc\" src=\"https:\/\/www.carpinteria-aluminio.cat\/wp-content\/uploads\/2012\/08\/20130325_131609_resized_1-150x150.jpg\" alt=\"Caisson compact monobloc\" width=\"198\" height=\"198\" \/><\/a><p id=\"caption-attachment-2245\" class=\"wp-caption-text\">Caisson compact monobloc<\/p><\/div>\n<div id=\"attachment_2246\" style=\"width: 208px\" class=\"wp-caption alignleft\"><a href=\"https:\/\/www.carpinteria-aluminio.cat\/wp-content\/uploads\/2012\/08\/20130325_133249_resized.jpg\" target=\"_blank\" rel=\"noopener\"><img loading=\"lazy\" decoding=\"async\" aria-describedby=\"caption-attachment-2246\" class=\" wp-image-2246 \" style=\"margin: 0px; border: 0px;\" title=\"Profil caisson monobloc\" src=\"https:\/\/www.carpinteria-aluminio.cat\/wp-content\/uploads\/2012\/08\/20130325_133249_resized-150x150.jpg\" alt=\"Profil caisson monobloc\" width=\"198\" height=\"198\" \/><\/a><p id=\"caption-attachment-2246\" class=\"wp-caption-text\">Profil caisson monobloc<\/p><\/div>\n<div id=\"attachment_2248\" style=\"width: 208px\" class=\"wp-caption alignleft\"><a href=\"https:\/\/www.carpinteria-aluminio.cat\/wp-content\/uploads\/2012\/08\/20121127_131233-1.jpg\" target=\"_blank\" rel=\"noopener\"><img loading=\"lazy\" decoding=\"async\" aria-describedby=\"caption-attachment-2248\" class=\" wp-image-2248 \" style=\"margin: 0px; border: 0px;\" title=\"Guide compact monobloc\" src=\"https:\/\/www.carpinteria-aluminio.cat\/wp-content\/uploads\/2012\/08\/20121127_131233-1-150x150.jpg\" alt=\"Guide compact monobloc\" width=\"198\" height=\"198\" \/><\/a><p id=\"caption-attachment-2248\" class=\"wp-caption-text\">Guide compact monobloc<\/p><\/div>\n<div id=\"attachment_2247\" style=\"width: 208px\" class=\"wp-caption alignleft\"><a href=\"https:\/\/www.carpinteria-aluminio.cat\/wp-content\/uploads\/2012\/08\/20121127_132100-2.jpg\" target=\"_blank\" rel=\"noopener\"><img loading=\"lazy\" decoding=\"async\" aria-describedby=\"caption-attachment-2247\" class=\" wp-image-2247 \" style=\"margin: 0px; border: 0px;\" title=\"Caisson compact monobloc sur fen\u00eatre\" src=\"https:\/\/www.carpinteria-aluminio.cat\/wp-content\/uploads\/2012\/08\/20121127_132100-2-150x150.jpg\" alt=\"Caisson compact monobloc sur fen\u00eatre\" width=\"198\" height=\"198\" \/><\/a><p id=\"caption-attachment-2247\" class=\"wp-caption-text\">Caisson compact monobloc sur fen\u00eatre<\/p><\/div>\n<p style=\"text-align: justify;\">Dans les endroits o\u00f9 il n&rsquo;y a pas de volets d&rsquo;origine dans le b\u00e2timent, des caissons externes peuvent \u00eatre inclus tels que le mini-per en PVC, le minor en aluminium et le compact monobloc mixte en PVC et aluminium. Ce dernier est recommand\u00e9 pour sa construction, en aluminium \u00e0 l&rsquo;ext\u00e9rieur et avec une structure en PVC \u00e0 l&rsquo;int\u00e9rieur qui aide \u00e0 att\u00e9nuer le bruit en lui donnant plus de solidit\u00e9 et de r\u00e9sistance au caisson. Motoris\u00e9s ou avec sangle, ils sont g\u00e9n\u00e9ralement int\u00e9gr\u00e9s aux fen\u00eatres des nouvelles constructions. Ces volets se d\u00e9tachent vers l&rsquo;ext\u00e9rieur, de sorte que la face ext\u00e9rieure du volet peut \u00eatre facilement nettoy\u00e9e depuis l&rsquo;int\u00e9rieur de la maison, en outre, cela augmente la chambre \u00e0 air entre le volet et la fen\u00eatre, aidant \u00e0 isoler la pi\u00e8ce de mani\u00e8re plus efficace.<\/p>\n<p style=\"text-align: justify;\">Vous pouvez \u00e9galement installer <strong>AUVENTS<\/strong> comme mesure de protection solaire :<\/p>\n<p>\u00c9l\u00e9ment indispensable pour la protection solaire, un auvent correctement install\u00e9 offre des \u00e9conomies d&rsquo;\u00e9nergie de la climatisation qui peuvent surprendre beaucoup d&rsquo;entre nous. Il retient en grande partie la chaleur du soleil, offrant un bien-\u00eatre pour toute la famille. Nous proposons une grande vari\u00e9t\u00e9 d&rsquo;auvents \u00e0 nos clients, du traditionnel auvent vertical aux auvents, gazebos ou rideaux. Nous proposons \u00e9galement des changements de toile, des toiles confectionn\u00e9es, des moteurs pour auvents avec ou sans t\u00e9l\u00e9commande, et la construction de marquises.<\/p>\n<div id=\"attachment_1924\" style=\"width: 190px\" class=\"wp-caption alignright\"><a href=\"https:\/\/www.carpinteria-aluminio.cat\/wp-content\/uploads\/2013\/03\/telon-web.jpg\" target=\"_blank\" rel=\"noopener\"><img loading=\"lazy\" decoding=\"async\" aria-describedby=\"caption-attachment-1924\" class=\" wp-image-1924 \" title=\"Exemples d'auvents verticaux\" src=\"https:\/\/www.carpinteria-aluminio.cat\/wp-content\/uploads\/2013\/03\/telon-web-150x150.jpg\" alt=\"Exemples d'auvents verticaux\" width=\"180\" height=\"180\" \/><\/a><p id=\"caption-attachment-1924\" class=\"wp-caption-text\">Exemples d&rsquo;auvents verticaux<\/p><\/div>\n<p>Les principaux <strong>MOD\u00c8LES DE STORES<\/strong> sont :<\/p>\n<p style=\"text-align: justify;\"><strong>1. \u00a0 \u00a0Stores Verticaux :<\/strong> Mod\u00e8le de store tr\u00e8s courant sur les balcons, qui descend verticalement, comme son nom l&rsquo;indique, pouvant \u00eatre avec ou sans guides, selon le type. Le store vertical le plus courant descend depuis la ligne ext\u00e9rieure du toit de la terrasse et peut \u00eatre attach\u00e9 \u00e0 la balustrade avec des bras qui peuvent prendre plusieurs positions. Il peut \u00eatre motoris\u00e9, avec t\u00e9l\u00e9commande ou capteurs. Dans ce mod\u00e8le, la motorisation doit inclure la fonction ABS, qui emp\u00eache la rupture du tissu en cas de n\u00e9gligence, de sorte que le moteur cesse de fournir de la force lorsqu&rsquo;il d\u00e9tecte qu&rsquo;il est attach\u00e9 \u00e0 la balustrade.<\/p>\n<div id=\"attachment_1927\" style=\"width: 190px\" class=\"wp-caption alignleft\"><a href=\"https:\/\/www.carpinteria-aluminio.cat\/wp-content\/uploads\/2013\/03\/toldo-exclusive-cofre-WEB.jpg\" target=\"_blank\" rel=\"noopener\"><img loading=\"lazy\" decoding=\"async\" aria-describedby=\"caption-attachment-1927\" class=\" wp-image-1927 \" title=\"Exemples de stores \u00e0 bras invisibles\" src=\"https:\/\/www.carpinteria-aluminio.cat\/wp-content\/uploads\/2013\/03\/toldo-exclusive-cofre-WEB-150x150.jpg\" alt=\"Exemples de stores \u00e0 bras invisibles\" width=\"180\" height=\"180\" \/><\/a><p id=\"caption-attachment-1927\" class=\"wp-caption-text\">Exemples de stores \u00e0 bras invisibles<\/p><\/div>\n<p style=\"text-align: justify;\"><strong>2.\u00a0\u00a0\u00a0\u00a0Stores \u00e0 Bras Invisibles :<\/strong> Mod\u00e8le de store tr\u00e8s courant sur les balcons d&rsquo;attiques et les rez-de-chauss\u00e9e, pouvant \u00e9galement \u00eatre install\u00e9 sur les appartements avec terrasse. La particularit\u00e9 de ce mod\u00e8le est que les bras s&rsquo;\u00e9tendent horizontalement depuis le point de sortie, g\u00e9n\u00e9ralement attach\u00e9 \u00e0 un mur vertical, permettant de r\u00e9gler la chute selon les pr\u00e9f\u00e9rences du client. Les bras accompagnent le tissu par le bas, de telle mani\u00e8re qu&rsquo;il semble ne pas avoir de bras vu de l&rsquo;ext\u00e9rieur, d&rsquo;o\u00f9 son nom. Il existe diff\u00e9rentes variantes de ce mod\u00e8le, parmi lesquelles le mod\u00e8le de coffre, qui une fois repli\u00e9, le store lui-m\u00eame prot\u00e8ge le tissu et les bras \u00e0 l&rsquo;int\u00e9rieur. Il est recommand\u00e9 de motoriser ce type de store, car lorsqu&rsquo;ils d\u00e9passent les 3 m\u00e8tres de longueur, l&rsquo;effort \u00e0 fournir pour les remonter est consid\u00e9rable. Le capteur de vent est tout aussi recommand\u00e9 pour les terrasses expos\u00e9es au vent fort, de sorte que lorsqu&rsquo;il d\u00e9tecte trop de vent, il se replie automatiquement, le capteur de lumi\u00e8re agit de m\u00eame lorsqu&rsquo;il d\u00e9tecte une absence ou un exc\u00e8s de soleil.<\/p>\n<div id=\"attachment_831\" style=\"width: 190px\" class=\"wp-caption alignright\"><a href=\"https:\/\/www.carpinteria-aluminio.cat\/wp-content\/uploads\/2013\/01\/20121120_130904_HDR.jpg\" target=\"_blank\" rel=\"noopener\"><img loading=\"lazy\" decoding=\"async\" aria-describedby=\"caption-attachment-831\" class=\" wp-image-831 \" title=\"Exemple de store \u00e0 bras droit\" src=\"https:\/\/www.carpinteria-aluminio.cat\/wp-content\/uploads\/2013\/01\/20121120_130904_HDR-150x150.jpg\" alt=\"Exemple de store \u00e0 bras droit\" width=\"180\" height=\"180\" \/><\/a><p id=\"caption-attachment-831\" class=\"wp-caption-text\">Exemple de store \u00e0 bras droit<\/p><\/div>\n<p style=\"text-align: justify;\"><strong>3.\u00a0\u00a0\u00a0\u00a0Stores \u00e0 Bras Droit :<\/strong> Mod\u00e8le de store tr\u00e8s courant pour les fen\u00eatres et les balcons ext\u00e9rieurs. Ce mod\u00e8le est plac\u00e9 sur la ligne int\u00e9rieure du plafond du balcon ou de la terrasse, ou dans le creux ext\u00e9rieur de la fen\u00eatre. Le store descend \u00e0 environ 45 degr\u00e9s vers l&rsquo;ext\u00e9rieur, guid\u00e9 par deux bras fix\u00e9s au socle du store et \u00e0 la fois \u00e0 la fa\u00e7ade verticale, guidant le store tout en d\u00e9crivant un arc. Il n&rsquo;est pas aussi n\u00e9cessaire d&rsquo;\u00eatre motoris\u00e9, car ces bras n&rsquo;exercent pas autant de force que d&rsquo;autres mod\u00e8les.<\/p>\n<p style=\"text-align: justify;\"><strong>4.\u00a0\u00a0\u00a0\u00a0Auvents :<\/strong> Mod\u00e8le de store qui, \u00e0 l&rsquo;aide d&rsquo;une structure m\u00e9tallique \u00e0 l&rsquo;int\u00e9rieur, prot\u00e8ge la ligne de la fa\u00e7ade des portes et des fen\u00eatres, donnant une forme semi-circulaire tr\u00e8s esth\u00e9tique. Ce store peut \u00eatre actionn\u00e9 par une traction de corde ou un moteur.<\/p>\n<div id=\"attachment_466\" style=\"width: 190px\" class=\"wp-caption alignleft\"><a href=\"https:\/\/www.carpinteria-aluminio.cat\/wp-content\/uploads\/2012\/12\/Toldos.jpg\" target=\"_blank\" rel=\"noopener\"><img loading=\"lazy\" decoding=\"async\" aria-describedby=\"caption-attachment-466\" class=\" wp-image-466 \" title=\"Stores \u00e0 Barcelone\" src=\"https:\/\/www.carpinteria-aluminio.cat\/wp-content\/uploads\/2012\/12\/Toldos-150x150.jpg\" alt=\"Stores \u00e0 Barcelone\" width=\"180\" height=\"180\" \/><\/a><p id=\"caption-attachment-466\" class=\"wp-caption-text\">Stores \u00e0 Barcelone<\/p><\/div>\n<p><strong>5.\u00a0\u00a0\u00a0\u00a0Glissi\u00e8res :<\/strong> Mod\u00e8le de auvent qui est guid\u00e9 horizontalement par des rails formant des plis dans la toile. Comme son nom l&rsquo;indique, le auvent glisse le long de ces guides. Dans de nombreux cas, l&rsquo;installation de supports verticaux de type portique est n\u00e9cessaire pour maintenir les guides par lesquels le auvent descend. Tr\u00e8s pratique lorsqu&rsquo;il est actionn\u00e9 par des treuils ou des moteurs. <strong>6.\u00a0\u00a0\u00a0\u00a0Tonnelles\/Couloirs :<\/strong> Structures m\u00e9talliques en forme d&rsquo;enclos ext\u00e9rieur ferm\u00e9es sur le dessus avec une toile de auvent. Ils peuvent pr\u00e9senter diff\u00e9rentes formes et tailles selon les pr\u00e9f\u00e9rences du client, en leur donnant une inclinaison pour \u00e9viter l&rsquo;accumulation d&rsquo;eau de pluie, de neige, etc. <strong>7.\u00a0\u00a0\u00a0\u00a0Rideaux :<\/strong> Type de auvent qui est guid\u00e9 par la fa\u00e7ade ext\u00e9rieure des balcons et des terrasses \u00e0 l&rsquo;aide de roulements ou de poulies pr\u00e9alablement install\u00e9s sur le auvent. Il descend naturellement sous son propre poids et est actionn\u00e9 manuellement comme un rideau int\u00e9rieur de maison.<\/p>\n<p style=\"text-align: justify;\"><strong>8.\u00a0\u00a0\u00a0\u00a0Changements de toile :<\/strong> Nous rempla\u00e7ons tous les types de toiles de auvent d\u00e9j\u00e0 install\u00e9es.<\/p>\n<p style=\"text-align: justify;\"><strong>9.\u00a0\u00a0\u00a0\u00a0Divers :<\/strong> &#8211; Auvents : tr\u00e8s utiles pour prot\u00e9ger les toiles de auvent une fois repli\u00e9es. &#8211; Toiles confectionn\u00e9es : toiles confectionn\u00e9es selon les pr\u00e9f\u00e9rences et la forme du client.<\/p>\n<div id=\"attachment_2273\" style=\"width: 340px\" class=\"wp-caption alignright\"><a href=\"https:\/\/www.carpinteria-aluminio.cat\/wp-content\/uploads\/2012\/10\/motores.png\" target=\"_blank\" rel=\"noopener\"><img loading=\"lazy\" decoding=\"async\" aria-describedby=\"caption-attachment-2273\" class=\" wp-image-2273 \" style=\"margin: 0px; border: 0px;\" title=\"Moteurs et t\u00e9l\u00e9commandes\" src=\"https:\/\/www.carpinteria-aluminio.cat\/wp-content\/uploads\/2012\/10\/motores-300x131.png\" alt=\"Moteurs et t\u00e9l\u00e9commandes\" width=\"330\" height=\"180\" \/><\/a><p id=\"caption-attachment-2273\" class=\"wp-caption-text\">Moteurs et t\u00e9l\u00e9commandes<\/p><\/div>\n<div id=\"attachment_2371\" style=\"width: 190px\" class=\"wp-caption alignright\"><a href=\"https:\/\/www.carpinteria-aluminio.cat\/wp-content\/uploads\/2012\/08\/20130411_114251_resized.jpg\" target=\"_blank\" rel=\"noopener\"><img loading=\"lazy\" decoding=\"async\" aria-describedby=\"caption-attachment-2371\" class=\" wp-image-2371 \" title=\"Capteur de lumi\u00e8re et de vent Somfy\" src=\"https:\/\/www.carpinteria-aluminio.cat\/wp-content\/uploads\/2012\/08\/20130411_114251_resized-150x150.jpg\" alt=\"Capteur de lumi\u00e8re et de vent Somfy\" width=\"180\" height=\"180\" \/><\/a><p id=\"caption-attachment-2371\" class=\"wp-caption-text\">Capteur de lumi\u00e8re et de vent Somfy<\/p><\/div>\n<p style=\"text-align: justify;\"><strong>10.\u00a0Moteurs, t\u00e9l\u00e9commandes et capteurs :<\/strong> Ces automatismes sont tr\u00e8s pratiques et fonctionnels, avec juste un bouton, le auvent monte sans aucun effort. Peut \u00eatre avec une t\u00e9l\u00e9commande ou fix\u00e9s au mur, nous pouvons synchroniser tous les auvents et les stores d&rsquo;une maison avec juste un bouton. SOMFY propose de nombreuses variantes pour les actionner par programmation horaire, par des capteurs de mouvement, de lumi\u00e8re ou de vent. Ainsi, nous pouvons nous passer compl\u00e8tement du auvent s&rsquo;il y a du vent, car avec le capteur appropri\u00e9, lorsqu&rsquo;il d\u00e9tecte beaucoup d&rsquo;air, il se r\u00e9tracte automatiquement. Il en va de m\u00eame pour le capteur de lumi\u00e8re, qui s&rsquo;\u00e9tend automatiquement lorsqu&rsquo;il d\u00e9tecte un soleil direct et se r\u00e9tracte lorsque la nuit tombe, avec la possibilit\u00e9 de r\u00e9gler sa sensibilit\u00e9.<\/p>\n<p><strong>Types de toiles :<\/strong> Il existe diff\u00e9rents types de toiles \u00e0 choisir, acryliques, polyester, plastiques, PVC, etc.<\/p>\n<p style=\"text-align: center;\"><div class=\"wrap one\"><div class=\"column column_column one-fourth column-first\"><\/p>\n<div id=\"attachment_2386\" style=\"width: 190px\" class=\"wp-caption aligncenter\"><a href=\"https:\/\/www.carpinteria-aluminio.cat\/wp-content\/uploads\/2012\/08\/20130411_163315_resized.jpg\" target=\"_blank\" rel=\"noopener\"><img loading=\"lazy\" decoding=\"async\" aria-describedby=\"caption-attachment-2386\" class=\" wp-image-2386 \" title=\"\u00c9chantillonneur de toiles Soltis \" src=\"https:\/\/www.carpinteria-aluminio.cat\/wp-content\/uploads\/2012\/08\/20130411_163315_resized-150x150.jpg\" alt=\"\u00c9chantillonneur de toiles Soltis \" width=\"180\" height=\"180\" \/><\/a><p id=\"caption-attachment-2386\" class=\"wp-caption-text\">\u00c9chantillonneur de toiles Soltis<\/p><\/div>\n<p style=\"text-align: justify;\">Type de toile micro-perfor\u00e9e pour favoriser le passage de l&rsquo;air et de la lumi\u00e8re, d&rsquo;aspect tr\u00e8s esth\u00e9tique mettant en valeur des couleurs vives, au toucher plastifi\u00e9 et garantie de 3 ans. Son poids par m\u00e8tre carr\u00e9 est de 400 grammes, d&rsquo;une \u00e9paisseur de 0,45 mm, la largeur de bande est de 267 cm, avec une r\u00e9sistance \u00e0 la traction de 230\/230 daN\/5 cm, une r\u00e9sistance \u00e0 la d\u00e9chirure de 30\/25 daN et une r\u00e9sistance au feu M2.<\/p>\n<p><\/div>\n<p style=\"text-align: center;\"><div class=\"column column_column one-fourth column-inner\"><\/p>\n<div id=\"attachment_2387\" style=\"width: 190px\" class=\"wp-caption aligncenter\"><a href=\"https:\/\/www.carpinteria-aluminio.cat\/wp-content\/uploads\/2012\/08\/20130411_163432_resized.jpg\" target=\"_blank\" rel=\"noopener\"><img loading=\"lazy\" decoding=\"async\" aria-describedby=\"caption-attachment-2387\" class=\" wp-image-2387 \" title=\"\u00c9chantillonneur de toiles Screen\" src=\"https:\/\/www.carpinteria-aluminio.cat\/wp-content\/uploads\/2012\/08\/20130411_163432_resized-150x150.jpg\" alt=\"\u00c9chantillonneur de toiles Screen\" width=\"180\" height=\"180\" \/><\/a><p id=\"caption-attachment-2387\" class=\"wp-caption-text\">\u00c9chantillonneur de toiles Screen<\/p><\/div>\n<p style=\"text-align: justify;\">Tissu compos\u00e9 de 15% de polyester + 85% de PVC. Armure toile de serge avec un diam\u00e8tre de fil de 0,40 mm, largeur de bande de 300\/250 cm, avec un poids de 605 g\/m2, \u00e9paisseur de la toile de 0,78 mm, avec un degr\u00e9 d&rsquo;ouverture d&rsquo;environ 3%. R\u00e9sistance au feu classe 1, finitions antibact\u00e9riennes et sans plomb, r\u00e9sistance \u00e0 la traction jusqu&rsquo;\u00e0 150 daN\/5 cm, et \u00e0 la d\u00e9chirure de 10 daN\/5 cm, stabilit\u00e9 thermique de -30\/+70 degr\u00e9s.<\/p>\n<p><\/div>\n<p style=\"text-align: center;\"><div class=\"column column_column one-fourth column-inner\"><\/p>\n<div id=\"attachment_2388\" style=\"width: 190px\" class=\"wp-caption aligncenter\"><a href=\"https:\/\/www.carpinteria-aluminio.cat\/wp-content\/uploads\/2012\/08\/20130411_163510_resized.jpg\" target=\"_blank\" rel=\"noopener\"><img loading=\"lazy\" decoding=\"async\" aria-describedby=\"caption-attachment-2388\" class=\" wp-image-2388 \" title=\"\u00c9chantillonneur de toiles acryliques\" src=\"https:\/\/www.carpinteria-aluminio.cat\/wp-content\/uploads\/2012\/08\/20130411_163510_resized-150x150.jpg\" alt=\"\u00c9chantillonneur de toiles acryliques\" width=\"180\" height=\"180\" \/><\/a><p id=\"caption-attachment-2388\" class=\"wp-caption-text\">\u00c9chantillonneur de toiles acryliques<\/p><\/div>\n<p style=\"text-align: justify;\">Ce type de toile est le plus utilis\u00e9 et est connu sous le nom de toile de auvent standard dont le tissu est compos\u00e9 \u00e0 100% de fibre acrylique teint\u00e9e dans la masse, avec une r\u00e9sistance jusqu&rsquo;\u00e0 135 daN\/5 cm, avec un poids d&rsquo;environ 300 g\/m2. La colonne d&rsquo;eau est d&rsquo;environ 300 mm, la largeur de bande est de 120 cm et la finition est en fluorocarbone.<\/p>\n<p><\/div>\n<p style=\"text-align: center;\"><div class=\"column column_column one-fourth column-last\"><\/p>\n<div id=\"attachment_2389\" style=\"width: 190px\" class=\"wp-caption aligncenter\"><a href=\"https:\/\/www.carpinteria-aluminio.cat\/wp-content\/uploads\/2012\/08\/20130411_163549_resized.jpg\" target=\"_blank\" rel=\"noopener\"><img loading=\"lazy\" decoding=\"async\" aria-describedby=\"caption-attachment-2389\" class=\" wp-image-2389 \" title=\"\u00c9chantillonneur de toiles polyester\" src=\"https:\/\/www.carpinteria-aluminio.cat\/wp-content\/uploads\/2012\/08\/20130411_163549_resized-150x150.jpg\" alt=\"\u00c9chantillonneur de toiles polyester\" width=\"180\" height=\"180\" \/><\/a><p id=\"caption-attachment-2389\" class=\"wp-caption-text\">\u00c9chantillonneur de toiles polyester<\/p><\/div>\n<p style=\"text-align: justify;\">Tissu fabriqu\u00e9 en polyester 1 100 dtex., avec un rev\u00eatement en PVC, une finition laqu\u00e9e et une r\u00e9sistance au feu M2. La r\u00e9sistance \u00e0 la temp\u00e9rature est de -30\/+80 degr\u00e9s Celsius et poss\u00e8de une solidit\u00e9 de couleur \u00e0 la lumi\u00e8re de 7. Le poids est de 600 g\/m2, une r\u00e9sistance \u00e0 la traction jusqu&rsquo;\u00e0 250 daN\/5 cm, et \u00e0 la d\u00e9chirure de 20\/25 daN, la largeur de bande maximale est de 300 cm.<\/p>\n<p><\/div><\/div>\n<p><!--more--><\/p>\n","protected":false},"excerpt":{"rendered":"<p>Afin de gagner des m\u00e8tres carr\u00e9s dans la maison, une solution pratique est de faire une armoire, une cabane ou une fermeture \u00e0 l&rsquo;ext\u00e9rieur. Construits avec<span class=\"excerpt-hellip\"> [\u2026]<\/span><\/p>\n","protected":false},"author":7,"featured_media":0,"parent":52003,"menu_order":0,"comment_status":"open","ping_status":"open","template":"","meta":{"_joinchat":[],"footnotes":""},"class_list":["post-52031","page","type-page","status-publish","hentry"],"aioseo_notices":[],"_links":{"self":[{"href":"https:\/\/www.carpinteria-aluminio.cat\/fr\/wp-json\/wp\/v2\/pages\/52031","targetHints":{"allow":["GET"]}}],"collection":[{"href":"https:\/\/www.carpinteria-aluminio.cat\/fr\/wp-json\/wp\/v2\/pages"}],"about":[{"href":"https:\/\/www.carpinteria-aluminio.cat\/fr\/wp-json\/wp\/v2\/types\/page"}],"author":[{"embeddable":true,"href":"https:\/\/www.carpinteria-aluminio.cat\/fr\/wp-json\/wp\/v2\/users\/7"}],"replies":[{"embeddable":true,"href":"https:\/\/www.carpinteria-aluminio.cat\/fr\/wp-json\/wp\/v2\/comments?post=52031"}],"version-history":[{"count":22,"href":"https:\/\/www.carpinteria-aluminio.cat\/fr\/wp-json\/wp\/v2\/pages\/52031\/revisions"}],"predecessor-version":[{"id":52100,"href":"https:\/\/www.carpinteria-aluminio.cat\/fr\/wp-json\/wp\/v2\/pages\/52031\/revisions\/52100"}],"up":[{"embeddable":true,"href":"https:\/\/www.carpinteria-aluminio.cat\/fr\/wp-json\/wp\/v2\/pages\/52003"}],"wp:attachment":[{"href":"https:\/\/www.carpinteria-aluminio.cat\/fr\/wp-json\/wp\/v2\/media?parent=52031"}],"curies":[{"name":"wp","href":"https:\/\/api.w.org\/{rel}","templated":true}]}}