{"id":52110,"date":"2024-06-05T11:31:00","date_gmt":"2024-06-05T10:31:00","guid":{"rendered":"https:\/\/www.carpinteria-aluminio.cat\/?page_id=52110"},"modified":"2024-06-05T11:33:06","modified_gmt":"2024-06-05T10:33:06","slug":"fabrication-vente-et-installation-de-toles-couvertures-et-toitures-a-barcelone","status":"publish","type":"page","link":"https:\/\/www.carpinteria-aluminio.cat\/fr\/catalogue-de-produits-de-menuiserie-en-aluminium-ponsico\/fabrication-vente-et-installation-de-toles-couvertures-et-toitures-a-barcelone\/","title":{"rendered":"Fabrication, vente et installation de t\u00f4les, couvertures et toitures \u00e0 Barcelone"},"content":{"rendered":"<div id=\"attachment_2623\" style=\"width: 896px\" class=\"wp-caption alignleft\"><a href=\"https:\/\/www.carpinteria-aluminio.cat\/wp-content\/uploads\/2013\/05\/20130522_161723_resized.jpg\" target=\"_blank\" rel=\"noopener\"><img loading=\"lazy\" decoding=\"async\" aria-describedby=\"caption-attachment-2623\" class=\"wp-image-2623 \" style=\"border: 0px; margin: 0px;\" title=\"Toits et toitures en t\u00f4le \u00e0 Barcelone\" src=\"https:\/\/www.carpinteria-aluminio.cat\/wp-content\/uploads\/2013\/05\/20130522_161723_resized-1024x768.jpg\" alt=\"Toits et toitures en t\u00f4le \u00e0 Barcelone\" width=\"886\" height=\"465\" \/><\/a><p id=\"caption-attachment-2623\" class=\"wp-caption-text\">Toits et toitures en t\u00f4le \u00e0 Barcelone<\/p><\/div>\n<div id=\"attachment_834\" style=\"width: 284px\" class=\"wp-caption alignleft\"><a href=\"https:\/\/www.carpinteria-aluminio.cat\/wp-content\/uploads\/2013\/01\/DSC01343.jpg\" target=\"_blank\" rel=\"noopener\"><img loading=\"lazy\" decoding=\"async\" aria-describedby=\"caption-attachment-834\" class=\" wp-image-834\" style=\"margin: 0px; border: 0px;\" title=\"Toit en polycarbonate cellulaire dans une cour int\u00e9rieure \u00e0 Barcelone\" src=\"https:\/\/www.carpinteria-aluminio.cat\/wp-content\/uploads\/2013\/01\/DSC01343-300x225.jpg\" alt=\"Toit en polycarbonate cellulaire \u00e0 Barcelone\" width=\"274\" height=\"200\" \/><\/a><p id=\"caption-attachment-834\" class=\"wp-caption-text\">Toit en polycarbonate cellulaire \u00e0 Barcelone<\/p><\/div>\n<div id=\"attachment_840\" style=\"width: 284px\" class=\"wp-caption alignleft\"><a href=\"https:\/\/www.carpinteria-aluminio.cat\/wp-content\/uploads\/2013\/01\/DSC01341.jpg\" target=\"_blank\" rel=\"noopener\"><img loading=\"lazy\" decoding=\"async\" aria-describedby=\"caption-attachment-840\" class=\" wp-image-840\" style=\"margin: 0px; border: 0px;\" title=\"Toit en acier avec isolation thermique imitation tuile \u00e0 Barcelone\" src=\"https:\/\/www.carpinteria-aluminio.cat\/wp-content\/uploads\/2013\/01\/DSC01341-300x225.jpg\" alt=\"Toit en acier isolant type pacesa \u00e0 Barcelone\" width=\"274\" height=\"200\" \/><\/a><p id=\"caption-attachment-840\" class=\"wp-caption-text\">Toit en acier isolant type pacesa \u00e0 Barcelone<\/p><\/div>\n<div id=\"attachment_519\" style=\"width: 284px\" class=\"wp-caption alignleft\"><a href=\"https:\/\/www.carpinteria-aluminio.cat\/wp-content\/uploads\/2013\/01\/IMG_0051.jpg\" target=\"_blank\" rel=\"noopener\"><img loading=\"lazy\" decoding=\"async\" aria-describedby=\"caption-attachment-519\" class=\" wp-image-519\" style=\"margin: 0px; border: 0px;\" title=\"\u00c9chantillon sectionnel de toit en acier avec isolant \u00e0 Barcelone\" src=\"https:\/\/www.carpinteria-aluminio.cat\/wp-content\/uploads\/2013\/01\/IMG_0051-300x200.jpg\" alt=\"Toit en acier avec isolant \u00e0 Barcelone\" width=\"274\" height=\"200\" \/><\/a><p id=\"caption-attachment-519\" class=\"wp-caption-text\">Toit en acier avec isolant \u00e0 Barcelone<\/p><\/div>\n<div id=\"attachment_453\" style=\"width: 284px\" class=\"wp-caption alignleft\"><a href=\"https:\/\/www.carpinteria-aluminio.cat\/wp-content\/uploads\/2012\/12\/Techos-de-acero-4.jpg\" target=\"_blank\" rel=\"noopener\"><img loading=\"lazy\" decoding=\"async\" aria-describedby=\"caption-attachment-453\" class=\" wp-image-453 \" style=\"margin: 0px; border: 0px;\" title=\"T\u00f4le d'acier type sandwich imitation bois \u00e0 Barcelone\" src=\"https:\/\/www.carpinteria-aluminio.cat\/wp-content\/uploads\/2012\/12\/Techos-de-acero-4-300x200.jpg\" alt=\"T\u00f4le d'acier type sandwich imitation bois \u00e0 Barcelone\" width=\"274\" height=\"200\" \/><\/a><p id=\"caption-attachment-453\" class=\"wp-caption-text\">T\u00f4le d&rsquo;acier type sandwich imitation bois<\/p><\/div>\n<div id=\"attachment_456\" style=\"width: 284px\" class=\"wp-caption alignleft\"><a href=\"https:\/\/www.carpinteria-aluminio.cat\/wp-content\/uploads\/2012\/12\/Techos-de-aluminio-2.jpg\" target=\"_blank\" rel=\"noopener\"><img loading=\"lazy\" decoding=\"async\" aria-describedby=\"caption-attachment-456\" class=\" wp-image-456 \" style=\"margin: 0px; border: 0px;\" title=\"\u00c9chantillon sectionnel de faux plafond en aluminium laqu\u00e9 blanc \u00e0 Barcelone\" src=\"https:\/\/www.carpinteria-aluminio.cat\/wp-content\/uploads\/2012\/12\/Techos-de-aluminio-2-300x200.jpg\" alt=\"\u00c9chantillon sectionnel de faux plafond en aluminium laqu\u00e9 blanc \u00e0 Barcelone\" width=\"274\" height=\"200\" \/><\/a><p id=\"caption-attachment-456\" class=\"wp-caption-text\">Faux plafond en aluminium laqu\u00e9 blanc \u00e0 Barcelone<\/p><\/div>\n<div id=\"attachment_458\" style=\"width: 284px\" class=\"wp-caption alignleft\"><a href=\"https:\/\/www.carpinteria-aluminio.cat\/wp-content\/uploads\/2012\/12\/Techos-de-aluminio.jpg\" target=\"_blank\" rel=\"noopener\"><img loading=\"lazy\" decoding=\"async\" aria-describedby=\"caption-attachment-458\" class=\" wp-image-458 \" style=\"margin: 0px; border: 0px;\" title=\"Plafond en aluminium laqu\u00e9 blanc \u00e0 Barcelone\" src=\"https:\/\/www.carpinteria-aluminio.cat\/wp-content\/uploads\/2012\/12\/Techos-de-aluminio-300x200.jpg\" alt=\"Plafond en aluminium laqu\u00e9 blanc \u00e0 Barcelone\" width=\"274\" height=\"200\" \/><\/a><p id=\"caption-attachment-458\" class=\"wp-caption-text\">Plafond en aluminium laqu\u00e9 blanc \u00e0 Barcelone<\/p><\/div>\n<p>Un bon isolant dans un toit de maison est essentiel pour maintenir les efficacit\u00e9s \u00e9nerg\u00e9tiques sous contr\u00f4le. C&rsquo;est la m\u00eame chose pour les faux plafonds ou les plafonds des ext\u00e9rieurs. Chez Ponsico s.c.p., nous disposons d&rsquo;une grande vari\u00e9t\u00e9 de mat\u00e9riaux avec lesquels construire le plafond d&rsquo;une structure, en nous adaptant aussi bien aux conditions environnementales qu&rsquo;aux besoins de chaque client. De cette mani\u00e8re, il est possible d&rsquo;obtenir un plafond lumineux, isolant, acoustique&#8230; selon le mat\u00e9riau utilis\u00e9. Des mat\u00e9riaux tels que l&rsquo;aluminium, l&rsquo;acier, le polycarbonate cellulaire, le verre, etc., nous aident \u00e0 obtenir l&rsquo;effet d\u00e9sir\u00e9. Contactez-nous et nous vous conseillerons sans aucun engagement. Il est possible d&rsquo;inclure des puits de lumi\u00e8re dans les plafonds aveugles en acier, afin de pouvoir b\u00e9n\u00e9ficier de la lumi\u00e8re naturelle, en plus de pouvoir nettoyer le toit de mani\u00e8re plus confortable. Ils peuvent avoir diff\u00e9rentes formes et ouvertures, en s&rsquo;adaptant aux toits les plus difficiles. Dans l&rsquo;image ci-dessous, nous vous montrons des exemples de t\u00f4le sandwich en aluminium, compos\u00e9e de deux t\u00f4les en aluminium d&rsquo;une \u00e9paisseur de 0,8 mm\/1 mm chacune, et de polystyr\u00e8ne extrud\u00e9 \u00e0 l&rsquo;int\u00e9rieur formant un bloc, ce qui aide \u00e0 isoler plus qu&rsquo;une simple t\u00f4le, elles ont g\u00e9n\u00e9ralement 16 mm au total, mais sont fabriqu\u00e9es en diff\u00e9rentes tailles. Il est tr\u00e8s utilis\u00e9 dans la menuiserie en aluminium pour les armoires, les fen\u00eatres ou les structures o\u00f9 l&rsquo;on veut bloquer la lumi\u00e8re tout en obtenant une isolation thermique et acoustique. Des faux plafonds int\u00e9rieurs peuvent \u00e9galement \u00eatre fabriqu\u00e9s, ou des plafonds ext\u00e9rieurs avec ce mat\u00e9riau, car il offre plus de rigidit\u00e9 qu&rsquo;un plafond en aluminium conventionnel, \u00e9vitant ainsi les vibrations et les bruits. L&rsquo;autre image ci-dessous nous montre un exemple de lanterneau le plus utilis\u00e9 pour les toits en acier ou en aluminium, avec ouverture t\u00e9lescopique ou manuelle pour permettre la ventilation ou l&rsquo;acc\u00e8s \u00e0 la couverture pour son entretien ou son nettoyage.<\/p>\n<div id=\"attachment_2137\" style=\"width: 310px\" class=\"wp-caption alignleft\"><a href=\"https:\/\/www.carpinteria-aluminio.cat\/wp-content\/uploads\/2013\/01\/20130319_114425_resized.jpg\" target=\"_blank\" rel=\"noopener\"><img loading=\"lazy\" decoding=\"async\" aria-describedby=\"caption-attachment-2137\" class=\"size-medium wp-image-2137  \" style=\"border: 2px solid black; margin: 1px;\" title=\"T\u00f4le sandwich en aluminium\" src=\"https:\/\/www.carpinteria-aluminio.cat\/wp-content\/uploads\/2013\/01\/20130319_114425_resized-300x225.jpg\" alt=\"T\u00f4le sandwich en aluminium\" width=\"300\" height=\"225\" srcset=\"https:\/\/www.carpinteria-aluminio.cat\/wp-content\/uploads\/2013\/01\/20130319_114425_resized-300x225.jpg 300w, https:\/\/www.carpinteria-aluminio.cat\/wp-content\/uploads\/2013\/01\/20130319_114425_resized-1024x768.jpg 1024w, https:\/\/www.carpinteria-aluminio.cat\/wp-content\/uploads\/2013\/01\/20130319_114425_resized-500x375.jpg 500w, https:\/\/www.carpinteria-aluminio.cat\/wp-content\/uploads\/2013\/01\/20130319_114425_resized.jpg 1632w\" sizes=\"auto, (max-width:767px) 300px, 300px\" \/><\/a><p id=\"caption-attachment-2137\" class=\"wp-caption-text\">T\u00f4le sandwich en aluminium<\/p><\/div>\n<div id=\"attachment_2133\" style=\"width: 308px\" class=\"wp-caption alignright\"><a href=\"https:\/\/www.carpinteria-aluminio.cat\/wp-content\/uploads\/2013\/01\/claraboya1.jpg\" target=\"_blank\" rel=\"noopener\"><img loading=\"lazy\" decoding=\"async\" aria-describedby=\"caption-attachment-2133\" class=\"size-full wp-image-2133     \" style=\"border: 2px solid black; margin: 1px;\" title=\"Puits de lumi\u00e8re\" src=\"https:\/\/www.carpinteria-aluminio.cat\/wp-content\/uploads\/2013\/01\/claraboya1.jpg\" alt=\"Puits de lumi\u00e8re\" width=\"298\" height=\"224\" \/><\/a><p id=\"caption-attachment-2133\" class=\"wp-caption-text\">Puits de lumi\u00e8re<\/p><\/div>\n","protected":false},"excerpt":{"rendered":"<p>Un bon isolant dans un toit de maison est essentiel pour maintenir les efficacit\u00e9s \u00e9nerg\u00e9tiques sous contr\u00f4le. C&rsquo;est la m\u00eame chose pour les faux plafonds ou<span class=\"excerpt-hellip\"> [\u2026]<\/span><\/p>\n","protected":false},"author":7,"featured_media":0,"parent":52003,"menu_order":0,"comment_status":"closed","ping_status":"closed","template":"template-fullwidth.php","meta":{"_joinchat":[],"footnotes":""},"class_list":["post-52110","page","type-page","status-publish","hentry"],"aioseo_notices":[],"_links":{"self":[{"href":"https:\/\/www.carpinteria-aluminio.cat\/fr\/wp-json\/wp\/v2\/pages\/52110","targetHints":{"allow":["GET"]}}],"collection":[{"href":"https:\/\/www.carpinteria-aluminio.cat\/fr\/wp-json\/wp\/v2\/pages"}],"about":[{"href":"https:\/\/www.carpinteria-aluminio.cat\/fr\/wp-json\/wp\/v2\/types\/page"}],"author":[{"embeddable":true,"href":"https:\/\/www.carpinteria-aluminio.cat\/fr\/wp-json\/wp\/v2\/users\/7"}],"replies":[{"embeddable":true,"href":"https:\/\/www.carpinteria-aluminio.cat\/fr\/wp-json\/wp\/v2\/comments?post=52110"}],"version-history":[{"count":2,"href":"https:\/\/www.carpinteria-aluminio.cat\/fr\/wp-json\/wp\/v2\/pages\/52110\/revisions"}],"predecessor-version":[{"id":52120,"href":"https:\/\/www.carpinteria-aluminio.cat\/fr\/wp-json\/wp\/v2\/pages\/52110\/revisions\/52120"}],"up":[{"embeddable":true,"href":"https:\/\/www.carpinteria-aluminio.cat\/fr\/wp-json\/wp\/v2\/pages\/52003"}],"wp:attachment":[{"href":"https:\/\/www.carpinteria-aluminio.cat\/fr\/wp-json\/wp\/v2\/media?parent=52110"}],"curies":[{"name":"wp","href":"https:\/\/api.w.org\/{rel}","templated":true}]}}