{"id":52394,"date":"2012-08-16T16:33:31","date_gmt":"2012-08-16T16:33:31","guid":{"rendered":"https:\/\/www.carpinteria-aluminio.cat\/catalogue-de-produits-de-menuiserie-en-aluminium-ponsico\/venta-otros-carpinteria-aluminio-barcelona\/"},"modified":"2024-06-06T06:08:54","modified_gmt":"2024-06-06T05:08:54","slug":"vente-autres-menuiserie-aluminium-barcelone","status":"publish","type":"page","link":"https:\/\/www.carpinteria-aluminio.cat\/fr\/catalogue-de-produits-de-menuiserie-en-aluminium-ponsico\/vente-autres-menuiserie-aluminium-barcelone\/","title":{"rendered":"Vente d&rsquo;autres produits de menuiserie en aluminium \u00e0 Barcelone"},"content":{"rendered":"<p style=\"text-align: justify;\">En plus de notre exp\u00e9rience dans le travail des m\u00e9taux, nous vous proposons \u00e9galement d&rsquo;autres types de produits li\u00e9s \u00e0 des travaux complets pour votre maison, votre bureau ou vos locaux, d\u00e9coratifs et fonctionnels, sur lesquels nous travaillons depuis des ann\u00e9es. Ces autres produits fabriqu\u00e9s par nous-m\u00eames et par d\u2019autres sont :<\/p>\n<p style=\"text-align: justify;\">&#8211; <em><strong>Rideaux de verre :<\/strong><\/em><\/p>\n<p style=\"text-align: justify;\">Le Rideau de Verre est un produit largement utilis\u00e9 comme isolant thermique et acoustique sur les terrasses, balcons ou patios. Il s&rsquo;agit d&rsquo;un syst\u00e8me minimaliste simplement compos\u00e9 d&rsquo;un guide sup\u00e9rieur et inf\u00e9rieur, comprenant un verre de s\u00e9curit\u00e9 tremp\u00e9 de 10 mm, transparent, mat ou teint\u00e9 avec contr\u00f4le solaire. Le grand avantage de ce produit est l&rsquo;absence de profils entre les verres, am\u00e9liorant ainsi l&rsquo;esth\u00e9tique pour profiter des vues panoramiques \u00e0 l&rsquo;ext\u00e9rieur. Un autre avantage est que tous les verres peuvent \u00eatre rassembl\u00e9s sur un c\u00f4t\u00e9 et pli\u00e9s comme un livre, occupant ainsi tr\u00e8s peu de place, avec la possibilit\u00e9 de r\u00e9aliser des ouvertures entre les verres en les faisant glisser d&rsquo;un c\u00f4t\u00e9 ou de l&rsquo;autre. Acc\u00e8s facile pour le nettoyage des deux c\u00f4t\u00e9s. Possibilit\u00e9 d&rsquo;incorporer des serrures de s\u00e9curit\u00e9 \u00e0 ce syst\u00e8me. Fortement recommand\u00e9 pour l&rsquo;att\u00e9nuation acoustique ou thermique, m\u00eame s&rsquo;il convient de noter qu&rsquo;elle n&rsquo;est pas aussi \u00e9tanche \u00e0 l&rsquo;air qu&rsquo;une porte ou une fen\u00eatre coulissante ou pliante classique, ni en raison de la transmission du verre ni de l&rsquo;\u00e9tanch\u00e9it\u00e9 de ses joints. Il peut \u00eatre fabriqu\u00e9 \u00e0 une hauteur maximale de 3200 mm et une largeur illimit\u00e9e. Louez-le \u00e0 partir de 270 euros le m\u00e8tre carr\u00e9 avec TVA et installation incluses. Pour plus d&rsquo;informations contactez-nous.<\/p>\n<div id=\"attachment_5731\" style=\"width: 407px\" class=\"wp-caption alignleft\"><a href=\"https:\/\/www.carpinteria-aluminio.cat\/wp-content\/uploads\/2015\/12\/20151204_164049-1.jpg\" target=\"_blank\" rel=\"noopener\"><img loading=\"lazy\" decoding=\"async\" aria-describedby=\"caption-attachment-5731\" class=\"wp-image-5731\" title=\"Rideaux de verre ouverts\" src=\"https:\/\/www.carpinteria-aluminio.cat\/wp-content\/uploads\/2015\/12\/20151204_164049-1-300x251.jpg\" alt=\"Rideaux de verre\" width=\"397\" height=\"332\" srcset=\"https:\/\/www.carpinteria-aluminio.cat\/wp-content\/uploads\/2015\/12\/20151204_164049-1-300x251.jpg 300w, https:\/\/www.carpinteria-aluminio.cat\/wp-content\/uploads\/2015\/12\/20151204_164049-1-1024x857.jpg 1024w, https:\/\/www.carpinteria-aluminio.cat\/wp-content\/uploads\/2015\/12\/20151204_164049-1-500x418.jpg 500w\" sizes=\"auto, (max-width:767px) 397px, 397px\" \/><\/a><p id=\"caption-attachment-5731\" class=\"wp-caption-text\">Rideaux de verre<\/p><\/div>\n<div id=\"attachment_5721\" style=\"width: 467px\" class=\"wp-caption alignleft\"><a href=\"https:\/\/www.carpinteria-aluminio.cat\/wp-content\/uploads\/2015\/12\/20151204_084114-1.jpg\" target=\"_blank\" rel=\"noopener\"><img loading=\"lazy\" decoding=\"async\" aria-describedby=\"caption-attachment-5721\" class=\"wp-image-5721\" title=\"Rideaux de verre ferm\u00e9s\" src=\"https:\/\/www.carpinteria-aluminio.cat\/wp-content\/uploads\/2015\/12\/20151204_084114-1-300x217.jpg\" alt=\"Rideaux de verre\" width=\"457\" height=\"332\" srcset=\"https:\/\/www.carpinteria-aluminio.cat\/wp-content\/uploads\/2015\/12\/20151204_084114-1-300x217.jpg 300w, https:\/\/www.carpinteria-aluminio.cat\/wp-content\/uploads\/2015\/12\/20151204_084114-1-1024x743.jpg 1024w, https:\/\/www.carpinteria-aluminio.cat\/wp-content\/uploads\/2015\/12\/20151204_084114-1-500x362.jpg 500w\" sizes=\"auto, (max-width:767px) 457px, 457px\" \/><\/a><p id=\"caption-attachment-5721\" class=\"wp-caption-text\">Rideaux de verre<\/p><\/div>\n<p><strong><em>&#8211; Cl\u00f4tures de jardin :<\/em><\/strong><\/p>\n<p style=\"text-align: justify;\">Cl\u00f4tures typiques pour terrains ou parcelles fabriqu\u00e9es \u00e0 la main par nos soins. Actuellement nous disposons de deux types de mat\u00e9riaux pour cl\u00f4turer votre terrain avec classe. Cl\u00f4tures en aluminium r\u00e9alis\u00e9es avec des tubes creux de toute taille et au go\u00fbt du client, ainsi que le type de <a href=\"https:\/\/www.carpinteria-aluminio.cat\/servicios\/acabados-carpinteria-aluminio-barcelona\/\" target=\"_blank\" rel=\"noopener\">finition <\/a>appliqu\u00e9 dessus. Cl\u00f4tures en PVC Fabriqu\u00e9 avec des panneaux de 10 mm, s&rsquo;adaptant \u00e0 la forme qui convainc le plus nos clients. Nous pouvons ajouter plus ou moins de profils verticaux pour nous adapter \u00e9conomiquement \u00e0 chaque cas, et la distance entre eux peut varier. Aucun de ces deux mat\u00e9riaux ne n\u00e9cessite d&rsquo;entretien, autre que le graissage des charni\u00e8res et des serrures le cas \u00e9ch\u00e9ant, les diff\u00e9renciant ainsi des cl\u00f4tures en bois qui n\u00e9cessitent un entretien plus constant.<\/p>\n<div id=\"attachment_52009\" style=\"width: 438px\" class=\"wp-caption alignleft\"><a href=\"https:\/\/www.carpinteria-aluminio.cat\/wp-content\/uploads\/2012\/08\/otros-productos.jpg\" target=\"_blank\" rel=\"noopener\"><img loading=\"lazy\" decoding=\"async\" aria-describedby=\"caption-attachment-52009\" class=\" wp-image-815\" style=\"margin: 0px; border: 0px;\" title=\"Cl\u00f4tures de jardin en aluminium laqu\u00e9 blanc\" src=\"https:\/\/www.carpinteria-aluminio.cat\/wp-content\/uploads\/2012\/08\/otros-productos-300x225.jpg\" alt=\"Cl\u00f4tures de jardin en aluminium laqu\u00e9 blanc\" width=\"428\" height=\"320\" srcset=\"https:\/\/www.carpinteria-aluminio.cat\/wp-content\/uploads\/2012\/08\/otros-productos-300x225.jpg 300w, https:\/\/www.carpinteria-aluminio.cat\/wp-content\/uploads\/2012\/08\/otros-productos-500x375.jpg 500w, https:\/\/www.carpinteria-aluminio.cat\/wp-content\/uploads\/2012\/08\/otros-productos.jpg 816w\" sizes=\"auto, (max-width:767px) 428px, 428px\" \/><\/a><p id=\"caption-attachment-52009\" class=\"wp-caption-text\">Cl\u00f4tures de jardin en aluminium laqu\u00e9 blanc<\/p><\/div>\n<div id=\"attachment_52398\" style=\"width: 438px\" class=\"wp-caption alignleft\"><a href=\"https:\/\/www.carpinteria-aluminio.cat\/wp-content\/uploads\/2012\/08\/2013-03-21-16-20-59.png\" target=\"_blank\" rel=\"noopener\"><img loading=\"lazy\" decoding=\"async\" aria-describedby=\"caption-attachment-52398\" class=\" wp-image-2170 \" style=\"margin: 0px; border: 0px;\" title=\"Cl\u00f4tures de jardin en P.V.C. blanc\" src=\"https:\/\/www.carpinteria-aluminio.cat\/wp-content\/uploads\/2012\/08\/2013-03-21-16-20-59-300x168.png\" alt=\"Cl\u00f4tures de jardin en P.V.C. blanc\" width=\"428\" height=\"320\"><\/a><p id=\"caption-attachment-52398\" class=\"wp-caption-text\">Cl\u00f4tures de jardin en P.V.C. blanc<\/p><\/div>\n<p><strong><em>&#8211; Divisions de bureau :<\/em><\/strong><\/p>\n<p style=\"text-align: justify;\">Cl\u00f4tures int\u00e9rieures de bureaux et bureaux, r\u00e9alis\u00e9es en aluminium et en bois en r\u00e8gle g\u00e9n\u00e9rale, pour r\u00e9aliser des divisions sans avoir recours \u00e0 des murs ou des cloisons en briques. Cl\u00f4tures int\u00e9rieures de bureaux et bureaux, r\u00e9alis\u00e9es en aluminium et en bois en r\u00e8gle g\u00e9n\u00e9rale, pour r\u00e9aliser des divisions sans avoir recours \u00e0 des murs ou des cloisons en briques. Nous utilisons normalement le <a href=\"https:\/\/www.carpinteria-aluminio.cat\/servicios\/perfiles-ensayos-carpinteria-aluminio\/\" target=\"_blank\" rel=\"noopener\">s\u00e9rie <\/a>menuiserie r\u00e9alisable <a href=\"https:\/\/www.carpinteria-aluminio.cat\/serie-practicable-s-350-de-alugom-por-ponsico-s-c-p-para-carpinteria-de-aluminio-en-barcelona\/\" target=\"_blank\" rel=\"noopener\">S-350<\/a> soit <a href=\"https:\/\/www.carpinteria-aluminio.cat\/serie-stilo-50-de-alugom-por-ponsico-s-c-p-en-la-carpinteria-de-aluminio\/\" target=\"_blank\" rel=\"noopener\">Stilo-50<\/a> pour faire ces divisions. Nous pouvons appliquer n&rsquo;importe quelle <a href=\"https:\/\/www.carpinteria-aluminio.cat\/servicios\/acabados-carpinteria-aluminio-barcelona\/\" target=\"_blank\" rel=\"noopener\">finition <\/a>de notre catalogue sur l&rsquo;aluminium, ainsi qu&rsquo;incorporer des panneaux en bois dans les parties inf\u00e9rieures ou dans les portes pour donner de la chaleur \u00e0 la structure.<\/p>\n<p><em><strong>&#8211; Jardini\u00e8res en f\u00fbt de ch\u00eane :<\/strong> <\/em><\/p>\n<p style=\"text-align: justify;\">Pots pour arbres ou plantes fabriqu\u00e9s \u00e0 partir de f\u00fbts de ch\u00eane recycl\u00e9s et restaur\u00e9s, aussi bien en int\u00e9rieur qu&rsquo;en ext\u00e9rieur. Le bois de ch\u00eane est l&rsquo;un des bois les plus appr\u00e9ci\u00e9s pour sa robustesse et sa fermet\u00e9, id\u00e9al pour r\u00e9aliser des structures qui survivront \u00e0 l&rsquo;ext\u00e9rieur au fil des ann\u00e9es. De cette fa\u00e7on, un pot de fleurs fait de ce mat\u00e9riau peut durer beaucoup plus longtemps que celui en plastique, en plus de donner \u00e0 notre terrasse ou jardin une touche de classe unique. Nous pouvons les fabriquer dans n&rsquo;importe quelle forme ou taille, nous adaptant ainsi au go\u00fbt de chaque client, puisque nous les d\u00e9coupons \u00e0 partir de f\u00fbts entiers qui n&rsquo;ont \u00e9t\u00e9 utilis\u00e9s que depuis quelques ann\u00e9es. Ils ont une capacit\u00e9 d&rsquo;environ 100 litres, id\u00e9ale pour abriter de grandes plantes ou des arbres de taille moyenne. Avec le bois comme isolant naturel, les racines de votre plante seront prot\u00e9g\u00e9es hiver comme \u00e9t\u00e9.<\/p>\n<div id=\"attachment_52399\" style=\"width: 284px\" class=\"wp-caption alignleft\"><a href=\"https:\/\/www.carpinteria-aluminio.cat\/wp-content\/uploads\/2012\/08\/IMG_3012_resized.jpg\" target=\"_blank\" rel=\"noopener\"><img loading=\"lazy\" decoding=\"async\" aria-describedby=\"caption-attachment-52399\" class=\" wp-image-2655 \" style=\"margin: 0px; border: 0px;\" title=\"Jardini\u00e8res en f\u00fbt de ch\u00eane \" src=\"https:\/\/www.carpinteria-aluminio.cat\/wp-content\/uploads\/2012\/08\/IMG_3012_resized-300x200.jpg\" alt=\"Jardini\u00e8res en f\u00fbt de ch\u00eane \" width=\"274\" height=\"200\"><\/a><p id=\"caption-attachment-52399\" class=\"wp-caption-text\">Jardini\u00e8res en f\u00fbt de ch\u00eane<\/p><\/div>\n<div id=\"attachment_52400\" style=\"width: 284px\" class=\"wp-caption alignleft\"><a href=\"https:\/\/www.carpinteria-aluminio.cat\/wp-content\/uploads\/2012\/08\/IMG_2995_resized.jpg\" target=\"_blank\" rel=\"noopener\"><img loading=\"lazy\" decoding=\"async\" aria-describedby=\"caption-attachment-52400\" class=\" wp-image-2656 \" style=\"margin: 0px; border: 0px;\" title=\"Jardini\u00e8res en f\u00fbt de ch\u00eane \" src=\"https:\/\/www.carpinteria-aluminio.cat\/wp-content\/uploads\/2012\/08\/IMG_2995_resized-300x200.jpg\" alt=\"Jardini\u00e8res en f\u00fbt de ch\u00eane \" width=\"274\" height=\"200\"><\/a><p id=\"caption-attachment-52400\" class=\"wp-caption-text\">Jardini\u00e8res en f\u00fbt de ch\u00eane<\/p><\/div>\n<div id=\"attachment_52401\" style=\"width: 284px\" class=\"wp-caption alignleft\"><a href=\"https:\/\/www.carpinteria-aluminio.cat\/wp-content\/uploads\/2012\/08\/IMG_3009_resized.jpg\" target=\"_blank\" rel=\"noopener\"><img loading=\"lazy\" decoding=\"async\" aria-describedby=\"caption-attachment-52401\" class=\" wp-image-2657 \" style=\"margin: 0px; border: 0px;\" title=\"Jardini\u00e8res en f\u00fbt de ch\u00eane \" src=\"https:\/\/www.carpinteria-aluminio.cat\/wp-content\/uploads\/2012\/08\/IMG_3009_resized-300x200.jpg\" alt=\"Jardini\u00e8res en f\u00fbt de ch\u00eane \" width=\"274\" height=\"200\"><\/a><p id=\"caption-attachment-52401\" class=\"wp-caption-text\">Jardini\u00e8res en f\u00fbt de ch\u00eane<\/p><\/div>\n<p><strong><em><span style=\"font-size: 13px;\">&#8211; Treillis aluminium et PVC :<\/span><\/em><\/strong><\/p>\n<p style=\"text-align: justify;\">Enceintes ext\u00e9rieures sous forme de volets fixes ou mobiles, destin\u00e9es \u00e0 la protection des intemp\u00e9ries ext\u00e9rieures. Dans les ann\u00e9es 80 et 90, ils \u00e9taient tr\u00e8s courants sur les fa\u00e7ades int\u00e9rieures et ext\u00e9rieures des b\u00e2timents. Actuellement, leur placement est rare car le mur-rideau est de plus en plus utilis\u00e9. <a href=\"https:\/\/www.carpinteria-aluminio.cat\/productos-carpinteria-aluminio-barcelona\/venta-vidrios-barcelona\/\" target=\"_blank\" rel=\"noopener\">lunettes <\/a>avec des traitements thermiques, comme le verre<a href=\"https:\/\/www.carpinteria-aluminio.cat\/vidrio-inteligente\/\" target=\"_blank\" rel=\"noopener\"> Soleil gardien<\/a>. Cependant, ils s\u2019installent facilement et remplissent la m\u00eame fonction mais avec moins de visibilit\u00e9. Quant aux treillis en aluminium, tout <a href=\"https:\/\/www.carpinteria-aluminio.cat\/servicios\/acabados-carpinteria-aluminio-barcelona\/\" target=\"_blank\" rel=\"noopener\">finition <\/a>qui y est li\u00e9.<\/p>\n<p><strong><em>&#8211; Armoires ext\u00e9rieures en aluminium :<\/em><\/strong><\/p>\n<p style=\"text-align: justify;\">Nous pouvons faire avec n&rsquo;importe lequel de nos<a href=\"https:\/\/www.carpinteria-aluminio.cat\/servicios\/perfiles-ensayos-carpinteria-aluminio\/\" target=\"_blank\" rel=\"noopener\">s\u00e9rie <\/a>de menuiserie en aluminium pour toute structure, et l&rsquo;une d&rsquo;entre elles est des armoires en aluminium pour l&rsquo;ext\u00e9rieur ou l&rsquo;int\u00e9rieur. Le principal avantage de ceux-ci est qu\u2019ils restent impassibles au fil des ann\u00e9es, puisque les intemp\u00e9ries ext\u00e9rieures ne les d\u00e9gradent pas. De mani\u00e8re \u00e0 ce que nous puissions en profiter et les rentabiliser pendant de nombreuses ann\u00e9es sans n\u00e9cessiter aucun entretien, autre que le graissage p\u00e9riodique des charni\u00e8res et des fermetures. Consultez le <a href=\"https:\/\/www.carpinteria-aluminio.cat\/servicios\/acabados-carpinteria-aluminio-barcelona\/\" target=\"_blank\" rel=\"noopener\">finitions <\/a>applicable \u00e0 l&rsquo;aluminium, le bois laqu\u00e9 \u00e9tant fortement recommand\u00e9 pour son esth\u00e9tique et sa chaleur.<\/p>\n<div id=\"attachment_52397\" style=\"width: 437px\" class=\"wp-caption alignleft\"><a href=\"https:\/\/www.carpinteria-aluminio.cat\/wp-content\/uploads\/2013\/01\/20121121_104955_HDR.jpg\" target=\"_blank\" rel=\"noopener\"><img loading=\"lazy\" decoding=\"async\" aria-describedby=\"caption-attachment-52397\" class=\" wp-image-511 \" style=\"margin: 0px; border: 0px;\" title=\"Armoire coulissante d'ext\u00e9rieur en laque blanche\" src=\"https:\/\/www.carpinteria-aluminio.cat\/wp-content\/uploads\/2013\/01\/20121121_104955_HDR-300x225.jpg\" alt=\"Armoire coulissante d'ext\u00e9rieur en laque blanche\" width=\"427\" height=\"320\" srcset=\"https:\/\/www.carpinteria-aluminio.cat\/wp-content\/uploads\/2013\/01\/20121121_104955_HDR-300x225.jpg 300w, https:\/\/www.carpinteria-aluminio.cat\/wp-content\/uploads\/2013\/01\/20121121_104955_HDR-1024x768.jpg 1024w, https:\/\/www.carpinteria-aluminio.cat\/wp-content\/uploads\/2013\/01\/20121121_104955_HDR-500x375.jpg 500w\" sizes=\"auto, (max-width:767px) 427px, 427px\" \/><\/a><p id=\"caption-attachment-52397\" class=\"wp-caption-text\">Armoire coulissante d&rsquo;ext\u00e9rieur en laque blanche<\/p><\/div>\n<div id=\"attachment_1650\" style=\"width: 437px\" class=\"wp-caption alignleft\"><a href=\"https:\/\/www.carpinteria-aluminio.cat\/wp-content\/uploads\/2013\/02\/20130218_165844_resized.jpg\" target=\"_blank\" rel=\"noopener\"><img loading=\"lazy\" decoding=\"async\" aria-describedby=\"caption-attachment-1650\" class=\" wp-image-1650 \" style=\"border: 0px; margin: 0px;\" title=\"Armoire ext\u00e9rieure coulissante avec verre d\u00e9poli\" src=\"https:\/\/www.carpinteria-aluminio.cat\/wp-content\/uploads\/2013\/02\/20130218_165844_resized-300x225.jpg\" alt=\"Armoire ext\u00e9rieure coulissante avec verre d\u00e9poli\" width=\"427\" height=\"320\" srcset=\"https:\/\/www.carpinteria-aluminio.cat\/wp-content\/uploads\/2013\/02\/20130218_165844_resized-300x225.jpg 300w, https:\/\/www.carpinteria-aluminio.cat\/wp-content\/uploads\/2013\/02\/20130218_165844_resized-1024x768.jpg 1024w, https:\/\/www.carpinteria-aluminio.cat\/wp-content\/uploads\/2013\/02\/20130218_165844_resized-500x375.jpg 500w, https:\/\/www.carpinteria-aluminio.cat\/wp-content\/uploads\/2013\/02\/20130218_165844_resized.jpg 1632w\" sizes=\"auto, (max-width:767px) 427px, 427px\" \/><\/a><p id=\"caption-attachment-1650\" class=\"wp-caption-text\">Armoire ext\u00e9rieure coulissante avec verre d\u00e9poli<\/p><\/div>\n<p style=\"text-align: justify;\"><strong><em>&#8211; Rideaux v\u00e9nitiens en aluminium:<\/em><\/strong> Rideau en aluminium pratique install\u00e9 \u00e0 l&rsquo;int\u00e9rieur de la fen\u00eatre pour offrir intimit\u00e9 et protection contre les rayons du soleil, avec des lattes r\u00e9glables. D\u00e9couvrez les <a href=\"https:\/\/www.carpinteria-aluminio.cat\/servicios\/acabados-carpinteria-aluminio-barcelona\/\" target=\"_blank\" rel=\"noopener\">finitions <\/a>applicables \u00e0 tous les produits en aluminium. Enviar comentarios Paneles laterales Historial Guardado Ver diccionario<\/p>\n<div id=\"attachment_52124\" style=\"width: 410px\" class=\"wp-caption aligncenter\"><a href=\"https:\/\/www.carpinteria-aluminio.cat\/wp-content\/uploads\/2012\/12\/Cortinas-Venecianas.jpg\" target=\"_blank\" rel=\"noopener\"><img loading=\"lazy\" decoding=\"async\" aria-describedby=\"caption-attachment-52124\" class=\" wp-image-467 \" title=\"Stores v\u00e9nitiens en aluminium\" src=\"https:\/\/www.carpinteria-aluminio.cat\/wp-content\/uploads\/2012\/12\/Cortinas-Venecianas-300x200.jpg\" alt=\"Stores v\u00e9nitiens en aluminium\" width=\"400\" height=\"300\"><\/a><p id=\"caption-attachment-52124\" class=\"wp-caption-text\">Stores v\u00e9nitiens en aluminium<\/p><\/div>\n<p style=\"text-align: center;\">\n<p><!--more--><\/p>\n","protected":false},"excerpt":{"rendered":"<p>En plus de notre exp\u00e9rience dans le travail des m\u00e9taux, nous vous proposons \u00e9galement d&rsquo;autres types de produits li\u00e9s \u00e0 des travaux complets pour votre maison,<span class=\"excerpt-hellip\"> [\u2026]<\/span><\/p>\n","protected":false},"author":1,"featured_media":52395,"parent":52003,"menu_order":0,"comment_status":"closed","ping_status":"closed","template":"template-fullwidth.php","meta":{"_joinchat":[],"footnotes":""},"class_list":["post-52394","page","type-page","status-publish","has-post-thumbnail","hentry"],"aioseo_notices":[],"_links":{"self":[{"href":"https:\/\/www.carpinteria-aluminio.cat\/fr\/wp-json\/wp\/v2\/pages\/52394","targetHints":{"allow":["GET"]}}],"collection":[{"href":"https:\/\/www.carpinteria-aluminio.cat\/fr\/wp-json\/wp\/v2\/pages"}],"about":[{"href":"https:\/\/www.carpinteria-aluminio.cat\/fr\/wp-json\/wp\/v2\/types\/page"}],"author":[{"embeddable":true,"href":"https:\/\/www.carpinteria-aluminio.cat\/fr\/wp-json\/wp\/v2\/users\/1"}],"replies":[{"embeddable":true,"href":"https:\/\/www.carpinteria-aluminio.cat\/fr\/wp-json\/wp\/v2\/comments?post=52394"}],"version-history":[{"count":2,"href":"https:\/\/www.carpinteria-aluminio.cat\/fr\/wp-json\/wp\/v2\/pages\/52394\/revisions"}],"predecessor-version":[{"id":52403,"href":"https:\/\/www.carpinteria-aluminio.cat\/fr\/wp-json\/wp\/v2\/pages\/52394\/revisions\/52403"}],"up":[{"embeddable":true,"href":"https:\/\/www.carpinteria-aluminio.cat\/fr\/wp-json\/wp\/v2\/pages\/52003"}],"wp:featuredmedia":[{"embeddable":true,"href":"https:\/\/www.carpinteria-aluminio.cat\/fr\/wp-json\/wp\/v2\/media\/52395"}],"wp:attachment":[{"href":"https:\/\/www.carpinteria-aluminio.cat\/fr\/wp-json\/wp\/v2\/media?parent=52394"}],"curies":[{"name":"wp","href":"https:\/\/api.w.org\/{rel}","templated":true}]}}