{"id":52437,"date":"2013-01-05T14:46:43","date_gmt":"2013-01-05T14:46:43","guid":{"rendered":"https:\/\/www.carpinteria-aluminio.cat\/instalaciones-y-equipamiento\/"},"modified":"2024-06-06T06:29:01","modified_gmt":"2024-06-06T05:29:01","slug":"installations-et-equipements","status":"publish","type":"page","link":"https:\/\/www.carpinteria-aluminio.cat\/fr\/installations-et-equipements\/","title":{"rendered":"Installations et \u00e9quipements"},"content":{"rendered":"<p>Chez Carpinter\u00eda de Aluminio Ponsico, nous avons 2 succursales dans le quartier Navas, dans le quartier de Sant Andreu \u00e0 Barcelone. Ces INSTALLATIONS sont r\u00e9parties en :<\/p>\n<p style=\"text-align: justify;\">&#8211; Un espace de 200 m\u00e8tres carr\u00e9s pour un BUREAU ET EXPOSITION (c\/Murcia 29), o\u00f9 sont pr\u00e9sent\u00e9s les produits qui int\u00e9ressent le plus le client (tels que les produits classiques, les diff\u00e9rentes qualit\u00e9s, les derniers lancements ou les nouvelles technologies) et offre une attention personnalis\u00e9e par des professionnels qualifi\u00e9s. personnel pour un meilleur service client.<\/p>\n<div id=\"attachment_52438\" style=\"width: 284px\" class=\"wp-caption alignleft\"><a href=\"https:\/\/www.carpinteria-aluminio.cat\/wp-content\/uploads\/2012\/12\/IMG_0039.jpg\" target=\"_blank\" rel=\"noopener\"><img loading=\"lazy\" decoding=\"async\" aria-describedby=\"caption-attachment-52438\" class=\"wp-image-415 \" style=\"margin: 0px; border: 0px;\" title=\"Exposition et vente\" src=\"https:\/\/www.carpinteria-aluminio.cat\/wp-content\/uploads\/2012\/12\/IMG_0039-300x200.jpg\" alt=\"Exposition et vente\" width=\"274\" height=\"200\"><\/a><p id=\"caption-attachment-52438\" class=\"wp-caption-text\">Exposition et vente<\/p><\/div>\n<div id=\"attachment_490\" style=\"width: 284px\" class=\"wp-caption alignleft\"><a href=\"https:\/\/www.carpinteria-aluminio.cat\/wp-content\/uploads\/2013\/01\/IMG_0130.jpg\" target=\"_blank\" rel=\"noopener\"><img loading=\"lazy\" decoding=\"async\" aria-describedby=\"caption-attachment-490\" class=\"wp-image-490 \" style=\"border: 0px; margin: 0px;\" title=\"Exposition\" src=\"https:\/\/www.carpinteria-aluminio.cat\/wp-content\/uploads\/2013\/01\/IMG_0130-300x200.jpg\" alt=\"Exposition\" width=\"274\" height=\"200\"><\/a><p id=\"caption-attachment-490\" class=\"wp-caption-text\">Exposici\u00f3n<\/p><\/div>\n<div id=\"attachment_52441\" style=\"width: 284px\" class=\"wp-caption alignleft\"><a href=\"https:\/\/www.carpinteria-aluminio.cat\/wp-content\/uploads\/2012\/12\/Servicios-acabados.jpg\" target=\"_blank\" rel=\"noopener\"><img loading=\"lazy\" decoding=\"async\" aria-describedby=\"caption-attachment-52441\" class=\"wp-image-444 \" style=\"margin: 0px; border: 0px;\" title=\"Prestations - finitions\" src=\"https:\/\/www.carpinteria-aluminio.cat\/wp-content\/uploads\/2012\/12\/Servicios-acabados-300x200.jpg\" alt=\"Prestations - finitions\" width=\"274\" height=\"200\"><\/a><p id=\"caption-attachment-52441\" class=\"wp-caption-text\">Prestations &#8211; finitions<\/p><\/div>\n<p style=\"text-align: justify;\">&#8211; Un local d&rsquo;une superficie de 300 m\u00e8tres carr\u00e9s pour un ATELIER (c\/Murcia 33), o\u00f9 est stock\u00e9 le stock des produits de d\u00e9part (barres d&rsquo;aluminium, feuilles de verre, accessoires d&rsquo;usinage, etc.), ils sont d\u00e9coup\u00e9s et fabriqu\u00e9s sur mesure, usin\u00e9 et pr\u00e9par\u00e9 pour l&rsquo;installation.<\/p>\n<div id=\"attachment_52439\" style=\"width: 284px\" class=\"wp-caption alignleft\"><a href=\"https:\/\/www.carpinteria-aluminio.cat\/wp-content\/uploads\/2012\/12\/IMG_0035.jpg\" target=\"_blank\" rel=\"noopener\"><img loading=\"lazy\" decoding=\"async\" aria-describedby=\"caption-attachment-52439\" class=\" wp-image-416 \" style=\"margin: 0px; border: 0px;\" title=\"Fabrication propre\" src=\"https:\/\/www.carpinteria-aluminio.cat\/wp-content\/uploads\/2012\/12\/IMG_0035-300x200.jpg\" alt=\"Fabrication propre\" width=\"274\" height=\"200\"><\/a><p id=\"caption-attachment-52439\" class=\"wp-caption-text\">Fabrication propre<\/p><\/div>\n<div id=\"attachment_463\" style=\"width: 284px\" class=\"wp-caption alignleft\"><a href=\"https:\/\/www.carpinteria-aluminio.cat\/wp-content\/uploads\/2012\/12\/Nuestra-empresa-taller.jpg\" target=\"_blank\" rel=\"noopener\"><img loading=\"lazy\" decoding=\"async\" aria-describedby=\"caption-attachment-463\" class=\" wp-image-463 \" style=\"margin: 0px; border: 0px;\" title=\"Atelier de d\u00e9coupe et d'usinage \" src=\"https:\/\/www.carpinteria-aluminio.cat\/wp-content\/uploads\/2012\/12\/Nuestra-empresa-taller-300x200.jpg\" alt=\"Atelier de d\u00e9coupe et d'usinage \" width=\"274\" height=\"200\"><\/a><p id=\"caption-attachment-463\" class=\"wp-caption-text\">Atelier de d\u00e9coupe et d&rsquo;usinage<\/p><\/div>\n<div id=\"attachment_491\" style=\"width: 284px\" class=\"wp-caption alignleft\"><a href=\"https:\/\/www.carpinteria-aluminio.cat\/wp-content\/uploads\/2013\/01\/IMG_0148.jpg\" target=\"_blank\" rel=\"noopener\"><img loading=\"lazy\" decoding=\"async\" aria-describedby=\"caption-attachment-491\" class=\" wp-image-491 \" style=\"margin: 0px; border: 0px;\" title=\"M\u00e9canisation hydraulique\" src=\"https:\/\/www.carpinteria-aluminio.cat\/wp-content\/uploads\/2013\/01\/IMG_0148-300x200.jpg\" alt=\"M\u00e9canisation hydraulique\" width=\"274\" height=\"200\"><\/a><p id=\"caption-attachment-491\" class=\"wp-caption-text\">M\u00e9canisation hydraulique<\/p><\/div>\n<p style=\"text-align: justify;\">Pour un traitement optimal de nos produits chez Ponsico Aluminium Carpentry nous disposons d&rsquo;\u00c9QUIPEMENTS professionnels de la meilleure qualit\u00e9 :<\/p>\n<div id=\"attachment_52443\" style=\"width: 284px\" class=\"wp-caption alignleft\"><a href=\"https:\/\/www.carpinteria-aluminio.cat\/wp-content\/uploads\/2013\/01\/20130220_081251_resized.jpg\" target=\"_blank\" rel=\"noopener\"><img loading=\"lazy\" decoding=\"async\" aria-describedby=\"caption-attachment-52443\" class=\"wp-image-1940\" style=\"margin: 0px; border: 0px;\" title=\"Matrices de diff\u00e9rentes s\u00e9ries\" src=\"https:\/\/www.carpinteria-aluminio.cat\/wp-content\/uploads\/2013\/01\/20130220_081251_resized-300x225.jpg\" alt=\"Matrices de diff\u00e9rentes s\u00e9ries\" width=\"274\" height=\"200\"><\/a><p id=\"caption-attachment-52443\" class=\"wp-caption-text\">Matrices de diferentes series<\/p><\/div>\n<div id=\"attachment_52442\" style=\"width: 284px\" class=\"wp-caption alignleft\"><a href=\"https:\/\/www.carpinteria-aluminio.cat\/wp-content\/uploads\/2013\/01\/IMG_0150.jpg\" target=\"_blank\" rel=\"noopener\"><img loading=\"lazy\" decoding=\"async\" aria-describedby=\"caption-attachment-52442\" class=\" wp-image-515 \" style=\"margin: 0px; border: 0px;\" title=\"Machine de tron\u00e7onnage \u00e0 v\u00e9rins hydrauliques\" src=\"https:\/\/www.carpinteria-aluminio.cat\/wp-content\/uploads\/2013\/01\/IMG_0150-300x200.jpg\" alt=\"Machine de tron\u00e7onnage \u00e0 v\u00e9rins hydrauliques\" width=\"274\" height=\"200\"><\/a><p id=\"caption-attachment-52442\" class=\"wp-caption-text\">Machine de tron\u00e7onnage \u00e0 v\u00e9rins hydrauliques<\/p><\/div>\n<div id=\"attachment_52440\" style=\"width: 284px\" class=\"wp-caption alignleft\"><a href=\"https:\/\/www.carpinteria-aluminio.cat\/wp-content\/uploads\/2012\/12\/Servicios-accesorios.jpg\" target=\"_blank\" rel=\"noopener\"><img loading=\"lazy\" decoding=\"async\" aria-describedby=\"caption-attachment-52440\" class=\" wp-image-443\" style=\"margin: 0px; border: 0px;\" title=\"Pi\u00e8ces d\u00e9tach\u00e9es de toutes sortes\" src=\"https:\/\/www.carpinteria-aluminio.cat\/wp-content\/uploads\/2012\/12\/Servicios-accesorios-300x293.jpg\" alt=\"Pi\u00e8ces d\u00e9tach\u00e9es de toutes sortes\" width=\"274\" height=\"200\"><\/a><p id=\"caption-attachment-52440\" class=\"wp-caption-text\">Pi\u00e8ces d\u00e9tach\u00e9es de toutes sortes<\/p><\/div>\n<p style=\"text-align: justify;\">Machines de d\u00e9coupe, matrices, banc d&rsquo;usinage, fraiseuse, meule, perceuses (neuves), tournevis, scies wurth, table en verre, meules de coupe (droites et rondes), etc.<\/p>\n<p><!--more--><\/p>\n","protected":false},"excerpt":{"rendered":"<p>Chez Carpinter\u00eda de Aluminio Ponsico, nous avons 2 succursales dans le quartier Navas, dans le quartier de Sant Andreu \u00e0 Barcelone. Ces INSTALLATIONS sont r\u00e9parties en<span class=\"excerpt-hellip\"> [\u2026]<\/span><\/p>\n","protected":false},"author":1,"featured_media":0,"parent":0,"menu_order":0,"comment_status":"closed","ping_status":"open","template":"template-fullwidth.php","meta":{"_joinchat":[],"footnotes":""},"class_list":["post-52437","page","type-page","status-publish","hentry"],"aioseo_notices":[],"_links":{"self":[{"href":"https:\/\/www.carpinteria-aluminio.cat\/fr\/wp-json\/wp\/v2\/pages\/52437","targetHints":{"allow":["GET"]}}],"collection":[{"href":"https:\/\/www.carpinteria-aluminio.cat\/fr\/wp-json\/wp\/v2\/pages"}],"about":[{"href":"https:\/\/www.carpinteria-aluminio.cat\/fr\/wp-json\/wp\/v2\/types\/page"}],"author":[{"embeddable":true,"href":"https:\/\/www.carpinteria-aluminio.cat\/fr\/wp-json\/wp\/v2\/users\/1"}],"replies":[{"embeddable":true,"href":"https:\/\/www.carpinteria-aluminio.cat\/fr\/wp-json\/wp\/v2\/comments?post=52437"}],"version-history":[{"count":2,"href":"https:\/\/www.carpinteria-aluminio.cat\/fr\/wp-json\/wp\/v2\/pages\/52437\/revisions"}],"predecessor-version":[{"id":52476,"href":"https:\/\/www.carpinteria-aluminio.cat\/fr\/wp-json\/wp\/v2\/pages\/52437\/revisions\/52476"}],"wp:attachment":[{"href":"https:\/\/www.carpinteria-aluminio.cat\/fr\/wp-json\/wp\/v2\/media?parent=52437"}],"curies":[{"name":"wp","href":"https:\/\/api.w.org\/{rel}","templated":true}]}}